{"id":980,"date":"2019-07-07T10:46:02","date_gmt":"2019-07-07T10:46:02","guid":{"rendered":"http:\/\/192.168.0.16\/overlap\/?page_id=980"},"modified":"2025-07-12T19:34:42","modified_gmt":"2025-07-12T17:34:42","slug":"programa","status":"publish","type":"page","link":"https:\/\/olivamorosicristians.es\/es\/programa\/","title":{"rendered":"Programa 2025"},"content":{"rendered":"<section class=\"w-section\">\r\n<div class=\"row\"><div class=\"col col-12\">\r\n    <div class=\"col-inner\"><div class=\"w-text-block\">\n    <h1 style=\"text-align: center;\">PROGRAMA 2025<\/h1>\n<\/div><\/div><\/div><\/div><\/section><section class=\"w-section\">\r\n<div class=\"row\"><div class=\"col col-12\">\r\n    <div class=\"col-inner\"><div class=\"w-separator no-text text-center\" style=\"color:#b7a074;width:10%\">\r\n    <span class=\"w-border-left\" style=\"border-top-width:5px;border-color:#b7a074\"><\/span>\r\n    <span class=\"w-text\">\r\n                            <\/span>\r\n    <span class=\"w-border-right\" style=\"border-top-width:5px;border-color:#b7a074\"><\/span>\r\n<\/div><div class=\"w-space\" style=\"height:60px\"><\/div><\/div><\/div><\/div><\/section><section class=\"w-section\">\r\n<div class=\"row\"><div class=\"col col-4\">\r\n    <div class=\"col-inner\"><div class=\"w-space\" style=\"height:10px\"><\/div><div class=\"w-custom-heading\">\n    <h4 style=\"font-size: 16px;color: #b7a074;text-align: center;font-family:Montserrat Subrayada;font-weight:400;font-style:normal\">    <a href=\"https:\/\/olivamorosicristians.es\/wp-content\/uploads\/2025\/07\/PROGRAMA-VAL.pdf\" target=\"_blank\">Tota la programaci\u00f3 de festes<\/a>    <\/h4><\/div><div class=\"w-space\" style=\"height:60px\"><\/div><div class=\"w-image text-center\">\n            <img loading=\"lazy\" decoding=\"async\" width=\"640\" height=\"640\" src=\"https:\/\/i0.wp.com\/olivamorosicristians.es\/wp-content\/uploads\/2025\/07\/PROGRAMA-VAL-PORTADA_Pagina_1-scaled-e1752176331236.jpg?resize=420%2C600&amp;ssl=1\" class=\"attachment-overlap-large size-overlap-large\" alt=\"\" data-attachment-id=\"11715\" data-permalink=\"https:\/\/olivamorosicristians.es\/es\/programa\/programa-val-portada_pagina_1\/\" data-orig-file=\"https:\/\/i0.wp.com\/olivamorosicristians.es\/wp-content\/uploads\/2025\/07\/PROGRAMA-VAL-PORTADA_Pagina_1-scaled-e1752176331236.jpg?fit=420%2C600&amp;ssl=1\" data-orig-size=\"420,600\" data-comments-opened=\"0\" data-image-meta=\"{&quot;aperture&quot;:&quot;0&quot;,&quot;credit&quot;:&quot;&quot;,&quot;camera&quot;:&quot;&quot;,&quot;caption&quot;:&quot;&quot;,&quot;created_timestamp&quot;:&quot;0&quot;,&quot;copyright&quot;:&quot;&quot;,&quot;focal_length&quot;:&quot;0&quot;,&quot;iso&quot;:&quot;0&quot;,&quot;shutter_speed&quot;:&quot;0&quot;,&quot;title&quot;:&quot;&quot;,&quot;orientation&quot;:&quot;0&quot;}\" data-image-title=\"PROGRAMA VAL PORTADA_Pa\u0301gina_1\" data-image-description=\"\" data-image-caption=\"\" data-large-file=\"https:\/\/i0.wp.com\/olivamorosicristians.es\/wp-content\/uploads\/2025\/07\/PROGRAMA-VAL-PORTADA_Pagina_1-scaled-e1752176331236.jpg?fit=716%2C1024&amp;ssl=1\" \/>    <\/div>\n<\/div><\/div><div class=\"col col-4\">\r\n    <div class=\"col-inner\"><div class=\"w-space\" style=\"height:10px\"><\/div><div class=\"w-custom-heading\">\n    <h4 style=\"font-size: 16px;color: #b7a074;text-align: center;font-family:Montserrat Subrayada;font-weight:400;font-style:normal\">    <a href=\"https:\/\/olivamorosicristians.es\/wp-content\/uploads\/2025\/07\/PROGRAMA-ESP.pdf\" target=\"_blank\">Toda la programaci\u00f3n de fiestas<\/a>    <\/h4><\/div><div class=\"w-space\" style=\"height:60px\"><\/div><\/div><\/div><div class=\"col col-4\">\r\n    <div class=\"col-inner\"><div class=\"w-space\" style=\"height:10px\"><\/div><div class=\"w-custom-heading\">\n    <h4 style=\"font-size: 16px;color: #b7a074;text-align: center;font-family:Montserrat Subrayada;font-weight:400;font-style:normal\">    <a href=\"https:\/\/olivamorosicristians.es\/wp-content\/uploads\/2025\/07\/PROGRAMA-FRA.pdf\" target=\"_blank\">Toute la programmation de f\u00eate<\/a>    <\/h4><\/div><div class=\"w-space\" style=\"height:60px\"><\/div><\/div><\/div><\/div><\/section><section class=\"w-section\">\r\n<div class=\"row\"><div class=\"col col-4\">\r\n    <div class=\"col-inner\"><div class=\"w-text-block\">\n    <\/div><div class=\"w-space\" style=\"height:10px\"><\/div><div class=\"w-custom-heading\">\n    <h4 style=\"font-size: 16px;color: #b7a074;text-align: center;font-family:Montserrat Subrayada;font-weight:400;font-style:normal\">    <a href=\"https:\/\/olivamorosicristians.es\/wp-content\/uploads\/2025\/07\/PROGRAMA-ENG.pdf\" target=\"_blank\">All party programming<\/a>    <\/h4><\/div><div class=\"w-space\" style=\"height:60px\"><\/div><\/div><\/div><div class=\"col col-4\">\r\n    <div class=\"col-inner\"><div class=\"w-space\" style=\"height:10px\"><\/div><div class=\"w-custom-heading\">\n    <h4 style=\"font-size: 16px;color: #b7a074;text-align: center;font-family:Montserrat Subrayada;font-weight:400;font-style:normal\">    <a href=\"https:\/\/olivamorosicristians.es\/wp-content\/uploads\/2025\/07\/PROGRAMA-GER.pdf\" target=\"_blank\">Alle Party-Programmierung<\/a>    <\/h4><\/div><div class=\"w-space\" style=\"height:60px\"><\/div><\/div><\/div><div class=\"col col-4\">\r\n    <div class=\"col-inner\"><div class=\"w-image text-center\">\n        <a href=\"https:\/\/heyzine.com\/flip-book\/7a16e03cec.html\" target=\"_blank\">\n            <img loading=\"lazy\" decoding=\"async\" width=\"490\" height=\"600\" src=\"https:\/\/i0.wp.com\/olivamorosicristians.es\/wp-content\/uploads\/2025\/07\/Portada-llibre-2025-web-490x600px.jpg?fit=490%2C600&amp;ssl=1\" class=\"attachment-full size-full\" alt=\"\" srcset=\"https:\/\/i0.wp.com\/olivamorosicristians.es\/wp-content\/uploads\/2025\/07\/Portada-llibre-2025-web-490x600px.jpg?w=490&amp;ssl=1 490w, https:\/\/i0.wp.com\/olivamorosicristians.es\/wp-content\/uploads\/2025\/07\/Portada-llibre-2025-web-490x600px.jpg?resize=245%2C300&amp;ssl=1 245w, https:\/\/i0.wp.com\/olivamorosicristians.es\/wp-content\/uploads\/2025\/07\/Portada-llibre-2025-web-490x600px.jpg?resize=10%2C12&amp;ssl=1 10w\" sizes=\"auto, (max-width: 490px) 100vw, 490px\" data-attachment-id=\"11707\" data-permalink=\"https:\/\/olivamorosicristians.es\/es\/llibres-de-la-festa\/xarxes_moroscristians_oliva2025_rgb\/\" data-orig-file=\"https:\/\/i0.wp.com\/olivamorosicristians.es\/wp-content\/uploads\/2025\/07\/Portada-llibre-2025-web-490x600px.jpg?fit=490%2C600&amp;ssl=1\" data-orig-size=\"490,600\" data-comments-opened=\"0\" data-image-meta=\"{&quot;aperture&quot;:&quot;0&quot;,&quot;credit&quot;:&quot;&quot;,&quot;camera&quot;:&quot;&quot;,&quot;caption&quot;:&quot;&quot;,&quot;created_timestamp&quot;:&quot;0&quot;,&quot;copyright&quot;:&quot;&quot;,&quot;focal_length&quot;:&quot;0&quot;,&quot;iso&quot;:&quot;0&quot;,&quot;shutter_speed&quot;:&quot;0&quot;,&quot;title&quot;:&quot;XARXES_MOROSCRISTIANS_OLIVA2025_RGB&quot;,&quot;orientation&quot;:&quot;1&quot;}\" data-image-title=\"XARXES_MOROSCRISTIANS_OLIVA2025_RGB\" data-image-description=\"\" data-image-caption=\"\" data-large-file=\"https:\/\/i0.wp.com\/olivamorosicristians.es\/wp-content\/uploads\/2025\/07\/Portada-llibre-2025-web-490x600px.jpg?fit=490%2C600&amp;ssl=1\" \/>        <\/a>\n    <\/div>\n<\/div><\/div><\/div><\/section><section class=\"w-section\">\r\n<div class=\"row\"><div class=\"col col-12\">\r\n    <div class=\"col-inner\"><\/div><\/div><\/div><\/section>","protected":false},"excerpt":{"rendered":"PROGRAMA 2025 Tota la programaci\u00f3 de festes Toda la programaci\u00f3n de fiestas Toute la programmation de f\u00eate All party programming Alle Party-Programmierung","protected":false},"author":1,"featured_media":0,"parent":0,"menu_order":0,"comment_status":"closed","ping_status":"closed","template":"","meta":{"jetpack_post_was_ever_published":false,"footnotes":""},"class_list":["post-980","page","type-page","status-publish","hentry"],"yoast_head":"<!-- This site is optimized with the Yoast SEO plugin v27.4 - https:\/\/yoast.com\/product\/yoast-seo-wordpress\/ -->\n<title>Programa 2025 - Moros i Cristians Oliva<\/title>\n<meta name=\"robots\" content=\"index, follow, max-snippet:-1, max-image-preview:large, max-video-preview:-1\" \/>\n<link rel=\"canonical\" href=\"https:\/\/olivamorosicristians.es\/es\/programa\/\" \/>\n<meta property=\"og:locale\" content=\"es_ES\" \/>\n<meta property=\"og:type\" content=\"article\" \/>\n<meta property=\"og:title\" content=\"Programa 2025 - Moros i Cristians Oliva\" \/>\n<meta property=\"og:url\" content=\"https:\/\/olivamorosicristians.es\/es\/programa\/\" \/>\n<meta property=\"og:site_name\" content=\"Moros i Cristians Oliva\" \/>\n<meta property=\"article:publisher\" content=\"https:\/\/www.facebook.com\/federaciodemorosicristiansdoliva\/\" \/>\n<meta property=\"article:modified_time\" content=\"2025-07-12T17:34:42+00:00\" \/>\n<meta name=\"twitter:card\" content=\"summary_large_image\" \/>\n<meta name=\"twitter:label1\" content=\"Tiempo de lectura\" \/>\n\t<meta name=\"twitter:data1\" content=\"1 minuto\" \/>\n<script type=\"application\/ld+json\" class=\"yoast-schema-graph\">{\"@context\":\"https:\\\/\\\/schema.org\",\"@graph\":[{\"@type\":\"WebPage\",\"@id\":\"https:\\\/\\\/olivamorosicristians.es\\\/programa\\\/\",\"url\":\"https:\\\/\\\/olivamorosicristians.es\\\/programa\\\/\",\"name\":\"Programa 2025 - Moros i Cristians Oliva\",\"isPartOf\":{\"@id\":\"https:\\\/\\\/olivamorosicristians.es\\\/#website\"},\"datePublished\":\"2019-07-07T10:46:02+00:00\",\"dateModified\":\"2025-07-12T17:34:42+00:00\",\"breadcrumb\":{\"@id\":\"https:\\\/\\\/olivamorosicristians.es\\\/programa\\\/#breadcrumb\"},\"inLanguage\":\"es\",\"potentialAction\":[{\"@type\":\"ReadAction\",\"target\":[\"https:\\\/\\\/olivamorosicristians.es\\\/programa\\\/\"]}]},{\"@type\":\"BreadcrumbList\",\"@id\":\"https:\\\/\\\/olivamorosicristians.es\\\/programa\\\/#breadcrumb\",\"itemListElement\":[{\"@type\":\"ListItem\",\"position\":1,\"name\":\"Portada\",\"item\":\"https:\\\/\\\/olivamorosicristians.es\\\/\"},{\"@type\":\"ListItem\",\"position\":2,\"name\":\"Programa 2025\"}]},{\"@type\":\"WebSite\",\"@id\":\"https:\\\/\\\/olivamorosicristians.es\\\/#website\",\"url\":\"https:\\\/\\\/olivamorosicristians.es\\\/\",\"name\":\"Moros i Cristians Oliva\",\"description\":\"FMCO\",\"publisher\":{\"@id\":\"https:\\\/\\\/olivamorosicristians.es\\\/#organization\"},\"potentialAction\":[{\"@type\":\"SearchAction\",\"target\":{\"@type\":\"EntryPoint\",\"urlTemplate\":\"https:\\\/\\\/olivamorosicristians.es\\\/?s={search_term_string}\"},\"query-input\":{\"@type\":\"PropertyValueSpecification\",\"valueRequired\":true,\"valueName\":\"search_term_string\"}}],\"inLanguage\":\"es\"},{\"@type\":\"Organization\",\"@id\":\"https:\\\/\\\/olivamorosicristians.es\\\/#organization\",\"name\":\"Federaci\u00f3 de Moros i Cristians - Oliva\",\"url\":\"https:\\\/\\\/olivamorosicristians.es\\\/\",\"logo\":{\"@type\":\"ImageObject\",\"inLanguage\":\"es\",\"@id\":\"https:\\\/\\\/olivamorosicristians.es\\\/#\\\/schema\\\/logo\\\/image\\\/\",\"url\":\"https:\\\/\\\/i2.wp.com\\\/olivamorosicristians.es\\\/wp-content\\\/uploads\\\/2018\\\/06\\\/Icon_FMiCO.png?fit=50%2C50&ssl=1\",\"contentUrl\":\"https:\\\/\\\/i2.wp.com\\\/olivamorosicristians.es\\\/wp-content\\\/uploads\\\/2018\\\/06\\\/Icon_FMiCO.png?fit=50%2C50&ssl=1\",\"width\":50,\"height\":50,\"caption\":\"Federaci\u00f3 de Moros i Cristians - Oliva\"},\"image\":{\"@id\":\"https:\\\/\\\/olivamorosicristians.es\\\/#\\\/schema\\\/logo\\\/image\\\/\"},\"sameAs\":[\"https:\\\/\\\/www.facebook.com\\\/federaciodemorosicristiansdoliva\\\/\",\"https:\\\/\\\/www.instagram.com\\\/morosicristiansoliva\\\/?hl=es\"]}]}<\/script>\n<!-- \/ Yoast SEO plugin. -->","yoast_head_json":{"title":"Programa 2025 - Moros i Cristians Oliva","robots":{"index":"index","follow":"follow","max-snippet":"max-snippet:-1","max-image-preview":"max-image-preview:large","max-video-preview":"max-video-preview:-1"},"canonical":"https:\/\/olivamorosicristians.es\/es\/programa\/","og_locale":"es_ES","og_type":"article","og_title":"Programa 2025 - Moros i Cristians Oliva","og_url":"https:\/\/olivamorosicristians.es\/es\/programa\/","og_site_name":"Moros i Cristians Oliva","article_publisher":"https:\/\/www.facebook.com\/federaciodemorosicristiansdoliva\/","article_modified_time":"2025-07-12T17:34:42+00:00","twitter_card":"summary_large_image","twitter_misc":{"Tiempo de lectura":"1 minuto"},"schema":{"@context":"https:\/\/schema.org","@graph":[{"@type":"WebPage","@id":"https:\/\/olivamorosicristians.es\/programa\/","url":"https:\/\/olivamorosicristians.es\/programa\/","name":"Programa 2025 - Moros i Cristians Oliva","isPartOf":{"@id":"https:\/\/olivamorosicristians.es\/#website"},"datePublished":"2019-07-07T10:46:02+00:00","dateModified":"2025-07-12T17:34:42+00:00","breadcrumb":{"@id":"https:\/\/olivamorosicristians.es\/programa\/#breadcrumb"},"inLanguage":"es","potentialAction":[{"@type":"ReadAction","target":["https:\/\/olivamorosicristians.es\/programa\/"]}]},{"@type":"BreadcrumbList","@id":"https:\/\/olivamorosicristians.es\/programa\/#breadcrumb","itemListElement":[{"@type":"ListItem","position":1,"name":"Portada","item":"https:\/\/olivamorosicristians.es\/"},{"@type":"ListItem","position":2,"name":"Programa 2025"}]},{"@type":"WebSite","@id":"https:\/\/olivamorosicristians.es\/#website","url":"https:\/\/olivamorosicristians.es\/","name":"Moros i Cristians Oliva","description":"FMCO","publisher":{"@id":"https:\/\/olivamorosicristians.es\/#organization"},"potentialAction":[{"@type":"SearchAction","target":{"@type":"EntryPoint","urlTemplate":"https:\/\/olivamorosicristians.es\/?s={search_term_string}"},"query-input":{"@type":"PropertyValueSpecification","valueRequired":true,"valueName":"search_term_string"}}],"inLanguage":"es"},{"@type":"Organization","@id":"https:\/\/olivamorosicristians.es\/#organization","name":"La Federaci\u00f3n de Moros y Cristianos de Oliva","url":"https:\/\/olivamorosicristians.es\/","logo":{"@type":"ImageObject","inLanguage":"es","@id":"https:\/\/olivamorosicristians.es\/#\/schema\/logo\/image\/","url":"https:\/\/i2.wp.com\/olivamorosicristians.es\/wp-content\/uploads\/2018\/06\/Icon_FMiCO.png?fit=50%2C50&ssl=1","contentUrl":"https:\/\/i2.wp.com\/olivamorosicristians.es\/wp-content\/uploads\/2018\/06\/Icon_FMiCO.png?fit=50%2C50&ssl=1","width":50,"height":50,"caption":"Federaci\u00f3 de Moros i Cristians - Oliva"},"image":{"@id":"https:\/\/olivamorosicristians.es\/#\/schema\/logo\/image\/"},"sameAs":["https:\/\/www.facebook.com\/federaciodemorosicristiansdoliva\/","https:\/\/www.instagram.com\/morosicristiansoliva\/?hl=es"]}]}},"jetpack_sharing_enabled":true,"jetpack_shortlink":"https:\/\/wp.me\/PagEx6-fO","jetpack-related-posts":[],"_links":{"self":[{"href":"https:\/\/olivamorosicristians.es\/es\/wp-json\/wp\/v2\/pages\/980","targetHints":{"allow":["GET"]}}],"collection":[{"href":"https:\/\/olivamorosicristians.es\/es\/wp-json\/wp\/v2\/pages"}],"about":[{"href":"https:\/\/olivamorosicristians.es\/es\/wp-json\/wp\/v2\/types\/page"}],"author":[{"embeddable":true,"href":"https:\/\/olivamorosicristians.es\/es\/wp-json\/wp\/v2\/users\/1"}],"replies":[{"embeddable":true,"href":"https:\/\/olivamorosicristians.es\/es\/wp-json\/wp\/v2\/comments?post=980"}],"version-history":[{"count":266,"href":"https:\/\/olivamorosicristians.es\/es\/wp-json\/wp\/v2\/pages\/980\/revisions"}],"predecessor-version":[{"id":11710,"href":"https:\/\/olivamorosicristians.es\/es\/wp-json\/wp\/v2\/pages\/980\/revisions\/11710"}],"wp:attachment":[{"href":"https:\/\/olivamorosicristians.es\/es\/wp-json\/wp\/v2\/media?parent=980"}],"curies":[{"name":"wp","href":"https:\/\/api.w.org\/{rel}","templated":true}]}}