{"id":9783,"date":"2020-07-12T17:30:12","date_gmt":"2020-07-12T15:30:12","guid":{"rendered":"https:\/\/olivamorosicristians.es\/?page_id=9783"},"modified":"2020-07-12T19:36:04","modified_gmt":"2020-07-12T17:36:04","slug":"la-nostra-musica","status":"publish","type":"page","link":"https:\/\/olivamorosicristians.es\/es\/la-nostra-musica\/","title":{"rendered":"Nuestra M\u00fasica"},"content":{"rendered":"<section class=\"w-section\">\r\n<div class=\"row\"><div class=\"col col-12\">\r\n    <div class=\"col-inner\"><div class=\"w-space\" style=\"height:30px\"><\/div><div class=\"w-custom-heading\">\n    <h2 style=\"font-size: 24px;color: #b7a074;text-align: left;font-family:Montserrat;font-weight:700;font-style:normal\">    M\u00fasica Festera d'Oliva    <\/h2><\/div><div class=\"w-space\" style=\"height:10px\"><\/div><div class=\"w-text-block\">\n    <p lang=\"ca-ES\" align=\"JUSTIFY\"><span style=\"color: #000000;\"><span style=\"font-family: Montserrat;\"><span style=\"font-size: medium;\">Les festes de moros i cristians, en general, rememoren les batalles dels pobles cristians enfront dels \u00e0rabs, els sarra\u00efns, els turcs &#8230; I tenen com a actes essencials les entrades sumptuoses i les ambaixades, batalles d\u2019arcabusseria, etc.<\/span><\/span><\/span><\/p>\n<p align=\"JUSTIFY\"><span style=\"color: #000000;\"><span style=\"font-family: Montserrat;\"><span style=\"font-size: medium;\"><span lang=\"ca-ES\">Dins de la Festa hi ha un element que ha acabat per convertir-se en essencial; i no nom\u00e9s en la nostra Festa sin\u00f3 en moltes altres. <\/span><span lang=\"ca-ES\"><b>Es tracta, com podeu intuir, de la m\u00fasica<\/b><\/span><span lang=\"ca-ES\">. I la m\u00fasica que usem en les nostres festes de moros i cristians, per a desfilar, per als passacarrers, etc. aquella que en escoltar-la se\u2019ns eri\u00e7a la pell i ens empenta, habitualment es denomina \u201cm\u00fasica festera\u201d.<\/span><\/span><\/span><\/span><\/p>\n<p align=\"JUSTIFY\"><span style=\"color: #000000;\"><span style=\"font-family: Montserrat;\"><span style=\"font-size: medium;\"><span lang=\"ca-ES\">Dins del g\u00e8nere de m\u00fasica festera podem trobar diferents tipus de peces, les m\u00e9s habituals s\u00f3n les <\/span><span lang=\"ca-ES\"><b>marxes mores o cristianes, els pasdobles, i tamb\u00e9 la m\u00fasica incidental<\/b><\/span><span lang=\"ca-ES\"> o que s\u2019escriu per a elements que usem en les entrades, com ara els ballets. A Oliva, com que no tenim les Festes lligades a cap esdeveniment religi\u00f3s, no les fem servir, per\u00f2 conv\u00e9 saber que les marxes de process\u00f3 tamb\u00e9 s\u2019inclouen dins del g\u00e8nere.<\/span><\/span><\/span><\/span><\/p>\n<p align=\"JUSTIFY\"><span style=\"color: #000000;\"><span style=\"font-family: Montserrat;\"><span style=\"font-size: medium;\"><span lang=\"ca-ES\">Per saber de la import\u00e0ncia de la m\u00fasica, recordarem ac\u00ed <\/span><span lang=\"ca-ES\"><b>l\u2019an\u00e8cdota de D. Amando Blanquer,<\/b><\/span><span lang=\"ca-ES\"> que li van preguntar despr\u00e9s d\u2019una confer\u00e8ncia sobre m\u00fasica quin significat tenia la m\u00fasica festera i ell va canviar el rostre i cont\u00e0 que un capit\u00e0 moro alcoi\u00e0 havia desfilat al so de <\/span><span lang=\"ca-ES\"><i>Tarde de Abril<\/i><\/span><span lang=\"ca-ES\">. En acabar les festes d\u2019aquell any de capitania li detectaren un c\u00e0ncer terminal. A l\u2019hospital, conscient de l\u2019irremeiable final, li deman\u00e0 a la fam\u00edlia una \u00faltima voluntat molt especial: quan tot s\u2019acabara, volia que incineraren el seu cos i que escamparen les cendres al paratge de la Font Roja i que per a l\u2019ocasi\u00f3, llogaren a la Banda Primitiva d\u2019Alcoi per a amenitzar l\u2019acte amb el so de <\/span><span lang=\"ca-ES\"><i>Tarde de Abril<\/i><\/span><span lang=\"ca-ES\">. I finalment D. Amando, emocionat, va sentenciar \u201cAix\u00f2 \u00e9s <\/span><span lang=\"ca-ES\"><i>la m\u00fasica de Moros i Cristians. Si no ho han ent\u00e9s, lamente no poder explicar-me millor\u201d<\/i><\/span><span lang=\"ca-ES\">.<\/span><\/span><\/span><\/span><\/p>\n<p align=\"JUSTIFY\"><span style=\"color: #000000;\"><span style=\"font-family: Montserrat;\"><span style=\"font-size: medium;\"><span lang=\"ca-ES\"><b>La producci\u00f3 musical del nostre poble<\/b><\/span><span lang=\"ca-ES\"> ja va comen\u00e7ar fa molts anys, per\u00f2 en els \u00faltims anys ha crescut de forma exponencial; i cada vegada \u00e9s m\u00e9s habitual encarregar m\u00fasica per a un esdeveniment important.<\/span><\/span><\/span><\/span><\/p>\n<p align=\"JUSTIFY\"><span style=\"color: #000000;\"><span style=\"font-family: Montserrat;\"><span style=\"font-size: medium;\"><span lang=\"ca-ES\">Aix\u00ed doncs, <\/span><span lang=\"ca-ES\"><b>benvingut a l\u2019apartat musical<\/b><\/span><span lang=\"ca-ES\">; si passes, podr\u00e0s trobar marxes mores i cristianes, pasdobles i altres peces relacionades o escrites per a Oliva.<\/span><\/span><\/span><\/span><\/p>\n<p lang=\"ca-ES\" align=\"JUSTIFY\"><span style=\"color: #000000;\"><span style=\"font-family: Montserrat;\"><span style=\"font-size: medium;\">Podr\u00e0s gaudir-la amb els enlla\u00e7os que et portaran <a href=\"https:\/\/www.youtube.com\/channel\/UCGB0MK2cYKIjV25DteXoqog\" target=\"_blank\" rel=\"noopener noreferrer\">al nostre canal de Youtube<\/a>. <\/span><\/span><\/span><\/p>\n<\/div><\/div><\/div><\/div><\/section><section class=\"w-section\">\r\n<div class=\"row\"><div class=\"col col-4\">\r\n    <div class=\"col-inner\"><div class=\"w-space\" style=\"height:30px\"><\/div><div class=\"w-custom-heading\">\n    <h2 style=\"font-size: 20px;color: #b7a074;text-align: center;font-family:Montserrat;font-weight:700;font-style:normal\">    Marxes Mores    <\/h2><\/div><div class=\"w-space\" style=\"height:10px\"><\/div><div class=\"w-video video-wrapper\">\n    <span class=\"embed-youtube\" style=\"text-align:center; display: block;\"><iframe loading=\"lazy\" class=\"youtube-player\" width=\"1170\" height=\"659\" src=\"https:\/\/www.youtube.com\/embed?version=3&#038;rel=1&#038;showsearch=0&#038;showinfo=1&#038;iv_load_policy=1&#038;fs=1&#038;hl=es-ES&#038;autohide=2&#038;wmode=transparent&#038;listType=playlist&#038;list=PLsQGnf1er6_byY5qG-bPbJ6MM31krGrl7\" allowfullscreen=\"true\" style=\"border:0;\" sandbox=\"allow-scripts allow-same-origin allow-popups allow-presentation allow-popups-to-escape-sandbox\"><\/iframe><\/span><\/div><\/div><\/div><div class=\"col col-4\">\r\n    <div class=\"col-inner\"><div class=\"w-space\" style=\"height:30px\"><\/div><div class=\"w-custom-heading\">\n    <h2 style=\"font-size: 20px;color: #b7a074;text-align: center;font-family:Montserrat;font-weight:700;font-style:normal\">    Marxes Cristianes    <\/h2><\/div><div class=\"w-space\" style=\"height:10px\"><\/div><div class=\"w-video video-wrapper\">\n    <span class=\"embed-youtube\" style=\"text-align:center; display: block;\"><iframe loading=\"lazy\" class=\"youtube-player\" width=\"1170\" height=\"659\" src=\"https:\/\/www.youtube.com\/embed?version=3&#038;rel=1&#038;showsearch=0&#038;showinfo=1&#038;iv_load_policy=1&#038;fs=1&#038;hl=es-ES&#038;autohide=2&#038;wmode=transparent&#038;listType=playlist&#038;list=PLsQGnf1er6_ae0m0xanvUcokl5_YfYcAW\" allowfullscreen=\"true\" style=\"border:0;\" sandbox=\"allow-scripts allow-same-origin allow-popups allow-presentation allow-popups-to-escape-sandbox\"><\/iframe><\/span><\/div><\/div><\/div><div class=\"col col-4\">\r\n    <div class=\"col-inner\"><div class=\"w-space\" style=\"height:30px\"><\/div><div class=\"w-custom-heading\">\n    <h2 style=\"font-size: 20px;color: #b7a074;text-align: center;font-family:Montserrat;font-weight:700;font-style:normal\">    Pasdobles    <\/h2><\/div><div class=\"w-space\" style=\"height:10px\"><\/div><div class=\"w-video video-wrapper\">\n    <span class=\"embed-youtube\" style=\"text-align:center; display: block;\"><iframe loading=\"lazy\" class=\"youtube-player\" width=\"1170\" height=\"659\" src=\"https:\/\/www.youtube.com\/embed?version=3&#038;rel=1&#038;showsearch=0&#038;showinfo=1&#038;iv_load_policy=1&#038;fs=1&#038;hl=es-ES&#038;autohide=2&#038;wmode=transparent&#038;listType=playlist&#038;list=PLsQGnf1er6_Z-TwykTwKU73z9uGDKSRuL\" allowfullscreen=\"true\" style=\"border:0;\" sandbox=\"allow-scripts allow-same-origin allow-popups allow-presentation allow-popups-to-escape-sandbox\"><\/iframe><\/span><\/div><\/div><\/div><div class=\"col col-12\">\r\n    <div class=\"col-inner\"><div class=\"w-space\" style=\"height:100px\"><\/div><div class=\"w-custom-heading\">\n    <h2 style=\"font-size: 24px;color: #b7a074;text-align: center;font-family:Montserrat;font-weight:700;font-style:normal\">    Altres canals de M\u00fasica Festera    <\/h2><\/div><div class=\"w-space\" style=\"height:20px\"><\/div><\/div><\/div><\/div><\/section><section class=\"w-section\">\r\n<div class=\"row\"><div class=\"col col-4 text-center\">\r\n    <div class=\"col-inner\"><div class=\"w-space\" style=\"height:10px\"><\/div><a class=\"w-link-button\" href=\"https:\/\/www.youtube.com\/channel\/UCujIOUU5li250u-8OmgHR8A\" target=\"_blank\">   \r\n    <span class=\"w-border\"><\/span>\r\n            <span class=\"w-button-text\">\r\n        Pasodobles    <\/span>\r\n    <\/a><div class=\"w-space\" style=\"height:10px\"><\/div><\/div><\/div><div class=\"col col-4 text-center\">\r\n    <div class=\"col-inner\"><div class=\"w-space\" style=\"height:10px\"><\/div><a class=\"w-link-button\" href=\"https:\/\/www.youtube.com\/user\/musicaipoble\/featured\" target=\"_blank\">   \r\n    <span class=\"w-border\"><\/span>\r\n            <span class=\"w-button-text\">\r\n        M\u00fasica i Pobles    <\/span>\r\n    <\/a><div class=\"w-space\" style=\"height:10px\"><\/div><\/div><\/div><div class=\"col col-4 text-center\">\r\n    <div class=\"col-inner\"><div class=\"w-space\" style=\"height:10px\"><\/div><a class=\"w-link-button\" href=\"https:\/\/www.youtube.com\/channel\/UCJYS-Pr3QuW-CwzMsBoWwTA\" target=\"_blank\">   \r\n    <span class=\"w-border\"><\/span>\r\n            <span class=\"w-button-text\">\r\n        Moros i Cristianos    <\/span>\r\n    <\/a><div class=\"w-space\" style=\"height:10px\"><\/div><\/div><\/div><\/div><\/section>","protected":false},"excerpt":{"rendered":"M\u00fasica Festera d'Oliva Les festes de moros i cristians, en general, rememoren les batalles dels pobles cristians enfront dels \u00e0rabs, els sarra\u00efns, els turcs ... I tenen com a actes essencials les entrades sumptuoses i les ambaixades, batalles d\u2019arcabusseria, etc. Dins de la Festa hi ha un element que ha acabat per convertir-se en essencial; [...]","protected":false},"author":1,"featured_media":0,"parent":0,"menu_order":0,"comment_status":"closed","ping_status":"closed","template":"","meta":{"jetpack_post_was_ever_published":false,"footnotes":""},"class_list":["post-9783","page","type-page","status-publish","hentry"],"yoast_head":"<!-- This site is optimized with the Yoast SEO plugin v27.4 - https:\/\/yoast.com\/product\/yoast-seo-wordpress\/ -->\n<title>La Nostra M\u00fasica - Moros i Cristians Oliva<\/title>\n<meta name=\"description\" content=\"M\u00fasica festera d&#039;Oliva, enlla\u00e7os a YouTube on podr\u00e0s diafrutar de les pe\u00e7es de m\u00fasica de Moros i Cristians de composici\u00f3 local.\" \/>\n<meta name=\"robots\" content=\"index, follow, max-snippet:-1, max-image-preview:large, max-video-preview:-1\" \/>\n<link rel=\"canonical\" href=\"https:\/\/olivamorosicristians.es\/es\/la-nostra-musica\/\" \/>\n<meta property=\"og:locale\" content=\"es_ES\" \/>\n<meta property=\"og:type\" content=\"article\" \/>\n<meta property=\"og:title\" content=\"La Nostra M\u00fasica - Moros i Cristians Oliva\" \/>\n<meta property=\"og:description\" content=\"M\u00fasica festera d&#039;Oliva, enlla\u00e7os a YouTube on podr\u00e0s diafrutar de les pe\u00e7es de m\u00fasica de Moros i Cristians de composici\u00f3 local.\" \/>\n<meta property=\"og:url\" content=\"https:\/\/olivamorosicristians.es\/es\/la-nostra-musica\/\" \/>\n<meta property=\"og:site_name\" content=\"Moros i Cristians Oliva\" \/>\n<meta property=\"article:publisher\" content=\"https:\/\/www.facebook.com\/federaciodemorosicristiansdoliva\/\" \/>\n<meta property=\"article:modified_time\" content=\"2020-07-12T17:36:04+00:00\" \/>\n<meta name=\"twitter:card\" content=\"summary_large_image\" \/>\n<meta name=\"twitter:label1\" content=\"Tiempo de lectura\" \/>\n\t<meta name=\"twitter:data1\" content=\"4 minutos\" \/>\n<script type=\"application\/ld+json\" class=\"yoast-schema-graph\">{\"@context\":\"https:\\\/\\\/schema.org\",\"@graph\":[{\"@type\":\"WebPage\",\"@id\":\"https:\\\/\\\/olivamorosicristians.es\\\/la-nostra-musica\\\/\",\"url\":\"https:\\\/\\\/olivamorosicristians.es\\\/la-nostra-musica\\\/\",\"name\":\"La Nostra M\u00fasica - Moros i Cristians Oliva\",\"isPartOf\":{\"@id\":\"https:\\\/\\\/olivamorosicristians.es\\\/#website\"},\"datePublished\":\"2020-07-12T15:30:12+00:00\",\"dateModified\":\"2020-07-12T17:36:04+00:00\",\"description\":\"M\u00fasica festera d'Oliva, enlla\u00e7os a YouTube on podr\u00e0s diafrutar de les pe\u00e7es de m\u00fasica de Moros i Cristians de composici\u00f3 local.\",\"breadcrumb\":{\"@id\":\"https:\\\/\\\/olivamorosicristians.es\\\/la-nostra-musica\\\/#breadcrumb\"},\"inLanguage\":\"es\",\"potentialAction\":[{\"@type\":\"ReadAction\",\"target\":[\"https:\\\/\\\/olivamorosicristians.es\\\/la-nostra-musica\\\/\"]}]},{\"@type\":\"BreadcrumbList\",\"@id\":\"https:\\\/\\\/olivamorosicristians.es\\\/la-nostra-musica\\\/#breadcrumb\",\"itemListElement\":[{\"@type\":\"ListItem\",\"position\":1,\"name\":\"Portada\",\"item\":\"https:\\\/\\\/olivamorosicristians.es\\\/\"},{\"@type\":\"ListItem\",\"position\":2,\"name\":\"La Nostra M\u00fasica\"}]},{\"@type\":\"WebSite\",\"@id\":\"https:\\\/\\\/olivamorosicristians.es\\\/#website\",\"url\":\"https:\\\/\\\/olivamorosicristians.es\\\/\",\"name\":\"Moros i Cristians Oliva\",\"description\":\"FMCO\",\"publisher\":{\"@id\":\"https:\\\/\\\/olivamorosicristians.es\\\/#organization\"},\"potentialAction\":[{\"@type\":\"SearchAction\",\"target\":{\"@type\":\"EntryPoint\",\"urlTemplate\":\"https:\\\/\\\/olivamorosicristians.es\\\/?s={search_term_string}\"},\"query-input\":{\"@type\":\"PropertyValueSpecification\",\"valueRequired\":true,\"valueName\":\"search_term_string\"}}],\"inLanguage\":\"es\"},{\"@type\":\"Organization\",\"@id\":\"https:\\\/\\\/olivamorosicristians.es\\\/#organization\",\"name\":\"Federaci\u00f3 de Moros i Cristians - Oliva\",\"url\":\"https:\\\/\\\/olivamorosicristians.es\\\/\",\"logo\":{\"@type\":\"ImageObject\",\"inLanguage\":\"es\",\"@id\":\"https:\\\/\\\/olivamorosicristians.es\\\/#\\\/schema\\\/logo\\\/image\\\/\",\"url\":\"https:\\\/\\\/i2.wp.com\\\/olivamorosicristians.es\\\/wp-content\\\/uploads\\\/2018\\\/06\\\/Icon_FMiCO.png?fit=50%2C50&ssl=1\",\"contentUrl\":\"https:\\\/\\\/i2.wp.com\\\/olivamorosicristians.es\\\/wp-content\\\/uploads\\\/2018\\\/06\\\/Icon_FMiCO.png?fit=50%2C50&ssl=1\",\"width\":50,\"height\":50,\"caption\":\"Federaci\u00f3 de Moros i Cristians - Oliva\"},\"image\":{\"@id\":\"https:\\\/\\\/olivamorosicristians.es\\\/#\\\/schema\\\/logo\\\/image\\\/\"},\"sameAs\":[\"https:\\\/\\\/www.facebook.com\\\/federaciodemorosicristiansdoliva\\\/\",\"https:\\\/\\\/www.instagram.com\\\/morosicristiansoliva\\\/?hl=es\"]}]}<\/script>\n<!-- \/ Yoast SEO plugin. -->","yoast_head_json":{"title":"La Nostra M\u00fasica - Moros i Cristians Oliva","description":"M\u00fasica festera d'Oliva, enlla\u00e7os a YouTube on podr\u00e0s diafrutar de les pe\u00e7es de m\u00fasica de Moros i Cristians de composici\u00f3 local.","robots":{"index":"index","follow":"follow","max-snippet":"max-snippet:-1","max-image-preview":"max-image-preview:large","max-video-preview":"max-video-preview:-1"},"canonical":"https:\/\/olivamorosicristians.es\/es\/la-nostra-musica\/","og_locale":"es_ES","og_type":"article","og_title":"La Nostra M\u00fasica - Moros i Cristians Oliva","og_description":"M\u00fasica festera d'Oliva, enlla\u00e7os a YouTube on podr\u00e0s diafrutar de les pe\u00e7es de m\u00fasica de Moros i Cristians de composici\u00f3 local.","og_url":"https:\/\/olivamorosicristians.es\/es\/la-nostra-musica\/","og_site_name":"Moros i Cristians Oliva","article_publisher":"https:\/\/www.facebook.com\/federaciodemorosicristiansdoliva\/","article_modified_time":"2020-07-12T17:36:04+00:00","twitter_card":"summary_large_image","twitter_misc":{"Tiempo de lectura":"4 minutos"},"schema":{"@context":"https:\/\/schema.org","@graph":[{"@type":"WebPage","@id":"https:\/\/olivamorosicristians.es\/la-nostra-musica\/","url":"https:\/\/olivamorosicristians.es\/la-nostra-musica\/","name":"La Nostra M\u00fasica - Moros i Cristians Oliva","isPartOf":{"@id":"https:\/\/olivamorosicristians.es\/#website"},"datePublished":"2020-07-12T15:30:12+00:00","dateModified":"2020-07-12T17:36:04+00:00","description":"M\u00fasica festera d'Oliva, enlla\u00e7os a YouTube on podr\u00e0s diafrutar de les pe\u00e7es de m\u00fasica de Moros i Cristians de composici\u00f3 local.","breadcrumb":{"@id":"https:\/\/olivamorosicristians.es\/la-nostra-musica\/#breadcrumb"},"inLanguage":"es","potentialAction":[{"@type":"ReadAction","target":["https:\/\/olivamorosicristians.es\/la-nostra-musica\/"]}]},{"@type":"BreadcrumbList","@id":"https:\/\/olivamorosicristians.es\/la-nostra-musica\/#breadcrumb","itemListElement":[{"@type":"ListItem","position":1,"name":"Portada","item":"https:\/\/olivamorosicristians.es\/"},{"@type":"ListItem","position":2,"name":"La Nostra M\u00fasica"}]},{"@type":"WebSite","@id":"https:\/\/olivamorosicristians.es\/#website","url":"https:\/\/olivamorosicristians.es\/","name":"Moros i Cristians Oliva","description":"FMCO","publisher":{"@id":"https:\/\/olivamorosicristians.es\/#organization"},"potentialAction":[{"@type":"SearchAction","target":{"@type":"EntryPoint","urlTemplate":"https:\/\/olivamorosicristians.es\/?s={search_term_string}"},"query-input":{"@type":"PropertyValueSpecification","valueRequired":true,"valueName":"search_term_string"}}],"inLanguage":"es"},{"@type":"Organization","@id":"https:\/\/olivamorosicristians.es\/#organization","name":"La Federaci\u00f3n de Moros y Cristianos de Oliva","url":"https:\/\/olivamorosicristians.es\/","logo":{"@type":"ImageObject","inLanguage":"es","@id":"https:\/\/olivamorosicristians.es\/#\/schema\/logo\/image\/","url":"https:\/\/i2.wp.com\/olivamorosicristians.es\/wp-content\/uploads\/2018\/06\/Icon_FMiCO.png?fit=50%2C50&ssl=1","contentUrl":"https:\/\/i2.wp.com\/olivamorosicristians.es\/wp-content\/uploads\/2018\/06\/Icon_FMiCO.png?fit=50%2C50&ssl=1","width":50,"height":50,"caption":"Federaci\u00f3 de Moros i Cristians - Oliva"},"image":{"@id":"https:\/\/olivamorosicristians.es\/#\/schema\/logo\/image\/"},"sameAs":["https:\/\/www.facebook.com\/federaciodemorosicristiansdoliva\/","https:\/\/www.instagram.com\/morosicristiansoliva\/?hl=es"]}]}},"jetpack_sharing_enabled":true,"jetpack_shortlink":"https:\/\/wp.me\/PagEx6-2xN","jetpack-related-posts":[],"_links":{"self":[{"href":"https:\/\/olivamorosicristians.es\/es\/wp-json\/wp\/v2\/pages\/9783","targetHints":{"allow":["GET"]}}],"collection":[{"href":"https:\/\/olivamorosicristians.es\/es\/wp-json\/wp\/v2\/pages"}],"about":[{"href":"https:\/\/olivamorosicristians.es\/es\/wp-json\/wp\/v2\/types\/page"}],"author":[{"embeddable":true,"href":"https:\/\/olivamorosicristians.es\/es\/wp-json\/wp\/v2\/users\/1"}],"replies":[{"embeddable":true,"href":"https:\/\/olivamorosicristians.es\/es\/wp-json\/wp\/v2\/comments?post=9783"}],"version-history":[{"count":44,"href":"https:\/\/olivamorosicristians.es\/es\/wp-json\/wp\/v2\/pages\/9783\/revisions"}],"predecessor-version":[{"id":10094,"href":"https:\/\/olivamorosicristians.es\/es\/wp-json\/wp\/v2\/pages\/9783\/revisions\/10094"}],"wp:attachment":[{"href":"https:\/\/olivamorosicristians.es\/es\/wp-json\/wp\/v2\/media?parent=9783"}],"curies":[{"name":"wp","href":"https:\/\/api.w.org\/{rel}","templated":true}]}}