{"id":8763,"date":"2018-07-07T12:01:49","date_gmt":"2018-07-07T12:01:49","guid":{"rendered":"http:\/\/olivamorosicristians.es\/?page_id=8763"},"modified":"2025-11-15T11:54:48","modified_gmt":"2025-11-15T09:54:48","slug":"documentacio","status":"publish","type":"page","link":"https:\/\/olivamorosicristians.es\/es\/documentacio\/","title":{"rendered":"Documentaci\u00f3n"},"content":{"rendered":"<section class=\"w-section\">\r\n<div class=\"row\"><div class=\"col col-12\">\r\n    <div class=\"col-inner\"><div class=\"w-space\" style=\"height:60px\"><\/div><div class=\"w-heading heading-1 text-center\">\r\n             \r\n    <p class=\"heading-title\">Documentaci\u00f3n<\/p>            <\/div><div class=\"w-space\" style=\"height:30px\"><\/div><div class=\"w-tabs\">\r\n    <ul class=\"w-tabs-nav\">\r\n                <li><h4><a href=\"#def1530965222-2-90\">Los estatutos de la<\/a><\/h4><\/li>\r\n                <li><h4><a href=\"#def1530965222-1-10\">Reglamento<\/a><\/h4><\/li>\r\n                <li><h4><a href=\"#1531768414645-2-4\">Letra del himno Oliva 1990<\/a><\/h4><\/li>\r\n            <\/ul>\r\n    <div class=\"w-tab-wrapper\">\r\n        <div id=\"def1530965222-2-90\" class=\"w-tab\">\n    <div class=\"w-tab-content\">\n    <div class=\"w-action-box\">\r\n    <div class=\"w-content\">\r\n                        <p>Aqu\u00ed est\u00e1n los Estatutos de la Federaci\u00f3n (PDF), puede descargar<\/p>\n<p><a href=\"http:\/\/olivamorosicristians.es\/wp-content\/uploads\/2018\/07\/ESTATUTS-DEFINITIUS.pdf\" target=\"_blank\" rel=\"noopener noreferrer\">ESTATUTOS-FINAL<\/a><\/p>\n            <\/div>\r\n    <\/div>\r\n\r\n\r\n \n    <\/div>\n<\/div><div id=\"def1530965222-1-10\" class=\"w-tab\">\n    <div class=\"w-tab-content\">\n    <div class=\"w-action-box\">\r\n    <div class=\"w-content\">\r\n                        <p>Aqu\u00ed est\u00e1 el Reglamento para el R\u00e9gimen Interno de la Federeci\u00f3 (PDF), puede descargarlo.<\/p>\n<p><a href=\"https:\/\/olivamorosicristians.es\/wp-content\/uploads\/2025\/09\/Reglament-FMICO_22_-06_2025_01.pdf\" target=\"_blank\" rel=\"noopener\">Reglament Regim Intern FMCO 2025<\/a><\/p>\n            <\/div>\r\n    <\/div>\r\n\r\n\r\n \n    <\/div>\n<\/div><div id=\"1531768414645-2-4\" class=\"w-tab\">\n    <div class=\"w-tab-content\">\n    <div class=\"w-action-box\">\r\n    <div class=\"w-content\">\r\n                <h3>Himno De Oliva 1990<\/h3>\r\n                        <p>Aqu\u00ed es el Himno de Oliva 1990 (PDF), puede descargarlo.<\/p>\n<p><a href=\"https:\/\/olivamorosicristians.es\/wp-content\/uploads\/2020\/04\/Himne_Oliva-1990.pdf\" target=\"_blank\" rel=\"noopener noreferrer\">Himno<\/a><\/p>\n            <\/div>\r\n    <\/div>\r\n\r\n\r\n \n    <\/div>\n<\/div> \r\n    <\/div>\r\n<\/div><div class=\"w-space\" style=\"height:60px\"><\/div><div class=\"w-separator no-text text-center\" style=\"color:#b7a074;width:50%\">\r\n    <span class=\"w-border-left\" style=\"border-top-width:1px;border-color:#b7a074\"><\/span>\r\n    <span class=\"w-text\">\r\n                            <\/span>\r\n    <span class=\"w-border-right\" style=\"border-top-width:1px;border-color:#b7a074\"><\/span>\r\n<\/div><\/div><\/div><\/div><\/section><section class=\"w-section\">\r\n<div class=\"row\"><div class=\"col col-4\">\r\n    <div class=\"col-inner\"><div class=\"w-space\" style=\"height:60px\"><\/div><div class=\"w-text-block\">\n    <h3>Actas de la junta de presidentes<\/h3>\n<\/div><div class=\"w-tour clear\">\r\n    <ul class=\"w-tabs-nav\">\r\n                <li><h4><a href=\"#1577641955-1-78\">12\/12\/2019<\/a><\/h4><\/li>\r\n                <li><h4><a href=\"#1577642027461-2-10\">21\/01\/2020<\/a><\/h4><\/li>\r\n                <li><h4><a href=\"#1577641955-2-36\">04\/02\/2020<\/a><\/h4><\/li>\r\n                <li><h4><a href=\"#1586193638136-3-5\">11\/03\/2020<\/a><\/h4><\/li>\r\n            <\/ul>\r\n    <div class=\"w-tab-wrapper\">\r\n        <div id=\"1577641955-1-78\" class=\"w-tab\">\n    <div class=\"w-tab-content\">\n    <span class=\"w-icon-block w-medium w-none\" style=\"color:#b7a074\">\r\n            <a href=\"https:\/\/olivamorosicristians.es\/wp-content\/uploads\/2020\/04\/20191212-ACTA_Presidents.pdf\" target=\"_blank\">\r\n                    <i class=\"fa fa-file-pdf-o\"><\/i>\r\n                <\/a>\r\n    <\/span> \n    <\/div>\n<\/div><div id=\"1577642027461-2-10\" class=\"w-tab\">\n    <div class=\"w-tab-content\">\n    <span class=\"w-icon-block w-medium w-none\" style=\"color:#b7a074\">\r\n            <a href=\"https:\/\/olivamorosicristians.es\/wp-content\/uploads\/2020\/04\/20200121-ACTA_Presidents.pdf\" target=\"_blank\">\r\n                    <i class=\"fa fa-file-pdf-o\"><\/i>\r\n                <\/a>\r\n    <\/span> \n    <\/div>\n<\/div><div id=\"1577641955-2-36\" class=\"w-tab\">\n    <div class=\"w-tab-content\">\n    <span class=\"w-icon-block w-medium w-none\" style=\"color:#b7a074\">\r\n            <a href=\"https:\/\/olivamorosicristians.es\/wp-content\/uploads\/2020\/04\/20200204-ACTA_Presidents.pdf\" target=\"_blank\">\r\n                    <i class=\"fa fa-file-pdf-o\"><\/i>\r\n                <\/a>\r\n    <\/span> \n    <\/div>\n<\/div><div id=\"1586193638136-3-5\" class=\"w-tab\">\n    <div class=\"w-tab-content\">\n    <span class=\"w-icon-block w-medium w-none\" style=\"color:#b7a074\">\r\n            <a href=\"https:\/\/olivamorosicristians.es\/wp-content\/uploads\/2020\/04\/20200311-ACTA_Presidents.pdf\" target=\"_blank\">\r\n                    <i class=\"fa fa-file-pdf-o\"><\/i>\r\n                <\/a>\r\n    <\/span> \n    <\/div>\n<\/div> \r\n    <\/div>\r\n<\/div><\/div><\/div><div class=\"col col-4\">\r\n    <div class=\"col-inner\"><div class=\"w-space\" style=\"height:60px\"><\/div><\/div><\/div><div class=\"col col-4\">\r\n    <div class=\"col-inner\"><\/div><\/div><\/div><\/section><section class=\"w-section\">\r\n<div class=\"row\"><div class=\"col col-12\">\r\n    <div class=\"col-inner\"><div class=\"w-space\" style=\"height:30px\"><\/div><div class=\"w-separator no-text text-center\" style=\"color:#b7a074;width:50%\">\r\n    <span class=\"w-border-left\" style=\"border-top-width:1px;border-color:#b7a074\"><\/span>\r\n    <span class=\"w-text\">\r\n                            <\/span>\r\n    <span class=\"w-border-right\" style=\"border-top-width:1px;border-color:#b7a074\"><\/span>\r\n<\/div><\/div><\/div><\/div><\/section><section class=\"w-section\">\r\n<div class=\"row\"><div class=\"col col-4\">\r\n    <div class=\"col-inner\"><div class=\"w-space\" style=\"height:60px\"><\/div><div class=\"w-text-block\">\n    <h3>Actas de las asambleas<\/h3>\n<\/div><div class=\"w-tour clear\">\r\n    <ul class=\"w-tabs-nav\">\r\n                <li><h4><a href=\"#1577642045054-0-2\">19\/01\/2020<\/a><\/h4><\/li>\r\n                <li><h4><a href=\"#1705430299340-1-5\">27\/06\/2021<\/a><\/h4><\/li>\r\n                <li><h4><a href=\"#1705430978218-3-4\">31\/10\/2021<\/a><\/h4><\/li>\r\n                <li><h4><a href=\"#1705431714131-4-2\">26\/06\/2022<\/a><\/h4><\/li>\r\n                <li><h4><a href=\"#1705431954119-4-9\">23\/10\/2022<\/a><\/h4><\/li>\r\n                <li><h4><a href=\"#1705432071136-5-5\">29\/01\/2023<\/a><\/h4><\/li>\r\n                <li><h4><a href=\"#1705432216106-6-10\">11\/06\/2023<\/a><\/h4><\/li>\r\n                <li><h4><a href=\"#1705432351535-7-0\">29\/10\/2023<\/a><\/h4><\/li>\r\n            <\/ul>\r\n    <div class=\"w-tab-wrapper\">\r\n        <div id=\"1577642045054-0-2\" class=\"w-tab\">\n    <div class=\"w-tab-content\">\n    <span class=\"w-icon-block w-medium w-none\" style=\"color:#b7a074\">\r\n            <a href=\"https:\/\/olivamorosicristians.es\/wp-content\/uploads\/2020\/04\/20200119-ACTA_Assemblea-General.pdf\" target=\"_blank\">\r\n                    <i class=\"fa fa-file-pdf-o\"><\/i>\r\n                <\/a>\r\n    <\/span> \n    <\/div>\n<\/div><div id=\"1705430299340-1-5\" class=\"w-tab\">\n    <div class=\"w-tab-content\">\n    <span class=\"w-icon-block w-medium w-none vc_custom_1705433456134\" style=\"color:#b7a074\">\r\n            <a href=\"https:\/\/olivamorosicristians.es\/wp-content\/uploads\/2024\/01\/20210627-ACTA_Assemblea-General.pdf\" target=\"_blank\">\r\n                    <i class=\"fa fa-file-pdf-o\"><\/i>\r\n                <\/a>\r\n    <\/span> \n    <\/div>\n<\/div><div id=\"1705430978218-3-4\" class=\"w-tab\">\n    <div class=\"w-tab-content\">\n    <span class=\"w-icon-block w-medium w-none\" style=\"color:#b7a074\">\r\n            <a href=\"https:\/\/olivamorosicristians.es\/wp-content\/uploads\/2024\/01\/20211031-ACTA_Assemblea-General.pdf\" target=\"_blank\">\r\n                    <i class=\"fa fa-file-pdf-o\"><\/i>\r\n                <\/a>\r\n    <\/span> \n    <\/div>\n<\/div><div id=\"1705431714131-4-2\" class=\"w-tab\">\n    <div class=\"w-tab-content\">\n    <span class=\"w-icon-block w-medium w-none\" style=\"color:#b7a074\">\r\n            <a href=\"https:\/\/olivamorosicristians.es\/wp-content\/uploads\/2024\/01\/20220626-ACTA_Assemblea-General.pdf\" target=\"_blank\">\r\n                    <i class=\"fa fa-file-pdf-o\"><\/i>\r\n                <\/a>\r\n    <\/span> \n    <\/div>\n<\/div><div id=\"1705431954119-4-9\" class=\"w-tab\">\n    <div class=\"w-tab-content\">\n    <span class=\"w-icon-block w-medium w-none\" style=\"color:#b7a074\">\r\n            <a href=\"https:\/\/olivamorosicristians.es\/wp-content\/uploads\/2024\/01\/20221023-ACTA_Assemblea-General.pdf\" target=\"_blank\">\r\n                    <i class=\"fa fa-file-pdf-o\"><\/i>\r\n                <\/a>\r\n    <\/span> \n    <\/div>\n<\/div><div id=\"1705432071136-5-5\" class=\"w-tab\">\n    <div class=\"w-tab-content\">\n    <span class=\"w-icon-block w-medium w-none\" style=\"color:#b7a074\">\r\n            <a href=\"https:\/\/olivamorosicristians.es\/wp-content\/uploads\/2024\/01\/20230129-ACTA_Assemblea-General.pdf\" target=\"_blank\">\r\n                    <i class=\"fa fa-file-pdf-o\"><\/i>\r\n                <\/a>\r\n    <\/span> \n    <\/div>\n<\/div><div id=\"1705432216106-6-10\" class=\"w-tab\">\n    <div class=\"w-tab-content\">\n    <span class=\"w-icon-block w-medium w-none\" style=\"color:#b7a074\">\r\n            <a href=\"https:\/\/olivamorosicristians.es\/wp-content\/uploads\/2024\/01\/20230611-ACTA_Assemblea-General.pdf\" target=\"_blank\">\r\n                    <i class=\"fa fa-file-pdf-o\"><\/i>\r\n                <\/a>\r\n    <\/span> \n    <\/div>\n<\/div><div id=\"1705432351535-7-0\" class=\"w-tab\">\n    <div class=\"w-tab-content\">\n    <span class=\"w-icon-block w-medium w-none\" style=\"color:#b7a074\">\r\n            <a href=\"https:\/\/olivamorosicristians.es\/wp-content\/uploads\/2024\/01\/20231029_Assemblea-General.pdf\" target=\"_blank\">\r\n                    <i class=\"fa fa-file-pdf-o\"><\/i>\r\n                <\/a>\r\n    <\/span> \n    <\/div>\n<\/div> \r\n    <\/div>\r\n<\/div><\/div><\/div><div class=\"col col-4\">\r\n    <div class=\"col-inner\"><\/div><\/div><div class=\"col col-4\">\r\n    <div class=\"col-inner\"><\/div><\/div><\/div><\/section><section class=\"w-section\">\r\n<div class=\"row\"><div class=\"col col-12\">\r\n    <div class=\"col-inner\"><div class=\"w-space\" style=\"height:30px\"><\/div><div class=\"w-custom-heading\">\n    <h1 style=\"font-size: 14px;color: #b7a074;text-align: center;font-family:Montserrat;font-weight:400;font-style:normal\">    Seleccione una fecha y haga clic en el icono    <\/h1><\/div><div class=\"w-separator no-text text-center\" style=\"color:#b7a074;width:20%\">\r\n    <span class=\"w-border-left\" style=\"border-top-width:1px;border-color:#b7a074\"><\/span>\r\n    <span class=\"w-text\">\r\n                            <\/span>\r\n    <span class=\"w-border-right\" style=\"border-top-width:1px;border-color:#b7a074\"><\/span>\r\n<\/div><\/div><\/div><\/div><\/section>","protected":false},"excerpt":{"rendered":"Documentaci\u00f3 Estatuts Reglament Lletra de Oliva 1990 himne fester Ac\u00ed teniu els Estatuts de la Federaci\u00f3 (PDF), els podeu descarregar ESTATUTS-DEFINITIUS Ac\u00ed teniu el Reglament de R\u00e8gim Intern de la Federeci\u00f3 (PDF), el podeu descarregar. Reglament Regim Intern FMCO 2025 Himne Oliva 1990 Ac\u00ed teniu l'Himne Oliva 1990\u00a0 (PDF), el podeu descarregar. Himne Actes presidents\/es [...]","protected":false},"author":1,"featured_media":0,"parent":0,"menu_order":0,"comment_status":"closed","ping_status":"closed","template":"","meta":{"jetpack_post_was_ever_published":false,"footnotes":""},"class_list":["post-8763","page","type-page","status-publish","hentry"],"yoast_head":"<!-- This site is optimized with the Yoast SEO plugin v27.4 - https:\/\/yoast.com\/product\/yoast-seo-wordpress\/ -->\n<title>Documentaci\u00f3 - Moros i Cristians Oliva<\/title>\n<meta name=\"robots\" content=\"index, follow, max-snippet:-1, max-image-preview:large, max-video-preview:-1\" \/>\n<link rel=\"canonical\" href=\"https:\/\/olivamorosicristians.es\/es\/documentacio\/\" \/>\n<meta property=\"og:locale\" content=\"es_ES\" \/>\n<meta property=\"og:type\" content=\"article\" \/>\n<meta property=\"og:title\" content=\"Documentaci\u00f3 - Moros i Cristians Oliva\" \/>\n<meta property=\"og:url\" content=\"https:\/\/olivamorosicristians.es\/es\/documentacio\/\" \/>\n<meta property=\"og:site_name\" content=\"Moros i Cristians Oliva\" \/>\n<meta property=\"article:publisher\" content=\"https:\/\/www.facebook.com\/federaciodemorosicristiansdoliva\/\" \/>\n<meta property=\"article:modified_time\" content=\"2025-11-15T09:54:48+00:00\" \/>\n<meta name=\"twitter:card\" content=\"summary_large_image\" \/>\n<meta name=\"twitter:label1\" content=\"Tiempo de lectura\" \/>\n\t<meta name=\"twitter:data1\" content=\"2 minutos\" \/>\n<script type=\"application\/ld+json\" class=\"yoast-schema-graph\">{\"@context\":\"https:\\\/\\\/schema.org\",\"@graph\":[{\"@type\":\"WebPage\",\"@id\":\"https:\\\/\\\/olivamorosicristians.es\\\/documentacio\\\/\",\"url\":\"https:\\\/\\\/olivamorosicristians.es\\\/documentacio\\\/\",\"name\":\"Documentaci\u00f3 - Moros i Cristians Oliva\",\"isPartOf\":{\"@id\":\"https:\\\/\\\/olivamorosicristians.es\\\/#website\"},\"datePublished\":\"2018-07-07T12:01:49+00:00\",\"dateModified\":\"2025-11-15T09:54:48+00:00\",\"breadcrumb\":{\"@id\":\"https:\\\/\\\/olivamorosicristians.es\\\/documentacio\\\/#breadcrumb\"},\"inLanguage\":\"es\",\"potentialAction\":[{\"@type\":\"ReadAction\",\"target\":[\"https:\\\/\\\/olivamorosicristians.es\\\/documentacio\\\/\"]}]},{\"@type\":\"BreadcrumbList\",\"@id\":\"https:\\\/\\\/olivamorosicristians.es\\\/documentacio\\\/#breadcrumb\",\"itemListElement\":[{\"@type\":\"ListItem\",\"position\":1,\"name\":\"Portada\",\"item\":\"https:\\\/\\\/olivamorosicristians.es\\\/\"},{\"@type\":\"ListItem\",\"position\":2,\"name\":\"Documentaci\u00f3\"}]},{\"@type\":\"WebSite\",\"@id\":\"https:\\\/\\\/olivamorosicristians.es\\\/#website\",\"url\":\"https:\\\/\\\/olivamorosicristians.es\\\/\",\"name\":\"Moros i Cristians Oliva\",\"description\":\"FMCO\",\"publisher\":{\"@id\":\"https:\\\/\\\/olivamorosicristians.es\\\/#organization\"},\"potentialAction\":[{\"@type\":\"SearchAction\",\"target\":{\"@type\":\"EntryPoint\",\"urlTemplate\":\"https:\\\/\\\/olivamorosicristians.es\\\/?s={search_term_string}\"},\"query-input\":{\"@type\":\"PropertyValueSpecification\",\"valueRequired\":true,\"valueName\":\"search_term_string\"}}],\"inLanguage\":\"es\"},{\"@type\":\"Organization\",\"@id\":\"https:\\\/\\\/olivamorosicristians.es\\\/#organization\",\"name\":\"Federaci\u00f3 de Moros i Cristians - Oliva\",\"url\":\"https:\\\/\\\/olivamorosicristians.es\\\/\",\"logo\":{\"@type\":\"ImageObject\",\"inLanguage\":\"es\",\"@id\":\"https:\\\/\\\/olivamorosicristians.es\\\/#\\\/schema\\\/logo\\\/image\\\/\",\"url\":\"https:\\\/\\\/i2.wp.com\\\/olivamorosicristians.es\\\/wp-content\\\/uploads\\\/2018\\\/06\\\/Icon_FMiCO.png?fit=50%2C50&ssl=1\",\"contentUrl\":\"https:\\\/\\\/i2.wp.com\\\/olivamorosicristians.es\\\/wp-content\\\/uploads\\\/2018\\\/06\\\/Icon_FMiCO.png?fit=50%2C50&ssl=1\",\"width\":50,\"height\":50,\"caption\":\"Federaci\u00f3 de Moros i Cristians - Oliva\"},\"image\":{\"@id\":\"https:\\\/\\\/olivamorosicristians.es\\\/#\\\/schema\\\/logo\\\/image\\\/\"},\"sameAs\":[\"https:\\\/\\\/www.facebook.com\\\/federaciodemorosicristiansdoliva\\\/\",\"https:\\\/\\\/www.instagram.com\\\/morosicristiansoliva\\\/?hl=es\"]}]}<\/script>\n<!-- \/ Yoast SEO plugin. -->","yoast_head_json":{"title":"Documentaci\u00f3 - Moros i Cristians Oliva","robots":{"index":"index","follow":"follow","max-snippet":"max-snippet:-1","max-image-preview":"max-image-preview:large","max-video-preview":"max-video-preview:-1"},"canonical":"https:\/\/olivamorosicristians.es\/es\/documentacio\/","og_locale":"es_ES","og_type":"article","og_title":"Documentaci\u00f3 - Moros i Cristians Oliva","og_url":"https:\/\/olivamorosicristians.es\/es\/documentacio\/","og_site_name":"Moros i Cristians Oliva","article_publisher":"https:\/\/www.facebook.com\/federaciodemorosicristiansdoliva\/","article_modified_time":"2025-11-15T09:54:48+00:00","twitter_card":"summary_large_image","twitter_misc":{"Tiempo de lectura":"2 minutos"},"schema":{"@context":"https:\/\/schema.org","@graph":[{"@type":"WebPage","@id":"https:\/\/olivamorosicristians.es\/documentacio\/","url":"https:\/\/olivamorosicristians.es\/documentacio\/","name":"Documentaci\u00f3 - Moros i Cristians Oliva","isPartOf":{"@id":"https:\/\/olivamorosicristians.es\/#website"},"datePublished":"2018-07-07T12:01:49+00:00","dateModified":"2025-11-15T09:54:48+00:00","breadcrumb":{"@id":"https:\/\/olivamorosicristians.es\/documentacio\/#breadcrumb"},"inLanguage":"es","potentialAction":[{"@type":"ReadAction","target":["https:\/\/olivamorosicristians.es\/documentacio\/"]}]},{"@type":"BreadcrumbList","@id":"https:\/\/olivamorosicristians.es\/documentacio\/#breadcrumb","itemListElement":[{"@type":"ListItem","position":1,"name":"Portada","item":"https:\/\/olivamorosicristians.es\/"},{"@type":"ListItem","position":2,"name":"Documentaci\u00f3"}]},{"@type":"WebSite","@id":"https:\/\/olivamorosicristians.es\/#website","url":"https:\/\/olivamorosicristians.es\/","name":"Moros i Cristians Oliva","description":"FMCO","publisher":{"@id":"https:\/\/olivamorosicristians.es\/#organization"},"potentialAction":[{"@type":"SearchAction","target":{"@type":"EntryPoint","urlTemplate":"https:\/\/olivamorosicristians.es\/?s={search_term_string}"},"query-input":{"@type":"PropertyValueSpecification","valueRequired":true,"valueName":"search_term_string"}}],"inLanguage":"es"},{"@type":"Organization","@id":"https:\/\/olivamorosicristians.es\/#organization","name":"La Federaci\u00f3n de Moros y Cristianos de Oliva","url":"https:\/\/olivamorosicristians.es\/","logo":{"@type":"ImageObject","inLanguage":"es","@id":"https:\/\/olivamorosicristians.es\/#\/schema\/logo\/image\/","url":"https:\/\/i2.wp.com\/olivamorosicristians.es\/wp-content\/uploads\/2018\/06\/Icon_FMiCO.png?fit=50%2C50&ssl=1","contentUrl":"https:\/\/i2.wp.com\/olivamorosicristians.es\/wp-content\/uploads\/2018\/06\/Icon_FMiCO.png?fit=50%2C50&ssl=1","width":50,"height":50,"caption":"Federaci\u00f3 de Moros i Cristians - Oliva"},"image":{"@id":"https:\/\/olivamorosicristians.es\/#\/schema\/logo\/image\/"},"sameAs":["https:\/\/www.facebook.com\/federaciodemorosicristiansdoliva\/","https:\/\/www.instagram.com\/morosicristiansoliva\/?hl=es"]}]}},"jetpack_sharing_enabled":true,"jetpack_shortlink":"https:\/\/wp.me\/PagEx6-2hl","jetpack-related-posts":[],"_links":{"self":[{"href":"https:\/\/olivamorosicristians.es\/es\/wp-json\/wp\/v2\/pages\/8763","targetHints":{"allow":["GET"]}}],"collection":[{"href":"https:\/\/olivamorosicristians.es\/es\/wp-json\/wp\/v2\/pages"}],"about":[{"href":"https:\/\/olivamorosicristians.es\/es\/wp-json\/wp\/v2\/types\/page"}],"author":[{"embeddable":true,"href":"https:\/\/olivamorosicristians.es\/es\/wp-json\/wp\/v2\/users\/1"}],"replies":[{"embeddable":true,"href":"https:\/\/olivamorosicristians.es\/es\/wp-json\/wp\/v2\/comments?post=8763"}],"version-history":[{"count":89,"href":"https:\/\/olivamorosicristians.es\/es\/wp-json\/wp\/v2\/pages\/8763\/revisions"}],"predecessor-version":[{"id":11816,"href":"https:\/\/olivamorosicristians.es\/es\/wp-json\/wp\/v2\/pages\/8763\/revisions\/11816"}],"wp:attachment":[{"href":"https:\/\/olivamorosicristians.es\/es\/wp-json\/wp\/v2\/media?parent=8763"}],"curies":[{"name":"wp","href":"https:\/\/api.w.org\/{rel}","templated":true}]}}