{"id":819,"date":"2016-01-03T05:56:19","date_gmt":"2016-01-03T05:56:19","guid":{"rendered":"http:\/\/192.168.0.16\/overlap\/?page_id=819"},"modified":"2024-04-19T20:30:12","modified_gmt":"2024-04-19T18:30:12","slug":"carrecs-festers","status":"publish","type":"page","link":"https:\/\/olivamorosicristians.es\/es\/carrecs-festers\/","title":{"rendered":"Cargos festeros"},"content":{"rendered":"<section class=\"w-section\">\r\n<div class=\"row\"><div class=\"col col-12\">\r\n    <div class=\"col-inner\"><div class=\"w-heading heading-7 text-center\">\r\n             \r\n    <h3 class=\"heading-title\">Filada Almor\u00e0vits<\/h3>            <\/div><div class=\"w-image-gallery w-slider\">\r\n    <div class=\"owl-carousel\" data-items=\"8\" data-navigation=\"true\" data-pagination=\"true\" data-loop=\"false\" data-auto-play=\"false\">\r\n                    <div class=\"\">\r\n                                <a href=\"https:\/\/i0.wp.com\/olivamorosicristians.es\/wp-content\/uploads\/2020\/04\/Capita2019_640px.jpg?fit=640%2C640&#038;ssl=1\" data-rel=\"lightcase:gallery-73\">\r\n        <img loading=\"lazy\" decoding=\"async\" width=\"340\" height=\"340\" src=\"https:\/\/i0.wp.com\/olivamorosicristians.es\/wp-content\/uploads\/2020\/04\/Capita2019_640px.jpg?resize=340%2C340&amp;ssl=1\" class=\"cover-image\" alt=\"Miquel Lleches Colomar - Capit\u00e0 Moro 2019\" srcset=\"https:\/\/i0.wp.com\/olivamorosicristians.es\/wp-content\/uploads\/2020\/04\/Capita2019_640px.jpg?w=640&amp;ssl=1 640w, https:\/\/i0.wp.com\/olivamorosicristians.es\/wp-content\/uploads\/2020\/04\/Capita2019_640px.jpg?resize=300%2C300&amp;ssl=1 300w, https:\/\/i0.wp.com\/olivamorosicristians.es\/wp-content\/uploads\/2020\/04\/Capita2019_640px.jpg?resize=150%2C150&amp;ssl=1 150w, https:\/\/i0.wp.com\/olivamorosicristians.es\/wp-content\/uploads\/2020\/04\/Capita2019_640px.jpg?resize=340%2C340&amp;ssl=1 340w\" sizes=\"auto, (max-width: 340px) 100vw, 340px\" data-attachment-id=\"9678\" data-permalink=\"https:\/\/olivamorosicristians.es\/es\/carrecs-festers\/capita2019_640px\/\" data-orig-file=\"https:\/\/i0.wp.com\/olivamorosicristians.es\/wp-content\/uploads\/2020\/04\/Capita2019_640px.jpg?fit=640%2C640&amp;ssl=1\" data-orig-size=\"640,640\" data-comments-opened=\"0\" data-image-meta=\"{&quot;aperture&quot;:&quot;4&quot;,&quot;credit&quot;:&quot;&quot;,&quot;camera&quot;:&quot;Canon EOS 7D Mark II&quot;,&quot;caption&quot;:&quot;&quot;,&quot;created_timestamp&quot;:&quot;1563663114&quot;,&quot;copyright&quot;:&quot;&quot;,&quot;focal_length&quot;:&quot;116&quot;,&quot;iso&quot;:&quot;1600&quot;,&quot;shutter_speed&quot;:&quot;0.004&quot;,&quot;title&quot;:&quot;&quot;,&quot;orientation&quot;:&quot;1&quot;}\" data-image-title=\"Capita2019_640px\" data-image-description=\"\" data-image-caption=\"\" data-large-file=\"https:\/\/i0.wp.com\/olivamorosicristians.es\/wp-content\/uploads\/2020\/04\/Capita2019_640px.jpg?fit=640%2C640&amp;ssl=1\" \/>        <\/a>\r\n                <\/div>\r\n                    <div class=\"\">\r\n                                <a href=\"https:\/\/i0.wp.com\/olivamorosicristians.es\/wp-content\/uploads\/2020\/04\/Amaixador2019640px.jpg?fit=640%2C640&#038;ssl=1\" data-rel=\"lightcase:gallery-73\">\r\n        <img loading=\"lazy\" decoding=\"async\" width=\"340\" height=\"340\" src=\"https:\/\/i0.wp.com\/olivamorosicristians.es\/wp-content\/uploads\/2020\/04\/Amaixador2019640px.jpg?resize=340%2C340&amp;ssl=1\" class=\"cover-image\" alt=\"Paco Cardona Germ\u00e1n &quot;el ma\u00f1ano&quot; - Ambaixador Moro 2019\" srcset=\"https:\/\/i0.wp.com\/olivamorosicristians.es\/wp-content\/uploads\/2020\/04\/Amaixador2019640px.jpg?w=640&amp;ssl=1 640w, https:\/\/i0.wp.com\/olivamorosicristians.es\/wp-content\/uploads\/2020\/04\/Amaixador2019640px.jpg?resize=300%2C300&amp;ssl=1 300w, https:\/\/i0.wp.com\/olivamorosicristians.es\/wp-content\/uploads\/2020\/04\/Amaixador2019640px.jpg?resize=150%2C150&amp;ssl=1 150w, https:\/\/i0.wp.com\/olivamorosicristians.es\/wp-content\/uploads\/2020\/04\/Amaixador2019640px.jpg?resize=340%2C340&amp;ssl=1 340w\" sizes=\"auto, (max-width: 340px) 100vw, 340px\" data-attachment-id=\"9679\" data-permalink=\"https:\/\/olivamorosicristians.es\/es\/carrecs-festers\/amaixador2019640px\/\" data-orig-file=\"https:\/\/i0.wp.com\/olivamorosicristians.es\/wp-content\/uploads\/2020\/04\/Amaixador2019640px.jpg?fit=640%2C640&amp;ssl=1\" data-orig-size=\"640,640\" data-comments-opened=\"0\" data-image-meta=\"{&quot;aperture&quot;:&quot;4&quot;,&quot;credit&quot;:&quot;&quot;,&quot;camera&quot;:&quot;Canon EOS 7D Mark II&quot;,&quot;caption&quot;:&quot;&quot;,&quot;created_timestamp&quot;:&quot;1563661001&quot;,&quot;copyright&quot;:&quot;&quot;,&quot;focal_length&quot;:&quot;200&quot;,&quot;iso&quot;:&quot;1600&quot;,&quot;shutter_speed&quot;:&quot;0.004&quot;,&quot;title&quot;:&quot;&quot;,&quot;orientation&quot;:&quot;1&quot;}\" data-image-title=\"Amaixador2019640px\" data-image-description=\"\" data-image-caption=\"\" data-large-file=\"https:\/\/i0.wp.com\/olivamorosicristians.es\/wp-content\/uploads\/2020\/04\/Amaixador2019640px.jpg?fit=640%2C640&amp;ssl=1\" \/>        <\/a>\r\n                <\/div>\r\n                    <div class=\"\">\r\n                                <a href=\"https:\/\/i0.wp.com\/olivamorosicristians.es\/wp-content\/uploads\/2018\/06\/CapitA-Moro-2013-Joan-Forrat-Llorca-copia.jpg?fit=640%2C640&#038;ssl=1\" data-rel=\"lightcase:gallery-73\">\r\n        <img loading=\"lazy\" decoding=\"async\" width=\"340\" height=\"340\" src=\"https:\/\/i0.wp.com\/olivamorosicristians.es\/wp-content\/uploads\/2018\/06\/CapitA-Moro-2013-Joan-Forrat-Llorca-copia.jpg?resize=340%2C340&amp;ssl=1\" class=\"cover-image\" alt=\"Joan Forrat Llorca - Capit\u00e0 Moro 2013\" srcset=\"https:\/\/i0.wp.com\/olivamorosicristians.es\/wp-content\/uploads\/2018\/06\/CapitA-Moro-2013-Joan-Forrat-Llorca-copia.jpg?w=640&amp;ssl=1 640w, https:\/\/i0.wp.com\/olivamorosicristians.es\/wp-content\/uploads\/2018\/06\/CapitA-Moro-2013-Joan-Forrat-Llorca-copia.jpg?resize=150%2C150&amp;ssl=1 150w, https:\/\/i0.wp.com\/olivamorosicristians.es\/wp-content\/uploads\/2018\/06\/CapitA-Moro-2013-Joan-Forrat-Llorca-copia.jpg?resize=300%2C300&amp;ssl=1 300w, https:\/\/i0.wp.com\/olivamorosicristians.es\/wp-content\/uploads\/2018\/06\/CapitA-Moro-2013-Joan-Forrat-Llorca-copia.jpg?resize=340%2C340&amp;ssl=1 340w\" sizes=\"auto, (max-width: 340px) 100vw, 340px\" data-attachment-id=\"7498\" data-permalink=\"https:\/\/olivamorosicristians.es\/es\/carrecs-festers\/capita-moro-2013-joan-forrat-llorca-copia-2\/\" data-orig-file=\"https:\/\/i0.wp.com\/olivamorosicristians.es\/wp-content\/uploads\/2018\/06\/CapitA-Moro-2013-Joan-Forrat-Llorca-copia.jpg?fit=640%2C640&amp;ssl=1\" data-orig-size=\"640,640\" data-comments-opened=\"0\" data-image-meta=\"{&quot;aperture&quot;:&quot;0&quot;,&quot;credit&quot;:&quot;&quot;,&quot;camera&quot;:&quot;&quot;,&quot;caption&quot;:&quot;&quot;,&quot;created_timestamp&quot;:&quot;0&quot;,&quot;copyright&quot;:&quot;&quot;,&quot;focal_length&quot;:&quot;0&quot;,&quot;iso&quot;:&quot;0&quot;,&quot;shutter_speed&quot;:&quot;0&quot;,&quot;title&quot;:&quot;&quot;,&quot;orientation&quot;:&quot;1&quot;}\" data-image-title=\"CapitA Moro 2013 Joan Forrat Llorca copia\" data-image-description=\"\" data-image-caption=\"\" data-large-file=\"https:\/\/i0.wp.com\/olivamorosicristians.es\/wp-content\/uploads\/2018\/06\/CapitA-Moro-2013-Joan-Forrat-Llorca-copia.jpg?fit=640%2C640&amp;ssl=1\" \/>        <\/a>\r\n                <\/div>\r\n                    <div class=\"\">\r\n                                <a href=\"https:\/\/i0.wp.com\/olivamorosicristians.es\/wp-content\/uploads\/2018\/06\/Ambaixador-2013-Joan-Forrat-Ponzoda-copia.jpg?fit=640%2C640&#038;ssl=1\" data-rel=\"lightcase:gallery-73\">\r\n        <img loading=\"lazy\" decoding=\"async\" width=\"340\" height=\"340\" src=\"https:\/\/i0.wp.com\/olivamorosicristians.es\/wp-content\/uploads\/2018\/06\/Ambaixador-2013-Joan-Forrat-Ponzoda-copia.jpg?resize=340%2C340&amp;ssl=1\" class=\"cover-image\" alt=\"Joan Forrat Ponzoda - Ambaixador Moro 2013\" srcset=\"https:\/\/i0.wp.com\/olivamorosicristians.es\/wp-content\/uploads\/2018\/06\/Ambaixador-2013-Joan-Forrat-Ponzoda-copia.jpg?w=640&amp;ssl=1 640w, https:\/\/i0.wp.com\/olivamorosicristians.es\/wp-content\/uploads\/2018\/06\/Ambaixador-2013-Joan-Forrat-Ponzoda-copia.jpg?resize=150%2C150&amp;ssl=1 150w, https:\/\/i0.wp.com\/olivamorosicristians.es\/wp-content\/uploads\/2018\/06\/Ambaixador-2013-Joan-Forrat-Ponzoda-copia.jpg?resize=300%2C300&amp;ssl=1 300w, https:\/\/i0.wp.com\/olivamorosicristians.es\/wp-content\/uploads\/2018\/06\/Ambaixador-2013-Joan-Forrat-Ponzoda-copia.jpg?resize=340%2C340&amp;ssl=1 340w\" sizes=\"auto, (max-width: 340px) 100vw, 340px\" data-attachment-id=\"7499\" data-permalink=\"https:\/\/olivamorosicristians.es\/es\/carrecs-festers\/ambaixador-2013-joan-forrat-ponzoda-copia-2\/\" data-orig-file=\"https:\/\/i0.wp.com\/olivamorosicristians.es\/wp-content\/uploads\/2018\/06\/Ambaixador-2013-Joan-Forrat-Ponzoda-copia.jpg?fit=640%2C640&amp;ssl=1\" data-orig-size=\"640,640\" data-comments-opened=\"0\" data-image-meta=\"{&quot;aperture&quot;:&quot;0&quot;,&quot;credit&quot;:&quot;&quot;,&quot;camera&quot;:&quot;&quot;,&quot;caption&quot;:&quot;&quot;,&quot;created_timestamp&quot;:&quot;0&quot;,&quot;copyright&quot;:&quot;&quot;,&quot;focal_length&quot;:&quot;0&quot;,&quot;iso&quot;:&quot;0&quot;,&quot;shutter_speed&quot;:&quot;0&quot;,&quot;title&quot;:&quot;&quot;,&quot;orientation&quot;:&quot;1&quot;}\" data-image-title=\"Ambaixador 2013 Joan Forrat Ponzoda copia\" data-image-description=\"\" data-image-caption=\"\" data-large-file=\"https:\/\/i0.wp.com\/olivamorosicristians.es\/wp-content\/uploads\/2018\/06\/Ambaixador-2013-Joan-Forrat-Ponzoda-copia.jpg?fit=640%2C640&amp;ssl=1\" \/>        <\/a>\r\n                <\/div>\r\n                    <div class=\"\">\r\n                                <a href=\"https:\/\/i0.wp.com\/olivamorosicristians.es\/wp-content\/uploads\/2018\/06\/CapitA-Moro-2007-Javier-Rodr%C2%B0guez-PC%CC%A7rez.jpg?fit=640%2C640&#038;ssl=1\" data-rel=\"lightcase:gallery-73\">\r\n        <img loading=\"lazy\" decoding=\"async\" width=\"340\" height=\"340\" src=\"https:\/\/i0.wp.com\/olivamorosicristians.es\/wp-content\/uploads\/2018\/06\/CapitA-Moro-2007-Javier-Rodr%C2%B0guez-PC%CC%A7rez.jpg?resize=340%2C340&amp;ssl=1\" class=\"cover-image\" alt=\"Javier Rodr\u00edguez P\u00e9rez - Capit\u00e0 Moro 2007\" data-attachment-id=\"7500\" data-permalink=\"https:\/\/olivamorosicristians.es\/es\/carrecs-festers\/capita-moro-2007-javier-rodrguez-pc%cc%a7rez-2\/\" data-orig-file=\"https:\/\/i0.wp.com\/olivamorosicristians.es\/wp-content\/uploads\/2018\/06\/CapitA-Moro-2007-Javier-Rodr%C2%B0guez-PC%CC%A7rez.jpg?fit=640%2C640&amp;ssl=1\" data-orig-size=\"640,640\" data-comments-opened=\"0\" data-image-meta=\"{&quot;aperture&quot;:&quot;1.8&quot;,&quot;credit&quot;:&quot;&quot;,&quot;camera&quot;:&quot;iPhone 7&quot;,&quot;caption&quot;:&quot;&quot;,&quot;created_timestamp&quot;:&quot;1519424435&quot;,&quot;copyright&quot;:&quot;&quot;,&quot;focal_length&quot;:&quot;3.99&quot;,&quot;iso&quot;:&quot;125&quot;,&quot;shutter_speed&quot;:&quot;0.25&quot;,&quot;title&quot;:&quot;&quot;,&quot;orientation&quot;:&quot;1&quot;}\" data-image-title=\"CapitA Moro 2007 Javier Rodr\u00b0guez PC\u0327rez\" data-image-description=\"\" data-image-caption=\"\" data-large-file=\"https:\/\/i0.wp.com\/olivamorosicristians.es\/wp-content\/uploads\/2018\/06\/CapitA-Moro-2007-Javier-Rodr%C2%B0guez-PC%CC%A7rez.jpg?fit=640%2C640&amp;ssl=1\" \/>        <\/a>\r\n                <\/div>\r\n                    <div class=\"\">\r\n                                <a href=\"https:\/\/i0.wp.com\/olivamorosicristians.es\/wp-content\/uploads\/2018\/06\/Ambaixador-Moro-2007-Javier-Ancio-JimC%CC%A7nez.jpg?fit=640%2C640&#038;ssl=1\" data-rel=\"lightcase:gallery-73\">\r\n        <img loading=\"lazy\" decoding=\"async\" width=\"340\" height=\"340\" src=\"https:\/\/i0.wp.com\/olivamorosicristians.es\/wp-content\/uploads\/2018\/06\/Ambaixador-Moro-2007-Javier-Ancio-JimC%CC%A7nez.jpg?resize=340%2C340&amp;ssl=1\" class=\"cover-image\" alt=\"Javier Ancio Jim\u00e9nez - Ambaixador Moro 2007\" data-attachment-id=\"7501\" data-permalink=\"https:\/\/olivamorosicristians.es\/es\/carrecs-festers\/ambaixador-moro-2007-javier-ancio-jimc%cc%a7nez-2\/\" data-orig-file=\"https:\/\/i0.wp.com\/olivamorosicristians.es\/wp-content\/uploads\/2018\/06\/Ambaixador-Moro-2007-Javier-Ancio-JimC%CC%A7nez.jpg?fit=640%2C640&amp;ssl=1\" data-orig-size=\"640,640\" data-comments-opened=\"0\" data-image-meta=\"{&quot;aperture&quot;:&quot;1.8&quot;,&quot;credit&quot;:&quot;&quot;,&quot;camera&quot;:&quot;iPhone 7&quot;,&quot;caption&quot;:&quot;&quot;,&quot;created_timestamp&quot;:&quot;1519424509&quot;,&quot;copyright&quot;:&quot;&quot;,&quot;focal_length&quot;:&quot;3.99&quot;,&quot;iso&quot;:&quot;100&quot;,&quot;shutter_speed&quot;:&quot;0.25&quot;,&quot;title&quot;:&quot;&quot;,&quot;orientation&quot;:&quot;1&quot;}\" data-image-title=\"Ambaixador Moro 2007 Javier Ancio JimC\u0327nez\" data-image-description=\"\" data-image-caption=\"\" data-large-file=\"https:\/\/i0.wp.com\/olivamorosicristians.es\/wp-content\/uploads\/2018\/06\/Ambaixador-Moro-2007-Javier-Ancio-JimC%CC%A7nez.jpg?fit=640%2C640&amp;ssl=1\" \/>        <\/a>\r\n                <\/div>\r\n                    <div class=\"\">\r\n                                <a href=\"https:\/\/i0.wp.com\/olivamorosicristians.es\/wp-content\/uploads\/2018\/06\/CapitA-Moro-2002-Josep-BoscA-Morell.jpg?fit=640%2C640&#038;ssl=1\" data-rel=\"lightcase:gallery-73\">\r\n        <img loading=\"lazy\" decoding=\"async\" width=\"340\" height=\"340\" src=\"https:\/\/i0.wp.com\/olivamorosicristians.es\/wp-content\/uploads\/2018\/06\/CapitA-Moro-2002-Josep-BoscA-Morell.jpg?resize=340%2C340&amp;ssl=1\" class=\"cover-image\" alt=\"Josep Bosc\u00e1 Morell - Capit\u00e0 Moro 2002\" srcset=\"https:\/\/i0.wp.com\/olivamorosicristians.es\/wp-content\/uploads\/2018\/06\/CapitA-Moro-2002-Josep-BoscA-Morell.jpg?w=640&amp;ssl=1 640w, https:\/\/i0.wp.com\/olivamorosicristians.es\/wp-content\/uploads\/2018\/06\/CapitA-Moro-2002-Josep-BoscA-Morell.jpg?resize=150%2C150&amp;ssl=1 150w, https:\/\/i0.wp.com\/olivamorosicristians.es\/wp-content\/uploads\/2018\/06\/CapitA-Moro-2002-Josep-BoscA-Morell.jpg?resize=300%2C300&amp;ssl=1 300w, https:\/\/i0.wp.com\/olivamorosicristians.es\/wp-content\/uploads\/2018\/06\/CapitA-Moro-2002-Josep-BoscA-Morell.jpg?resize=340%2C340&amp;ssl=1 340w\" sizes=\"auto, (max-width: 340px) 100vw, 340px\" data-attachment-id=\"7502\" data-permalink=\"https:\/\/olivamorosicristians.es\/es\/carrecs-festers\/capita-moro-2002-josep-bosca-morell-2\/\" data-orig-file=\"https:\/\/i0.wp.com\/olivamorosicristians.es\/wp-content\/uploads\/2018\/06\/CapitA-Moro-2002-Josep-BoscA-Morell.jpg?fit=640%2C640&amp;ssl=1\" data-orig-size=\"640,640\" data-comments-opened=\"0\" data-image-meta=\"{&quot;aperture&quot;:&quot;1.8&quot;,&quot;credit&quot;:&quot;&quot;,&quot;camera&quot;:&quot;iPhone 7&quot;,&quot;caption&quot;:&quot;&quot;,&quot;created_timestamp&quot;:&quot;1519424198&quot;,&quot;copyright&quot;:&quot;&quot;,&quot;focal_length&quot;:&quot;3.99&quot;,&quot;iso&quot;:&quot;80&quot;,&quot;shutter_speed&quot;:&quot;0.16666666666667&quot;,&quot;title&quot;:&quot;&quot;,&quot;orientation&quot;:&quot;1&quot;}\" data-image-title=\"CapitA Moro 2002 Josep BoscA Morell\" data-image-description=\"\" data-image-caption=\"\" data-large-file=\"https:\/\/i0.wp.com\/olivamorosicristians.es\/wp-content\/uploads\/2018\/06\/CapitA-Moro-2002-Josep-BoscA-Morell.jpg?fit=640%2C640&amp;ssl=1\" \/>        <\/a>\r\n                <\/div>\r\n                    <div class=\"\">\r\n                                <a href=\"https:\/\/i0.wp.com\/olivamorosicristians.es\/wp-content\/uploads\/2018\/06\/Ambaixador-Moro-2002-Josep-BoscO%CC%88-Alcaraz.jpg?fit=640%2C640&#038;ssl=1\" data-rel=\"lightcase:gallery-73\">\r\n        <img loading=\"lazy\" decoding=\"async\" width=\"340\" height=\"340\" src=\"https:\/\/i0.wp.com\/olivamorosicristians.es\/wp-content\/uploads\/2018\/06\/Ambaixador-Moro-2002-Josep-BoscO%CC%88-Alcaraz.jpg?resize=340%2C340&amp;ssl=1\" class=\"cover-image\" alt=\"Josep Bosc\u00e0 Alcaraz - Ambaixador Moro 2002\" data-attachment-id=\"7503\" data-permalink=\"https:\/\/olivamorosicristians.es\/es\/carrecs-festers\/ambaixador-moro-2002-josep-bosco%cc%88-alcaraz-2\/\" data-orig-file=\"https:\/\/i0.wp.com\/olivamorosicristians.es\/wp-content\/uploads\/2018\/06\/Ambaixador-Moro-2002-Josep-BoscO%CC%88-Alcaraz.jpg?fit=640%2C640&amp;ssl=1\" data-orig-size=\"640,640\" data-comments-opened=\"0\" data-image-meta=\"{&quot;aperture&quot;:&quot;1.8&quot;,&quot;credit&quot;:&quot;&quot;,&quot;camera&quot;:&quot;iPhone 7&quot;,&quot;caption&quot;:&quot;&quot;,&quot;created_timestamp&quot;:&quot;1519424279&quot;,&quot;copyright&quot;:&quot;&quot;,&quot;focal_length&quot;:&quot;3.99&quot;,&quot;iso&quot;:&quot;100&quot;,&quot;shutter_speed&quot;:&quot;0.25&quot;,&quot;title&quot;:&quot;&quot;,&quot;orientation&quot;:&quot;1&quot;}\" data-image-title=\"Ambaixador Moro 2002 Josep BoscO\u0308 Alcaraz\" data-image-description=\"\" data-image-caption=\"\" data-large-file=\"https:\/\/i0.wp.com\/olivamorosicristians.es\/wp-content\/uploads\/2018\/06\/Ambaixador-Moro-2002-Josep-BoscO%CC%88-Alcaraz.jpg?fit=640%2C640&amp;ssl=1\" \/>        <\/a>\r\n                <\/div>\r\n                    <div class=\"\">\r\n                                <a href=\"https:\/\/i0.wp.com\/olivamorosicristians.es\/wp-content\/uploads\/2018\/06\/CapitA-Moro-1997-Fernando-M%E2%80%A0s-Verd%C2%A3.jpg?fit=640%2C640&#038;ssl=1\" data-rel=\"lightcase:gallery-73\">\r\n        <img loading=\"lazy\" decoding=\"async\" width=\"340\" height=\"340\" src=\"https:\/\/i0.wp.com\/olivamorosicristians.es\/wp-content\/uploads\/2018\/06\/CapitA-Moro-1997-Fernando-M%E2%80%A0s-Verd%C2%A3.jpg?resize=340%2C340&amp;ssl=1\" class=\"cover-image\" alt=\"Fernando M\u00e1s Verd\u00fa - Capit\u00e0 Moro 1997\" data-attachment-id=\"7504\" data-permalink=\"https:\/\/olivamorosicristians.es\/es\/carrecs-festers\/capita-moro-1997-fernando-m%e2%80%a0s-verd\/\" data-orig-file=\"https:\/\/i0.wp.com\/olivamorosicristians.es\/wp-content\/uploads\/2018\/06\/CapitA-Moro-1997-Fernando-M%E2%80%A0s-Verd%C2%A3.jpg?fit=640%2C640&amp;ssl=1\" data-orig-size=\"640,640\" data-comments-opened=\"0\" data-image-meta=\"{&quot;aperture&quot;:&quot;1.8&quot;,&quot;credit&quot;:&quot;&quot;,&quot;camera&quot;:&quot;iPhone 7&quot;,&quot;caption&quot;:&quot;&quot;,&quot;created_timestamp&quot;:&quot;1519423938&quot;,&quot;copyright&quot;:&quot;&quot;,&quot;focal_length&quot;:&quot;3.99&quot;,&quot;iso&quot;:&quot;80&quot;,&quot;shutter_speed&quot;:&quot;0.14285714285714&quot;,&quot;title&quot;:&quot;&quot;,&quot;orientation&quot;:&quot;1&quot;}\" data-image-title=\"\" data-image-description=\"\" data-image-caption=\"\" data-large-file=\"https:\/\/i0.wp.com\/olivamorosicristians.es\/wp-content\/uploads\/2018\/06\/CapitA-Moro-1997-Fernando-M%E2%80%A0s-Verd%C2%A3.jpg?fit=640%2C640&amp;ssl=1\" \/>        <\/a>\r\n                <\/div>\r\n                    <div class=\"\">\r\n                                <a href=\"https:\/\/i0.wp.com\/olivamorosicristians.es\/wp-content\/uploads\/2000\/02\/Ambaixador-Moro-1997-Josep-DomC%CC%A7nec-Malonda-M%E2%80%A0s.jpg?fit=640%2C640&#038;ssl=1\" data-rel=\"lightcase:gallery-73\">\r\n        <img loading=\"lazy\" decoding=\"async\" width=\"340\" height=\"340\" src=\"https:\/\/i0.wp.com\/olivamorosicristians.es\/wp-content\/uploads\/2000\/02\/Ambaixador-Moro-1997-Josep-DomC%CC%A7nec-Malonda-M%E2%80%A0s.jpg?resize=340%2C340&amp;ssl=1\" class=\"cover-image\" alt=\"Josep Dom\u00e9nec Malonda M\u00e0s - Ambaixador Moro 1997\" data-attachment-id=\"7454\" data-permalink=\"https:\/\/olivamorosicristians.es\/es\/?attachment_id=7454\" data-orig-file=\"https:\/\/i0.wp.com\/olivamorosicristians.es\/wp-content\/uploads\/2000\/02\/Ambaixador-Moro-1997-Josep-DomC%CC%A7nec-Malonda-M%E2%80%A0s.jpg?fit=640%2C640&amp;ssl=1\" data-orig-size=\"640,640\" data-comments-opened=\"0\" data-image-meta=\"{&quot;aperture&quot;:&quot;1.8&quot;,&quot;credit&quot;:&quot;&quot;,&quot;camera&quot;:&quot;iPhone 7&quot;,&quot;caption&quot;:&quot;&quot;,&quot;created_timestamp&quot;:&quot;1519424013&quot;,&quot;copyright&quot;:&quot;&quot;,&quot;focal_length&quot;:&quot;3.99&quot;,&quot;iso&quot;:&quot;100&quot;,&quot;shutter_speed&quot;:&quot;0.14285714285714&quot;,&quot;title&quot;:&quot;&quot;,&quot;orientation&quot;:&quot;1&quot;}\" data-image-title=\"Josep Dom\u00e9nec Malonda M\u00e0s\" data-image-description=\"\" data-image-caption=\"\" data-large-file=\"https:\/\/i0.wp.com\/olivamorosicristians.es\/wp-content\/uploads\/2000\/02\/Ambaixador-Moro-1997-Josep-DomC%CC%A7nec-Malonda-M%E2%80%A0s.jpg?fit=640%2C640&amp;ssl=1\" \/>        <\/a>\r\n                <\/div>\r\n        <\/div>\r\n<\/div><div class=\"w-space\" style=\"height:50px\"><\/div><div class=\"w-heading heading-7 text-center\">\r\n             \r\n    <h3 class=\"heading-title\">Filada Contrabandistes<\/h3>            <\/div><div class=\"w-image-gallery w-slider\">\r\n    <div class=\"owl-carousel\" data-items=\"8\" data-navigation=\"true\" data-pagination=\"true\" data-loop=\"false\" data-auto-play=\"false\">\r\n                    <div class=\"\">\r\n                                <a href=\"https:\/\/i0.wp.com\/olivamorosicristians.es\/wp-content\/uploads\/2018\/06\/U2A6685-CapitA-CristiA-2016.-Vicent-Just-Salort.jpg?fit=640%2C640&#038;ssl=1\" data-rel=\"lightcase:gallery-32\">\r\n        <img loading=\"lazy\" decoding=\"async\" width=\"340\" height=\"340\" src=\"https:\/\/i0.wp.com\/olivamorosicristians.es\/wp-content\/uploads\/2018\/06\/U2A6685-CapitA-CristiA-2016.-Vicent-Just-Salort.jpg?resize=340%2C340&amp;ssl=1\" class=\"cover-image\" alt=\"Vicent Just Salort - Capit\u00e0 Cristi\u00e0 2016\" srcset=\"https:\/\/i0.wp.com\/olivamorosicristians.es\/wp-content\/uploads\/2018\/06\/U2A6685-CapitA-CristiA-2016.-Vicent-Just-Salort.jpg?w=640&amp;ssl=1 640w, https:\/\/i0.wp.com\/olivamorosicristians.es\/wp-content\/uploads\/2018\/06\/U2A6685-CapitA-CristiA-2016.-Vicent-Just-Salort.jpg?resize=150%2C150&amp;ssl=1 150w, https:\/\/i0.wp.com\/olivamorosicristians.es\/wp-content\/uploads\/2018\/06\/U2A6685-CapitA-CristiA-2016.-Vicent-Just-Salort.jpg?resize=300%2C300&amp;ssl=1 300w, https:\/\/i0.wp.com\/olivamorosicristians.es\/wp-content\/uploads\/2018\/06\/U2A6685-CapitA-CristiA-2016.-Vicent-Just-Salort.jpg?resize=340%2C340&amp;ssl=1 340w\" sizes=\"auto, (max-width: 340px) 100vw, 340px\" data-attachment-id=\"7521\" data-permalink=\"https:\/\/olivamorosicristians.es\/es\/carrecs-festers\/_u2a6685-capita-cristia-2016-vicent-just-salort\/\" data-orig-file=\"https:\/\/i0.wp.com\/olivamorosicristians.es\/wp-content\/uploads\/2018\/06\/U2A6685-CapitA-CristiA-2016.-Vicent-Just-Salort.jpg?fit=640%2C640&amp;ssl=1\" data-orig-size=\"640,640\" data-comments-opened=\"0\" data-image-meta=\"{&quot;aperture&quot;:&quot;5.6&quot;,&quot;credit&quot;:&quot;ANTONI RIBERA OLTRA&quot;,&quot;camera&quot;:&quot;Canon EOS 5D Mark III&quot;,&quot;caption&quot;:&quot;&quot;,&quot;created_timestamp&quot;:&quot;1475326182&quot;,&quot;copyright&quot;:&quot;ANTONI RIBERA OLTRA&quot;,&quot;focal_length&quot;:&quot;173&quot;,&quot;iso&quot;:&quot;100&quot;,&quot;shutter_speed&quot;:&quot;0.005&quot;,&quot;title&quot;:&quot;&quot;,&quot;orientation&quot;:&quot;1&quot;}\" data-image-title=\"_U2A6685 CapitA CristiA 2016. Vicent Just Salort\" data-image-description=\"\" data-image-caption=\"\" data-large-file=\"https:\/\/i0.wp.com\/olivamorosicristians.es\/wp-content\/uploads\/2018\/06\/U2A6685-CapitA-CristiA-2016.-Vicent-Just-Salort.jpg?fit=640%2C640&amp;ssl=1\" \/>        <\/a>\r\n                <\/div>\r\n                    <div class=\"\">\r\n                                <a href=\"https:\/\/i0.wp.com\/olivamorosicristians.es\/wp-content\/uploads\/2018\/06\/U2A6265-Ambaixadora-cristiana-2016.-Maria-Peir%C2%A2-Serrano.jpg?fit=640%2C640&#038;ssl=1\" data-rel=\"lightcase:gallery-32\">\r\n        <img loading=\"lazy\" decoding=\"async\" width=\"340\" height=\"340\" src=\"https:\/\/i0.wp.com\/olivamorosicristians.es\/wp-content\/uploads\/2018\/06\/U2A6265-Ambaixadora-cristiana-2016.-Maria-Peir%C2%A2-Serrano.jpg?resize=340%2C340&amp;ssl=1\" class=\"cover-image\" alt=\"Maria Peir\u00f3 Serrano - Ambaixadora Cristiana 2016\" data-attachment-id=\"7520\" data-permalink=\"https:\/\/olivamorosicristians.es\/es\/carrecs-festers\/_u2a6265-ambaixadora-cristiana-2016-maria-peir%c2%a2-serrano\/\" data-orig-file=\"https:\/\/i0.wp.com\/olivamorosicristians.es\/wp-content\/uploads\/2018\/06\/U2A6265-Ambaixadora-cristiana-2016.-Maria-Peir%C2%A2-Serrano.jpg?fit=640%2C640&amp;ssl=1\" data-orig-size=\"640,640\" data-comments-opened=\"0\" data-image-meta=\"{&quot;aperture&quot;:&quot;4&quot;,&quot;credit&quot;:&quot;ANTONI RIBERA OLTRA&quot;,&quot;camera&quot;:&quot;Canon EOS 5D Mark III&quot;,&quot;caption&quot;:&quot;&quot;,&quot;created_timestamp&quot;:&quot;1471545469&quot;,&quot;copyright&quot;:&quot;ANTONI RIBERA OLTRA&quot;,&quot;focal_length&quot;:&quot;116&quot;,&quot;iso&quot;:&quot;100&quot;,&quot;shutter_speed&quot;:&quot;0.0025&quot;,&quot;title&quot;:&quot;&quot;,&quot;orientation&quot;:&quot;1&quot;}\" data-image-title=\"Ambaixadora cristiana 2016. Maria Peir\u00a2 Serrano\" data-image-description=\"\" data-image-caption=\"\" data-large-file=\"https:\/\/i0.wp.com\/olivamorosicristians.es\/wp-content\/uploads\/2018\/06\/U2A6265-Ambaixadora-cristiana-2016.-Maria-Peir%C2%A2-Serrano.jpg?fit=640%2C640&amp;ssl=1\" \/>        <\/a>\r\n                <\/div>\r\n                    <div class=\"\">\r\n                                <a href=\"https:\/\/i0.wp.com\/olivamorosicristians.es\/wp-content\/uploads\/2018\/06\/936622-CapitA-CristiA-2010-.-Luis-Terrados-Mart%C2%B0n.jpg?fit=640%2C640&#038;ssl=1\" data-rel=\"lightcase:gallery-32\">\r\n        <img loading=\"lazy\" decoding=\"async\" width=\"340\" height=\"340\" src=\"https:\/\/i0.wp.com\/olivamorosicristians.es\/wp-content\/uploads\/2018\/06\/936622-CapitA-CristiA-2010-.-Luis-Terrados-Mart%C2%B0n.jpg?resize=340%2C340&amp;ssl=1\" class=\"cover-image\" alt=\"Luis Terrados Mart\u00edn - Capit\u00e0 Cristi\u00e0 2010\" data-attachment-id=\"7522\" data-permalink=\"https:\/\/olivamorosicristians.es\/es\/carrecs-festers\/936622-capita-cristia-2010-luis-terrados-martn\/\" data-orig-file=\"https:\/\/i0.wp.com\/olivamorosicristians.es\/wp-content\/uploads\/2018\/06\/936622-CapitA-CristiA-2010-.-Luis-Terrados-Mart%C2%B0n.jpg?fit=640%2C640&amp;ssl=1\" data-orig-size=\"640,640\" data-comments-opened=\"0\" data-image-meta=\"{&quot;aperture&quot;:&quot;11&quot;,&quot;credit&quot;:&quot;&quot;,&quot;camera&quot;:&quot;Canon EOS 5D Mark II&quot;,&quot;caption&quot;:&quot;&quot;,&quot;created_timestamp&quot;:&quot;1279824835&quot;,&quot;copyright&quot;:&quot;&quot;,&quot;focal_length&quot;:&quot;85&quot;,&quot;iso&quot;:&quot;100&quot;,&quot;shutter_speed&quot;:&quot;0.005&quot;,&quot;title&quot;:&quot;&quot;,&quot;orientation&quot;:&quot;1&quot;}\" data-image-title=\"936622 CapitA CristiA 2010 . Luis Terrados Mart\u00b0n\" data-image-description=\"\" data-image-caption=\"\" data-large-file=\"https:\/\/i0.wp.com\/olivamorosicristians.es\/wp-content\/uploads\/2018\/06\/936622-CapitA-CristiA-2010-.-Luis-Terrados-Mart%C2%B0n.jpg?fit=640%2C640&amp;ssl=1\" \/>        <\/a>\r\n                <\/div>\r\n        <\/div>\r\n<\/div><div class=\"w-space\" style=\"height:50px\"><\/div><div class=\"w-heading heading-7 text-center\">\r\n             \r\n    <h3 class=\"heading-title\">Filada Corsaris<\/h3>            <\/div><div class=\"w-image-gallery w-slider\">\r\n    <div class=\"owl-carousel\" data-items=\"8\" data-navigation=\"true\" data-pagination=\"true\" data-loop=\"false\" data-auto-play=\"false\">\r\n                    <div class=\"\">\r\n                                <a href=\"https:\/\/i0.wp.com\/olivamorosicristians.es\/wp-content\/uploads\/2020\/05\/Capita%CC%80-Cristia%CC%802017_web.jpg?fit=640%2C640&#038;ssl=1\" data-rel=\"lightcase:gallery-93\">\r\n        <img loading=\"lazy\" decoding=\"async\" width=\"340\" height=\"340\" src=\"https:\/\/i0.wp.com\/olivamorosicristians.es\/wp-content\/uploads\/2020\/05\/Capita%CC%80-Cristia%CC%802017_web.jpg?resize=340%2C340&amp;ssl=1\" class=\"cover-image\" alt=\"Juan Garci\u0301a - Capit\u00e0 Cristi\u00e0 2017\" data-attachment-id=\"9775\" data-permalink=\"https:\/\/olivamorosicristians.es\/es\/capita-cristia2017_web\/\" data-orig-file=\"https:\/\/i0.wp.com\/olivamorosicristians.es\/wp-content\/uploads\/2020\/05\/Capita%CC%80-Cristia%CC%802017_web.jpg?fit=640%2C640&amp;ssl=1\" data-orig-size=\"640,640\" data-comments-opened=\"0\" data-image-meta=\"{&quot;aperture&quot;:&quot;8&quot;,&quot;credit&quot;:&quot;&quot;,&quot;camera&quot;:&quot;NIKON D5200&quot;,&quot;caption&quot;:&quot;&quot;,&quot;created_timestamp&quot;:&quot;1494763540&quot;,&quot;copyright&quot;:&quot;&quot;,&quot;focal_length&quot;:&quot;18&quot;,&quot;iso&quot;:&quot;100&quot;,&quot;shutter_speed&quot;:&quot;0.004&quot;,&quot;title&quot;:&quot;&quot;,&quot;orientation&quot;:&quot;1&quot;}\" data-image-title=\"Capita\u0300-Cristia\u03002017_web\" data-image-description=\"\" data-image-caption=\"\" data-large-file=\"https:\/\/i0.wp.com\/olivamorosicristians.es\/wp-content\/uploads\/2020\/05\/Capita%CC%80-Cristia%CC%802017_web.jpg?fit=640%2C640&amp;ssl=1\" \/>        <\/a>\r\n                <\/div>\r\n                    <div class=\"\">\r\n                                <a href=\"https:\/\/i0.wp.com\/olivamorosicristians.es\/wp-content\/uploads\/2020\/05\/Ambaixador-Cristia%CC%802017_web.jpg?fit=640%2C640&#038;ssl=1\" data-rel=\"lightcase:gallery-93\">\r\n        <img loading=\"lazy\" decoding=\"async\" width=\"340\" height=\"340\" src=\"https:\/\/i0.wp.com\/olivamorosicristians.es\/wp-content\/uploads\/2020\/05\/Ambaixador-Cristia%CC%802017_web.jpg?resize=340%2C340&amp;ssl=1\" class=\"cover-image\" alt=\"Jonatan Ramos - Ambaixador Cristi\u00e0 2017\" data-attachment-id=\"9774\" data-permalink=\"https:\/\/olivamorosicristians.es\/es\/ambaixador-cristia2017_web\/\" data-orig-file=\"https:\/\/i0.wp.com\/olivamorosicristians.es\/wp-content\/uploads\/2020\/05\/Ambaixador-Cristia%CC%802017_web.jpg?fit=640%2C640&amp;ssl=1\" data-orig-size=\"640,640\" data-comments-opened=\"0\" data-image-meta=\"{&quot;aperture&quot;:&quot;8&quot;,&quot;credit&quot;:&quot;&quot;,&quot;camera&quot;:&quot;NIKON D5200&quot;,&quot;caption&quot;:&quot;&quot;,&quot;created_timestamp&quot;:&quot;1494764127&quot;,&quot;copyright&quot;:&quot;&quot;,&quot;focal_length&quot;:&quot;18&quot;,&quot;iso&quot;:&quot;100&quot;,&quot;shutter_speed&quot;:&quot;0.004&quot;,&quot;title&quot;:&quot;&quot;,&quot;orientation&quot;:&quot;1&quot;}\" data-image-title=\"Ambaixador-Cristia\u03002017_web\" data-image-description=\"\" data-image-caption=\"\" data-large-file=\"https:\/\/i0.wp.com\/olivamorosicristians.es\/wp-content\/uploads\/2020\/05\/Ambaixador-Cristia%CC%802017_web.jpg?fit=640%2C640&amp;ssl=1\" \/>        <\/a>\r\n                <\/div>\r\n                    <div class=\"\">\r\n                                <a href=\"https:\/\/i0.wp.com\/olivamorosicristians.es\/wp-content\/uploads\/2018\/07\/Mari-Lola-Esteve-CA-2011.jpg?fit=640%2C640&#038;ssl=1\" data-rel=\"lightcase:gallery-93\">\r\n        <img loading=\"lazy\" decoding=\"async\" width=\"340\" height=\"340\" src=\"https:\/\/i0.wp.com\/olivamorosicristians.es\/wp-content\/uploads\/2018\/07\/Mari-Lola-Esteve-CA-2011.jpg?resize=340%2C340&amp;ssl=1\" class=\"cover-image\" alt=\"Mari Lola Esteve - Capitana Cristiana 2011\" srcset=\"https:\/\/i0.wp.com\/olivamorosicristians.es\/wp-content\/uploads\/2018\/07\/Mari-Lola-Esteve-CA-2011.jpg?w=640&amp;ssl=1 640w, https:\/\/i0.wp.com\/olivamorosicristians.es\/wp-content\/uploads\/2018\/07\/Mari-Lola-Esteve-CA-2011.jpg?resize=150%2C150&amp;ssl=1 150w, https:\/\/i0.wp.com\/olivamorosicristians.es\/wp-content\/uploads\/2018\/07\/Mari-Lola-Esteve-CA-2011.jpg?resize=300%2C300&amp;ssl=1 300w, https:\/\/i0.wp.com\/olivamorosicristians.es\/wp-content\/uploads\/2018\/07\/Mari-Lola-Esteve-CA-2011.jpg?resize=340%2C340&amp;ssl=1 340w\" sizes=\"auto, (max-width: 340px) 100vw, 340px\" data-attachment-id=\"8750\" data-permalink=\"https:\/\/olivamorosicristians.es\/es\/carrecs-festers\/mari-lola-esteve-ca-2011\/\" data-orig-file=\"https:\/\/i0.wp.com\/olivamorosicristians.es\/wp-content\/uploads\/2018\/07\/Mari-Lola-Esteve-CA-2011.jpg?fit=640%2C640&amp;ssl=1\" data-orig-size=\"640,640\" data-comments-opened=\"0\" data-image-meta=\"{&quot;aperture&quot;:&quot;0&quot;,&quot;credit&quot;:&quot;&quot;,&quot;camera&quot;:&quot;&quot;,&quot;caption&quot;:&quot;&quot;,&quot;created_timestamp&quot;:&quot;0&quot;,&quot;copyright&quot;:&quot;&quot;,&quot;focal_length&quot;:&quot;0&quot;,&quot;iso&quot;:&quot;0&quot;,&quot;shutter_speed&quot;:&quot;0&quot;,&quot;title&quot;:&quot;&quot;,&quot;orientation&quot;:&quot;1&quot;}\" data-image-title=\"Mari Lola Esteve CA 2011\" data-image-description=\"\" data-image-caption=\"\" data-large-file=\"https:\/\/i0.wp.com\/olivamorosicristians.es\/wp-content\/uploads\/2018\/07\/Mari-Lola-Esteve-CA-2011.jpg?fit=640%2C640&amp;ssl=1\" \/>        <\/a>\r\n                <\/div>\r\n                    <div class=\"\">\r\n                                <a href=\"https:\/\/i0.wp.com\/olivamorosicristians.es\/wp-content\/uploads\/2018\/07\/Inma-Cots-AM-2011.jpg?fit=640%2C640&#038;ssl=1\" data-rel=\"lightcase:gallery-93\">\r\n        <img loading=\"lazy\" decoding=\"async\" width=\"340\" height=\"340\" src=\"https:\/\/i0.wp.com\/olivamorosicristians.es\/wp-content\/uploads\/2018\/07\/Inma-Cots-AM-2011.jpg?resize=340%2C340&amp;ssl=1\" class=\"cover-image\" alt=\"Inma Cots - Ambaixadora Cristiana 2011\" srcset=\"https:\/\/i0.wp.com\/olivamorosicristians.es\/wp-content\/uploads\/2018\/07\/Inma-Cots-AM-2011.jpg?w=640&amp;ssl=1 640w, https:\/\/i0.wp.com\/olivamorosicristians.es\/wp-content\/uploads\/2018\/07\/Inma-Cots-AM-2011.jpg?resize=150%2C150&amp;ssl=1 150w, https:\/\/i0.wp.com\/olivamorosicristians.es\/wp-content\/uploads\/2018\/07\/Inma-Cots-AM-2011.jpg?resize=300%2C300&amp;ssl=1 300w, https:\/\/i0.wp.com\/olivamorosicristians.es\/wp-content\/uploads\/2018\/07\/Inma-Cots-AM-2011.jpg?resize=340%2C340&amp;ssl=1 340w\" sizes=\"auto, (max-width: 340px) 100vw, 340px\" data-attachment-id=\"8745\" data-permalink=\"https:\/\/olivamorosicristians.es\/es\/carrecs-festers\/inma-cots-am-2011\/\" data-orig-file=\"https:\/\/i0.wp.com\/olivamorosicristians.es\/wp-content\/uploads\/2018\/07\/Inma-Cots-AM-2011.jpg?fit=640%2C640&amp;ssl=1\" data-orig-size=\"640,640\" data-comments-opened=\"0\" data-image-meta=\"{&quot;aperture&quot;:&quot;0&quot;,&quot;credit&quot;:&quot;&quot;,&quot;camera&quot;:&quot;&quot;,&quot;caption&quot;:&quot;&quot;,&quot;created_timestamp&quot;:&quot;0&quot;,&quot;copyright&quot;:&quot;&quot;,&quot;focal_length&quot;:&quot;0&quot;,&quot;iso&quot;:&quot;0&quot;,&quot;shutter_speed&quot;:&quot;0&quot;,&quot;title&quot;:&quot;&quot;,&quot;orientation&quot;:&quot;1&quot;}\" data-image-title=\"Inma Cots AM 2011\" data-image-description=\"\" data-image-caption=\"\" data-large-file=\"https:\/\/i0.wp.com\/olivamorosicristians.es\/wp-content\/uploads\/2018\/07\/Inma-Cots-AM-2011.jpg?fit=640%2C640&amp;ssl=1\" \/>        <\/a>\r\n                <\/div>\r\n                    <div class=\"\">\r\n                                <a href=\"https:\/\/i0.wp.com\/olivamorosicristians.es\/wp-content\/uploads\/2018\/07\/Jose%CC%81-Miguel-Mullor-CA-2000.jpg?fit=640%2C640&#038;ssl=1\" data-rel=\"lightcase:gallery-93\">\r\n        <img loading=\"lazy\" decoding=\"async\" width=\"340\" height=\"340\" src=\"https:\/\/i0.wp.com\/olivamorosicristians.es\/wp-content\/uploads\/2018\/07\/Jose%CC%81-Miguel-Mullor-CA-2000.jpg?resize=340%2C340&amp;ssl=1\" class=\"cover-image\" alt=\"Jose\u0301 Miguel Mullor - Capit\u00e0 Cristi\u00e0 2000\" data-attachment-id=\"8747\" data-permalink=\"https:\/\/olivamorosicristians.es\/es\/carrecs-festers\/jose-miguel-mullor-ca-2000\/\" data-orig-file=\"https:\/\/i0.wp.com\/olivamorosicristians.es\/wp-content\/uploads\/2018\/07\/Jose%CC%81-Miguel-Mullor-CA-2000.jpg?fit=640%2C640&amp;ssl=1\" data-orig-size=\"640,640\" data-comments-opened=\"0\" data-image-meta=\"{&quot;aperture&quot;:&quot;0&quot;,&quot;credit&quot;:&quot;&quot;,&quot;camera&quot;:&quot;&quot;,&quot;caption&quot;:&quot;&quot;,&quot;created_timestamp&quot;:&quot;0&quot;,&quot;copyright&quot;:&quot;&quot;,&quot;focal_length&quot;:&quot;0&quot;,&quot;iso&quot;:&quot;0&quot;,&quot;shutter_speed&quot;:&quot;0&quot;,&quot;title&quot;:&quot;&quot;,&quot;orientation&quot;:&quot;1&quot;}\" data-image-title=\"Jose\u0301 Miguel Mullor CA 2000\" data-image-description=\"\" data-image-caption=\"\" data-large-file=\"https:\/\/i0.wp.com\/olivamorosicristians.es\/wp-content\/uploads\/2018\/07\/Jose%CC%81-Miguel-Mullor-CA-2000.jpg?fit=640%2C640&amp;ssl=1\" \/>        <\/a>\r\n                <\/div>\r\n                    <div class=\"\">\r\n                                <a href=\"https:\/\/i0.wp.com\/olivamorosicristians.es\/wp-content\/uploads\/2018\/07\/Juan-Manuel-Garci%CC%81a-AM-2000.jpg?fit=640%2C640&#038;ssl=1\" data-rel=\"lightcase:gallery-93\">\r\n        <img loading=\"lazy\" decoding=\"async\" width=\"340\" height=\"340\" src=\"https:\/\/i0.wp.com\/olivamorosicristians.es\/wp-content\/uploads\/2018\/07\/Juan-Manuel-Garci%CC%81a-AM-2000.jpg?resize=340%2C340&amp;ssl=1\" class=\"cover-image\" alt=\"Juan Manuel Garci\u0301a - Ambaixador Cristi\u00e0 2000\" data-attachment-id=\"8749\" data-permalink=\"https:\/\/olivamorosicristians.es\/es\/carrecs-festers\/juan-manuel-garcia-am-2000\/\" data-orig-file=\"https:\/\/i0.wp.com\/olivamorosicristians.es\/wp-content\/uploads\/2018\/07\/Juan-Manuel-Garci%CC%81a-AM-2000.jpg?fit=640%2C640&amp;ssl=1\" data-orig-size=\"640,640\" data-comments-opened=\"0\" data-image-meta=\"{&quot;aperture&quot;:&quot;0&quot;,&quot;credit&quot;:&quot;&quot;,&quot;camera&quot;:&quot;&quot;,&quot;caption&quot;:&quot;&quot;,&quot;created_timestamp&quot;:&quot;0&quot;,&quot;copyright&quot;:&quot;&quot;,&quot;focal_length&quot;:&quot;0&quot;,&quot;iso&quot;:&quot;0&quot;,&quot;shutter_speed&quot;:&quot;0&quot;,&quot;title&quot;:&quot;&quot;,&quot;orientation&quot;:&quot;1&quot;}\" data-image-title=\"Juan Manuel Garci\u0301a AM 2000\" data-image-description=\"\" data-image-caption=\"\" data-large-file=\"https:\/\/i0.wp.com\/olivamorosicristians.es\/wp-content\/uploads\/2018\/07\/Juan-Manuel-Garci%CC%81a-AM-2000.jpg?fit=640%2C640&amp;ssl=1\" \/>        <\/a>\r\n                <\/div>\r\n                    <div class=\"\">\r\n                                <a href=\"https:\/\/i0.wp.com\/olivamorosicristians.es\/wp-content\/uploads\/2018\/07\/IMG.jpg?fit=640%2C640&#038;ssl=1\" data-rel=\"lightcase:gallery-93\">\r\n        <img loading=\"lazy\" decoding=\"async\" width=\"340\" height=\"340\" src=\"https:\/\/i0.wp.com\/olivamorosicristians.es\/wp-content\/uploads\/2018\/07\/IMG.jpg?resize=340%2C340&amp;ssl=1\" class=\"cover-image\" alt=\"Francisco Gilabert Mart\u00ednez - Capit\u00e0 Cristi\u00e0 1995.\" srcset=\"https:\/\/i0.wp.com\/olivamorosicristians.es\/wp-content\/uploads\/2018\/07\/IMG.jpg?w=640&amp;ssl=1 640w, https:\/\/i0.wp.com\/olivamorosicristians.es\/wp-content\/uploads\/2018\/07\/IMG.jpg?resize=150%2C150&amp;ssl=1 150w, https:\/\/i0.wp.com\/olivamorosicristians.es\/wp-content\/uploads\/2018\/07\/IMG.jpg?resize=300%2C300&amp;ssl=1 300w, https:\/\/i0.wp.com\/olivamorosicristians.es\/wp-content\/uploads\/2018\/07\/IMG.jpg?resize=340%2C340&amp;ssl=1 340w\" sizes=\"auto, (max-width: 340px) 100vw, 340px\" data-attachment-id=\"8744\" data-permalink=\"https:\/\/olivamorosicristians.es\/es\/carrecs-festers\/img\/\" data-orig-file=\"https:\/\/i0.wp.com\/olivamorosicristians.es\/wp-content\/uploads\/2018\/07\/IMG.jpg?fit=640%2C640&amp;ssl=1\" data-orig-size=\"640,640\" data-comments-opened=\"0\" data-image-meta=\"{&quot;aperture&quot;:&quot;0&quot;,&quot;credit&quot;:&quot;&quot;,&quot;camera&quot;:&quot;Canon MP250 series&quot;,&quot;caption&quot;:&quot;&quot;,&quot;created_timestamp&quot;:&quot;1530965579&quot;,&quot;copyright&quot;:&quot;&quot;,&quot;focal_length&quot;:&quot;0&quot;,&quot;iso&quot;:&quot;0&quot;,&quot;shutter_speed&quot;:&quot;0&quot;,&quot;title&quot;:&quot;&quot;,&quot;orientation&quot;:&quot;1&quot;}\" data-image-title=\"IMG\" data-image-description=\"\" data-image-caption=\"\" data-large-file=\"https:\/\/i0.wp.com\/olivamorosicristians.es\/wp-content\/uploads\/2018\/07\/IMG.jpg?fit=640%2C640&amp;ssl=1\" \/>        <\/a>\r\n                <\/div>\r\n                    <div class=\"\">\r\n                                <a href=\"https:\/\/i0.wp.com\/olivamorosicristians.es\/wp-content\/uploads\/2020\/04\/image.png?fit=640%2C640&#038;ssl=1\" data-rel=\"lightcase:gallery-93\">\r\n        <img loading=\"lazy\" decoding=\"async\" width=\"340\" height=\"340\" src=\"https:\/\/i0.wp.com\/olivamorosicristians.es\/wp-content\/uploads\/2020\/04\/image.png?resize=340%2C340&amp;ssl=1\" class=\"cover-image\" alt=\"\u00c0ngela Gilabert - Ambaixadora Cristiana 1995\" srcset=\"https:\/\/i0.wp.com\/olivamorosicristians.es\/wp-content\/uploads\/2020\/04\/image.png?w=640&amp;ssl=1 640w, https:\/\/i0.wp.com\/olivamorosicristians.es\/wp-content\/uploads\/2020\/04\/image.png?resize=300%2C300&amp;ssl=1 300w, https:\/\/i0.wp.com\/olivamorosicristians.es\/wp-content\/uploads\/2020\/04\/image.png?resize=150%2C150&amp;ssl=1 150w, https:\/\/i0.wp.com\/olivamorosicristians.es\/wp-content\/uploads\/2020\/04\/image.png?resize=340%2C340&amp;ssl=1 340w\" sizes=\"auto, (max-width: 340px) 100vw, 340px\" data-attachment-id=\"9726\" data-permalink=\"https:\/\/olivamorosicristians.es\/es\/image\/\" data-orig-file=\"https:\/\/i0.wp.com\/olivamorosicristians.es\/wp-content\/uploads\/2020\/04\/image.png?fit=640%2C640&amp;ssl=1\" data-orig-size=\"640,640\" data-comments-opened=\"0\" data-image-meta=\"{&quot;aperture&quot;:&quot;0&quot;,&quot;credit&quot;:&quot;&quot;,&quot;camera&quot;:&quot;&quot;,&quot;caption&quot;:&quot;&quot;,&quot;created_timestamp&quot;:&quot;0&quot;,&quot;copyright&quot;:&quot;&quot;,&quot;focal_length&quot;:&quot;0&quot;,&quot;iso&quot;:&quot;0&quot;,&quot;shutter_speed&quot;:&quot;0&quot;,&quot;title&quot;:&quot;&quot;,&quot;orientation&quot;:&quot;0&quot;}\" data-image-title=\"\u00c0ngela Gilabert Ambaixadora Cristiana 1995\" data-image-description=\"&lt;p&gt;\u00c0ngela Gilabert &amp;#8211; Ambaixadora Cristiana 1995&lt;\/p&gt;\" data-image-caption=\"\" data-large-file=\"https:\/\/i0.wp.com\/olivamorosicristians.es\/wp-content\/uploads\/2020\/04\/image.png?fit=640%2C640&amp;ssl=1\" \/>        <\/a>\r\n                <\/div>\r\n        <\/div>\r\n<\/div><div class=\"w-space\" style=\"height:50px\"><\/div><div class=\"w-heading heading-7 text-center\">\r\n             \r\n    <h3 class=\"heading-title\">Filada Jaume I<\/h3>            <\/div><div class=\"w-image-gallery w-slider\">\r\n    <div class=\"owl-carousel\" data-items=\"8\" data-navigation=\"true\" data-pagination=\"true\" data-loop=\"false\" data-auto-play=\"false\">\r\n                    <div class=\"\">\r\n                                <a href=\"https:\/\/i0.wp.com\/olivamorosicristians.es\/wp-content\/uploads\/2020\/05\/Capitana-Cristiana2018_01-C.jpg?fit=1363%2C1363&#038;ssl=1\" data-rel=\"lightcase:gallery-7\">\r\n        <img loading=\"lazy\" decoding=\"async\" width=\"340\" height=\"340\" src=\"https:\/\/i0.wp.com\/olivamorosicristians.es\/wp-content\/uploads\/2020\/05\/Capitana-Cristiana2018_01-C.jpg?resize=340%2C340&amp;ssl=1\" class=\"cover-image\" alt=\"Leandra Mena Mateu - Capitana Cristiana 2018\" srcset=\"https:\/\/i0.wp.com\/olivamorosicristians.es\/wp-content\/uploads\/2020\/05\/Capitana-Cristiana2018_01-C.jpg?w=1363&amp;ssl=1 1363w, https:\/\/i0.wp.com\/olivamorosicristians.es\/wp-content\/uploads\/2020\/05\/Capitana-Cristiana2018_01-C.jpg?resize=300%2C300&amp;ssl=1 300w, https:\/\/i0.wp.com\/olivamorosicristians.es\/wp-content\/uploads\/2020\/05\/Capitana-Cristiana2018_01-C.jpg?resize=1024%2C1024&amp;ssl=1 1024w, https:\/\/i0.wp.com\/olivamorosicristians.es\/wp-content\/uploads\/2020\/05\/Capitana-Cristiana2018_01-C.jpg?resize=150%2C150&amp;ssl=1 150w, https:\/\/i0.wp.com\/olivamorosicristians.es\/wp-content\/uploads\/2020\/05\/Capitana-Cristiana2018_01-C.jpg?resize=768%2C768&amp;ssl=1 768w, https:\/\/i0.wp.com\/olivamorosicristians.es\/wp-content\/uploads\/2020\/05\/Capitana-Cristiana2018_01-C.jpg?resize=340%2C340&amp;ssl=1 340w, https:\/\/i0.wp.com\/olivamorosicristians.es\/wp-content\/uploads\/2020\/05\/Capitana-Cristiana2018_01-C.jpg?resize=640%2C640&amp;ssl=1 640w, https:\/\/i0.wp.com\/olivamorosicristians.es\/wp-content\/uploads\/2020\/05\/Capitana-Cristiana2018_01-C.jpg?resize=960%2C960&amp;ssl=1 960w, https:\/\/i0.wp.com\/olivamorosicristians.es\/wp-content\/uploads\/2020\/05\/Capitana-Cristiana2018_01-C.jpg?resize=1280%2C1280&amp;ssl=1 1280w\" sizes=\"auto, (max-width: 340px) 100vw, 340px\" data-attachment-id=\"9777\" data-permalink=\"https:\/\/olivamorosicristians.es\/es\/capitana-cristiana2018_01-c\/\" data-orig-file=\"https:\/\/i0.wp.com\/olivamorosicristians.es\/wp-content\/uploads\/2020\/05\/Capitana-Cristiana2018_01-C.jpg?fit=1363%2C1363&amp;ssl=1\" data-orig-size=\"1363,1363\" data-comments-opened=\"0\" data-image-meta=\"{&quot;aperture&quot;:&quot;4&quot;,&quot;credit&quot;:&quot;&quot;,&quot;camera&quot;:&quot;Canon EOS 5D Mark III&quot;,&quot;caption&quot;:&quot;&quot;,&quot;created_timestamp&quot;:&quot;1532122183&quot;,&quot;copyright&quot;:&quot;&quot;,&quot;focal_length&quot;:&quot;175&quot;,&quot;iso&quot;:&quot;1600&quot;,&quot;shutter_speed&quot;:&quot;0.005&quot;,&quot;title&quot;:&quot;&quot;,&quot;orientation&quot;:&quot;1&quot;}\" data-image-title=\"Capitana-Cristiana2018_01-C\" data-image-description=\"\" data-image-caption=\"\" data-large-file=\"https:\/\/i0.wp.com\/olivamorosicristians.es\/wp-content\/uploads\/2020\/05\/Capitana-Cristiana2018_01-C.jpg?fit=1024%2C1024&amp;ssl=1\" \/>        <\/a>\r\n                <\/div>\r\n                    <div class=\"\">\r\n                                <a href=\"https:\/\/i0.wp.com\/olivamorosicristians.es\/wp-content\/uploads\/2020\/05\/Ambaixadora-Cristiana2018_C.jpg?fit=1944%2C1944&#038;ssl=1\" data-rel=\"lightcase:gallery-7\">\r\n        <img loading=\"lazy\" decoding=\"async\" width=\"340\" height=\"340\" src=\"https:\/\/i0.wp.com\/olivamorosicristians.es\/wp-content\/uploads\/2020\/05\/Ambaixadora-Cristiana2018_C.jpg?resize=340%2C340&amp;ssl=1\" class=\"cover-image\" alt=\"Maria Serrano Aguilar - Ambaixadora Cristiana 2018\" srcset=\"https:\/\/i0.wp.com\/olivamorosicristians.es\/wp-content\/uploads\/2020\/05\/Ambaixadora-Cristiana2018_C.jpg?w=1944&amp;ssl=1 1944w, https:\/\/i0.wp.com\/olivamorosicristians.es\/wp-content\/uploads\/2020\/05\/Ambaixadora-Cristiana2018_C.jpg?resize=300%2C300&amp;ssl=1 300w, https:\/\/i0.wp.com\/olivamorosicristians.es\/wp-content\/uploads\/2020\/05\/Ambaixadora-Cristiana2018_C.jpg?resize=1024%2C1024&amp;ssl=1 1024w, https:\/\/i0.wp.com\/olivamorosicristians.es\/wp-content\/uploads\/2020\/05\/Ambaixadora-Cristiana2018_C.jpg?resize=150%2C150&amp;ssl=1 150w, https:\/\/i0.wp.com\/olivamorosicristians.es\/wp-content\/uploads\/2020\/05\/Ambaixadora-Cristiana2018_C.jpg?resize=768%2C768&amp;ssl=1 768w, https:\/\/i0.wp.com\/olivamorosicristians.es\/wp-content\/uploads\/2020\/05\/Ambaixadora-Cristiana2018_C.jpg?resize=1536%2C1536&amp;ssl=1 1536w, https:\/\/i0.wp.com\/olivamorosicristians.es\/wp-content\/uploads\/2020\/05\/Ambaixadora-Cristiana2018_C.jpg?resize=340%2C340&amp;ssl=1 340w, https:\/\/i0.wp.com\/olivamorosicristians.es\/wp-content\/uploads\/2020\/05\/Ambaixadora-Cristiana2018_C.jpg?resize=640%2C640&amp;ssl=1 640w, https:\/\/i0.wp.com\/olivamorosicristians.es\/wp-content\/uploads\/2020\/05\/Ambaixadora-Cristiana2018_C.jpg?resize=960%2C960&amp;ssl=1 960w, https:\/\/i0.wp.com\/olivamorosicristians.es\/wp-content\/uploads\/2020\/05\/Ambaixadora-Cristiana2018_C.jpg?resize=1280%2C1280&amp;ssl=1 1280w\" sizes=\"auto, (max-width: 340px) 100vw, 340px\" data-attachment-id=\"9778\" data-permalink=\"https:\/\/olivamorosicristians.es\/es\/ambaixadora-cristiana2018_c\/\" data-orig-file=\"https:\/\/i0.wp.com\/olivamorosicristians.es\/wp-content\/uploads\/2020\/05\/Ambaixadora-Cristiana2018_C.jpg?fit=1944%2C1944&amp;ssl=1\" data-orig-size=\"1944,1944\" data-comments-opened=\"0\" data-image-meta=\"{&quot;aperture&quot;:&quot;4.5&quot;,&quot;credit&quot;:&quot;&quot;,&quot;camera&quot;:&quot;Canon EOS 5D Mark III&quot;,&quot;caption&quot;:&quot;&quot;,&quot;created_timestamp&quot;:&quot;1532121096&quot;,&quot;copyright&quot;:&quot;&quot;,&quot;focal_length&quot;:&quot;115&quot;,&quot;iso&quot;:&quot;800&quot;,&quot;shutter_speed&quot;:&quot;0.005&quot;,&quot;title&quot;:&quot;&quot;,&quot;orientation&quot;:&quot;1&quot;}\" data-image-title=\"Ambaixadora-Cristiana2018_C\" data-image-description=\"\" data-image-caption=\"\" data-large-file=\"https:\/\/i0.wp.com\/olivamorosicristians.es\/wp-content\/uploads\/2020\/05\/Ambaixadora-Cristiana2018_C.jpg?fit=1024%2C1024&amp;ssl=1\" \/>        <\/a>\r\n                <\/div>\r\n                    <div class=\"\">\r\n                                <a href=\"https:\/\/i0.wp.com\/olivamorosicristians.es\/wp-content\/uploads\/2018\/06\/CapitA-2012.jpg?fit=640%2C640&#038;ssl=1\" data-rel=\"lightcase:gallery-7\">\r\n        <img loading=\"lazy\" decoding=\"async\" width=\"340\" height=\"340\" src=\"https:\/\/i0.wp.com\/olivamorosicristians.es\/wp-content\/uploads\/2018\/06\/CapitA-2012.jpg?resize=340%2C340&amp;ssl=1\" class=\"cover-image\" alt=\"Jos\u00e9 Peri\u00f3 Roig - Capit\u00e0 Cristi\u00e0 2012\" srcset=\"https:\/\/i0.wp.com\/olivamorosicristians.es\/wp-content\/uploads\/2018\/06\/CapitA-2012.jpg?w=640&amp;ssl=1 640w, https:\/\/i0.wp.com\/olivamorosicristians.es\/wp-content\/uploads\/2018\/06\/CapitA-2012.jpg?resize=150%2C150&amp;ssl=1 150w, https:\/\/i0.wp.com\/olivamorosicristians.es\/wp-content\/uploads\/2018\/06\/CapitA-2012.jpg?resize=300%2C300&amp;ssl=1 300w, https:\/\/i0.wp.com\/olivamorosicristians.es\/wp-content\/uploads\/2018\/06\/CapitA-2012.jpg?resize=340%2C340&amp;ssl=1 340w\" sizes=\"auto, (max-width: 340px) 100vw, 340px\" data-attachment-id=\"7532\" data-permalink=\"https:\/\/olivamorosicristians.es\/es\/carrecs-festers\/capita-2012\/\" data-orig-file=\"https:\/\/i0.wp.com\/olivamorosicristians.es\/wp-content\/uploads\/2018\/06\/CapitA-2012.jpg?fit=640%2C640&amp;ssl=1\" data-orig-size=\"640,640\" data-comments-opened=\"0\" data-image-meta=\"{&quot;aperture&quot;:&quot;7.1&quot;,&quot;credit&quot;:&quot;&quot;,&quot;camera&quot;:&quot;Canon EOS 7D&quot;,&quot;caption&quot;:&quot;&quot;,&quot;created_timestamp&quot;:&quot;1342822758&quot;,&quot;copyright&quot;:&quot;&quot;,&quot;focal_length&quot;:&quot;50&quot;,&quot;iso&quot;:&quot;1600&quot;,&quot;shutter_speed&quot;:&quot;0.01&quot;,&quot;title&quot;:&quot;&quot;,&quot;orientation&quot;:&quot;1&quot;}\" data-image-title=\"Jos\u00e9 Peri\u00f3 Roig &amp;#8211; Capit\u00e0 Cristi\u00e0 2012\" data-image-description=\"\" data-image-caption=\"\" data-large-file=\"https:\/\/i0.wp.com\/olivamorosicristians.es\/wp-content\/uploads\/2018\/06\/CapitA-2012.jpg?fit=640%2C640&amp;ssl=1\" \/>        <\/a>\r\n                <\/div>\r\n                    <div class=\"\">\r\n                                <a href=\"https:\/\/i0.wp.com\/olivamorosicristians.es\/wp-content\/uploads\/2018\/06\/Ambaixador-2012.jpg?fit=640%2C640&#038;ssl=1\" data-rel=\"lightcase:gallery-7\">\r\n        <img loading=\"lazy\" decoding=\"async\" width=\"340\" height=\"340\" src=\"https:\/\/i0.wp.com\/olivamorosicristians.es\/wp-content\/uploads\/2018\/06\/Ambaixador-2012.jpg?resize=340%2C340&amp;ssl=1\" class=\"cover-image\" alt=\"Jos\u00e9 Mar\u00eda Ram\u00edrez Lorente -Ambaixador Cristi\u00e0 2012\" srcset=\"https:\/\/i0.wp.com\/olivamorosicristians.es\/wp-content\/uploads\/2018\/06\/Ambaixador-2012.jpg?w=640&amp;ssl=1 640w, https:\/\/i0.wp.com\/olivamorosicristians.es\/wp-content\/uploads\/2018\/06\/Ambaixador-2012.jpg?resize=150%2C150&amp;ssl=1 150w, https:\/\/i0.wp.com\/olivamorosicristians.es\/wp-content\/uploads\/2018\/06\/Ambaixador-2012.jpg?resize=300%2C300&amp;ssl=1 300w, https:\/\/i0.wp.com\/olivamorosicristians.es\/wp-content\/uploads\/2018\/06\/Ambaixador-2012.jpg?resize=340%2C340&amp;ssl=1 340w\" sizes=\"auto, (max-width: 340px) 100vw, 340px\" data-attachment-id=\"7529\" data-permalink=\"https:\/\/olivamorosicristians.es\/es\/carrecs-festers\/ambaixador-2012\/\" data-orig-file=\"https:\/\/i0.wp.com\/olivamorosicristians.es\/wp-content\/uploads\/2018\/06\/Ambaixador-2012.jpg?fit=640%2C640&amp;ssl=1\" data-orig-size=\"640,640\" data-comments-opened=\"0\" data-image-meta=\"{&quot;aperture&quot;:&quot;7.1&quot;,&quot;credit&quot;:&quot;&quot;,&quot;camera&quot;:&quot;Canon EOS 7D&quot;,&quot;caption&quot;:&quot;&quot;,&quot;created_timestamp&quot;:&quot;1342821049&quot;,&quot;copyright&quot;:&quot;&quot;,&quot;focal_length&quot;:&quot;42&quot;,&quot;iso&quot;:&quot;1600&quot;,&quot;shutter_speed&quot;:&quot;0.0125&quot;,&quot;title&quot;:&quot;&quot;,&quot;orientation&quot;:&quot;1&quot;}\" data-image-title=\"Jos\u00e9 Mar\u00eda Ram\u00edrez Lorente -Ambaixador Cristi\u00e0 2012\" data-image-description=\"\" data-image-caption=\"\" data-large-file=\"https:\/\/i0.wp.com\/olivamorosicristians.es\/wp-content\/uploads\/2018\/06\/Ambaixador-2012.jpg?fit=640%2C640&amp;ssl=1\" \/>        <\/a>\r\n                <\/div>\r\n                    <div class=\"\">\r\n                                <a href=\"https:\/\/i0.wp.com\/olivamorosicristians.es\/wp-content\/uploads\/2018\/06\/CapitA-2006.jpg?fit=640%2C640&#038;ssl=1\" data-rel=\"lightcase:gallery-7\">\r\n        <img loading=\"lazy\" decoding=\"async\" width=\"340\" height=\"340\" src=\"https:\/\/i0.wp.com\/olivamorosicristians.es\/wp-content\/uploads\/2018\/06\/CapitA-2006.jpg?resize=340%2C340&amp;ssl=1\" class=\"cover-image\" alt=\"Fernando Borr\u00e1s Peris - Capit\u00e0 Cristi\u00e0 2006\" srcset=\"https:\/\/i0.wp.com\/olivamorosicristians.es\/wp-content\/uploads\/2018\/06\/CapitA-2006.jpg?w=640&amp;ssl=1 640w, https:\/\/i0.wp.com\/olivamorosicristians.es\/wp-content\/uploads\/2018\/06\/CapitA-2006.jpg?resize=150%2C150&amp;ssl=1 150w, https:\/\/i0.wp.com\/olivamorosicristians.es\/wp-content\/uploads\/2018\/06\/CapitA-2006.jpg?resize=300%2C300&amp;ssl=1 300w, https:\/\/i0.wp.com\/olivamorosicristians.es\/wp-content\/uploads\/2018\/06\/CapitA-2006.jpg?resize=340%2C340&amp;ssl=1 340w\" sizes=\"auto, (max-width: 340px) 100vw, 340px\" data-attachment-id=\"7531\" data-permalink=\"https:\/\/olivamorosicristians.es\/es\/carrecs-festers\/capita-2006\/\" data-orig-file=\"https:\/\/i0.wp.com\/olivamorosicristians.es\/wp-content\/uploads\/2018\/06\/CapitA-2006.jpg?fit=640%2C640&amp;ssl=1\" data-orig-size=\"640,640\" data-comments-opened=\"0\" data-image-meta=\"{&quot;aperture&quot;:&quot;2.8&quot;,&quot;credit&quot;:&quot;&quot;,&quot;camera&quot;:&quot;Canon EOS 5D&quot;,&quot;caption&quot;:&quot;&quot;,&quot;created_timestamp&quot;:&quot;1153516300&quot;,&quot;copyright&quot;:&quot;&quot;,&quot;focal_length&quot;:&quot;155&quot;,&quot;iso&quot;:&quot;400&quot;,&quot;shutter_speed&quot;:&quot;0.005&quot;,&quot;title&quot;:&quot;&quot;,&quot;orientation&quot;:&quot;1&quot;}\" data-image-title=\"CapitA 2006\" data-image-description=\"\" data-image-caption=\"\" data-large-file=\"https:\/\/i0.wp.com\/olivamorosicristians.es\/wp-content\/uploads\/2018\/06\/CapitA-2006.jpg?fit=640%2C640&amp;ssl=1\" \/>        <\/a>\r\n                <\/div>\r\n                    <div class=\"\">\r\n                                <a href=\"https:\/\/i0.wp.com\/olivamorosicristians.es\/wp-content\/uploads\/2018\/06\/Ambaixador-2006.jpg?fit=640%2C640&#038;ssl=1\" data-rel=\"lightcase:gallery-7\">\r\n        <img loading=\"lazy\" decoding=\"async\" width=\"340\" height=\"340\" src=\"https:\/\/i0.wp.com\/olivamorosicristians.es\/wp-content\/uploads\/2018\/06\/Ambaixador-2006.jpg?resize=340%2C340&amp;ssl=1\" class=\"cover-image\" alt=\"Jos\u00e9 Antonio Esteve Esteve - Ambaixador Cristi\u00e0 2006\" srcset=\"https:\/\/i0.wp.com\/olivamorosicristians.es\/wp-content\/uploads\/2018\/06\/Ambaixador-2006.jpg?w=640&amp;ssl=1 640w, https:\/\/i0.wp.com\/olivamorosicristians.es\/wp-content\/uploads\/2018\/06\/Ambaixador-2006.jpg?resize=150%2C150&amp;ssl=1 150w, https:\/\/i0.wp.com\/olivamorosicristians.es\/wp-content\/uploads\/2018\/06\/Ambaixador-2006.jpg?resize=300%2C300&amp;ssl=1 300w, https:\/\/i0.wp.com\/olivamorosicristians.es\/wp-content\/uploads\/2018\/06\/Ambaixador-2006.jpg?resize=340%2C340&amp;ssl=1 340w\" sizes=\"auto, (max-width: 340px) 100vw, 340px\" data-attachment-id=\"7528\" data-permalink=\"https:\/\/olivamorosicristians.es\/es\/carrecs-festers\/ambaixador-2006\/\" data-orig-file=\"https:\/\/i0.wp.com\/olivamorosicristians.es\/wp-content\/uploads\/2018\/06\/Ambaixador-2006.jpg?fit=640%2C640&amp;ssl=1\" data-orig-size=\"640,640\" data-comments-opened=\"0\" data-image-meta=\"{&quot;aperture&quot;:&quot;2.8&quot;,&quot;credit&quot;:&quot;&quot;,&quot;camera&quot;:&quot;Canon EOS 5D&quot;,&quot;caption&quot;:&quot;&quot;,&quot;created_timestamp&quot;:&quot;1153511889&quot;,&quot;copyright&quot;:&quot;&quot;,&quot;focal_length&quot;:&quot;200&quot;,&quot;iso&quot;:&quot;400&quot;,&quot;shutter_speed&quot;:&quot;0.005&quot;,&quot;title&quot;:&quot;&quot;,&quot;orientation&quot;:&quot;1&quot;}\" data-image-title=\"Jos\u00e9 Antonio Esteve Esteve &amp;#8211; Ambaixador Cristi\u00e0 2006\" data-image-description=\"\" data-image-caption=\"\" data-large-file=\"https:\/\/i0.wp.com\/olivamorosicristians.es\/wp-content\/uploads\/2018\/06\/Ambaixador-2006.jpg?fit=640%2C640&amp;ssl=1\" \/>        <\/a>\r\n                <\/div>\r\n                    <div class=\"\">\r\n                                <a href=\"https:\/\/i0.wp.com\/olivamorosicristians.es\/wp-content\/uploads\/2018\/06\/Capita-Miquel-Serrano-Tur-1996.jpg?fit=640%2C640&#038;ssl=1\" data-rel=\"lightcase:gallery-7\">\r\n        <img loading=\"lazy\" decoding=\"async\" width=\"340\" height=\"340\" src=\"https:\/\/i0.wp.com\/olivamorosicristians.es\/wp-content\/uploads\/2018\/06\/Capita-Miquel-Serrano-Tur-1996.jpg?resize=340%2C340&amp;ssl=1\" class=\"cover-image\" alt=\"Miquel Serrano Tur - Capit\u00e0 Cristi\u00e0 1996\" srcset=\"https:\/\/i0.wp.com\/olivamorosicristians.es\/wp-content\/uploads\/2018\/06\/Capita-Miquel-Serrano-Tur-1996.jpg?w=640&amp;ssl=1 640w, https:\/\/i0.wp.com\/olivamorosicristians.es\/wp-content\/uploads\/2018\/06\/Capita-Miquel-Serrano-Tur-1996.jpg?resize=150%2C150&amp;ssl=1 150w, https:\/\/i0.wp.com\/olivamorosicristians.es\/wp-content\/uploads\/2018\/06\/Capita-Miquel-Serrano-Tur-1996.jpg?resize=300%2C300&amp;ssl=1 300w, https:\/\/i0.wp.com\/olivamorosicristians.es\/wp-content\/uploads\/2018\/06\/Capita-Miquel-Serrano-Tur-1996.jpg?resize=340%2C340&amp;ssl=1 340w\" sizes=\"auto, (max-width: 340px) 100vw, 340px\" data-attachment-id=\"7533\" data-permalink=\"https:\/\/olivamorosicristians.es\/es\/carrecs-festers\/capita-miquel-serrano-tur-1996\/\" data-orig-file=\"https:\/\/i0.wp.com\/olivamorosicristians.es\/wp-content\/uploads\/2018\/06\/Capita-Miquel-Serrano-Tur-1996.jpg?fit=640%2C640&amp;ssl=1\" data-orig-size=\"640,640\" data-comments-opened=\"0\" data-image-meta=\"{&quot;aperture&quot;:&quot;0&quot;,&quot;credit&quot;:&quot;&quot;,&quot;camera&quot;:&quot;&quot;,&quot;caption&quot;:&quot;&quot;,&quot;created_timestamp&quot;:&quot;0&quot;,&quot;copyright&quot;:&quot;&quot;,&quot;focal_length&quot;:&quot;0&quot;,&quot;iso&quot;:&quot;0&quot;,&quot;shutter_speed&quot;:&quot;0&quot;,&quot;title&quot;:&quot;&quot;,&quot;orientation&quot;:&quot;1&quot;}\" data-image-title=\"Capita Miquel Serrano Tur 1996\" data-image-description=\"\" data-image-caption=\"\" data-large-file=\"https:\/\/i0.wp.com\/olivamorosicristians.es\/wp-content\/uploads\/2018\/06\/Capita-Miquel-Serrano-Tur-1996.jpg?fit=640%2C640&amp;ssl=1\" \/>        <\/a>\r\n                <\/div>\r\n                    <div class=\"\">\r\n                                <a href=\"https:\/\/i0.wp.com\/olivamorosicristians.es\/wp-content\/uploads\/2018\/06\/Ambaixador-Alfredo-Bertomeu-Navarro-1996.jpg?fit=640%2C640&#038;ssl=1\" data-rel=\"lightcase:gallery-7\">\r\n        <img loading=\"lazy\" decoding=\"async\" width=\"340\" height=\"340\" src=\"https:\/\/i0.wp.com\/olivamorosicristians.es\/wp-content\/uploads\/2018\/06\/Ambaixador-Alfredo-Bertomeu-Navarro-1996.jpg?resize=340%2C340&amp;ssl=1\" class=\"cover-image\" alt=\"Alfredo Bertomeu Navarro - Ambaixador Cristi\u00e0 1996\" srcset=\"https:\/\/i0.wp.com\/olivamorosicristians.es\/wp-content\/uploads\/2018\/06\/Ambaixador-Alfredo-Bertomeu-Navarro-1996.jpg?w=640&amp;ssl=1 640w, https:\/\/i0.wp.com\/olivamorosicristians.es\/wp-content\/uploads\/2018\/06\/Ambaixador-Alfredo-Bertomeu-Navarro-1996.jpg?resize=150%2C150&amp;ssl=1 150w, https:\/\/i0.wp.com\/olivamorosicristians.es\/wp-content\/uploads\/2018\/06\/Ambaixador-Alfredo-Bertomeu-Navarro-1996.jpg?resize=300%2C300&amp;ssl=1 300w, https:\/\/i0.wp.com\/olivamorosicristians.es\/wp-content\/uploads\/2018\/06\/Ambaixador-Alfredo-Bertomeu-Navarro-1996.jpg?resize=340%2C340&amp;ssl=1 340w\" sizes=\"auto, (max-width: 340px) 100vw, 340px\" data-attachment-id=\"7530\" data-permalink=\"https:\/\/olivamorosicristians.es\/es\/carrecs-festers\/ambaixador-alfredo-bertomeu-navarro-1996\/\" data-orig-file=\"https:\/\/i0.wp.com\/olivamorosicristians.es\/wp-content\/uploads\/2018\/06\/Ambaixador-Alfredo-Bertomeu-Navarro-1996.jpg?fit=640%2C640&amp;ssl=1\" data-orig-size=\"640,640\" data-comments-opened=\"0\" data-image-meta=\"{&quot;aperture&quot;:&quot;0&quot;,&quot;credit&quot;:&quot;&quot;,&quot;camera&quot;:&quot;&quot;,&quot;caption&quot;:&quot;&quot;,&quot;created_timestamp&quot;:&quot;0&quot;,&quot;copyright&quot;:&quot;&quot;,&quot;focal_length&quot;:&quot;0&quot;,&quot;iso&quot;:&quot;0&quot;,&quot;shutter_speed&quot;:&quot;0&quot;,&quot;title&quot;:&quot;&quot;,&quot;orientation&quot;:&quot;1&quot;}\" data-image-title=\"Ambaixador Alfredo Bertomeu Navarro 1996\" data-image-description=\"\" data-image-caption=\"\" data-large-file=\"https:\/\/i0.wp.com\/olivamorosicristians.es\/wp-content\/uploads\/2018\/06\/Ambaixador-Alfredo-Bertomeu-Navarro-1996.jpg?fit=640%2C640&amp;ssl=1\" \/>        <\/a>\r\n                <\/div>\r\n        <\/div>\r\n<\/div><div class=\"w-space\" style=\"height:50px\"><\/div><div class=\"w-heading heading-7 text-center\">\r\n             \r\n    <h3 class=\"heading-title\">Filada Marr\u00e0queix<\/h3>            <\/div><div class=\"w-image-gallery w-slider\">\r\n    <div class=\"owl-carousel\" data-items=\"8\" data-navigation=\"true\" data-pagination=\"true\" data-loop=\"false\" data-auto-play=\"false\">\r\n                    <div class=\"\">\r\n                                <a href=\"https:\/\/i0.wp.com\/olivamorosicristians.es\/wp-content\/uploads\/2020\/04\/Capita_2018_640px.jpg?fit=640%2C640&#038;ssl=1\" data-rel=\"lightcase:gallery-17\">\r\n        <img loading=\"lazy\" decoding=\"async\" width=\"340\" height=\"340\" src=\"https:\/\/i0.wp.com\/olivamorosicristians.es\/wp-content\/uploads\/2020\/04\/Capita_2018_640px.jpg?resize=340%2C340&amp;ssl=1\" class=\"cover-image\" alt=\"Vicente Tercero Gea - Capit\u00e0 Moro 2018\" srcset=\"https:\/\/i0.wp.com\/olivamorosicristians.es\/wp-content\/uploads\/2020\/04\/Capita_2018_640px.jpg?w=640&amp;ssl=1 640w, https:\/\/i0.wp.com\/olivamorosicristians.es\/wp-content\/uploads\/2020\/04\/Capita_2018_640px.jpg?resize=300%2C300&amp;ssl=1 300w, https:\/\/i0.wp.com\/olivamorosicristians.es\/wp-content\/uploads\/2020\/04\/Capita_2018_640px.jpg?resize=150%2C150&amp;ssl=1 150w, https:\/\/i0.wp.com\/olivamorosicristians.es\/wp-content\/uploads\/2020\/04\/Capita_2018_640px.jpg?resize=340%2C340&amp;ssl=1 340w\" sizes=\"auto, (max-width: 340px) 100vw, 340px\" data-attachment-id=\"9691\" data-permalink=\"https:\/\/olivamorosicristians.es\/es\/carrecs-festers\/capita_2018_640px\/\" data-orig-file=\"https:\/\/i0.wp.com\/olivamorosicristians.es\/wp-content\/uploads\/2020\/04\/Capita_2018_640px.jpg?fit=640%2C640&amp;ssl=1\" data-orig-size=\"640,640\" data-comments-opened=\"0\" data-image-meta=\"{&quot;aperture&quot;:&quot;4&quot;,&quot;credit&quot;:&quot;&quot;,&quot;camera&quot;:&quot;Canon EOS 5D Mark II&quot;,&quot;caption&quot;:&quot;&quot;,&quot;created_timestamp&quot;:&quot;1532213570&quot;,&quot;copyright&quot;:&quot;&quot;,&quot;focal_length&quot;:&quot;200&quot;,&quot;iso&quot;:&quot;1600&quot;,&quot;shutter_speed&quot;:&quot;0.005&quot;,&quot;title&quot;:&quot;&quot;,&quot;orientation&quot;:&quot;1&quot;}\" data-image-title=\"Capita_2018_640px\" data-image-description=\"\" data-image-caption=\"\" data-large-file=\"https:\/\/i0.wp.com\/olivamorosicristians.es\/wp-content\/uploads\/2020\/04\/Capita_2018_640px.jpg?fit=640%2C640&amp;ssl=1\" \/>        <\/a>\r\n                <\/div>\r\n                    <div class=\"\">\r\n                                <a href=\"https:\/\/i0.wp.com\/olivamorosicristians.es\/wp-content\/uploads\/2020\/04\/Ambaixador_2018_640px.jpg?fit=640%2C640&#038;ssl=1\" data-rel=\"lightcase:gallery-17\">\r\n        <img loading=\"lazy\" decoding=\"async\" width=\"340\" height=\"340\" src=\"https:\/\/i0.wp.com\/olivamorosicristians.es\/wp-content\/uploads\/2020\/04\/Ambaixador_2018_640px.jpg?resize=340%2C340&amp;ssl=1\" class=\"cover-image\" alt=\"Vicent Roig Tom\u00e1s - Ambaixador Moro 2018\" srcset=\"https:\/\/i0.wp.com\/olivamorosicristians.es\/wp-content\/uploads\/2020\/04\/Ambaixador_2018_640px.jpg?w=640&amp;ssl=1 640w, https:\/\/i0.wp.com\/olivamorosicristians.es\/wp-content\/uploads\/2020\/04\/Ambaixador_2018_640px.jpg?resize=300%2C300&amp;ssl=1 300w, https:\/\/i0.wp.com\/olivamorosicristians.es\/wp-content\/uploads\/2020\/04\/Ambaixador_2018_640px.jpg?resize=150%2C150&amp;ssl=1 150w, https:\/\/i0.wp.com\/olivamorosicristians.es\/wp-content\/uploads\/2020\/04\/Ambaixador_2018_640px.jpg?resize=340%2C340&amp;ssl=1 340w\" sizes=\"auto, (max-width: 340px) 100vw, 340px\" data-attachment-id=\"9690\" data-permalink=\"https:\/\/olivamorosicristians.es\/es\/carrecs-festers\/ambaixador_2018_640px\/\" data-orig-file=\"https:\/\/i0.wp.com\/olivamorosicristians.es\/wp-content\/uploads\/2020\/04\/Ambaixador_2018_640px.jpg?fit=640%2C640&amp;ssl=1\" data-orig-size=\"640,640\" data-comments-opened=\"0\" data-image-meta=\"{&quot;aperture&quot;:&quot;2.5&quot;,&quot;credit&quot;:&quot;&quot;,&quot;camera&quot;:&quot;Canon EOS 5D Mark III&quot;,&quot;caption&quot;:&quot;&quot;,&quot;created_timestamp&quot;:&quot;1532210221&quot;,&quot;copyright&quot;:&quot;&quot;,&quot;focal_length&quot;:&quot;50&quot;,&quot;iso&quot;:&quot;1600&quot;,&quot;shutter_speed&quot;:&quot;0.008&quot;,&quot;title&quot;:&quot;&quot;,&quot;orientation&quot;:&quot;1&quot;}\" data-image-title=\"Ambaixador_2018_640px\" data-image-description=\"\" data-image-caption=\"\" data-large-file=\"https:\/\/i0.wp.com\/olivamorosicristians.es\/wp-content\/uploads\/2020\/04\/Ambaixador_2018_640px.jpg?fit=640%2C640&amp;ssl=1\" \/>        <\/a>\r\n                <\/div>\r\n                    <div class=\"\">\r\n                                <a href=\"https:\/\/i0.wp.com\/olivamorosicristians.es\/wp-content\/uploads\/2018\/07\/Vicent-Sanchis-Mena.jpg?fit=640%2C640&#038;ssl=1\" data-rel=\"lightcase:gallery-17\">\r\n        <img loading=\"lazy\" decoding=\"async\" width=\"340\" height=\"340\" src=\"https:\/\/i0.wp.com\/olivamorosicristians.es\/wp-content\/uploads\/2018\/07\/Vicent-Sanchis-Mena.jpg?resize=340%2C340&amp;ssl=1\" class=\"cover-image\" alt=\"Vicente Sanchis Mena - Capit\u00e0 Moro 2012\" srcset=\"https:\/\/i0.wp.com\/olivamorosicristians.es\/wp-content\/uploads\/2018\/07\/Vicent-Sanchis-Mena.jpg?w=640&amp;ssl=1 640w, https:\/\/i0.wp.com\/olivamorosicristians.es\/wp-content\/uploads\/2018\/07\/Vicent-Sanchis-Mena.jpg?resize=150%2C150&amp;ssl=1 150w, https:\/\/i0.wp.com\/olivamorosicristians.es\/wp-content\/uploads\/2018\/07\/Vicent-Sanchis-Mena.jpg?resize=300%2C300&amp;ssl=1 300w, https:\/\/i0.wp.com\/olivamorosicristians.es\/wp-content\/uploads\/2018\/07\/Vicent-Sanchis-Mena.jpg?resize=340%2C340&amp;ssl=1 340w\" sizes=\"auto, (max-width: 340px) 100vw, 340px\" data-attachment-id=\"8681\" data-permalink=\"https:\/\/olivamorosicristians.es\/es\/carrecs-festers\/vicent-sanchis-mena\/\" data-orig-file=\"https:\/\/i0.wp.com\/olivamorosicristians.es\/wp-content\/uploads\/2018\/07\/Vicent-Sanchis-Mena.jpg?fit=640%2C640&amp;ssl=1\" data-orig-size=\"640,640\" data-comments-opened=\"0\" data-image-meta=\"{&quot;aperture&quot;:&quot;0&quot;,&quot;credit&quot;:&quot;&quot;,&quot;camera&quot;:&quot;&quot;,&quot;caption&quot;:&quot;&quot;,&quot;created_timestamp&quot;:&quot;0&quot;,&quot;copyright&quot;:&quot;&quot;,&quot;focal_length&quot;:&quot;0&quot;,&quot;iso&quot;:&quot;0&quot;,&quot;shutter_speed&quot;:&quot;0&quot;,&quot;title&quot;:&quot;&quot;,&quot;orientation&quot;:&quot;1&quot;}\" data-image-title=\"Vicent Sanchis Mena\" data-image-description=\"\" data-image-caption=\"\" data-large-file=\"https:\/\/i0.wp.com\/olivamorosicristians.es\/wp-content\/uploads\/2018\/07\/Vicent-Sanchis-Mena.jpg?fit=640%2C640&amp;ssl=1\" \/>        <\/a>\r\n                <\/div>\r\n                    <div class=\"\">\r\n                                <a href=\"https:\/\/i0.wp.com\/olivamorosicristians.es\/wp-content\/uploads\/2018\/07\/Mara-Sanchis-Ferre.jpg?fit=640%2C640&#038;ssl=1\" data-rel=\"lightcase:gallery-17\">\r\n        <img loading=\"lazy\" decoding=\"async\" width=\"340\" height=\"340\" src=\"https:\/\/i0.wp.com\/olivamorosicristians.es\/wp-content\/uploads\/2018\/07\/Mara-Sanchis-Ferre.jpg?resize=340%2C340&amp;ssl=1\" class=\"cover-image\" alt=\"Mara Sanchis Ferre - Ambaixadora Mora 2012\" srcset=\"https:\/\/i0.wp.com\/olivamorosicristians.es\/wp-content\/uploads\/2018\/07\/Mara-Sanchis-Ferre.jpg?w=640&amp;ssl=1 640w, https:\/\/i0.wp.com\/olivamorosicristians.es\/wp-content\/uploads\/2018\/07\/Mara-Sanchis-Ferre.jpg?resize=150%2C150&amp;ssl=1 150w, https:\/\/i0.wp.com\/olivamorosicristians.es\/wp-content\/uploads\/2018\/07\/Mara-Sanchis-Ferre.jpg?resize=300%2C300&amp;ssl=1 300w, https:\/\/i0.wp.com\/olivamorosicristians.es\/wp-content\/uploads\/2018\/07\/Mara-Sanchis-Ferre.jpg?resize=340%2C340&amp;ssl=1 340w\" sizes=\"auto, (max-width: 340px) 100vw, 340px\" data-attachment-id=\"8680\" data-permalink=\"https:\/\/olivamorosicristians.es\/es\/carrecs-festers\/mara-sanchis-ferre\/\" data-orig-file=\"https:\/\/i0.wp.com\/olivamorosicristians.es\/wp-content\/uploads\/2018\/07\/Mara-Sanchis-Ferre.jpg?fit=640%2C640&amp;ssl=1\" data-orig-size=\"640,640\" data-comments-opened=\"0\" data-image-meta=\"{&quot;aperture&quot;:&quot;0&quot;,&quot;credit&quot;:&quot;&quot;,&quot;camera&quot;:&quot;&quot;,&quot;caption&quot;:&quot;&quot;,&quot;created_timestamp&quot;:&quot;0&quot;,&quot;copyright&quot;:&quot;&quot;,&quot;focal_length&quot;:&quot;0&quot;,&quot;iso&quot;:&quot;0&quot;,&quot;shutter_speed&quot;:&quot;0&quot;,&quot;title&quot;:&quot;&quot;,&quot;orientation&quot;:&quot;1&quot;}\" data-image-title=\"Mara Sanchis Ferre\" data-image-description=\"\" data-image-caption=\"\" data-large-file=\"https:\/\/i0.wp.com\/olivamorosicristians.es\/wp-content\/uploads\/2018\/07\/Mara-Sanchis-Ferre.jpg?fit=640%2C640&amp;ssl=1\" \/>        <\/a>\r\n                <\/div>\r\n                    <div class=\"\">\r\n                                <a href=\"https:\/\/i0.wp.com\/olivamorosicristians.es\/wp-content\/uploads\/2018\/07\/AlvaroCapita.png?fit=640%2C640&#038;ssl=1\" data-rel=\"lightcase:gallery-17\">\r\n        <img loading=\"lazy\" decoding=\"async\" width=\"340\" height=\"340\" src=\"https:\/\/i0.wp.com\/olivamorosicristians.es\/wp-content\/uploads\/2018\/07\/AlvaroCapita.png?resize=340%2C340&amp;ssl=1\" class=\"cover-image\" alt=\"Alvaro Rodr\u00edguez Boluda - Capit\u00e0 Moro 2006\" srcset=\"https:\/\/i0.wp.com\/olivamorosicristians.es\/wp-content\/uploads\/2018\/07\/AlvaroCapita.png?w=640&amp;ssl=1 640w, https:\/\/i0.wp.com\/olivamorosicristians.es\/wp-content\/uploads\/2018\/07\/AlvaroCapita.png?resize=150%2C150&amp;ssl=1 150w, https:\/\/i0.wp.com\/olivamorosicristians.es\/wp-content\/uploads\/2018\/07\/AlvaroCapita.png?resize=300%2C300&amp;ssl=1 300w, https:\/\/i0.wp.com\/olivamorosicristians.es\/wp-content\/uploads\/2018\/07\/AlvaroCapita.png?resize=340%2C340&amp;ssl=1 340w\" sizes=\"auto, (max-width: 340px) 100vw, 340px\" data-attachment-id=\"8995\" data-permalink=\"https:\/\/olivamorosicristians.es\/es\/alvarocapita\/\" data-orig-file=\"https:\/\/i0.wp.com\/olivamorosicristians.es\/wp-content\/uploads\/2018\/07\/AlvaroCapita.png?fit=640%2C640&amp;ssl=1\" data-orig-size=\"640,640\" data-comments-opened=\"0\" data-image-meta=\"{&quot;aperture&quot;:&quot;0&quot;,&quot;credit&quot;:&quot;&quot;,&quot;camera&quot;:&quot;&quot;,&quot;caption&quot;:&quot;&quot;,&quot;created_timestamp&quot;:&quot;0&quot;,&quot;copyright&quot;:&quot;&quot;,&quot;focal_length&quot;:&quot;0&quot;,&quot;iso&quot;:&quot;0&quot;,&quot;shutter_speed&quot;:&quot;0&quot;,&quot;title&quot;:&quot;&quot;,&quot;orientation&quot;:&quot;0&quot;}\" data-image-title=\"AlvaroCapita\" data-image-description=\"\" data-image-caption=\"\" data-large-file=\"https:\/\/i0.wp.com\/olivamorosicristians.es\/wp-content\/uploads\/2018\/07\/AlvaroCapita.png?fit=640%2C640&amp;ssl=1\" \/>        <\/a>\r\n                <\/div>\r\n                    <div class=\"\">\r\n                                <a href=\"https:\/\/i0.wp.com\/olivamorosicristians.es\/wp-content\/uploads\/2018\/07\/AlvaroAmbaixador.png?fit=640%2C640&#038;ssl=1\" data-rel=\"lightcase:gallery-17\">\r\n        <img loading=\"lazy\" decoding=\"async\" width=\"340\" height=\"340\" src=\"https:\/\/i0.wp.com\/olivamorosicristians.es\/wp-content\/uploads\/2018\/07\/AlvaroAmbaixador.png?resize=340%2C340&amp;ssl=1\" class=\"cover-image\" alt=\"Alvaro Rodr\u00edguez Moncho - Ambaixador Moro 2006\" srcset=\"https:\/\/i0.wp.com\/olivamorosicristians.es\/wp-content\/uploads\/2018\/07\/AlvaroAmbaixador.png?w=640&amp;ssl=1 640w, https:\/\/i0.wp.com\/olivamorosicristians.es\/wp-content\/uploads\/2018\/07\/AlvaroAmbaixador.png?resize=150%2C150&amp;ssl=1 150w, https:\/\/i0.wp.com\/olivamorosicristians.es\/wp-content\/uploads\/2018\/07\/AlvaroAmbaixador.png?resize=300%2C300&amp;ssl=1 300w, https:\/\/i0.wp.com\/olivamorosicristians.es\/wp-content\/uploads\/2018\/07\/AlvaroAmbaixador.png?resize=340%2C340&amp;ssl=1 340w\" sizes=\"auto, (max-width: 340px) 100vw, 340px\" data-attachment-id=\"8994\" data-permalink=\"https:\/\/olivamorosicristians.es\/es\/alvaroambaixador\/\" data-orig-file=\"https:\/\/i0.wp.com\/olivamorosicristians.es\/wp-content\/uploads\/2018\/07\/AlvaroAmbaixador.png?fit=640%2C640&amp;ssl=1\" data-orig-size=\"640,640\" data-comments-opened=\"0\" data-image-meta=\"{&quot;aperture&quot;:&quot;0&quot;,&quot;credit&quot;:&quot;&quot;,&quot;camera&quot;:&quot;&quot;,&quot;caption&quot;:&quot;&quot;,&quot;created_timestamp&quot;:&quot;0&quot;,&quot;copyright&quot;:&quot;&quot;,&quot;focal_length&quot;:&quot;0&quot;,&quot;iso&quot;:&quot;0&quot;,&quot;shutter_speed&quot;:&quot;0&quot;,&quot;title&quot;:&quot;&quot;,&quot;orientation&quot;:&quot;0&quot;}\" data-image-title=\"AlvaroAmbaixador\" data-image-description=\"\" data-image-caption=\"\" data-large-file=\"https:\/\/i0.wp.com\/olivamorosicristians.es\/wp-content\/uploads\/2018\/07\/AlvaroAmbaixador.png?fit=640%2C640&amp;ssl=1\" \/>        <\/a>\r\n                <\/div>\r\n                    <div class=\"\">\r\n                                <a href=\"https:\/\/i0.wp.com\/olivamorosicristians.es\/wp-content\/uploads\/2018\/06\/Vicent-Mascarell.jpg?fit=640%2C640&#038;ssl=1\" data-rel=\"lightcase:gallery-17\">\r\n        <img loading=\"lazy\" decoding=\"async\" width=\"340\" height=\"340\" src=\"https:\/\/i0.wp.com\/olivamorosicristians.es\/wp-content\/uploads\/2018\/06\/Vicent-Mascarell.jpg?resize=340%2C340&amp;ssl=1\" class=\"cover-image\" alt=\"Vicent Mascarell Estruch - Capit\u00e0 Moro 2001\" srcset=\"https:\/\/i0.wp.com\/olivamorosicristians.es\/wp-content\/uploads\/2018\/06\/Vicent-Mascarell.jpg?w=640&amp;ssl=1 640w, https:\/\/i0.wp.com\/olivamorosicristians.es\/wp-content\/uploads\/2018\/06\/Vicent-Mascarell.jpg?resize=150%2C150&amp;ssl=1 150w, https:\/\/i0.wp.com\/olivamorosicristians.es\/wp-content\/uploads\/2018\/06\/Vicent-Mascarell.jpg?resize=300%2C300&amp;ssl=1 300w, https:\/\/i0.wp.com\/olivamorosicristians.es\/wp-content\/uploads\/2018\/06\/Vicent-Mascarell.jpg?resize=340%2C340&amp;ssl=1 340w\" sizes=\"auto, (max-width: 340px) 100vw, 340px\" data-attachment-id=\"8194\" data-permalink=\"https:\/\/olivamorosicristians.es\/es\/carrecs-festers\/vicent-mascarell\/\" data-orig-file=\"https:\/\/i0.wp.com\/olivamorosicristians.es\/wp-content\/uploads\/2018\/06\/Vicent-Mascarell.jpg?fit=640%2C640&amp;ssl=1\" data-orig-size=\"640,640\" data-comments-opened=\"0\" data-image-meta=\"{&quot;aperture&quot;:&quot;0&quot;,&quot;credit&quot;:&quot;&quot;,&quot;camera&quot;:&quot;&quot;,&quot;caption&quot;:&quot;&quot;,&quot;created_timestamp&quot;:&quot;0&quot;,&quot;copyright&quot;:&quot;&quot;,&quot;focal_length&quot;:&quot;0&quot;,&quot;iso&quot;:&quot;0&quot;,&quot;shutter_speed&quot;:&quot;0&quot;,&quot;title&quot;:&quot;&quot;,&quot;orientation&quot;:&quot;1&quot;}\" data-image-title=\"Vicent Mascarell\" data-image-description=\"\" data-image-caption=\"\" data-large-file=\"https:\/\/i0.wp.com\/olivamorosicristians.es\/wp-content\/uploads\/2018\/06\/Vicent-Mascarell.jpg?fit=640%2C640&amp;ssl=1\" \/>        <\/a>\r\n                <\/div>\r\n                    <div class=\"\">\r\n                                <a href=\"https:\/\/i0.wp.com\/olivamorosicristians.es\/wp-content\/uploads\/2018\/06\/Toni-Esteve.jpg?fit=640%2C640&#038;ssl=1\" data-rel=\"lightcase:gallery-17\">\r\n        <img loading=\"lazy\" decoding=\"async\" width=\"340\" height=\"340\" src=\"https:\/\/i0.wp.com\/olivamorosicristians.es\/wp-content\/uploads\/2018\/06\/Toni-Esteve.jpg?resize=340%2C340&amp;ssl=1\" class=\"cover-image\" alt=\"Toni Esteve Blai - Ambaixador Moro 2001\" srcset=\"https:\/\/i0.wp.com\/olivamorosicristians.es\/wp-content\/uploads\/2018\/06\/Toni-Esteve.jpg?w=640&amp;ssl=1 640w, https:\/\/i0.wp.com\/olivamorosicristians.es\/wp-content\/uploads\/2018\/06\/Toni-Esteve.jpg?resize=150%2C150&amp;ssl=1 150w, https:\/\/i0.wp.com\/olivamorosicristians.es\/wp-content\/uploads\/2018\/06\/Toni-Esteve.jpg?resize=300%2C300&amp;ssl=1 300w, https:\/\/i0.wp.com\/olivamorosicristians.es\/wp-content\/uploads\/2018\/06\/Toni-Esteve.jpg?resize=340%2C340&amp;ssl=1 340w\" sizes=\"auto, (max-width: 340px) 100vw, 340px\" data-attachment-id=\"8195\" data-permalink=\"https:\/\/olivamorosicristians.es\/es\/carrecs-festers\/toni-esteve\/\" data-orig-file=\"https:\/\/i0.wp.com\/olivamorosicristians.es\/wp-content\/uploads\/2018\/06\/Toni-Esteve.jpg?fit=640%2C640&amp;ssl=1\" data-orig-size=\"640,640\" data-comments-opened=\"0\" data-image-meta=\"{&quot;aperture&quot;:&quot;0&quot;,&quot;credit&quot;:&quot;&quot;,&quot;camera&quot;:&quot;&quot;,&quot;caption&quot;:&quot;&quot;,&quot;created_timestamp&quot;:&quot;0&quot;,&quot;copyright&quot;:&quot;&quot;,&quot;focal_length&quot;:&quot;0&quot;,&quot;iso&quot;:&quot;0&quot;,&quot;shutter_speed&quot;:&quot;0&quot;,&quot;title&quot;:&quot;&quot;,&quot;orientation&quot;:&quot;1&quot;}\" data-image-title=\"Toni Esteve\" data-image-description=\"\" data-image-caption=\"\" data-large-file=\"https:\/\/i0.wp.com\/olivamorosicristians.es\/wp-content\/uploads\/2018\/06\/Toni-Esteve.jpg?fit=640%2C640&amp;ssl=1\" \/>        <\/a>\r\n                <\/div>\r\n                    <div class=\"\">\r\n                                <a href=\"https:\/\/i0.wp.com\/olivamorosicristians.es\/wp-content\/uploads\/2018\/07\/Manolo-Arnal-Bertomeu.jpg?fit=640%2C640&#038;ssl=1\" data-rel=\"lightcase:gallery-17\">\r\n        <img loading=\"lazy\" decoding=\"async\" width=\"340\" height=\"340\" src=\"https:\/\/i0.wp.com\/olivamorosicristians.es\/wp-content\/uploads\/2018\/07\/Manolo-Arnal-Bertomeu.jpg?resize=340%2C340&amp;ssl=1\" class=\"cover-image\" alt=\"Manolo Arnal Bertomeu - Capit\u00e0 Moro 1996\" srcset=\"https:\/\/i0.wp.com\/olivamorosicristians.es\/wp-content\/uploads\/2018\/07\/Manolo-Arnal-Bertomeu.jpg?w=640&amp;ssl=1 640w, https:\/\/i0.wp.com\/olivamorosicristians.es\/wp-content\/uploads\/2018\/07\/Manolo-Arnal-Bertomeu.jpg?resize=150%2C150&amp;ssl=1 150w, https:\/\/i0.wp.com\/olivamorosicristians.es\/wp-content\/uploads\/2018\/07\/Manolo-Arnal-Bertomeu.jpg?resize=300%2C300&amp;ssl=1 300w, https:\/\/i0.wp.com\/olivamorosicristians.es\/wp-content\/uploads\/2018\/07\/Manolo-Arnal-Bertomeu.jpg?resize=340%2C340&amp;ssl=1 340w\" sizes=\"auto, (max-width: 340px) 100vw, 340px\" data-attachment-id=\"8679\" data-permalink=\"https:\/\/olivamorosicristians.es\/es\/carrecs-festers\/manolo-arnal-bertomeu\/\" data-orig-file=\"https:\/\/i0.wp.com\/olivamorosicristians.es\/wp-content\/uploads\/2018\/07\/Manolo-Arnal-Bertomeu.jpg?fit=640%2C640&amp;ssl=1\" data-orig-size=\"640,640\" data-comments-opened=\"0\" data-image-meta=\"{&quot;aperture&quot;:&quot;0&quot;,&quot;credit&quot;:&quot;&quot;,&quot;camera&quot;:&quot;Canon MP250 series&quot;,&quot;caption&quot;:&quot;&quot;,&quot;created_timestamp&quot;:&quot;1530556350&quot;,&quot;copyright&quot;:&quot;&quot;,&quot;focal_length&quot;:&quot;0&quot;,&quot;iso&quot;:&quot;0&quot;,&quot;shutter_speed&quot;:&quot;0&quot;,&quot;title&quot;:&quot;&quot;,&quot;orientation&quot;:&quot;1&quot;}\" data-image-title=\"Manolo Arnal Bertomeu\" data-image-description=\"\" data-image-caption=\"\" data-large-file=\"https:\/\/i0.wp.com\/olivamorosicristians.es\/wp-content\/uploads\/2018\/07\/Manolo-Arnal-Bertomeu.jpg?fit=640%2C640&amp;ssl=1\" \/>        <\/a>\r\n                <\/div>\r\n                    <div class=\"\">\r\n                                <a href=\"https:\/\/i0.wp.com\/olivamorosicristians.es\/wp-content\/uploads\/2018\/07\/Jose-Luis-Llorca.jpg?fit=640%2C640&#038;ssl=1\" data-rel=\"lightcase:gallery-17\">\r\n        <img loading=\"lazy\" decoding=\"async\" width=\"340\" height=\"340\" src=\"https:\/\/i0.wp.com\/olivamorosicristians.es\/wp-content\/uploads\/2018\/07\/Jose-Luis-Llorca.jpg?resize=340%2C340&amp;ssl=1\" class=\"cover-image\" alt=\"Jos\u00e9 Luis Llorca Chorro - Ambaixador Moro 1996\" srcset=\"https:\/\/i0.wp.com\/olivamorosicristians.es\/wp-content\/uploads\/2018\/07\/Jose-Luis-Llorca.jpg?w=640&amp;ssl=1 640w, https:\/\/i0.wp.com\/olivamorosicristians.es\/wp-content\/uploads\/2018\/07\/Jose-Luis-Llorca.jpg?resize=150%2C150&amp;ssl=1 150w, https:\/\/i0.wp.com\/olivamorosicristians.es\/wp-content\/uploads\/2018\/07\/Jose-Luis-Llorca.jpg?resize=300%2C300&amp;ssl=1 300w, https:\/\/i0.wp.com\/olivamorosicristians.es\/wp-content\/uploads\/2018\/07\/Jose-Luis-Llorca.jpg?resize=340%2C340&amp;ssl=1 340w\" sizes=\"auto, (max-width: 340px) 100vw, 340px\" data-attachment-id=\"8678\" data-permalink=\"https:\/\/olivamorosicristians.es\/es\/carrecs-festers\/jose-luis-llorca-2\/\" data-orig-file=\"https:\/\/i0.wp.com\/olivamorosicristians.es\/wp-content\/uploads\/2018\/07\/Jose-Luis-Llorca.jpg?fit=640%2C640&amp;ssl=1\" data-orig-size=\"640,640\" data-comments-opened=\"0\" data-image-meta=\"{&quot;aperture&quot;:&quot;0&quot;,&quot;credit&quot;:&quot;&quot;,&quot;camera&quot;:&quot;Canon MP250 series&quot;,&quot;caption&quot;:&quot;&quot;,&quot;created_timestamp&quot;:&quot;1530556536&quot;,&quot;copyright&quot;:&quot;&quot;,&quot;focal_length&quot;:&quot;0&quot;,&quot;iso&quot;:&quot;0&quot;,&quot;shutter_speed&quot;:&quot;0&quot;,&quot;title&quot;:&quot;&quot;,&quot;orientation&quot;:&quot;1&quot;}\" data-image-title=\"Jose Luis Llorca\" data-image-description=\"\" data-image-caption=\"\" data-large-file=\"https:\/\/i0.wp.com\/olivamorosicristians.es\/wp-content\/uploads\/2018\/07\/Jose-Luis-Llorca.jpg?fit=640%2C640&amp;ssl=1\" \/>        <\/a>\r\n                <\/div>\r\n                    <div class=\"\">\r\n                                <a href=\"https:\/\/i0.wp.com\/olivamorosicristians.es\/wp-content\/uploads\/2018\/06\/Vicent-Roig.jpg?fit=640%2C640&#038;ssl=1\" data-rel=\"lightcase:gallery-17\">\r\n        <img loading=\"lazy\" decoding=\"async\" width=\"340\" height=\"340\" src=\"https:\/\/i0.wp.com\/olivamorosicristians.es\/wp-content\/uploads\/2018\/06\/Vicent-Roig.jpg?resize=340%2C340&amp;ssl=1\" class=\"cover-image\" alt=\"Vicent Roig Tom\u00e1s - Capit\u00e0 Moro 1992\" srcset=\"https:\/\/i0.wp.com\/olivamorosicristians.es\/wp-content\/uploads\/2018\/06\/Vicent-Roig.jpg?w=640&amp;ssl=1 640w, https:\/\/i0.wp.com\/olivamorosicristians.es\/wp-content\/uploads\/2018\/06\/Vicent-Roig.jpg?resize=150%2C150&amp;ssl=1 150w, https:\/\/i0.wp.com\/olivamorosicristians.es\/wp-content\/uploads\/2018\/06\/Vicent-Roig.jpg?resize=300%2C300&amp;ssl=1 300w, https:\/\/i0.wp.com\/olivamorosicristians.es\/wp-content\/uploads\/2018\/06\/Vicent-Roig.jpg?resize=340%2C340&amp;ssl=1 340w\" sizes=\"auto, (max-width: 340px) 100vw, 340px\" data-attachment-id=\"8192\" data-permalink=\"https:\/\/olivamorosicristians.es\/es\/carrecs-festers\/vicent-roig\/\" data-orig-file=\"https:\/\/i0.wp.com\/olivamorosicristians.es\/wp-content\/uploads\/2018\/06\/Vicent-Roig.jpg?fit=640%2C640&amp;ssl=1\" data-orig-size=\"640,640\" data-comments-opened=\"0\" data-image-meta=\"{&quot;aperture&quot;:&quot;0&quot;,&quot;credit&quot;:&quot;&quot;,&quot;camera&quot;:&quot;Canon MP250 series&quot;,&quot;caption&quot;:&quot;&quot;,&quot;created_timestamp&quot;:&quot;1529959074&quot;,&quot;copyright&quot;:&quot;&quot;,&quot;focal_length&quot;:&quot;0&quot;,&quot;iso&quot;:&quot;0&quot;,&quot;shutter_speed&quot;:&quot;0&quot;,&quot;title&quot;:&quot;&quot;,&quot;orientation&quot;:&quot;1&quot;}\" data-image-title=\"Vicent Roig\" data-image-description=\"\" data-image-caption=\"\" data-large-file=\"https:\/\/i0.wp.com\/olivamorosicristians.es\/wp-content\/uploads\/2018\/06\/Vicent-Roig.jpg?fit=640%2C640&amp;ssl=1\" \/>        <\/a>\r\n                <\/div>\r\n                    <div class=\"\">\r\n                                <a href=\"https:\/\/i0.wp.com\/olivamorosicristians.es\/wp-content\/uploads\/2018\/06\/Salva1992.jpg?fit=640%2C640&#038;ssl=1\" data-rel=\"lightcase:gallery-17\">\r\n        <img loading=\"lazy\" decoding=\"async\" width=\"340\" height=\"340\" src=\"https:\/\/i0.wp.com\/olivamorosicristians.es\/wp-content\/uploads\/2018\/06\/Salva1992.jpg?resize=340%2C340&amp;ssl=1\" class=\"cover-image\" alt=\"Salvador Ma\u00f1\u00f3 Fenollar - Ambaixador Moro 1992\" srcset=\"https:\/\/i0.wp.com\/olivamorosicristians.es\/wp-content\/uploads\/2018\/06\/Salva1992.jpg?w=640&amp;ssl=1 640w, https:\/\/i0.wp.com\/olivamorosicristians.es\/wp-content\/uploads\/2018\/06\/Salva1992.jpg?resize=150%2C150&amp;ssl=1 150w, https:\/\/i0.wp.com\/olivamorosicristians.es\/wp-content\/uploads\/2018\/06\/Salva1992.jpg?resize=300%2C300&amp;ssl=1 300w, https:\/\/i0.wp.com\/olivamorosicristians.es\/wp-content\/uploads\/2018\/06\/Salva1992.jpg?resize=340%2C340&amp;ssl=1 340w\" sizes=\"auto, (max-width: 340px) 100vw, 340px\" data-attachment-id=\"8379\" data-permalink=\"https:\/\/olivamorosicristians.es\/es\/salva1992\/\" data-orig-file=\"https:\/\/i0.wp.com\/olivamorosicristians.es\/wp-content\/uploads\/2018\/06\/Salva1992.jpg?fit=640%2C640&amp;ssl=1\" data-orig-size=\"640,640\" data-comments-opened=\"0\" data-image-meta=\"{&quot;aperture&quot;:&quot;0&quot;,&quot;credit&quot;:&quot;&quot;,&quot;camera&quot;:&quot;Canon MP250 series&quot;,&quot;caption&quot;:&quot;&quot;,&quot;created_timestamp&quot;:&quot;1530309200&quot;,&quot;copyright&quot;:&quot;&quot;,&quot;focal_length&quot;:&quot;0&quot;,&quot;iso&quot;:&quot;0&quot;,&quot;shutter_speed&quot;:&quot;0&quot;,&quot;title&quot;:&quot;&quot;,&quot;orientation&quot;:&quot;1&quot;}\" data-image-title=\"Salva1992\" data-image-description=\"\" data-image-caption=\"\" data-large-file=\"https:\/\/i0.wp.com\/olivamorosicristians.es\/wp-content\/uploads\/2018\/06\/Salva1992.jpg?fit=640%2C640&amp;ssl=1\" \/>        <\/a>\r\n                <\/div>\r\n                    <div class=\"\">\r\n                                <a href=\"https:\/\/i0.wp.com\/olivamorosicristians.es\/wp-content\/uploads\/2018\/06\/Salvador-Man%CC%83o.jpg?fit=640%2C640&#038;ssl=1\" data-rel=\"lightcase:gallery-17\">\r\n        <img loading=\"lazy\" decoding=\"async\" width=\"340\" height=\"340\" src=\"https:\/\/i0.wp.com\/olivamorosicristians.es\/wp-content\/uploads\/2018\/06\/Salvador-Man%CC%83o.jpg?resize=340%2C340&amp;ssl=1\" class=\"cover-image\" alt=\"Salvador Man\u0303\u00f3 Fenollar - Capit\u00e0 Moro 1987\" data-attachment-id=\"8193\" data-permalink=\"https:\/\/olivamorosicristians.es\/es\/carrecs-festers\/salvador-man%cc%83o\/\" data-orig-file=\"https:\/\/i0.wp.com\/olivamorosicristians.es\/wp-content\/uploads\/2018\/06\/Salvador-Man%CC%83o.jpg?fit=640%2C640&amp;ssl=1\" data-orig-size=\"640,640\" data-comments-opened=\"0\" data-image-meta=\"{&quot;aperture&quot;:&quot;0&quot;,&quot;credit&quot;:&quot;&quot;,&quot;camera&quot;:&quot;Canon MP250 series&quot;,&quot;caption&quot;:&quot;&quot;,&quot;created_timestamp&quot;:&quot;1529959146&quot;,&quot;copyright&quot;:&quot;&quot;,&quot;focal_length&quot;:&quot;0&quot;,&quot;iso&quot;:&quot;0&quot;,&quot;shutter_speed&quot;:&quot;0&quot;,&quot;title&quot;:&quot;&quot;,&quot;orientation&quot;:&quot;1&quot;}\" data-image-title=\"Salvador Man\u0303o\" data-image-description=\"\" data-image-caption=\"\" data-large-file=\"https:\/\/i0.wp.com\/olivamorosicristians.es\/wp-content\/uploads\/2018\/06\/Salvador-Man%CC%83o.jpg?fit=640%2C640&amp;ssl=1\" \/>        <\/a>\r\n                <\/div>\r\n                    <div class=\"\">\r\n                                <a href=\"https:\/\/i0.wp.com\/olivamorosicristians.es\/wp-content\/uploads\/2018\/06\/Jordi-Perez.jpg?fit=640%2C640&#038;ssl=1\" data-rel=\"lightcase:gallery-17\">\r\n        <img loading=\"lazy\" decoding=\"async\" width=\"340\" height=\"340\" src=\"https:\/\/i0.wp.com\/olivamorosicristians.es\/wp-content\/uploads\/2018\/06\/Jordi-Perez.jpg?resize=340%2C340&amp;ssl=1\" class=\"cover-image\" alt=\"Jordi P\u00e9rez - Capit\u00e0 Moro 1981\" srcset=\"https:\/\/i0.wp.com\/olivamorosicristians.es\/wp-content\/uploads\/2018\/06\/Jordi-Perez.jpg?w=640&amp;ssl=1 640w, https:\/\/i0.wp.com\/olivamorosicristians.es\/wp-content\/uploads\/2018\/06\/Jordi-Perez.jpg?resize=150%2C150&amp;ssl=1 150w, https:\/\/i0.wp.com\/olivamorosicristians.es\/wp-content\/uploads\/2018\/06\/Jordi-Perez.jpg?resize=300%2C300&amp;ssl=1 300w, https:\/\/i0.wp.com\/olivamorosicristians.es\/wp-content\/uploads\/2018\/06\/Jordi-Perez.jpg?resize=340%2C340&amp;ssl=1 340w\" sizes=\"auto, (max-width: 340px) 100vw, 340px\" data-attachment-id=\"8221\" data-permalink=\"https:\/\/olivamorosicristians.es\/es\/carrecs-festers\/jordi-perez\/\" data-orig-file=\"https:\/\/i0.wp.com\/olivamorosicristians.es\/wp-content\/uploads\/2018\/06\/Jordi-Perez.jpg?fit=640%2C640&amp;ssl=1\" data-orig-size=\"640,640\" data-comments-opened=\"0\" data-image-meta=\"{&quot;aperture&quot;:&quot;0&quot;,&quot;credit&quot;:&quot;&quot;,&quot;camera&quot;:&quot;Canon MP250 series&quot;,&quot;caption&quot;:&quot;&quot;,&quot;created_timestamp&quot;:&quot;1530035555&quot;,&quot;copyright&quot;:&quot;&quot;,&quot;focal_length&quot;:&quot;0&quot;,&quot;iso&quot;:&quot;0&quot;,&quot;shutter_speed&quot;:&quot;0&quot;,&quot;title&quot;:&quot;&quot;,&quot;orientation&quot;:&quot;1&quot;}\" data-image-title=\"Jordi P\u00e9rez &amp;#8211; Capit\u00e0 Moro 1981\" data-image-description=\"\" data-image-caption=\"\" data-large-file=\"https:\/\/i0.wp.com\/olivamorosicristians.es\/wp-content\/uploads\/2018\/06\/Jordi-Perez.jpg?fit=640%2C640&amp;ssl=1\" \/>        <\/a>\r\n                <\/div>\r\n        <\/div>\r\n<\/div><div class=\"w-space\" style=\"height:50px\"><\/div><div class=\"w-heading heading-7 text-center\">\r\n             \r\n    <h3 class=\"heading-title\">Filada Masers<\/h3>            <\/div><div class=\"w-image-gallery w-slider\">\r\n    <div class=\"owl-carousel\" data-items=\"8\" data-navigation=\"true\" data-pagination=\"true\" data-loop=\"false\" data-auto-play=\"false\">\r\n                    <div class=\"\">\r\n                                <a href=\"https:\/\/i0.wp.com\/olivamorosicristians.es\/wp-content\/uploads\/2022\/09\/Cap_Cristiana22-01_640px.jpg?fit=640%2C640&#038;ssl=1\" data-rel=\"lightcase:gallery-13\">\r\n        <img loading=\"lazy\" decoding=\"async\" width=\"340\" height=\"340\" src=\"https:\/\/i0.wp.com\/olivamorosicristians.es\/wp-content\/uploads\/2022\/09\/Cap_Cristiana22-01_640px.jpg?resize=340%2C340&amp;ssl=1\" class=\"cover-image\" alt=\"Rosanna Lloret Ferrer - Capitana Cristiana 2022\" srcset=\"https:\/\/i0.wp.com\/olivamorosicristians.es\/wp-content\/uploads\/2022\/09\/Cap_Cristiana22-01_640px.jpg?w=640&amp;ssl=1 640w, https:\/\/i0.wp.com\/olivamorosicristians.es\/wp-content\/uploads\/2022\/09\/Cap_Cristiana22-01_640px.jpg?resize=300%2C300&amp;ssl=1 300w, https:\/\/i0.wp.com\/olivamorosicristians.es\/wp-content\/uploads\/2022\/09\/Cap_Cristiana22-01_640px.jpg?resize=150%2C150&amp;ssl=1 150w, https:\/\/i0.wp.com\/olivamorosicristians.es\/wp-content\/uploads\/2022\/09\/Cap_Cristiana22-01_640px.jpg?resize=340%2C340&amp;ssl=1 340w\" sizes=\"auto, (max-width: 340px) 100vw, 340px\" data-attachment-id=\"10760\" data-permalink=\"https:\/\/olivamorosicristians.es\/es\/cap_cristiana22-01_640px\/\" data-orig-file=\"https:\/\/i0.wp.com\/olivamorosicristians.es\/wp-content\/uploads\/2022\/09\/Cap_Cristiana22-01_640px.jpg?fit=640%2C640&amp;ssl=1\" data-orig-size=\"640,640\" data-comments-opened=\"0\" data-image-meta=\"{&quot;aperture&quot;:&quot;0&quot;,&quot;credit&quot;:&quot;&quot;,&quot;camera&quot;:&quot;&quot;,&quot;caption&quot;:&quot;&quot;,&quot;created_timestamp&quot;:&quot;0&quot;,&quot;copyright&quot;:&quot;&quot;,&quot;focal_length&quot;:&quot;0&quot;,&quot;iso&quot;:&quot;0&quot;,&quot;shutter_speed&quot;:&quot;0&quot;,&quot;title&quot;:&quot;&quot;,&quot;orientation&quot;:&quot;1&quot;}\" data-image-title=\"Rosanna Lloret Ferrer &amp;#8211; Capitana Cristiana 2022\" data-image-description=\"\" data-image-caption=\"\" data-large-file=\"https:\/\/i0.wp.com\/olivamorosicristians.es\/wp-content\/uploads\/2022\/09\/Cap_Cristiana22-01_640px.jpg?fit=640%2C640&amp;ssl=1\" \/>        <\/a>\r\n                <\/div>\r\n                    <div class=\"\">\r\n                                <a href=\"https:\/\/i0.wp.com\/olivamorosicristians.es\/wp-content\/uploads\/2022\/09\/Amb_Cristiana22_640px.jpg?fit=640%2C640&#038;ssl=1\" data-rel=\"lightcase:gallery-13\">\r\n        <img loading=\"lazy\" decoding=\"async\" width=\"340\" height=\"340\" src=\"https:\/\/i0.wp.com\/olivamorosicristians.es\/wp-content\/uploads\/2022\/09\/Amb_Cristiana22_640px.jpg?resize=340%2C340&amp;ssl=1\" class=\"cover-image\" alt=\"Cristina Ure\u00f1a Codina - Ambaixadora Cristiana 2022\" srcset=\"https:\/\/i0.wp.com\/olivamorosicristians.es\/wp-content\/uploads\/2022\/09\/Amb_Cristiana22_640px.jpg?w=640&amp;ssl=1 640w, https:\/\/i0.wp.com\/olivamorosicristians.es\/wp-content\/uploads\/2022\/09\/Amb_Cristiana22_640px.jpg?resize=300%2C300&amp;ssl=1 300w, https:\/\/i0.wp.com\/olivamorosicristians.es\/wp-content\/uploads\/2022\/09\/Amb_Cristiana22_640px.jpg?resize=150%2C150&amp;ssl=1 150w, https:\/\/i0.wp.com\/olivamorosicristians.es\/wp-content\/uploads\/2022\/09\/Amb_Cristiana22_640px.jpg?resize=340%2C340&amp;ssl=1 340w\" sizes=\"auto, (max-width: 340px) 100vw, 340px\" data-attachment-id=\"10759\" data-permalink=\"https:\/\/olivamorosicristians.es\/es\/amb_cristiana22_640px\/\" data-orig-file=\"https:\/\/i0.wp.com\/olivamorosicristians.es\/wp-content\/uploads\/2022\/09\/Amb_Cristiana22_640px.jpg?fit=640%2C640&amp;ssl=1\" data-orig-size=\"640,640\" data-comments-opened=\"0\" data-image-meta=\"{&quot;aperture&quot;:&quot;0&quot;,&quot;credit&quot;:&quot;&quot;,&quot;camera&quot;:&quot;&quot;,&quot;caption&quot;:&quot;&quot;,&quot;created_timestamp&quot;:&quot;0&quot;,&quot;copyright&quot;:&quot;&quot;,&quot;focal_length&quot;:&quot;0&quot;,&quot;iso&quot;:&quot;0&quot;,&quot;shutter_speed&quot;:&quot;0&quot;,&quot;title&quot;:&quot;&quot;,&quot;orientation&quot;:&quot;1&quot;}\" data-image-title=\"Cristina Ure\u00f1a Codina &amp;#8211; Ambaixadora Cristiana 2022\" data-image-description=\"\" data-image-caption=\"\" data-large-file=\"https:\/\/i0.wp.com\/olivamorosicristians.es\/wp-content\/uploads\/2022\/09\/Amb_Cristiana22_640px.jpg?fit=640%2C640&amp;ssl=1\" \/>        <\/a>\r\n                <\/div>\r\n                    <div class=\"\">\r\n                                <a href=\"https:\/\/i0.wp.com\/olivamorosicristians.es\/wp-content\/uploads\/2018\/06\/5codino-capitA-2014.jpg?fit=640%2C640&#038;ssl=1\" data-rel=\"lightcase:gallery-13\">\r\n        <img loading=\"lazy\" decoding=\"async\" width=\"340\" height=\"340\" src=\"https:\/\/i0.wp.com\/olivamorosicristians.es\/wp-content\/uploads\/2018\/06\/5codino-capitA-2014.jpg?resize=340%2C340&amp;ssl=1\" class=\"cover-image\" alt=\"Jose Barreres Jord\u00e0 - Capit\u00e0 Cristi\u00e0 2014\" srcset=\"https:\/\/i0.wp.com\/olivamorosicristians.es\/wp-content\/uploads\/2018\/06\/5codino-capitA-2014.jpg?w=640&amp;ssl=1 640w, https:\/\/i0.wp.com\/olivamorosicristians.es\/wp-content\/uploads\/2018\/06\/5codino-capitA-2014.jpg?resize=150%2C150&amp;ssl=1 150w, https:\/\/i0.wp.com\/olivamorosicristians.es\/wp-content\/uploads\/2018\/06\/5codino-capitA-2014.jpg?resize=300%2C300&amp;ssl=1 300w, https:\/\/i0.wp.com\/olivamorosicristians.es\/wp-content\/uploads\/2018\/06\/5codino-capitA-2014.jpg?resize=340%2C340&amp;ssl=1 340w\" sizes=\"auto, (max-width: 340px) 100vw, 340px\" data-attachment-id=\"7546\" data-permalink=\"https:\/\/olivamorosicristians.es\/es\/carrecs-festers\/5codino-capita-2014\/\" data-orig-file=\"https:\/\/i0.wp.com\/olivamorosicristians.es\/wp-content\/uploads\/2018\/06\/5codino-capitA-2014.jpg?fit=640%2C640&amp;ssl=1\" data-orig-size=\"640,640\" data-comments-opened=\"0\" data-image-meta=\"{&quot;aperture&quot;:&quot;0&quot;,&quot;credit&quot;:&quot;&quot;,&quot;camera&quot;:&quot;&quot;,&quot;caption&quot;:&quot;&quot;,&quot;created_timestamp&quot;:&quot;0&quot;,&quot;copyright&quot;:&quot;&quot;,&quot;focal_length&quot;:&quot;0&quot;,&quot;iso&quot;:&quot;0&quot;,&quot;shutter_speed&quot;:&quot;0&quot;,&quot;title&quot;:&quot;&quot;,&quot;orientation&quot;:&quot;1&quot;}\" data-image-title=\"5codino capitA 2014\" data-image-description=\"\" data-image-caption=\"\" data-large-file=\"https:\/\/i0.wp.com\/olivamorosicristians.es\/wp-content\/uploads\/2018\/06\/5codino-capitA-2014.jpg?fit=640%2C640&amp;ssl=1\" \/>        <\/a>\r\n                <\/div>\r\n                    <div class=\"\">\r\n                                <a href=\"https:\/\/i0.wp.com\/olivamorosicristians.es\/wp-content\/uploads\/2018\/06\/5mariano-ambaixador-2014.jpg?fit=640%2C640&#038;ssl=1\" data-rel=\"lightcase:gallery-13\">\r\n        <img loading=\"lazy\" decoding=\"async\" width=\"340\" height=\"340\" src=\"https:\/\/i0.wp.com\/olivamorosicristians.es\/wp-content\/uploads\/2018\/06\/5mariano-ambaixador-2014.jpg?resize=340%2C340&amp;ssl=1\" class=\"cover-image\" alt=\"Jose Luis Vila Sanz - Ambaixador Cristi\u00e0 2014\" srcset=\"https:\/\/i0.wp.com\/olivamorosicristians.es\/wp-content\/uploads\/2018\/06\/5mariano-ambaixador-2014.jpg?w=640&amp;ssl=1 640w, https:\/\/i0.wp.com\/olivamorosicristians.es\/wp-content\/uploads\/2018\/06\/5mariano-ambaixador-2014.jpg?resize=150%2C150&amp;ssl=1 150w, https:\/\/i0.wp.com\/olivamorosicristians.es\/wp-content\/uploads\/2018\/06\/5mariano-ambaixador-2014.jpg?resize=300%2C300&amp;ssl=1 300w, https:\/\/i0.wp.com\/olivamorosicristians.es\/wp-content\/uploads\/2018\/06\/5mariano-ambaixador-2014.jpg?resize=340%2C340&amp;ssl=1 340w\" sizes=\"auto, (max-width: 340px) 100vw, 340px\" data-attachment-id=\"7547\" data-permalink=\"https:\/\/olivamorosicristians.es\/es\/carrecs-festers\/5mariano-ambaixador-2014\/\" data-orig-file=\"https:\/\/i0.wp.com\/olivamorosicristians.es\/wp-content\/uploads\/2018\/06\/5mariano-ambaixador-2014.jpg?fit=640%2C640&amp;ssl=1\" data-orig-size=\"640,640\" data-comments-opened=\"0\" data-image-meta=\"{&quot;aperture&quot;:&quot;0&quot;,&quot;credit&quot;:&quot;&quot;,&quot;camera&quot;:&quot;&quot;,&quot;caption&quot;:&quot;&quot;,&quot;created_timestamp&quot;:&quot;0&quot;,&quot;copyright&quot;:&quot;&quot;,&quot;focal_length&quot;:&quot;0&quot;,&quot;iso&quot;:&quot;0&quot;,&quot;shutter_speed&quot;:&quot;0&quot;,&quot;title&quot;:&quot;&quot;,&quot;orientation&quot;:&quot;1&quot;}\" data-image-title=\"5mariano ambaixador 2014\" data-image-description=\"\" data-image-caption=\"\" data-large-file=\"https:\/\/i0.wp.com\/olivamorosicristians.es\/wp-content\/uploads\/2018\/06\/5mariano-ambaixador-2014.jpg?fit=640%2C640&amp;ssl=1\" \/>        <\/a>\r\n                <\/div>\r\n                    <div class=\"\">\r\n                                <a href=\"https:\/\/i0.wp.com\/olivamorosicristians.es\/wp-content\/uploads\/2018\/06\/4masers-2008-Enrique.jpg?fit=640%2C640&#038;ssl=1\" data-rel=\"lightcase:gallery-13\">\r\n        <img loading=\"lazy\" decoding=\"async\" width=\"340\" height=\"340\" src=\"https:\/\/i0.wp.com\/olivamorosicristians.es\/wp-content\/uploads\/2018\/06\/4masers-2008-Enrique.jpg?resize=340%2C340&amp;ssl=1\" class=\"cover-image\" alt=\"Enrique Guerola i Gutierrez - Capit\u00e0 Cristi\u00e0 2008\" srcset=\"https:\/\/i0.wp.com\/olivamorosicristians.es\/wp-content\/uploads\/2018\/06\/4masers-2008-Enrique.jpg?w=640&amp;ssl=1 640w, https:\/\/i0.wp.com\/olivamorosicristians.es\/wp-content\/uploads\/2018\/06\/4masers-2008-Enrique.jpg?resize=150%2C150&amp;ssl=1 150w, https:\/\/i0.wp.com\/olivamorosicristians.es\/wp-content\/uploads\/2018\/06\/4masers-2008-Enrique.jpg?resize=300%2C300&amp;ssl=1 300w, https:\/\/i0.wp.com\/olivamorosicristians.es\/wp-content\/uploads\/2018\/06\/4masers-2008-Enrique.jpg?resize=340%2C340&amp;ssl=1 340w\" sizes=\"auto, (max-width: 340px) 100vw, 340px\" data-attachment-id=\"7545\" data-permalink=\"https:\/\/olivamorosicristians.es\/es\/carrecs-festers\/4masers-2008-enrique\/\" data-orig-file=\"https:\/\/i0.wp.com\/olivamorosicristians.es\/wp-content\/uploads\/2018\/06\/4masers-2008-Enrique.jpg?fit=640%2C640&amp;ssl=1\" data-orig-size=\"640,640\" data-comments-opened=\"0\" data-image-meta=\"{&quot;aperture&quot;:&quot;0&quot;,&quot;credit&quot;:&quot;&quot;,&quot;camera&quot;:&quot;&quot;,&quot;caption&quot;:&quot;&quot;,&quot;created_timestamp&quot;:&quot;0&quot;,&quot;copyright&quot;:&quot;&quot;,&quot;focal_length&quot;:&quot;0&quot;,&quot;iso&quot;:&quot;0&quot;,&quot;shutter_speed&quot;:&quot;0&quot;,&quot;title&quot;:&quot;&quot;,&quot;orientation&quot;:&quot;1&quot;}\" data-image-title=\"4masers 2008 Enrique\" data-image-description=\"\" data-image-caption=\"\" data-large-file=\"https:\/\/i0.wp.com\/olivamorosicristians.es\/wp-content\/uploads\/2018\/06\/4masers-2008-Enrique.jpg?fit=640%2C640&amp;ssl=1\" \/>        <\/a>\r\n                <\/div>\r\n                    <div class=\"\">\r\n                                <a href=\"https:\/\/i0.wp.com\/olivamorosicristians.es\/wp-content\/uploads\/2018\/06\/4masers-2008-Soca.jpg?fit=640%2C640&#038;ssl=1\" data-rel=\"lightcase:gallery-13\">\r\n        <img loading=\"lazy\" decoding=\"async\" width=\"340\" height=\"340\" src=\"https:\/\/i0.wp.com\/olivamorosicristians.es\/wp-content\/uploads\/2018\/06\/4masers-2008-Soca.jpg?resize=340%2C340&amp;ssl=1\" class=\"cover-image\" alt=\"Miguel Fuster i Llorca - Ambaixador Cristi\u00e0 2008\" srcset=\"https:\/\/i0.wp.com\/olivamorosicristians.es\/wp-content\/uploads\/2018\/06\/4masers-2008-Soca.jpg?w=640&amp;ssl=1 640w, https:\/\/i0.wp.com\/olivamorosicristians.es\/wp-content\/uploads\/2018\/06\/4masers-2008-Soca.jpg?resize=150%2C150&amp;ssl=1 150w, https:\/\/i0.wp.com\/olivamorosicristians.es\/wp-content\/uploads\/2018\/06\/4masers-2008-Soca.jpg?resize=300%2C300&amp;ssl=1 300w, https:\/\/i0.wp.com\/olivamorosicristians.es\/wp-content\/uploads\/2018\/06\/4masers-2008-Soca.jpg?resize=340%2C340&amp;ssl=1 340w\" sizes=\"auto, (max-width: 340px) 100vw, 340px\" data-attachment-id=\"7544\" data-permalink=\"https:\/\/olivamorosicristians.es\/es\/carrecs-festers\/4masers-2008-soca\/\" data-orig-file=\"https:\/\/i0.wp.com\/olivamorosicristians.es\/wp-content\/uploads\/2018\/06\/4masers-2008-Soca.jpg?fit=640%2C640&amp;ssl=1\" data-orig-size=\"640,640\" data-comments-opened=\"0\" data-image-meta=\"{&quot;aperture&quot;:&quot;0&quot;,&quot;credit&quot;:&quot;&quot;,&quot;camera&quot;:&quot;&quot;,&quot;caption&quot;:&quot;&quot;,&quot;created_timestamp&quot;:&quot;0&quot;,&quot;copyright&quot;:&quot;&quot;,&quot;focal_length&quot;:&quot;0&quot;,&quot;iso&quot;:&quot;0&quot;,&quot;shutter_speed&quot;:&quot;0&quot;,&quot;title&quot;:&quot;&quot;,&quot;orientation&quot;:&quot;1&quot;}\" data-image-title=\"4masers 2008 Soca\" data-image-description=\"\" data-image-caption=\"\" data-large-file=\"https:\/\/i0.wp.com\/olivamorosicristians.es\/wp-content\/uploads\/2018\/06\/4masers-2008-Soca.jpg?fit=640%2C640&amp;ssl=1\" \/>        <\/a>\r\n                <\/div>\r\n                    <div class=\"\">\r\n                                <a href=\"https:\/\/i0.wp.com\/olivamorosicristians.es\/wp-content\/uploads\/2018\/06\/3Pecas-2003.jpg?fit=640%2C640&#038;ssl=1\" data-rel=\"lightcase:gallery-13\">\r\n        <img loading=\"lazy\" decoding=\"async\" width=\"340\" height=\"340\" src=\"https:\/\/i0.wp.com\/olivamorosicristians.es\/wp-content\/uploads\/2018\/06\/3Pecas-2003.jpg?resize=340%2C340&amp;ssl=1\" class=\"cover-image\" alt=\"Salvador Peric\u00e0s i Malonda - Capit\u00e0 Cristi\u00e0 2003\" srcset=\"https:\/\/i0.wp.com\/olivamorosicristians.es\/wp-content\/uploads\/2018\/06\/3Pecas-2003.jpg?w=640&amp;ssl=1 640w, https:\/\/i0.wp.com\/olivamorosicristians.es\/wp-content\/uploads\/2018\/06\/3Pecas-2003.jpg?resize=150%2C150&amp;ssl=1 150w, https:\/\/i0.wp.com\/olivamorosicristians.es\/wp-content\/uploads\/2018\/06\/3Pecas-2003.jpg?resize=300%2C300&amp;ssl=1 300w, https:\/\/i0.wp.com\/olivamorosicristians.es\/wp-content\/uploads\/2018\/06\/3Pecas-2003.jpg?resize=340%2C340&amp;ssl=1 340w\" sizes=\"auto, (max-width: 340px) 100vw, 340px\" data-attachment-id=\"7543\" data-permalink=\"https:\/\/olivamorosicristians.es\/es\/carrecs-festers\/3pecas-2003\/\" data-orig-file=\"https:\/\/i0.wp.com\/olivamorosicristians.es\/wp-content\/uploads\/2018\/06\/3Pecas-2003.jpg?fit=640%2C640&amp;ssl=1\" data-orig-size=\"640,640\" data-comments-opened=\"0\" data-image-meta=\"{&quot;aperture&quot;:&quot;0&quot;,&quot;credit&quot;:&quot;&quot;,&quot;camera&quot;:&quot;&quot;,&quot;caption&quot;:&quot;&quot;,&quot;created_timestamp&quot;:&quot;0&quot;,&quot;copyright&quot;:&quot;&quot;,&quot;focal_length&quot;:&quot;0&quot;,&quot;iso&quot;:&quot;0&quot;,&quot;shutter_speed&quot;:&quot;0&quot;,&quot;title&quot;:&quot;&quot;,&quot;orientation&quot;:&quot;1&quot;}\" data-image-title=\"3Pecas 2003\" data-image-description=\"\" data-image-caption=\"\" data-large-file=\"https:\/\/i0.wp.com\/olivamorosicristians.es\/wp-content\/uploads\/2018\/06\/3Pecas-2003.jpg?fit=640%2C640&amp;ssl=1\" \/>        <\/a>\r\n                <\/div>\r\n                    <div class=\"\">\r\n                                <a href=\"https:\/\/i0.wp.com\/olivamorosicristians.es\/wp-content\/uploads\/2018\/06\/3Kiko-2003.jpg?fit=640%2C640&#038;ssl=1\" data-rel=\"lightcase:gallery-13\">\r\n        <img loading=\"lazy\" decoding=\"async\" width=\"340\" height=\"340\" src=\"https:\/\/i0.wp.com\/olivamorosicristians.es\/wp-content\/uploads\/2018\/06\/3Kiko-2003.jpg?resize=340%2C340&amp;ssl=1\" class=\"cover-image\" alt=\"Kiko Mestre i Vila - Ambaixador Cristi\u00e0 2003\" srcset=\"https:\/\/i0.wp.com\/olivamorosicristians.es\/wp-content\/uploads\/2018\/06\/3Kiko-2003.jpg?w=640&amp;ssl=1 640w, https:\/\/i0.wp.com\/olivamorosicristians.es\/wp-content\/uploads\/2018\/06\/3Kiko-2003.jpg?resize=150%2C150&amp;ssl=1 150w, https:\/\/i0.wp.com\/olivamorosicristians.es\/wp-content\/uploads\/2018\/06\/3Kiko-2003.jpg?resize=300%2C300&amp;ssl=1 300w, https:\/\/i0.wp.com\/olivamorosicristians.es\/wp-content\/uploads\/2018\/06\/3Kiko-2003.jpg?resize=340%2C340&amp;ssl=1 340w\" sizes=\"auto, (max-width: 340px) 100vw, 340px\" data-attachment-id=\"7542\" data-permalink=\"https:\/\/olivamorosicristians.es\/es\/carrecs-festers\/3kiko-2003\/\" data-orig-file=\"https:\/\/i0.wp.com\/olivamorosicristians.es\/wp-content\/uploads\/2018\/06\/3Kiko-2003.jpg?fit=640%2C640&amp;ssl=1\" data-orig-size=\"640,640\" data-comments-opened=\"0\" data-image-meta=\"{&quot;aperture&quot;:&quot;0&quot;,&quot;credit&quot;:&quot;&quot;,&quot;camera&quot;:&quot;&quot;,&quot;caption&quot;:&quot;&quot;,&quot;created_timestamp&quot;:&quot;0&quot;,&quot;copyright&quot;:&quot;&quot;,&quot;focal_length&quot;:&quot;0&quot;,&quot;iso&quot;:&quot;0&quot;,&quot;shutter_speed&quot;:&quot;0&quot;,&quot;title&quot;:&quot;&quot;,&quot;orientation&quot;:&quot;1&quot;}\" data-image-title=\"3Kiko 2003\" data-image-description=\"\" data-image-caption=\"\" data-large-file=\"https:\/\/i0.wp.com\/olivamorosicristians.es\/wp-content\/uploads\/2018\/06\/3Kiko-2003.jpg?fit=640%2C640&amp;ssl=1\" \/>        <\/a>\r\n                <\/div>\r\n                    <div class=\"\">\r\n                                <a href=\"https:\/\/i0.wp.com\/olivamorosicristians.es\/wp-content\/uploads\/2018\/06\/2Vicent-1998.jpg?fit=640%2C640&#038;ssl=1\" data-rel=\"lightcase:gallery-13\">\r\n        <img loading=\"lazy\" decoding=\"async\" width=\"340\" height=\"340\" src=\"https:\/\/i0.wp.com\/olivamorosicristians.es\/wp-content\/uploads\/2018\/06\/2Vicent-1998.jpg?resize=340%2C340&amp;ssl=1\" class=\"cover-image\" alt=\"Vicente Mart\u00ednez i Alcaraz - Capit\u00e0 Cristi\u00e0 1998\" srcset=\"https:\/\/i0.wp.com\/olivamorosicristians.es\/wp-content\/uploads\/2018\/06\/2Vicent-1998.jpg?w=640&amp;ssl=1 640w, https:\/\/i0.wp.com\/olivamorosicristians.es\/wp-content\/uploads\/2018\/06\/2Vicent-1998.jpg?resize=150%2C150&amp;ssl=1 150w, https:\/\/i0.wp.com\/olivamorosicristians.es\/wp-content\/uploads\/2018\/06\/2Vicent-1998.jpg?resize=300%2C300&amp;ssl=1 300w, https:\/\/i0.wp.com\/olivamorosicristians.es\/wp-content\/uploads\/2018\/06\/2Vicent-1998.jpg?resize=340%2C340&amp;ssl=1 340w\" sizes=\"auto, (max-width: 340px) 100vw, 340px\" data-attachment-id=\"7541\" data-permalink=\"https:\/\/olivamorosicristians.es\/es\/carrecs-festers\/2vicent-1998\/\" data-orig-file=\"https:\/\/i0.wp.com\/olivamorosicristians.es\/wp-content\/uploads\/2018\/06\/2Vicent-1998.jpg?fit=640%2C640&amp;ssl=1\" data-orig-size=\"640,640\" data-comments-opened=\"0\" data-image-meta=\"{&quot;aperture&quot;:&quot;0&quot;,&quot;credit&quot;:&quot;&quot;,&quot;camera&quot;:&quot;&quot;,&quot;caption&quot;:&quot;&quot;,&quot;created_timestamp&quot;:&quot;0&quot;,&quot;copyright&quot;:&quot;&quot;,&quot;focal_length&quot;:&quot;0&quot;,&quot;iso&quot;:&quot;0&quot;,&quot;shutter_speed&quot;:&quot;0&quot;,&quot;title&quot;:&quot;&quot;,&quot;orientation&quot;:&quot;1&quot;}\" data-image-title=\"Vicente Mart\u00ednez i Alcaraz &amp;#8211; Capit\u00e0 Cristi\u00e0 1998\" data-image-description=\"\" data-image-caption=\"\" data-large-file=\"https:\/\/i0.wp.com\/olivamorosicristians.es\/wp-content\/uploads\/2018\/06\/2Vicent-1998.jpg?fit=640%2C640&amp;ssl=1\" \/>        <\/a>\r\n                <\/div>\r\n                    <div class=\"\">\r\n                                <a href=\"https:\/\/i0.wp.com\/olivamorosicristians.es\/wp-content\/uploads\/2018\/06\/2Mena-1998.jpg?fit=640%2C640&#038;ssl=1\" data-rel=\"lightcase:gallery-13\">\r\n        <img loading=\"lazy\" decoding=\"async\" width=\"340\" height=\"340\" src=\"https:\/\/i0.wp.com\/olivamorosicristians.es\/wp-content\/uploads\/2018\/06\/2Mena-1998.jpg?resize=340%2C340&amp;ssl=1\" class=\"cover-image\" alt=\"Paco Mena i Torres - Ambaixador Cristi\u00e0 1998\" srcset=\"https:\/\/i0.wp.com\/olivamorosicristians.es\/wp-content\/uploads\/2018\/06\/2Mena-1998.jpg?w=640&amp;ssl=1 640w, https:\/\/i0.wp.com\/olivamorosicristians.es\/wp-content\/uploads\/2018\/06\/2Mena-1998.jpg?resize=150%2C150&amp;ssl=1 150w, https:\/\/i0.wp.com\/olivamorosicristians.es\/wp-content\/uploads\/2018\/06\/2Mena-1998.jpg?resize=300%2C300&amp;ssl=1 300w, https:\/\/i0.wp.com\/olivamorosicristians.es\/wp-content\/uploads\/2018\/06\/2Mena-1998.jpg?resize=340%2C340&amp;ssl=1 340w\" sizes=\"auto, (max-width: 340px) 100vw, 340px\" data-attachment-id=\"7540\" data-permalink=\"https:\/\/olivamorosicristians.es\/es\/carrecs-festers\/2mena-1998\/\" data-orig-file=\"https:\/\/i0.wp.com\/olivamorosicristians.es\/wp-content\/uploads\/2018\/06\/2Mena-1998.jpg?fit=640%2C640&amp;ssl=1\" data-orig-size=\"640,640\" data-comments-opened=\"0\" data-image-meta=\"{&quot;aperture&quot;:&quot;0&quot;,&quot;credit&quot;:&quot;&quot;,&quot;camera&quot;:&quot;&quot;,&quot;caption&quot;:&quot;&quot;,&quot;created_timestamp&quot;:&quot;0&quot;,&quot;copyright&quot;:&quot;&quot;,&quot;focal_length&quot;:&quot;0&quot;,&quot;iso&quot;:&quot;0&quot;,&quot;shutter_speed&quot;:&quot;0&quot;,&quot;title&quot;:&quot;&quot;,&quot;orientation&quot;:&quot;1&quot;}\" data-image-title=\"2Mena 1998\" data-image-description=\"\" data-image-caption=\"\" data-large-file=\"https:\/\/i0.wp.com\/olivamorosicristians.es\/wp-content\/uploads\/2018\/06\/2Mena-1998.jpg?fit=640%2C640&amp;ssl=1\" \/>        <\/a>\r\n                <\/div>\r\n                    <div class=\"\">\r\n                                <a href=\"https:\/\/i0.wp.com\/olivamorosicristians.es\/wp-content\/uploads\/2022\/08\/Captura-de-Pantalla-2022-08-30-a-las-15.07.37.png?fit=796%2C815&#038;ssl=1\" data-rel=\"lightcase:gallery-13\">\r\n        <img loading=\"lazy\" decoding=\"async\" width=\"340\" height=\"340\" src=\"https:\/\/i0.wp.com\/olivamorosicristians.es\/wp-content\/uploads\/2022\/08\/Captura-de-Pantalla-2022-08-30-a-las-15.07.37.png?resize=340%2C340&amp;ssl=1\" class=\"cover-image\" alt=\"Pedro Gisbert i Pons - Capit\u00e0 Cristi\u00e0 1993\" srcset=\"https:\/\/i0.wp.com\/olivamorosicristians.es\/wp-content\/uploads\/2022\/08\/Captura-de-Pantalla-2022-08-30-a-las-15.07.37.png?resize=150%2C150&amp;ssl=1 150w, https:\/\/i0.wp.com\/olivamorosicristians.es\/wp-content\/uploads\/2022\/08\/Captura-de-Pantalla-2022-08-30-a-las-15.07.37.png?resize=340%2C340&amp;ssl=1 340w, https:\/\/i0.wp.com\/olivamorosicristians.es\/wp-content\/uploads\/2022\/08\/Captura-de-Pantalla-2022-08-30-a-las-15.07.37.png?resize=640%2C640&amp;ssl=1 640w\" sizes=\"auto, (max-width: 340px) 100vw, 340px\" data-attachment-id=\"10746\" data-permalink=\"https:\/\/olivamorosicristians.es\/es\/captura-de-pantalla-2022-08-30-a-las-15-07-37\/\" data-orig-file=\"https:\/\/i0.wp.com\/olivamorosicristians.es\/wp-content\/uploads\/2022\/08\/Captura-de-Pantalla-2022-08-30-a-las-15.07.37.png?fit=796%2C815&amp;ssl=1\" data-orig-size=\"796,815\" data-comments-opened=\"0\" data-image-meta=\"{&quot;aperture&quot;:&quot;0&quot;,&quot;credit&quot;:&quot;&quot;,&quot;camera&quot;:&quot;&quot;,&quot;caption&quot;:&quot;&quot;,&quot;created_timestamp&quot;:&quot;0&quot;,&quot;copyright&quot;:&quot;&quot;,&quot;focal_length&quot;:&quot;0&quot;,&quot;iso&quot;:&quot;0&quot;,&quot;shutter_speed&quot;:&quot;0&quot;,&quot;title&quot;:&quot;&quot;,&quot;orientation&quot;:&quot;0&quot;}\" data-image-title=\"Pedro Gisbert i Pons &amp;#8211; Capit\u00e0 Cristi\u00e0 1993\" data-image-description=\"\" data-image-caption=\"\" data-large-file=\"https:\/\/i0.wp.com\/olivamorosicristians.es\/wp-content\/uploads\/2022\/08\/Captura-de-Pantalla-2022-08-30-a-las-15.07.37.png?fit=796%2C815&amp;ssl=1\" \/>        <\/a>\r\n                <\/div>\r\n                    <div class=\"\">\r\n                                <a href=\"https:\/\/i0.wp.com\/olivamorosicristians.es\/wp-content\/uploads\/2022\/08\/Captura-de-Pantalla-2022-08-30-a-las-15.08.19.png?fit=796%2C815&#038;ssl=1\" data-rel=\"lightcase:gallery-13\">\r\n        <img loading=\"lazy\" decoding=\"async\" width=\"340\" height=\"340\" src=\"https:\/\/i0.wp.com\/olivamorosicristians.es\/wp-content\/uploads\/2022\/08\/Captura-de-Pantalla-2022-08-30-a-las-15.08.19.png?resize=340%2C340&amp;ssl=1\" class=\"cover-image\" alt=\"Francesc Angel i Sanchis - Ambaixador Cristi\u00e0 1993\" srcset=\"https:\/\/i0.wp.com\/olivamorosicristians.es\/wp-content\/uploads\/2022\/08\/Captura-de-Pantalla-2022-08-30-a-las-15.08.19.png?resize=150%2C150&amp;ssl=1 150w, https:\/\/i0.wp.com\/olivamorosicristians.es\/wp-content\/uploads\/2022\/08\/Captura-de-Pantalla-2022-08-30-a-las-15.08.19.png?resize=340%2C340&amp;ssl=1 340w, https:\/\/i0.wp.com\/olivamorosicristians.es\/wp-content\/uploads\/2022\/08\/Captura-de-Pantalla-2022-08-30-a-las-15.08.19.png?resize=640%2C640&amp;ssl=1 640w\" sizes=\"auto, (max-width: 340px) 100vw, 340px\" data-attachment-id=\"10747\" data-permalink=\"https:\/\/olivamorosicristians.es\/es\/carrecs-festers\/captura-de-pantalla-2022-08-30-a-las-15-08-19\/\" data-orig-file=\"https:\/\/i0.wp.com\/olivamorosicristians.es\/wp-content\/uploads\/2022\/08\/Captura-de-Pantalla-2022-08-30-a-las-15.08.19.png?fit=796%2C815&amp;ssl=1\" data-orig-size=\"796,815\" data-comments-opened=\"0\" data-image-meta=\"{&quot;aperture&quot;:&quot;0&quot;,&quot;credit&quot;:&quot;&quot;,&quot;camera&quot;:&quot;&quot;,&quot;caption&quot;:&quot;&quot;,&quot;created_timestamp&quot;:&quot;0&quot;,&quot;copyright&quot;:&quot;&quot;,&quot;focal_length&quot;:&quot;0&quot;,&quot;iso&quot;:&quot;0&quot;,&quot;shutter_speed&quot;:&quot;0&quot;,&quot;title&quot;:&quot;&quot;,&quot;orientation&quot;:&quot;0&quot;}\" data-image-title=\"Francesc Angel i Sanchis &amp;#8211; Ambaixador Cristi\u00e0 1993\" data-image-description=\"\" data-image-caption=\"\" data-large-file=\"https:\/\/i0.wp.com\/olivamorosicristians.es\/wp-content\/uploads\/2022\/08\/Captura-de-Pantalla-2022-08-30-a-las-15.08.19.png?fit=796%2C815&amp;ssl=1\" \/>        <\/a>\r\n                <\/div>\r\n        <\/div>\r\n<\/div><div class=\"w-space\" style=\"height:50px\"><\/div><div class=\"w-heading heading-7 text-center\">\r\n             \r\n    <h3 class=\"heading-title\">Filada Moriscos<\/h3>            <\/div><div class=\"w-image-gallery w-slider\">\r\n    <div class=\"owl-carousel\" data-items=\"8\" data-navigation=\"true\" data-pagination=\"true\" data-loop=\"false\" data-auto-play=\"false\">\r\n                    <div class=\"\">\r\n                                <a href=\"https:\/\/i0.wp.com\/olivamorosicristians.es\/wp-content\/uploads\/2018\/06\/capitana-2016.jpg?fit=640%2C640&#038;ssl=1\" data-rel=\"lightcase:gallery-65\">\r\n        <img loading=\"lazy\" decoding=\"async\" width=\"340\" height=\"340\" src=\"https:\/\/i0.wp.com\/olivamorosicristians.es\/wp-content\/uploads\/2018\/06\/capitana-2016.jpg?resize=340%2C340&amp;ssl=1\" class=\"cover-image\" alt=\"Alicia Amor Mart\u00ed - Capitana Mora 2016\" srcset=\"https:\/\/i0.wp.com\/olivamorosicristians.es\/wp-content\/uploads\/2018\/06\/capitana-2016.jpg?w=640&amp;ssl=1 640w, https:\/\/i0.wp.com\/olivamorosicristians.es\/wp-content\/uploads\/2018\/06\/capitana-2016.jpg?resize=150%2C150&amp;ssl=1 150w, https:\/\/i0.wp.com\/olivamorosicristians.es\/wp-content\/uploads\/2018\/06\/capitana-2016.jpg?resize=300%2C300&amp;ssl=1 300w, https:\/\/i0.wp.com\/olivamorosicristians.es\/wp-content\/uploads\/2018\/06\/capitana-2016.jpg?resize=340%2C340&amp;ssl=1 340w\" sizes=\"auto, (max-width: 340px) 100vw, 340px\" data-attachment-id=\"7558\" data-permalink=\"https:\/\/olivamorosicristians.es\/es\/carrecs-festers\/capitana-2016\/\" data-orig-file=\"https:\/\/i0.wp.com\/olivamorosicristians.es\/wp-content\/uploads\/2018\/06\/capitana-2016.jpg?fit=640%2C640&amp;ssl=1\" data-orig-size=\"640,640\" data-comments-opened=\"0\" data-image-meta=\"{&quot;aperture&quot;:&quot;0&quot;,&quot;credit&quot;:&quot;&quot;,&quot;camera&quot;:&quot;&quot;,&quot;caption&quot;:&quot;&quot;,&quot;created_timestamp&quot;:&quot;0&quot;,&quot;copyright&quot;:&quot;&quot;,&quot;focal_length&quot;:&quot;0&quot;,&quot;iso&quot;:&quot;0&quot;,&quot;shutter_speed&quot;:&quot;0&quot;,&quot;title&quot;:&quot;&quot;,&quot;orientation&quot;:&quot;1&quot;}\" data-image-title=\"capitana 2016\" data-image-description=\"\" data-image-caption=\"\" data-large-file=\"https:\/\/i0.wp.com\/olivamorosicristians.es\/wp-content\/uploads\/2018\/06\/capitana-2016.jpg?fit=640%2C640&amp;ssl=1\" \/>        <\/a>\r\n                <\/div>\r\n                    <div class=\"\">\r\n                                <a href=\"https:\/\/i0.wp.com\/olivamorosicristians.es\/wp-content\/uploads\/2018\/06\/ambaixador-2016.jpg?fit=640%2C640&#038;ssl=1\" data-rel=\"lightcase:gallery-65\">\r\n        <img loading=\"lazy\" decoding=\"async\" width=\"340\" height=\"340\" src=\"https:\/\/i0.wp.com\/olivamorosicristians.es\/wp-content\/uploads\/2018\/06\/ambaixador-2016.jpg?resize=340%2C340&amp;ssl=1\" class=\"cover-image\" alt=\"Jorge Amor Mart\u00ed - Ambaixador Moro 2016\" srcset=\"https:\/\/i0.wp.com\/olivamorosicristians.es\/wp-content\/uploads\/2018\/06\/ambaixador-2016.jpg?w=640&amp;ssl=1 640w, https:\/\/i0.wp.com\/olivamorosicristians.es\/wp-content\/uploads\/2018\/06\/ambaixador-2016.jpg?resize=150%2C150&amp;ssl=1 150w, https:\/\/i0.wp.com\/olivamorosicristians.es\/wp-content\/uploads\/2018\/06\/ambaixador-2016.jpg?resize=300%2C300&amp;ssl=1 300w, https:\/\/i0.wp.com\/olivamorosicristians.es\/wp-content\/uploads\/2018\/06\/ambaixador-2016.jpg?resize=340%2C340&amp;ssl=1 340w\" sizes=\"auto, (max-width: 340px) 100vw, 340px\" data-attachment-id=\"7554\" data-permalink=\"https:\/\/olivamorosicristians.es\/es\/carrecs-festers\/ambaixador-2016\/\" data-orig-file=\"https:\/\/i0.wp.com\/olivamorosicristians.es\/wp-content\/uploads\/2018\/06\/ambaixador-2016.jpg?fit=640%2C640&amp;ssl=1\" data-orig-size=\"640,640\" data-comments-opened=\"0\" data-image-meta=\"{&quot;aperture&quot;:&quot;0&quot;,&quot;credit&quot;:&quot;&quot;,&quot;camera&quot;:&quot;&quot;,&quot;caption&quot;:&quot;&quot;,&quot;created_timestamp&quot;:&quot;0&quot;,&quot;copyright&quot;:&quot;&quot;,&quot;focal_length&quot;:&quot;0&quot;,&quot;iso&quot;:&quot;0&quot;,&quot;shutter_speed&quot;:&quot;0&quot;,&quot;title&quot;:&quot;&quot;,&quot;orientation&quot;:&quot;1&quot;}\" data-image-title=\"ambaixador 2016\" data-image-description=\"\" data-image-caption=\"\" data-large-file=\"https:\/\/i0.wp.com\/olivamorosicristians.es\/wp-content\/uploads\/2018\/06\/ambaixador-2016.jpg?fit=640%2C640&amp;ssl=1\" \/>        <\/a>\r\n                <\/div>\r\n                    <div class=\"\">\r\n                                <a href=\"https:\/\/i0.wp.com\/olivamorosicristians.es\/wp-content\/uploads\/2018\/06\/capita-2010.jpg?fit=640%2C640&#038;ssl=1\" data-rel=\"lightcase:gallery-65\">\r\n        <img loading=\"lazy\" decoding=\"async\" width=\"340\" height=\"340\" src=\"https:\/\/i0.wp.com\/olivamorosicristians.es\/wp-content\/uploads\/2018\/06\/capita-2010.jpg?resize=340%2C340&amp;ssl=1\" class=\"cover-image\" alt=\"Jose Domingo Benimeli Llopis - Capit\u00e0 Moro 2010\" srcset=\"https:\/\/i0.wp.com\/olivamorosicristians.es\/wp-content\/uploads\/2018\/06\/capita-2010.jpg?w=640&amp;ssl=1 640w, https:\/\/i0.wp.com\/olivamorosicristians.es\/wp-content\/uploads\/2018\/06\/capita-2010.jpg?resize=150%2C150&amp;ssl=1 150w, https:\/\/i0.wp.com\/olivamorosicristians.es\/wp-content\/uploads\/2018\/06\/capita-2010.jpg?resize=300%2C300&amp;ssl=1 300w, https:\/\/i0.wp.com\/olivamorosicristians.es\/wp-content\/uploads\/2018\/06\/capita-2010.jpg?resize=340%2C340&amp;ssl=1 340w\" sizes=\"auto, (max-width: 340px) 100vw, 340px\" data-attachment-id=\"7556\" data-permalink=\"https:\/\/olivamorosicristians.es\/es\/carrecs-festers\/capita-2010\/\" data-orig-file=\"https:\/\/i0.wp.com\/olivamorosicristians.es\/wp-content\/uploads\/2018\/06\/capita-2010.jpg?fit=640%2C640&amp;ssl=1\" data-orig-size=\"640,640\" data-comments-opened=\"0\" data-image-meta=\"{&quot;aperture&quot;:&quot;5.6&quot;,&quot;credit&quot;:&quot;&quot;,&quot;camera&quot;:&quot;Canon EOS 450D&quot;,&quot;caption&quot;:&quot;&quot;,&quot;created_timestamp&quot;:&quot;1276116582&quot;,&quot;copyright&quot;:&quot;&quot;,&quot;focal_length&quot;:&quot;34&quot;,&quot;iso&quot;:&quot;400&quot;,&quot;shutter_speed&quot;:&quot;0.01&quot;,&quot;title&quot;:&quot;&quot;,&quot;orientation&quot;:&quot;1&quot;}\" data-image-title=\"capita 2010\" data-image-description=\"\" data-image-caption=\"\" data-large-file=\"https:\/\/i0.wp.com\/olivamorosicristians.es\/wp-content\/uploads\/2018\/06\/capita-2010.jpg?fit=640%2C640&amp;ssl=1\" \/>        <\/a>\r\n                <\/div>\r\n                    <div class=\"\">\r\n                                <a href=\"https:\/\/i0.wp.com\/olivamorosicristians.es\/wp-content\/uploads\/2018\/06\/ambaixador-2010.jpg?fit=640%2C640&#038;ssl=1\" data-rel=\"lightcase:gallery-65\">\r\n        <img loading=\"lazy\" decoding=\"async\" width=\"340\" height=\"340\" src=\"https:\/\/i0.wp.com\/olivamorosicristians.es\/wp-content\/uploads\/2018\/06\/ambaixador-2010.jpg?resize=340%2C340&amp;ssl=1\" class=\"cover-image\" alt=\"Vicente Benimeli Llopis - Ambaixador Moro 2010\" srcset=\"https:\/\/i0.wp.com\/olivamorosicristians.es\/wp-content\/uploads\/2018\/06\/ambaixador-2010.jpg?w=640&amp;ssl=1 640w, https:\/\/i0.wp.com\/olivamorosicristians.es\/wp-content\/uploads\/2018\/06\/ambaixador-2010.jpg?resize=150%2C150&amp;ssl=1 150w, https:\/\/i0.wp.com\/olivamorosicristians.es\/wp-content\/uploads\/2018\/06\/ambaixador-2010.jpg?resize=300%2C300&amp;ssl=1 300w, https:\/\/i0.wp.com\/olivamorosicristians.es\/wp-content\/uploads\/2018\/06\/ambaixador-2010.jpg?resize=340%2C340&amp;ssl=1 340w\" sizes=\"auto, (max-width: 340px) 100vw, 340px\" data-attachment-id=\"7553\" data-permalink=\"https:\/\/olivamorosicristians.es\/es\/carrecs-festers\/ambaixador-2010\/\" data-orig-file=\"https:\/\/i0.wp.com\/olivamorosicristians.es\/wp-content\/uploads\/2018\/06\/ambaixador-2010.jpg?fit=640%2C640&amp;ssl=1\" data-orig-size=\"640,640\" data-comments-opened=\"0\" data-image-meta=\"{&quot;aperture&quot;:&quot;4.5&quot;,&quot;credit&quot;:&quot;&quot;,&quot;camera&quot;:&quot;Canon EOS 450D&quot;,&quot;caption&quot;:&quot;&quot;,&quot;created_timestamp&quot;:&quot;1276115970&quot;,&quot;copyright&quot;:&quot;&quot;,&quot;focal_length&quot;:&quot;32&quot;,&quot;iso&quot;:&quot;400&quot;,&quot;shutter_speed&quot;:&quot;0.016666666666667&quot;,&quot;title&quot;:&quot;&quot;,&quot;orientation&quot;:&quot;1&quot;}\" data-image-title=\"ambaixador 2010\" data-image-description=\"\" data-image-caption=\"\" data-large-file=\"https:\/\/i0.wp.com\/olivamorosicristians.es\/wp-content\/uploads\/2018\/06\/ambaixador-2010.jpg?fit=640%2C640&amp;ssl=1\" \/>        <\/a>\r\n                <\/div>\r\n                    <div class=\"\">\r\n                                <a href=\"https:\/\/i0.wp.com\/olivamorosicristians.es\/wp-content\/uploads\/2024\/04\/7-Capitana-2004-Anna-Mena-Jorda.jpg?fit=2074%2C2400&#038;ssl=1\" data-rel=\"lightcase:gallery-65\">\r\n        <img loading=\"lazy\" decoding=\"async\" width=\"340\" height=\"340\" src=\"https:\/\/i0.wp.com\/olivamorosicristians.es\/wp-content\/uploads\/2024\/04\/7-Capitana-2004-Anna-Mena-Jorda.jpg?resize=340%2C340&amp;ssl=1\" class=\"cover-image\" alt=\"Anna Mena Jorda\u0300 - Capitana Mora 2004\" srcset=\"https:\/\/i0.wp.com\/olivamorosicristians.es\/wp-content\/uploads\/2024\/04\/7-Capitana-2004-Anna-Mena-Jorda.jpg?resize=150%2C150&amp;ssl=1 150w, https:\/\/i0.wp.com\/olivamorosicristians.es\/wp-content\/uploads\/2024\/04\/7-Capitana-2004-Anna-Mena-Jorda.jpg?resize=340%2C340&amp;ssl=1 340w, https:\/\/i0.wp.com\/olivamorosicristians.es\/wp-content\/uploads\/2024\/04\/7-Capitana-2004-Anna-Mena-Jorda.jpg?resize=640%2C640&amp;ssl=1 640w, https:\/\/i0.wp.com\/olivamorosicristians.es\/wp-content\/uploads\/2024\/04\/7-Capitana-2004-Anna-Mena-Jorda.jpg?resize=960%2C960&amp;ssl=1 960w, https:\/\/i0.wp.com\/olivamorosicristians.es\/wp-content\/uploads\/2024\/04\/7-Capitana-2004-Anna-Mena-Jorda.jpg?zoom=3&amp;resize=340%2C340&amp;ssl=1 1020w\" sizes=\"auto, (max-width: 340px) 100vw, 340px\" data-attachment-id=\"11392\" data-permalink=\"https:\/\/olivamorosicristians.es\/es\/carrecs-festers\/7-capitana-2004-anna-mena-jorda\/\" data-orig-file=\"https:\/\/i0.wp.com\/olivamorosicristians.es\/wp-content\/uploads\/2024\/04\/7-Capitana-2004-Anna-Mena-Jorda.jpg?fit=2074%2C2400&amp;ssl=1\" data-orig-size=\"2074,2400\" data-comments-opened=\"0\" data-image-meta=\"{&quot;aperture&quot;:&quot;0&quot;,&quot;credit&quot;:&quot;&quot;,&quot;camera&quot;:&quot;&quot;,&quot;caption&quot;:&quot;&quot;,&quot;created_timestamp&quot;:&quot;0&quot;,&quot;copyright&quot;:&quot;&quot;,&quot;focal_length&quot;:&quot;0&quot;,&quot;iso&quot;:&quot;0&quot;,&quot;shutter_speed&quot;:&quot;0&quot;,&quot;title&quot;:&quot;&quot;,&quot;orientation&quot;:&quot;1&quot;}\" data-image-title=\"7 Capitana 2004 Anna Mena Jorda\u0300\" data-image-description=\"\" data-image-caption=\"\" data-large-file=\"https:\/\/i0.wp.com\/olivamorosicristians.es\/wp-content\/uploads\/2024\/04\/7-Capitana-2004-Anna-Mena-Jorda.jpg?fit=885%2C1024&amp;ssl=1\" \/>        <\/a>\r\n                <\/div>\r\n                    <div class=\"\">\r\n                                <a href=\"https:\/\/i0.wp.com\/olivamorosicristians.es\/wp-content\/uploads\/2024\/04\/8-Ambaixador-2004-Josep-Mena-Jorda-scaled.jpg?fit=1759%2C2560&#038;ssl=1\" data-rel=\"lightcase:gallery-65\">\r\n        <img loading=\"lazy\" decoding=\"async\" width=\"340\" height=\"340\" src=\"https:\/\/i0.wp.com\/olivamorosicristians.es\/wp-content\/uploads\/2024\/04\/8-Ambaixador-2004-Josep-Mena-Jorda-scaled.jpg?resize=340%2C340&amp;ssl=1\" class=\"cover-image\" alt=\"Josep Mena Jorda\u0300 - Ambaixador Moro 2004\" srcset=\"https:\/\/i0.wp.com\/olivamorosicristians.es\/wp-content\/uploads\/2024\/04\/8-Ambaixador-2004-Josep-Mena-Jorda-scaled.jpg?resize=150%2C150&amp;ssl=1 150w, https:\/\/i0.wp.com\/olivamorosicristians.es\/wp-content\/uploads\/2024\/04\/8-Ambaixador-2004-Josep-Mena-Jorda-scaled.jpg?resize=340%2C340&amp;ssl=1 340w, https:\/\/i0.wp.com\/olivamorosicristians.es\/wp-content\/uploads\/2024\/04\/8-Ambaixador-2004-Josep-Mena-Jorda-scaled.jpg?resize=640%2C640&amp;ssl=1 640w, https:\/\/i0.wp.com\/olivamorosicristians.es\/wp-content\/uploads\/2024\/04\/8-Ambaixador-2004-Josep-Mena-Jorda-scaled.jpg?resize=960%2C960&amp;ssl=1 960w, https:\/\/i0.wp.com\/olivamorosicristians.es\/wp-content\/uploads\/2024\/04\/8-Ambaixador-2004-Josep-Mena-Jorda-scaled.jpg?zoom=3&amp;resize=340%2C340&amp;ssl=1 1020w\" sizes=\"auto, (max-width: 340px) 100vw, 340px\" data-attachment-id=\"11394\" data-permalink=\"https:\/\/olivamorosicristians.es\/es\/carrecs-festers\/8-ambaixador-2004-josep-mena-jorda\/\" data-orig-file=\"https:\/\/i0.wp.com\/olivamorosicristians.es\/wp-content\/uploads\/2024\/04\/8-Ambaixador-2004-Josep-Mena-Jorda-scaled.jpg?fit=1759%2C2560&amp;ssl=1\" data-orig-size=\"1759,2560\" data-comments-opened=\"0\" data-image-meta=\"{&quot;aperture&quot;:&quot;0&quot;,&quot;credit&quot;:&quot;&quot;,&quot;camera&quot;:&quot;&quot;,&quot;caption&quot;:&quot;&quot;,&quot;created_timestamp&quot;:&quot;0&quot;,&quot;copyright&quot;:&quot;&quot;,&quot;focal_length&quot;:&quot;0&quot;,&quot;iso&quot;:&quot;0&quot;,&quot;shutter_speed&quot;:&quot;0&quot;,&quot;title&quot;:&quot;&quot;,&quot;orientation&quot;:&quot;1&quot;}\" data-image-title=\"8 Ambaixador 2004 Josep Mena Jorda\u0300\" data-image-description=\"\" data-image-caption=\"\" data-large-file=\"https:\/\/i0.wp.com\/olivamorosicristians.es\/wp-content\/uploads\/2024\/04\/8-Ambaixador-2004-Josep-Mena-Jorda-scaled.jpg?fit=704%2C1024&amp;ssl=1\" \/>        <\/a>\r\n                <\/div>\r\n                    <div class=\"\">\r\n                                <a href=\"https:\/\/i0.wp.com\/olivamorosicristians.es\/wp-content\/uploads\/2024\/04\/5-Capita-1999-Pepe-Mena-Blanco.jpg?fit=1763%2C1915&#038;ssl=1\" data-rel=\"lightcase:gallery-65\">\r\n        <img loading=\"lazy\" decoding=\"async\" width=\"340\" height=\"340\" src=\"https:\/\/i0.wp.com\/olivamorosicristians.es\/wp-content\/uploads\/2024\/04\/5-Capita-1999-Pepe-Mena-Blanco.jpg?resize=340%2C340&amp;ssl=1\" class=\"cover-image\" alt=\"Pepe Mena Blanco - Capita\u0300 Moro 1999\" srcset=\"https:\/\/i0.wp.com\/olivamorosicristians.es\/wp-content\/uploads\/2024\/04\/5-Capita-1999-Pepe-Mena-Blanco.jpg?resize=150%2C150&amp;ssl=1 150w, https:\/\/i0.wp.com\/olivamorosicristians.es\/wp-content\/uploads\/2024\/04\/5-Capita-1999-Pepe-Mena-Blanco.jpg?resize=340%2C340&amp;ssl=1 340w, https:\/\/i0.wp.com\/olivamorosicristians.es\/wp-content\/uploads\/2024\/04\/5-Capita-1999-Pepe-Mena-Blanco.jpg?resize=640%2C640&amp;ssl=1 640w, https:\/\/i0.wp.com\/olivamorosicristians.es\/wp-content\/uploads\/2024\/04\/5-Capita-1999-Pepe-Mena-Blanco.jpg?resize=960%2C960&amp;ssl=1 960w, https:\/\/i0.wp.com\/olivamorosicristians.es\/wp-content\/uploads\/2024\/04\/5-Capita-1999-Pepe-Mena-Blanco.jpg?zoom=3&amp;resize=340%2C340&amp;ssl=1 1020w\" sizes=\"auto, (max-width: 340px) 100vw, 340px\" data-attachment-id=\"11387\" data-permalink=\"https:\/\/olivamorosicristians.es\/es\/carrecs-festers\/5-capita-1999-pepe-mena-blanco\/\" data-orig-file=\"https:\/\/i0.wp.com\/olivamorosicristians.es\/wp-content\/uploads\/2024\/04\/5-Capita-1999-Pepe-Mena-Blanco.jpg?fit=1763%2C1915&amp;ssl=1\" data-orig-size=\"1763,1915\" data-comments-opened=\"0\" data-image-meta=\"{&quot;aperture&quot;:&quot;0&quot;,&quot;credit&quot;:&quot;&quot;,&quot;camera&quot;:&quot;&quot;,&quot;caption&quot;:&quot;&quot;,&quot;created_timestamp&quot;:&quot;0&quot;,&quot;copyright&quot;:&quot;&quot;,&quot;focal_length&quot;:&quot;0&quot;,&quot;iso&quot;:&quot;0&quot;,&quot;shutter_speed&quot;:&quot;0&quot;,&quot;title&quot;:&quot;&quot;,&quot;orientation&quot;:&quot;1&quot;}\" data-image-title=\"5 Capita\u0300 1999 Pepe Mena Blanco\" data-image-description=\"\" data-image-caption=\"\" data-large-file=\"https:\/\/i0.wp.com\/olivamorosicristians.es\/wp-content\/uploads\/2024\/04\/5-Capita-1999-Pepe-Mena-Blanco.jpg?fit=943%2C1024&amp;ssl=1\" \/>        <\/a>\r\n                <\/div>\r\n                    <div class=\"\">\r\n                                <a href=\"https:\/\/i0.wp.com\/olivamorosicristians.es\/wp-content\/uploads\/2024\/04\/6-Ambaixadora-1999-Anna-Mena-Jorda-scaled.jpg?fit=2560%2C1228&#038;ssl=1\" data-rel=\"lightcase:gallery-65\">\r\n        <img loading=\"lazy\" decoding=\"async\" width=\"340\" height=\"340\" src=\"https:\/\/i0.wp.com\/olivamorosicristians.es\/wp-content\/uploads\/2024\/04\/6-Ambaixadora-1999-Anna-Mena-Jorda-scaled.jpg?resize=340%2C340&amp;ssl=1\" class=\"cover-image\" alt=\"Anna Mena Jorda\u0300 - Ambaixadora Mora 1999\" srcset=\"https:\/\/i0.wp.com\/olivamorosicristians.es\/wp-content\/uploads\/2024\/04\/6-Ambaixadora-1999-Anna-Mena-Jorda-scaled.jpg?resize=150%2C150&amp;ssl=1 150w, https:\/\/i0.wp.com\/olivamorosicristians.es\/wp-content\/uploads\/2024\/04\/6-Ambaixadora-1999-Anna-Mena-Jorda-scaled.jpg?resize=340%2C340&amp;ssl=1 340w, https:\/\/i0.wp.com\/olivamorosicristians.es\/wp-content\/uploads\/2024\/04\/6-Ambaixadora-1999-Anna-Mena-Jorda-scaled.jpg?resize=640%2C640&amp;ssl=1 640w, https:\/\/i0.wp.com\/olivamorosicristians.es\/wp-content\/uploads\/2024\/04\/6-Ambaixadora-1999-Anna-Mena-Jorda-scaled.jpg?resize=960%2C960&amp;ssl=1 960w, https:\/\/i0.wp.com\/olivamorosicristians.es\/wp-content\/uploads\/2024\/04\/6-Ambaixadora-1999-Anna-Mena-Jorda-scaled.jpg?zoom=3&amp;resize=340%2C340&amp;ssl=1 1020w\" sizes=\"auto, (max-width: 340px) 100vw, 340px\" data-attachment-id=\"11388\" data-permalink=\"https:\/\/olivamorosicristians.es\/es\/carrecs-festers\/6-ambaixadora-1999-anna-mena-jorda\/\" data-orig-file=\"https:\/\/i0.wp.com\/olivamorosicristians.es\/wp-content\/uploads\/2024\/04\/6-Ambaixadora-1999-Anna-Mena-Jorda-scaled.jpg?fit=2560%2C1228&amp;ssl=1\" data-orig-size=\"2560,1228\" data-comments-opened=\"0\" data-image-meta=\"{&quot;aperture&quot;:&quot;0&quot;,&quot;credit&quot;:&quot;&quot;,&quot;camera&quot;:&quot;&quot;,&quot;caption&quot;:&quot;&quot;,&quot;created_timestamp&quot;:&quot;0&quot;,&quot;copyright&quot;:&quot;&quot;,&quot;focal_length&quot;:&quot;0&quot;,&quot;iso&quot;:&quot;0&quot;,&quot;shutter_speed&quot;:&quot;0&quot;,&quot;title&quot;:&quot;&quot;,&quot;orientation&quot;:&quot;1&quot;}\" data-image-title=\"6 Ambaixadora 1999 Anna Mena Jorda\u0300\" data-image-description=\"\" data-image-caption=\"\" data-large-file=\"https:\/\/i0.wp.com\/olivamorosicristians.es\/wp-content\/uploads\/2024\/04\/6-Ambaixadora-1999-Anna-Mena-Jorda-scaled.jpg?fit=1024%2C491&amp;ssl=1\" \/>        <\/a>\r\n                <\/div>\r\n                    <div class=\"\">\r\n                                <a href=\"https:\/\/i0.wp.com\/olivamorosicristians.es\/wp-content\/uploads\/2024\/04\/3-Capita-1994-Jose-Soler-Ortiz-scaled.jpg?fit=1938%2C2560&#038;ssl=1\" data-rel=\"lightcase:gallery-65\">\r\n        <img loading=\"lazy\" decoding=\"async\" width=\"340\" height=\"340\" src=\"https:\/\/i0.wp.com\/olivamorosicristians.es\/wp-content\/uploads\/2024\/04\/3-Capita-1994-Jose-Soler-Ortiz-scaled.jpg?resize=340%2C340&amp;ssl=1\" class=\"cover-image\" alt=\"Jose Soler Ortiz - Capita\u0300 Moro 1994\" srcset=\"https:\/\/i0.wp.com\/olivamorosicristians.es\/wp-content\/uploads\/2024\/04\/3-Capita-1994-Jose-Soler-Ortiz-scaled.jpg?resize=150%2C150&amp;ssl=1 150w, https:\/\/i0.wp.com\/olivamorosicristians.es\/wp-content\/uploads\/2024\/04\/3-Capita-1994-Jose-Soler-Ortiz-scaled.jpg?resize=340%2C340&amp;ssl=1 340w, https:\/\/i0.wp.com\/olivamorosicristians.es\/wp-content\/uploads\/2024\/04\/3-Capita-1994-Jose-Soler-Ortiz-scaled.jpg?resize=640%2C640&amp;ssl=1 640w, https:\/\/i0.wp.com\/olivamorosicristians.es\/wp-content\/uploads\/2024\/04\/3-Capita-1994-Jose-Soler-Ortiz-scaled.jpg?resize=960%2C960&amp;ssl=1 960w, https:\/\/i0.wp.com\/olivamorosicristians.es\/wp-content\/uploads\/2024\/04\/3-Capita-1994-Jose-Soler-Ortiz-scaled.jpg?zoom=3&amp;resize=340%2C340&amp;ssl=1 1020w\" sizes=\"auto, (max-width: 340px) 100vw, 340px\" data-attachment-id=\"11389\" data-permalink=\"https:\/\/olivamorosicristians.es\/es\/carrecs-festers\/3-capita-1994-jose-soler-ortiz\/\" data-orig-file=\"https:\/\/i0.wp.com\/olivamorosicristians.es\/wp-content\/uploads\/2024\/04\/3-Capita-1994-Jose-Soler-Ortiz-scaled.jpg?fit=1938%2C2560&amp;ssl=1\" data-orig-size=\"1938,2560\" data-comments-opened=\"0\" data-image-meta=\"{&quot;aperture&quot;:&quot;0&quot;,&quot;credit&quot;:&quot;&quot;,&quot;camera&quot;:&quot;&quot;,&quot;caption&quot;:&quot;&quot;,&quot;created_timestamp&quot;:&quot;0&quot;,&quot;copyright&quot;:&quot;&quot;,&quot;focal_length&quot;:&quot;0&quot;,&quot;iso&quot;:&quot;0&quot;,&quot;shutter_speed&quot;:&quot;0&quot;,&quot;title&quot;:&quot;&quot;,&quot;orientation&quot;:&quot;1&quot;}\" data-image-title=\"3 Capita\u0300 1994 Jose Soler Ortiz\" data-image-description=\"\" data-image-caption=\"\" data-large-file=\"https:\/\/i0.wp.com\/olivamorosicristians.es\/wp-content\/uploads\/2024\/04\/3-Capita-1994-Jose-Soler-Ortiz-scaled.jpg?fit=775%2C1024&amp;ssl=1\" \/>        <\/a>\r\n                <\/div>\r\n                    <div class=\"\">\r\n                                <a href=\"https:\/\/i0.wp.com\/olivamorosicristians.es\/wp-content\/uploads\/2024\/04\/4-Ambaixador-1994-Pepe-Mena-Blanco-scaled.jpg?fit=1723%2C2560&#038;ssl=1\" data-rel=\"lightcase:gallery-65\">\r\n        <img loading=\"lazy\" decoding=\"async\" width=\"340\" height=\"340\" src=\"https:\/\/i0.wp.com\/olivamorosicristians.es\/wp-content\/uploads\/2024\/04\/4-Ambaixador-1994-Pepe-Mena-Blanco-scaled.jpg?resize=340%2C340&amp;ssl=1\" class=\"cover-image\" alt=\"Pepe Mena Blanco - Ambaixador Moro 1994\" srcset=\"https:\/\/i0.wp.com\/olivamorosicristians.es\/wp-content\/uploads\/2024\/04\/4-Ambaixador-1994-Pepe-Mena-Blanco-scaled.jpg?resize=150%2C150&amp;ssl=1 150w, https:\/\/i0.wp.com\/olivamorosicristians.es\/wp-content\/uploads\/2024\/04\/4-Ambaixador-1994-Pepe-Mena-Blanco-scaled.jpg?resize=340%2C340&amp;ssl=1 340w, https:\/\/i0.wp.com\/olivamorosicristians.es\/wp-content\/uploads\/2024\/04\/4-Ambaixador-1994-Pepe-Mena-Blanco-scaled.jpg?resize=640%2C640&amp;ssl=1 640w, https:\/\/i0.wp.com\/olivamorosicristians.es\/wp-content\/uploads\/2024\/04\/4-Ambaixador-1994-Pepe-Mena-Blanco-scaled.jpg?resize=960%2C960&amp;ssl=1 960w, https:\/\/i0.wp.com\/olivamorosicristians.es\/wp-content\/uploads\/2024\/04\/4-Ambaixador-1994-Pepe-Mena-Blanco-scaled.jpg?zoom=3&amp;resize=340%2C340&amp;ssl=1 1020w\" sizes=\"auto, (max-width: 340px) 100vw, 340px\" data-attachment-id=\"11390\" data-permalink=\"https:\/\/olivamorosicristians.es\/es\/carrecs-festers\/4-ambaixador-1994-pepe-mena-blanco\/\" data-orig-file=\"https:\/\/i0.wp.com\/olivamorosicristians.es\/wp-content\/uploads\/2024\/04\/4-Ambaixador-1994-Pepe-Mena-Blanco-scaled.jpg?fit=1723%2C2560&amp;ssl=1\" data-orig-size=\"1723,2560\" data-comments-opened=\"0\" data-image-meta=\"{&quot;aperture&quot;:&quot;0&quot;,&quot;credit&quot;:&quot;&quot;,&quot;camera&quot;:&quot;&quot;,&quot;caption&quot;:&quot;&quot;,&quot;created_timestamp&quot;:&quot;0&quot;,&quot;copyright&quot;:&quot;&quot;,&quot;focal_length&quot;:&quot;0&quot;,&quot;iso&quot;:&quot;0&quot;,&quot;shutter_speed&quot;:&quot;0&quot;,&quot;title&quot;:&quot;&quot;,&quot;orientation&quot;:&quot;1&quot;}\" data-image-title=\"4 Ambaixador 1994 Pepe Mena Blanco\" data-image-description=\"\" data-image-caption=\"\" data-large-file=\"https:\/\/i0.wp.com\/olivamorosicristians.es\/wp-content\/uploads\/2024\/04\/4-Ambaixador-1994-Pepe-Mena-Blanco-scaled.jpg?fit=689%2C1024&amp;ssl=1\" \/>        <\/a>\r\n                <\/div>\r\n                    <div class=\"\">\r\n                                <a href=\"https:\/\/i0.wp.com\/olivamorosicristians.es\/wp-content\/uploads\/2024\/04\/2-Juan-Mayol.-Capita-1990.jpg?fit=1200%2C1599&#038;ssl=1\" data-rel=\"lightcase:gallery-65\">\r\n        <img loading=\"lazy\" decoding=\"async\" width=\"340\" height=\"340\" src=\"https:\/\/i0.wp.com\/olivamorosicristians.es\/wp-content\/uploads\/2024\/04\/2-Juan-Mayol.-Capita-1990.jpg?resize=340%2C340&amp;ssl=1\" class=\"cover-image\" alt=\"Juan Mayol - Capita\u0300 Moro 1990\" srcset=\"https:\/\/i0.wp.com\/olivamorosicristians.es\/wp-content\/uploads\/2024\/04\/2-Juan-Mayol.-Capita-1990.jpg?resize=150%2C150&amp;ssl=1 150w, https:\/\/i0.wp.com\/olivamorosicristians.es\/wp-content\/uploads\/2024\/04\/2-Juan-Mayol.-Capita-1990.jpg?resize=340%2C340&amp;ssl=1 340w, https:\/\/i0.wp.com\/olivamorosicristians.es\/wp-content\/uploads\/2024\/04\/2-Juan-Mayol.-Capita-1990.jpg?resize=640%2C640&amp;ssl=1 640w, https:\/\/i0.wp.com\/olivamorosicristians.es\/wp-content\/uploads\/2024\/04\/2-Juan-Mayol.-Capita-1990.jpg?resize=960%2C960&amp;ssl=1 960w, https:\/\/i0.wp.com\/olivamorosicristians.es\/wp-content\/uploads\/2024\/04\/2-Juan-Mayol.-Capita-1990.jpg?zoom=3&amp;resize=340%2C340&amp;ssl=1 1020w\" sizes=\"auto, (max-width: 340px) 100vw, 340px\" data-attachment-id=\"11391\" data-permalink=\"https:\/\/olivamorosicristians.es\/es\/carrecs-festers\/2-juan-mayol-capita-1990\/\" data-orig-file=\"https:\/\/i0.wp.com\/olivamorosicristians.es\/wp-content\/uploads\/2024\/04\/2-Juan-Mayol.-Capita-1990.jpg?fit=1200%2C1599&amp;ssl=1\" data-orig-size=\"1200,1599\" data-comments-opened=\"0\" data-image-meta=\"{&quot;aperture&quot;:&quot;0&quot;,&quot;credit&quot;:&quot;&quot;,&quot;camera&quot;:&quot;&quot;,&quot;caption&quot;:&quot;&quot;,&quot;created_timestamp&quot;:&quot;0&quot;,&quot;copyright&quot;:&quot;&quot;,&quot;focal_length&quot;:&quot;0&quot;,&quot;iso&quot;:&quot;0&quot;,&quot;shutter_speed&quot;:&quot;0&quot;,&quot;title&quot;:&quot;&quot;,&quot;orientation&quot;:&quot;1&quot;}\" data-image-title=\"2 Juan Mayol. Capita\u0300 1990\" data-image-description=\"\" data-image-caption=\"\" data-large-file=\"https:\/\/i0.wp.com\/olivamorosicristians.es\/wp-content\/uploads\/2024\/04\/2-Juan-Mayol.-Capita-1990.jpg?fit=768%2C1024&amp;ssl=1\" \/>        <\/a>\r\n                <\/div>\r\n                    <div class=\"\">\r\n                                <a href=\"https:\/\/i0.wp.com\/olivamorosicristians.es\/wp-content\/uploads\/2024\/04\/1-Juan-Avargues-Capita-1984.jpeg?fit=1560%2C2030&#038;ssl=1\" data-rel=\"lightcase:gallery-65\">\r\n        <img loading=\"lazy\" decoding=\"async\" width=\"340\" height=\"340\" src=\"https:\/\/i0.wp.com\/olivamorosicristians.es\/wp-content\/uploads\/2024\/04\/1-Juan-Avargues-Capita-1984.jpeg?resize=340%2C340&amp;ssl=1\" class=\"cover-image\" alt=\"Juan Avargues - Capita\u0300 Moro 1984\" srcset=\"https:\/\/i0.wp.com\/olivamorosicristians.es\/wp-content\/uploads\/2024\/04\/1-Juan-Avargues-Capita-1984.jpeg?resize=150%2C150&amp;ssl=1 150w, https:\/\/i0.wp.com\/olivamorosicristians.es\/wp-content\/uploads\/2024\/04\/1-Juan-Avargues-Capita-1984.jpeg?resize=340%2C340&amp;ssl=1 340w, https:\/\/i0.wp.com\/olivamorosicristians.es\/wp-content\/uploads\/2024\/04\/1-Juan-Avargues-Capita-1984.jpeg?resize=640%2C640&amp;ssl=1 640w, https:\/\/i0.wp.com\/olivamorosicristians.es\/wp-content\/uploads\/2024\/04\/1-Juan-Avargues-Capita-1984.jpeg?resize=960%2C960&amp;ssl=1 960w, https:\/\/i0.wp.com\/olivamorosicristians.es\/wp-content\/uploads\/2024\/04\/1-Juan-Avargues-Capita-1984.jpeg?zoom=3&amp;resize=340%2C340&amp;ssl=1 1020w\" sizes=\"auto, (max-width: 340px) 100vw, 340px\" data-attachment-id=\"11393\" data-permalink=\"https:\/\/olivamorosicristians.es\/es\/carrecs-festers\/1-juan-avargues-capita-1984\/\" data-orig-file=\"https:\/\/i0.wp.com\/olivamorosicristians.es\/wp-content\/uploads\/2024\/04\/1-Juan-Avargues-Capita-1984.jpeg?fit=1560%2C2030&amp;ssl=1\" data-orig-size=\"1560,2030\" data-comments-opened=\"0\" data-image-meta=\"{&quot;aperture&quot;:&quot;0&quot;,&quot;credit&quot;:&quot;&quot;,&quot;camera&quot;:&quot;&quot;,&quot;caption&quot;:&quot;&quot;,&quot;created_timestamp&quot;:&quot;0&quot;,&quot;copyright&quot;:&quot;&quot;,&quot;focal_length&quot;:&quot;0&quot;,&quot;iso&quot;:&quot;0&quot;,&quot;shutter_speed&quot;:&quot;0&quot;,&quot;title&quot;:&quot;&quot;,&quot;orientation&quot;:&quot;1&quot;}\" data-image-title=\"1 Juan Avargues, Capita\u0300 1984\" data-image-description=\"\" data-image-caption=\"\" data-large-file=\"https:\/\/i0.wp.com\/olivamorosicristians.es\/wp-content\/uploads\/2024\/04\/1-Juan-Avargues-Capita-1984.jpeg?fit=787%2C1024&amp;ssl=1\" \/>        <\/a>\r\n                <\/div>\r\n        <\/div>\r\n<\/div><div class=\"w-space\" style=\"height:50px\"><\/div><div class=\"w-heading heading-7 text-center\">\r\n             \r\n    <h3 class=\"heading-title\">Filada Mosqueters<\/h3>            <\/div><div class=\"w-image-gallery w-slider\">\r\n    <div class=\"owl-carousel\" data-items=\"8\" data-navigation=\"true\" data-pagination=\"true\" data-loop=\"false\" data-auto-play=\"false\">\r\n                    <div class=\"\">\r\n                                <a href=\"https:\/\/i0.wp.com\/olivamorosicristians.es\/wp-content\/uploads\/2020\/04\/Capita%CC%80-Cristia%CC%802019_640px_1.jpg?fit=640%2C640&#038;ssl=1\" data-rel=\"lightcase:gallery-66\">\r\n        <img loading=\"lazy\" decoding=\"async\" width=\"340\" height=\"340\" src=\"https:\/\/i0.wp.com\/olivamorosicristians.es\/wp-content\/uploads\/2020\/04\/Capita%CC%80-Cristia%CC%802019_640px_1.jpg?resize=340%2C340&amp;ssl=1\" class=\"cover-image\" alt=\"Jaime Garc\u00eda Lorente - Capit\u00e0 Cristi\u00e0 2019\" data-attachment-id=\"9704\" data-permalink=\"https:\/\/olivamorosicristians.es\/es\/capita-cristia2019_640px_1\/\" data-orig-file=\"https:\/\/i0.wp.com\/olivamorosicristians.es\/wp-content\/uploads\/2020\/04\/Capita%CC%80-Cristia%CC%802019_640px_1.jpg?fit=640%2C640&amp;ssl=1\" data-orig-size=\"640,640\" data-comments-opened=\"0\" data-image-meta=\"{&quot;aperture&quot;:&quot;4&quot;,&quot;credit&quot;:&quot;&quot;,&quot;camera&quot;:&quot;Canon EOS 5D Mark II&quot;,&quot;caption&quot;:&quot;&quot;,&quot;created_timestamp&quot;:&quot;1563574185&quot;,&quot;copyright&quot;:&quot;&quot;,&quot;focal_length&quot;:&quot;187&quot;,&quot;iso&quot;:&quot;2500&quot;,&quot;shutter_speed&quot;:&quot;0.005&quot;,&quot;title&quot;:&quot;&quot;,&quot;orientation&quot;:&quot;1&quot;}\" data-image-title=\"Capita\u0300 Cristia\u03002019_640px_1\" data-image-description=\"\" data-image-caption=\"\" data-large-file=\"https:\/\/i0.wp.com\/olivamorosicristians.es\/wp-content\/uploads\/2020\/04\/Capita%CC%80-Cristia%CC%802019_640px_1.jpg?fit=640%2C640&amp;ssl=1\" \/>        <\/a>\r\n                <\/div>\r\n                    <div class=\"\">\r\n                                <a href=\"https:\/\/i0.wp.com\/olivamorosicristians.es\/wp-content\/uploads\/2020\/04\/Ambaixador-Cristia%CC%80_2019_640px.jpg?fit=640%2C640&#038;ssl=1\" data-rel=\"lightcase:gallery-66\">\r\n        <img loading=\"lazy\" decoding=\"async\" width=\"340\" height=\"340\" src=\"https:\/\/i0.wp.com\/olivamorosicristians.es\/wp-content\/uploads\/2020\/04\/Ambaixador-Cristia%CC%80_2019_640px.jpg?resize=340%2C340&amp;ssl=1\" class=\"cover-image\" alt=\"Iv\u00e1n Chamorro L\u00f3pez - Ambaixador Cristi\u00e0 2019\" data-attachment-id=\"9674\" data-permalink=\"https:\/\/olivamorosicristians.es\/es\/ambaixador-cristia_2019_640px\/\" data-orig-file=\"https:\/\/i0.wp.com\/olivamorosicristians.es\/wp-content\/uploads\/2020\/04\/Ambaixador-Cristia%CC%80_2019_640px.jpg?fit=640%2C640&amp;ssl=1\" data-orig-size=\"640,640\" data-comments-opened=\"0\" data-image-meta=\"{&quot;aperture&quot;:&quot;4&quot;,&quot;credit&quot;:&quot;&quot;,&quot;camera&quot;:&quot;Canon EOS 5D Mark II&quot;,&quot;caption&quot;:&quot;&quot;,&quot;created_timestamp&quot;:&quot;1563572320&quot;,&quot;copyright&quot;:&quot;&quot;,&quot;focal_length&quot;:&quot;127&quot;,&quot;iso&quot;:&quot;2500&quot;,&quot;shutter_speed&quot;:&quot;0.005&quot;,&quot;title&quot;:&quot;&quot;,&quot;orientation&quot;:&quot;1&quot;}\" data-image-title=\"Ambaixador-Cristia\u0300_2019_640px\" data-image-description=\"\" data-image-caption=\"\" data-large-file=\"https:\/\/i0.wp.com\/olivamorosicristians.es\/wp-content\/uploads\/2020\/04\/Ambaixador-Cristia%CC%80_2019_640px.jpg?fit=640%2C640&amp;ssl=1\" \/>        <\/a>\r\n                <\/div>\r\n                    <div class=\"\">\r\n                                <a href=\"https:\/\/i0.wp.com\/olivamorosicristians.es\/wp-content\/uploads\/2018\/07\/Jose-navarro-cots.-Capita-20013.jpg?fit=640%2C640&#038;ssl=1\" data-rel=\"lightcase:gallery-66\">\r\n        <img loading=\"lazy\" decoding=\"async\" width=\"340\" height=\"340\" src=\"https:\/\/i0.wp.com\/olivamorosicristians.es\/wp-content\/uploads\/2018\/07\/Jose-navarro-cots.-Capita-20013.jpg?resize=340%2C340&amp;ssl=1\" class=\"cover-image\" alt=\"Jos\u00e9 Navarro Cots - Capit\u00e0 Cristi\u00e0 2013\" srcset=\"https:\/\/i0.wp.com\/olivamorosicristians.es\/wp-content\/uploads\/2018\/07\/Jose-navarro-cots.-Capita-20013.jpg?w=640&amp;ssl=1 640w, https:\/\/i0.wp.com\/olivamorosicristians.es\/wp-content\/uploads\/2018\/07\/Jose-navarro-cots.-Capita-20013.jpg?resize=150%2C150&amp;ssl=1 150w, https:\/\/i0.wp.com\/olivamorosicristians.es\/wp-content\/uploads\/2018\/07\/Jose-navarro-cots.-Capita-20013.jpg?resize=300%2C300&amp;ssl=1 300w, https:\/\/i0.wp.com\/olivamorosicristians.es\/wp-content\/uploads\/2018\/07\/Jose-navarro-cots.-Capita-20013.jpg?resize=340%2C340&amp;ssl=1 340w\" sizes=\"auto, (max-width: 340px) 100vw, 340px\" data-attachment-id=\"8735\" data-permalink=\"https:\/\/olivamorosicristians.es\/es\/carrecs-festers\/jose-navarro-cots-capita-20013\/\" data-orig-file=\"https:\/\/i0.wp.com\/olivamorosicristians.es\/wp-content\/uploads\/2018\/07\/Jose-navarro-cots.-Capita-20013.jpg?fit=640%2C640&amp;ssl=1\" data-orig-size=\"640,640\" data-comments-opened=\"0\" data-image-meta=\"{&quot;aperture&quot;:&quot;0&quot;,&quot;credit&quot;:&quot;&quot;,&quot;camera&quot;:&quot;&quot;,&quot;caption&quot;:&quot;&quot;,&quot;created_timestamp&quot;:&quot;0&quot;,&quot;copyright&quot;:&quot;&quot;,&quot;focal_length&quot;:&quot;0&quot;,&quot;iso&quot;:&quot;0&quot;,&quot;shutter_speed&quot;:&quot;0&quot;,&quot;title&quot;:&quot;&quot;,&quot;orientation&quot;:&quot;1&quot;}\" data-image-title=\"Jose navarro cots. Capita 2013\" data-image-description=\"\" data-image-caption=\"\" data-large-file=\"https:\/\/i0.wp.com\/olivamorosicristians.es\/wp-content\/uploads\/2018\/07\/Jose-navarro-cots.-Capita-20013.jpg?fit=640%2C640&amp;ssl=1\" \/>        <\/a>\r\n                <\/div>\r\n                    <div class=\"\">\r\n                                <a href=\"https:\/\/i0.wp.com\/olivamorosicristians.es\/wp-content\/uploads\/2018\/07\/Carmen-villora-lorente.-Embaixadora-2013.jpg?fit=640%2C640&#038;ssl=1\" data-rel=\"lightcase:gallery-66\">\r\n        <img loading=\"lazy\" decoding=\"async\" width=\"340\" height=\"340\" src=\"https:\/\/i0.wp.com\/olivamorosicristians.es\/wp-content\/uploads\/2018\/07\/Carmen-villora-lorente.-Embaixadora-2013.jpg?resize=340%2C340&amp;ssl=1\" class=\"cover-image\" alt=\"Carmen Villora Lorente - Ambaixadora Cristiana 2013\" srcset=\"https:\/\/i0.wp.com\/olivamorosicristians.es\/wp-content\/uploads\/2018\/07\/Carmen-villora-lorente.-Embaixadora-2013.jpg?w=640&amp;ssl=1 640w, https:\/\/i0.wp.com\/olivamorosicristians.es\/wp-content\/uploads\/2018\/07\/Carmen-villora-lorente.-Embaixadora-2013.jpg?resize=150%2C150&amp;ssl=1 150w, https:\/\/i0.wp.com\/olivamorosicristians.es\/wp-content\/uploads\/2018\/07\/Carmen-villora-lorente.-Embaixadora-2013.jpg?resize=300%2C300&amp;ssl=1 300w, https:\/\/i0.wp.com\/olivamorosicristians.es\/wp-content\/uploads\/2018\/07\/Carmen-villora-lorente.-Embaixadora-2013.jpg?resize=340%2C340&amp;ssl=1 340w\" sizes=\"auto, (max-width: 340px) 100vw, 340px\" data-attachment-id=\"8730\" data-permalink=\"https:\/\/olivamorosicristians.es\/es\/carrecs-festers\/carmen-villora-lorente-embaixadora-2013\/\" data-orig-file=\"https:\/\/i0.wp.com\/olivamorosicristians.es\/wp-content\/uploads\/2018\/07\/Carmen-villora-lorente.-Embaixadora-2013.jpg?fit=640%2C640&amp;ssl=1\" data-orig-size=\"640,640\" data-comments-opened=\"0\" data-image-meta=\"{&quot;aperture&quot;:&quot;0&quot;,&quot;credit&quot;:&quot;&quot;,&quot;camera&quot;:&quot;&quot;,&quot;caption&quot;:&quot;&quot;,&quot;created_timestamp&quot;:&quot;0&quot;,&quot;copyright&quot;:&quot;&quot;,&quot;focal_length&quot;:&quot;0&quot;,&quot;iso&quot;:&quot;0&quot;,&quot;shutter_speed&quot;:&quot;0&quot;,&quot;title&quot;:&quot;&quot;,&quot;orientation&quot;:&quot;1&quot;}\" data-image-title=\"Carmen villora lorente. Embaixadora 2013\" data-image-description=\"\" data-image-caption=\"\" data-large-file=\"https:\/\/i0.wp.com\/olivamorosicristians.es\/wp-content\/uploads\/2018\/07\/Carmen-villora-lorente.-Embaixadora-2013.jpg?fit=640%2C640&amp;ssl=1\" \/>        <\/a>\r\n                <\/div>\r\n                    <div class=\"\">\r\n                                <a href=\"https:\/\/i0.wp.com\/olivamorosicristians.es\/wp-content\/uploads\/2018\/07\/Jose-bertomeu-ramos.-Capita-2007.jpg?fit=640%2C640&#038;ssl=1\" data-rel=\"lightcase:gallery-66\">\r\n        <img loading=\"lazy\" decoding=\"async\" width=\"340\" height=\"340\" src=\"https:\/\/i0.wp.com\/olivamorosicristians.es\/wp-content\/uploads\/2018\/07\/Jose-bertomeu-ramos.-Capita-2007.jpg?resize=340%2C340&amp;ssl=1\" class=\"cover-image\" alt=\"Jos\u00e9 Bertomeu Ramos - Capit\u00e0 Cristi\u00e0 2007\" srcset=\"https:\/\/i0.wp.com\/olivamorosicristians.es\/wp-content\/uploads\/2018\/07\/Jose-bertomeu-ramos.-Capita-2007.jpg?w=640&amp;ssl=1 640w, https:\/\/i0.wp.com\/olivamorosicristians.es\/wp-content\/uploads\/2018\/07\/Jose-bertomeu-ramos.-Capita-2007.jpg?resize=150%2C150&amp;ssl=1 150w, https:\/\/i0.wp.com\/olivamorosicristians.es\/wp-content\/uploads\/2018\/07\/Jose-bertomeu-ramos.-Capita-2007.jpg?resize=300%2C300&amp;ssl=1 300w, https:\/\/i0.wp.com\/olivamorosicristians.es\/wp-content\/uploads\/2018\/07\/Jose-bertomeu-ramos.-Capita-2007.jpg?resize=340%2C340&amp;ssl=1 340w\" sizes=\"auto, (max-width: 340px) 100vw, 340px\" data-attachment-id=\"8734\" data-permalink=\"https:\/\/olivamorosicristians.es\/es\/carrecs-festers\/jose-bertomeu-ramos-capita-2007\/\" data-orig-file=\"https:\/\/i0.wp.com\/olivamorosicristians.es\/wp-content\/uploads\/2018\/07\/Jose-bertomeu-ramos.-Capita-2007.jpg?fit=640%2C640&amp;ssl=1\" data-orig-size=\"640,640\" data-comments-opened=\"0\" data-image-meta=\"{&quot;aperture&quot;:&quot;0&quot;,&quot;credit&quot;:&quot;&quot;,&quot;camera&quot;:&quot;&quot;,&quot;caption&quot;:&quot;&quot;,&quot;created_timestamp&quot;:&quot;0&quot;,&quot;copyright&quot;:&quot;&quot;,&quot;focal_length&quot;:&quot;0&quot;,&quot;iso&quot;:&quot;0&quot;,&quot;shutter_speed&quot;:&quot;0&quot;,&quot;title&quot;:&quot;&quot;,&quot;orientation&quot;:&quot;1&quot;}\" data-image-title=\"Jose bertomeu ramos. Capita 2007\" data-image-description=\"\" data-image-caption=\"\" data-large-file=\"https:\/\/i0.wp.com\/olivamorosicristians.es\/wp-content\/uploads\/2018\/07\/Jose-bertomeu-ramos.-Capita-2007.jpg?fit=640%2C640&amp;ssl=1\" \/>        <\/a>\r\n                <\/div>\r\n                    <div class=\"\">\r\n                                <a href=\"https:\/\/i0.wp.com\/olivamorosicristians.es\/wp-content\/uploads\/2018\/07\/Rodrigo-Fernandez-gazquez.-Embaixador-2007.jpg?fit=640%2C640&#038;ssl=1\" data-rel=\"lightcase:gallery-66\">\r\n        <img loading=\"lazy\" decoding=\"async\" width=\"340\" height=\"340\" src=\"https:\/\/i0.wp.com\/olivamorosicristians.es\/wp-content\/uploads\/2018\/07\/Rodrigo-Fernandez-gazquez.-Embaixador-2007.jpg?resize=340%2C340&amp;ssl=1\" class=\"cover-image\" alt=\"Rodrigo Fern\u00e1ndez G\u00e1zquez - Ambaixador Cristi\u00e0 2007\" srcset=\"https:\/\/i0.wp.com\/olivamorosicristians.es\/wp-content\/uploads\/2018\/07\/Rodrigo-Fernandez-gazquez.-Embaixador-2007.jpg?w=640&amp;ssl=1 640w, https:\/\/i0.wp.com\/olivamorosicristians.es\/wp-content\/uploads\/2018\/07\/Rodrigo-Fernandez-gazquez.-Embaixador-2007.jpg?resize=150%2C150&amp;ssl=1 150w, https:\/\/i0.wp.com\/olivamorosicristians.es\/wp-content\/uploads\/2018\/07\/Rodrigo-Fernandez-gazquez.-Embaixador-2007.jpg?resize=300%2C300&amp;ssl=1 300w, https:\/\/i0.wp.com\/olivamorosicristians.es\/wp-content\/uploads\/2018\/07\/Rodrigo-Fernandez-gazquez.-Embaixador-2007.jpg?resize=340%2C340&amp;ssl=1 340w\" sizes=\"auto, (max-width: 340px) 100vw, 340px\" data-attachment-id=\"8739\" data-permalink=\"https:\/\/olivamorosicristians.es\/es\/carrecs-festers\/rodrigo-fernandez-gazquez-embaixador-2007\/\" data-orig-file=\"https:\/\/i0.wp.com\/olivamorosicristians.es\/wp-content\/uploads\/2018\/07\/Rodrigo-Fernandez-gazquez.-Embaixador-2007.jpg?fit=640%2C640&amp;ssl=1\" data-orig-size=\"640,640\" data-comments-opened=\"0\" data-image-meta=\"{&quot;aperture&quot;:&quot;0&quot;,&quot;credit&quot;:&quot;&quot;,&quot;camera&quot;:&quot;&quot;,&quot;caption&quot;:&quot;&quot;,&quot;created_timestamp&quot;:&quot;0&quot;,&quot;copyright&quot;:&quot;&quot;,&quot;focal_length&quot;:&quot;0&quot;,&quot;iso&quot;:&quot;0&quot;,&quot;shutter_speed&quot;:&quot;0&quot;,&quot;title&quot;:&quot;&quot;,&quot;orientation&quot;:&quot;1&quot;}\" data-image-title=\"Rodrigo Fernandez gazquez. Embaixador 2007\" data-image-description=\"\" data-image-caption=\"\" data-large-file=\"https:\/\/i0.wp.com\/olivamorosicristians.es\/wp-content\/uploads\/2018\/07\/Rodrigo-Fernandez-gazquez.-Embaixador-2007.jpg?fit=640%2C640&amp;ssl=1\" \/>        <\/a>\r\n                <\/div>\r\n                    <div class=\"\">\r\n                                <a href=\"https:\/\/i0.wp.com\/olivamorosicristians.es\/wp-content\/uploads\/2018\/07\/Domingo-villora-moreno.-Capita-2002.jpg?fit=640%2C640&#038;ssl=1\" data-rel=\"lightcase:gallery-66\">\r\n        <img loading=\"lazy\" decoding=\"async\" width=\"340\" height=\"340\" src=\"https:\/\/i0.wp.com\/olivamorosicristians.es\/wp-content\/uploads\/2018\/07\/Domingo-villora-moreno.-Capita-2002.jpg?resize=340%2C340&amp;ssl=1\" class=\"cover-image\" alt=\"Domingo Villora Moreno - Capit\u00e0 Cristi\u00e0 2002\" srcset=\"https:\/\/i0.wp.com\/olivamorosicristians.es\/wp-content\/uploads\/2018\/07\/Domingo-villora-moreno.-Capita-2002.jpg?w=640&amp;ssl=1 640w, https:\/\/i0.wp.com\/olivamorosicristians.es\/wp-content\/uploads\/2018\/07\/Domingo-villora-moreno.-Capita-2002.jpg?resize=150%2C150&amp;ssl=1 150w, https:\/\/i0.wp.com\/olivamorosicristians.es\/wp-content\/uploads\/2018\/07\/Domingo-villora-moreno.-Capita-2002.jpg?resize=300%2C300&amp;ssl=1 300w, https:\/\/i0.wp.com\/olivamorosicristians.es\/wp-content\/uploads\/2018\/07\/Domingo-villora-moreno.-Capita-2002.jpg?resize=340%2C340&amp;ssl=1 340w\" sizes=\"auto, (max-width: 340px) 100vw, 340px\" data-attachment-id=\"8731\" data-permalink=\"https:\/\/olivamorosicristians.es\/es\/carrecs-festers\/domingo-villora-moreno-capita-2002\/\" data-orig-file=\"https:\/\/i0.wp.com\/olivamorosicristians.es\/wp-content\/uploads\/2018\/07\/Domingo-villora-moreno.-Capita-2002.jpg?fit=640%2C640&amp;ssl=1\" data-orig-size=\"640,640\" data-comments-opened=\"0\" data-image-meta=\"{&quot;aperture&quot;:&quot;0&quot;,&quot;credit&quot;:&quot;&quot;,&quot;camera&quot;:&quot;&quot;,&quot;caption&quot;:&quot;&quot;,&quot;created_timestamp&quot;:&quot;0&quot;,&quot;copyright&quot;:&quot;&quot;,&quot;focal_length&quot;:&quot;0&quot;,&quot;iso&quot;:&quot;0&quot;,&quot;shutter_speed&quot;:&quot;0&quot;,&quot;title&quot;:&quot;&quot;,&quot;orientation&quot;:&quot;1&quot;}\" data-image-title=\"Domingo villora moreno. Capita 2002\" data-image-description=\"\" data-image-caption=\"\" data-large-file=\"https:\/\/i0.wp.com\/olivamorosicristians.es\/wp-content\/uploads\/2018\/07\/Domingo-villora-moreno.-Capita-2002.jpg?fit=640%2C640&amp;ssl=1\" \/>        <\/a>\r\n                <\/div>\r\n                    <div class=\"\">\r\n                                <a href=\"https:\/\/i0.wp.com\/olivamorosicristians.es\/wp-content\/uploads\/2018\/07\/Juan-garcia-lorente.-Embaixador-2002.jpg?fit=640%2C640&#038;ssl=1\" data-rel=\"lightcase:gallery-66\">\r\n        <img loading=\"lazy\" decoding=\"async\" width=\"340\" height=\"340\" src=\"https:\/\/i0.wp.com\/olivamorosicristians.es\/wp-content\/uploads\/2018\/07\/Juan-garcia-lorente.-Embaixador-2002.jpg?resize=340%2C340&amp;ssl=1\" class=\"cover-image\" alt=\"Juan Garc\u00eda Lorente - Ambaixador Cristi\u00e0 2002\" srcset=\"https:\/\/i0.wp.com\/olivamorosicristians.es\/wp-content\/uploads\/2018\/07\/Juan-garcia-lorente.-Embaixador-2002.jpg?w=640&amp;ssl=1 640w, https:\/\/i0.wp.com\/olivamorosicristians.es\/wp-content\/uploads\/2018\/07\/Juan-garcia-lorente.-Embaixador-2002.jpg?resize=150%2C150&amp;ssl=1 150w, https:\/\/i0.wp.com\/olivamorosicristians.es\/wp-content\/uploads\/2018\/07\/Juan-garcia-lorente.-Embaixador-2002.jpg?resize=300%2C300&amp;ssl=1 300w, https:\/\/i0.wp.com\/olivamorosicristians.es\/wp-content\/uploads\/2018\/07\/Juan-garcia-lorente.-Embaixador-2002.jpg?resize=340%2C340&amp;ssl=1 340w\" sizes=\"auto, (max-width: 340px) 100vw, 340px\" data-attachment-id=\"8736\" data-permalink=\"https:\/\/olivamorosicristians.es\/es\/carrecs-festers\/juan-garcia-lorente-embaixador-2002\/\" data-orig-file=\"https:\/\/i0.wp.com\/olivamorosicristians.es\/wp-content\/uploads\/2018\/07\/Juan-garcia-lorente.-Embaixador-2002.jpg?fit=640%2C640&amp;ssl=1\" data-orig-size=\"640,640\" data-comments-opened=\"0\" data-image-meta=\"{&quot;aperture&quot;:&quot;0&quot;,&quot;credit&quot;:&quot;&quot;,&quot;camera&quot;:&quot;&quot;,&quot;caption&quot;:&quot;&quot;,&quot;created_timestamp&quot;:&quot;0&quot;,&quot;copyright&quot;:&quot;&quot;,&quot;focal_length&quot;:&quot;0&quot;,&quot;iso&quot;:&quot;0&quot;,&quot;shutter_speed&quot;:&quot;0&quot;,&quot;title&quot;:&quot;&quot;,&quot;orientation&quot;:&quot;1&quot;}\" data-image-title=\"Juan garcia lorente. Embaixador 2002\" data-image-description=\"\" data-image-caption=\"\" data-large-file=\"https:\/\/i0.wp.com\/olivamorosicristians.es\/wp-content\/uploads\/2018\/07\/Juan-garcia-lorente.-Embaixador-2002.jpg?fit=640%2C640&amp;ssl=1\" \/>        <\/a>\r\n                <\/div>\r\n                    <div class=\"\">\r\n                                <a href=\"https:\/\/i0.wp.com\/olivamorosicristians.es\/wp-content\/uploads\/2018\/07\/Antonio-martinez-almazan.-Capita-1997.jpg?fit=640%2C640&#038;ssl=1\" data-rel=\"lightcase:gallery-66\">\r\n        <img loading=\"lazy\" decoding=\"async\" width=\"340\" height=\"340\" src=\"https:\/\/i0.wp.com\/olivamorosicristians.es\/wp-content\/uploads\/2018\/07\/Antonio-martinez-almazan.-Capita-1997.jpg?resize=340%2C340&amp;ssl=1\" class=\"cover-image\" alt=\"Antonio Mart\u00ednez Almaz\u00e1n - Capit\u00e0 Cristi\u00e0 1997\" srcset=\"https:\/\/i0.wp.com\/olivamorosicristians.es\/wp-content\/uploads\/2018\/07\/Antonio-martinez-almazan.-Capita-1997.jpg?w=640&amp;ssl=1 640w, https:\/\/i0.wp.com\/olivamorosicristians.es\/wp-content\/uploads\/2018\/07\/Antonio-martinez-almazan.-Capita-1997.jpg?resize=150%2C150&amp;ssl=1 150w, https:\/\/i0.wp.com\/olivamorosicristians.es\/wp-content\/uploads\/2018\/07\/Antonio-martinez-almazan.-Capita-1997.jpg?resize=300%2C300&amp;ssl=1 300w, https:\/\/i0.wp.com\/olivamorosicristians.es\/wp-content\/uploads\/2018\/07\/Antonio-martinez-almazan.-Capita-1997.jpg?resize=340%2C340&amp;ssl=1 340w\" sizes=\"auto, (max-width: 340px) 100vw, 340px\" data-attachment-id=\"8729\" data-permalink=\"https:\/\/olivamorosicristians.es\/es\/carrecs-festers\/antonio-martinez-almazan-capita-1997\/\" data-orig-file=\"https:\/\/i0.wp.com\/olivamorosicristians.es\/wp-content\/uploads\/2018\/07\/Antonio-martinez-almazan.-Capita-1997.jpg?fit=640%2C640&amp;ssl=1\" data-orig-size=\"640,640\" data-comments-opened=\"0\" data-image-meta=\"{&quot;aperture&quot;:&quot;0&quot;,&quot;credit&quot;:&quot;&quot;,&quot;camera&quot;:&quot;&quot;,&quot;caption&quot;:&quot;&quot;,&quot;created_timestamp&quot;:&quot;0&quot;,&quot;copyright&quot;:&quot;&quot;,&quot;focal_length&quot;:&quot;0&quot;,&quot;iso&quot;:&quot;0&quot;,&quot;shutter_speed&quot;:&quot;0&quot;,&quot;title&quot;:&quot;&quot;,&quot;orientation&quot;:&quot;1&quot;}\" data-image-title=\"Antonio martinez almazan. Capita 1997\" data-image-description=\"\" data-image-caption=\"\" data-large-file=\"https:\/\/i0.wp.com\/olivamorosicristians.es\/wp-content\/uploads\/2018\/07\/Antonio-martinez-almazan.-Capita-1997.jpg?fit=640%2C640&amp;ssl=1\" \/>        <\/a>\r\n                <\/div>\r\n                    <div class=\"\">\r\n                                <a href=\"https:\/\/i0.wp.com\/olivamorosicristians.es\/wp-content\/uploads\/2018\/07\/Jaime.jpg?fit=640%2C640&#038;ssl=1\" data-rel=\"lightcase:gallery-66\">\r\n        <img loading=\"lazy\" decoding=\"async\" width=\"340\" height=\"340\" src=\"https:\/\/i0.wp.com\/olivamorosicristians.es\/wp-content\/uploads\/2018\/07\/Jaime.jpg?resize=340%2C340&amp;ssl=1\" class=\"cover-image\" alt=\"Jaime Garc\u00eda Lorente - Ambaixador Cristi\u00e0 1997\" srcset=\"https:\/\/i0.wp.com\/olivamorosicristians.es\/wp-content\/uploads\/2018\/07\/Jaime.jpg?w=640&amp;ssl=1 640w, https:\/\/i0.wp.com\/olivamorosicristians.es\/wp-content\/uploads\/2018\/07\/Jaime.jpg?resize=150%2C150&amp;ssl=1 150w, https:\/\/i0.wp.com\/olivamorosicristians.es\/wp-content\/uploads\/2018\/07\/Jaime.jpg?resize=300%2C300&amp;ssl=1 300w, https:\/\/i0.wp.com\/olivamorosicristians.es\/wp-content\/uploads\/2018\/07\/Jaime.jpg?resize=340%2C340&amp;ssl=1 340w\" sizes=\"auto, (max-width: 340px) 100vw, 340px\" data-attachment-id=\"8732\" data-permalink=\"https:\/\/olivamorosicristians.es\/es\/carrecs-festers\/jaime\/\" data-orig-file=\"https:\/\/i0.wp.com\/olivamorosicristians.es\/wp-content\/uploads\/2018\/07\/Jaime.jpg?fit=640%2C640&amp;ssl=1\" data-orig-size=\"640,640\" data-comments-opened=\"0\" data-image-meta=\"{&quot;aperture&quot;:&quot;0&quot;,&quot;credit&quot;:&quot;&quot;,&quot;camera&quot;:&quot;Canon MP250 series&quot;,&quot;caption&quot;:&quot;&quot;,&quot;created_timestamp&quot;:&quot;1530965795&quot;,&quot;copyright&quot;:&quot;&quot;,&quot;focal_length&quot;:&quot;0&quot;,&quot;iso&quot;:&quot;0&quot;,&quot;shutter_speed&quot;:&quot;0&quot;,&quot;title&quot;:&quot;&quot;,&quot;orientation&quot;:&quot;1&quot;}\" data-image-title=\"Jaime\" data-image-description=\"\" data-image-caption=\"\" data-large-file=\"https:\/\/i0.wp.com\/olivamorosicristians.es\/wp-content\/uploads\/2018\/07\/Jaime.jpg?fit=640%2C640&amp;ssl=1\" \/>        <\/a>\r\n                <\/div>\r\n                    <div class=\"\">\r\n                                <a href=\"https:\/\/i0.wp.com\/olivamorosicristians.es\/wp-content\/uploads\/2018\/07\/luis-jeronimo-martin.-Capita%CC%80-1992.jpg?fit=640%2C640&#038;ssl=1\" data-rel=\"lightcase:gallery-66\">\r\n        <img loading=\"lazy\" decoding=\"async\" width=\"340\" height=\"340\" src=\"https:\/\/i0.wp.com\/olivamorosicristians.es\/wp-content\/uploads\/2018\/07\/luis-jeronimo-martin.-Capita%CC%80-1992.jpg?resize=340%2C340&amp;ssl=1\" class=\"cover-image\" alt=\"Luis Jer\u00f3nimo Mart\u00edn - Capita\u0300 Cristi\u00e0 1992\" data-attachment-id=\"8737\" data-permalink=\"https:\/\/olivamorosicristians.es\/es\/carrecs-festers\/luis-jeronimo-martin-capita-1992\/\" data-orig-file=\"https:\/\/i0.wp.com\/olivamorosicristians.es\/wp-content\/uploads\/2018\/07\/luis-jeronimo-martin.-Capita%CC%80-1992.jpg?fit=640%2C640&amp;ssl=1\" data-orig-size=\"640,640\" data-comments-opened=\"0\" data-image-meta=\"{&quot;aperture&quot;:&quot;0&quot;,&quot;credit&quot;:&quot;&quot;,&quot;camera&quot;:&quot;&quot;,&quot;caption&quot;:&quot;&quot;,&quot;created_timestamp&quot;:&quot;1520967371&quot;,&quot;copyright&quot;:&quot;&quot;,&quot;focal_length&quot;:&quot;0&quot;,&quot;iso&quot;:&quot;0&quot;,&quot;shutter_speed&quot;:&quot;0&quot;,&quot;title&quot;:&quot;&quot;,&quot;orientation&quot;:&quot;1&quot;}\" data-image-title=\"luis jeronimo martin. Capita\u0300 1992\" data-image-description=\"\" data-image-caption=\"\" data-large-file=\"https:\/\/i0.wp.com\/olivamorosicristians.es\/wp-content\/uploads\/2018\/07\/luis-jeronimo-martin.-Capita%CC%80-1992.jpg?fit=640%2C640&amp;ssl=1\" \/>        <\/a>\r\n                <\/div>\r\n                    <div class=\"\">\r\n                                <a href=\"https:\/\/i0.wp.com\/olivamorosicristians.es\/wp-content\/uploads\/2018\/07\/Rafael-catala%CC%80-todoli-.-Capita-1989.jpg?fit=640%2C640&#038;ssl=1\" data-rel=\"lightcase:gallery-66\">\r\n        <img loading=\"lazy\" decoding=\"async\" width=\"340\" height=\"340\" src=\"https:\/\/i0.wp.com\/olivamorosicristians.es\/wp-content\/uploads\/2018\/07\/Rafael-catala%CC%80-todoli-.-Capita-1989.jpg?resize=340%2C340&amp;ssl=1\" class=\"cover-image\" alt=\"Rafael Catal\u00e1 Todol\u00ed - Capit\u00e0 Cristi\u00e0 1989\" data-attachment-id=\"8738\" data-permalink=\"https:\/\/olivamorosicristians.es\/es\/carrecs-festers\/rafael-catala-todoli-capita-1989\/\" data-orig-file=\"https:\/\/i0.wp.com\/olivamorosicristians.es\/wp-content\/uploads\/2018\/07\/Rafael-catala%CC%80-todoli-.-Capita-1989.jpg?fit=640%2C640&amp;ssl=1\" data-orig-size=\"640,640\" data-comments-opened=\"0\" data-image-meta=\"{&quot;aperture&quot;:&quot;0&quot;,&quot;credit&quot;:&quot;&quot;,&quot;camera&quot;:&quot;&quot;,&quot;caption&quot;:&quot;&quot;,&quot;created_timestamp&quot;:&quot;0&quot;,&quot;copyright&quot;:&quot;&quot;,&quot;focal_length&quot;:&quot;0&quot;,&quot;iso&quot;:&quot;0&quot;,&quot;shutter_speed&quot;:&quot;0&quot;,&quot;title&quot;:&quot;&quot;,&quot;orientation&quot;:&quot;1&quot;}\" data-image-title=\"Rafael catala\u0300 todoli . Capita 1989\" data-image-description=\"\" data-image-caption=\"\" data-large-file=\"https:\/\/i0.wp.com\/olivamorosicristians.es\/wp-content\/uploads\/2018\/07\/Rafael-catala%CC%80-todoli-.-Capita-1989.jpg?fit=640%2C640&amp;ssl=1\" \/>        <\/a>\r\n                <\/div>\r\n                    <div class=\"\">\r\n                                <a href=\"https:\/\/i0.wp.com\/olivamorosicristians.es\/wp-content\/uploads\/2022\/09\/ZuazuJC_001_640px.jpg?fit=640%2C640&#038;ssl=1\" data-rel=\"lightcase:gallery-66\">\r\n        <img loading=\"lazy\" decoding=\"async\" width=\"340\" height=\"340\" src=\"https:\/\/i0.wp.com\/olivamorosicristians.es\/wp-content\/uploads\/2022\/09\/ZuazuJC_001_640px.jpg?resize=340%2C340&amp;ssl=1\" class=\"cover-image\" alt=\"Juan Carlos Zuazu Cucart - Capit\u00e0 Cristi\u00e0 1986\" srcset=\"https:\/\/i0.wp.com\/olivamorosicristians.es\/wp-content\/uploads\/2022\/09\/ZuazuJC_001_640px.jpg?w=640&amp;ssl=1 640w, https:\/\/i0.wp.com\/olivamorosicristians.es\/wp-content\/uploads\/2022\/09\/ZuazuJC_001_640px.jpg?resize=300%2C300&amp;ssl=1 300w, https:\/\/i0.wp.com\/olivamorosicristians.es\/wp-content\/uploads\/2022\/09\/ZuazuJC_001_640px.jpg?resize=150%2C150&amp;ssl=1 150w, https:\/\/i0.wp.com\/olivamorosicristians.es\/wp-content\/uploads\/2022\/09\/ZuazuJC_001_640px.jpg?resize=340%2C340&amp;ssl=1 340w\" sizes=\"auto, (max-width: 340px) 100vw, 340px\" data-attachment-id=\"10751\" data-permalink=\"https:\/\/olivamorosicristians.es\/es\/zuazujc_001_640px\/\" data-orig-file=\"https:\/\/i0.wp.com\/olivamorosicristians.es\/wp-content\/uploads\/2022\/09\/ZuazuJC_001_640px.jpg?fit=640%2C640&amp;ssl=1\" data-orig-size=\"640,640\" data-comments-opened=\"0\" data-image-meta=\"{&quot;aperture&quot;:&quot;13&quot;,&quot;credit&quot;:&quot;salva manyo&quot;,&quot;camera&quot;:&quot;NIKON D800&quot;,&quot;caption&quot;:&quot;&quot;,&quot;created_timestamp&quot;:&quot;1662373382&quot;,&quot;copyright&quot;:&quot;@manyofotograf&quot;,&quot;focal_length&quot;:&quot;40&quot;,&quot;iso&quot;:&quot;640&quot;,&quot;shutter_speed&quot;:&quot;0.016666666666667&quot;,&quot;title&quot;:&quot;&quot;,&quot;orientation&quot;:&quot;1&quot;}\" data-image-title=\"Juan Carlos Zuazu Cucart &amp;#8211; Capit\u00e0 Cristi\u00e0 1986\" data-image-description=\"\" data-image-caption=\"\" data-large-file=\"https:\/\/i0.wp.com\/olivamorosicristians.es\/wp-content\/uploads\/2022\/09\/ZuazuJC_001_640px.jpg?fit=640%2C640&amp;ssl=1\" \/>        <\/a>\r\n                <\/div>\r\n        <\/div>\r\n<\/div><div class=\"w-space\" style=\"height:50px\"><\/div><div class=\"w-heading heading-7 text-center\">\r\n             \r\n    <h3 class=\"heading-title\">Filada Mudejars<\/h3>            <\/div><div class=\"w-image-gallery w-slider\">\r\n    <div class=\"owl-carousel\" data-items=\"8\" data-navigation=\"true\" data-pagination=\"true\" data-loop=\"false\" data-auto-play=\"false\">\r\n                    <div class=\"\">\r\n                                <a href=\"https:\/\/i0.wp.com\/olivamorosicristians.es\/wp-content\/uploads\/2024\/01\/Capta-Moro-2023-640px.jpg?fit=640%2C640&#038;ssl=1\" data-rel=\"lightcase:gallery-0\">\r\n        <img loading=\"lazy\" decoding=\"async\" width=\"340\" height=\"340\" src=\"https:\/\/i0.wp.com\/olivamorosicristians.es\/wp-content\/uploads\/2024\/01\/Capta-Moro-2023-640px.jpg?resize=340%2C340&amp;ssl=1\" class=\"cover-image\" alt=\"Jes\u00fas Camarena Bolo - Capit\u00e0 Moro 2023\" srcset=\"https:\/\/i0.wp.com\/olivamorosicristians.es\/wp-content\/uploads\/2024\/01\/Capta-Moro-2023-640px.jpg?w=640&amp;ssl=1 640w, https:\/\/i0.wp.com\/olivamorosicristians.es\/wp-content\/uploads\/2024\/01\/Capta-Moro-2023-640px.jpg?resize=300%2C300&amp;ssl=1 300w, https:\/\/i0.wp.com\/olivamorosicristians.es\/wp-content\/uploads\/2024\/01\/Capta-Moro-2023-640px.jpg?resize=150%2C150&amp;ssl=1 150w, https:\/\/i0.wp.com\/olivamorosicristians.es\/wp-content\/uploads\/2024\/01\/Capta-Moro-2023-640px.jpg?resize=340%2C340&amp;ssl=1 340w\" sizes=\"auto, (max-width: 340px) 100vw, 340px\" data-attachment-id=\"11256\" data-permalink=\"https:\/\/olivamorosicristians.es\/es\/carrecs-festers\/capta-moro-2023-640px\/\" data-orig-file=\"https:\/\/i0.wp.com\/olivamorosicristians.es\/wp-content\/uploads\/2024\/01\/Capta-Moro-2023-640px.jpg?fit=640%2C640&amp;ssl=1\" data-orig-size=\"640,640\" data-comments-opened=\"0\" data-image-meta=\"{&quot;aperture&quot;:&quot;4&quot;,&quot;credit&quot;:&quot;ANTONI RIBERA OLTRA&quot;,&quot;camera&quot;:&quot;Canon EOS 5D Mark IV&quot;,&quot;caption&quot;:&quot;&quot;,&quot;created_timestamp&quot;:&quot;1690062789&quot;,&quot;copyright&quot;:&quot;ANTONI RIBERA OLTRA antoniribera@live.com +34645997713&quot;,&quot;focal_length&quot;:&quot;135&quot;,&quot;iso&quot;:&quot;4000&quot;,&quot;shutter_speed&quot;:&quot;0.005&quot;,&quot;title&quot;:&quot;&quot;,&quot;orientation&quot;:&quot;1&quot;}\" data-image-title=\"Capta Moro 2023 640px\" data-image-description=\"\" data-image-caption=\"\" data-large-file=\"https:\/\/i0.wp.com\/olivamorosicristians.es\/wp-content\/uploads\/2024\/01\/Capta-Moro-2023-640px.jpg?fit=640%2C640&amp;ssl=1\" \/>        <\/a>\r\n                <\/div>\r\n                    <div class=\"\">\r\n                                <a href=\"https:\/\/i0.wp.com\/olivamorosicristians.es\/wp-content\/uploads\/2024\/01\/Ambaixador-Moro-2023-640px.jpg?fit=640%2C640&#038;ssl=1\" data-rel=\"lightcase:gallery-0\">\r\n        <img loading=\"lazy\" decoding=\"async\" width=\"340\" height=\"340\" src=\"https:\/\/i0.wp.com\/olivamorosicristians.es\/wp-content\/uploads\/2024\/01\/Ambaixador-Moro-2023-640px.jpg?resize=340%2C340&amp;ssl=1\" class=\"cover-image\" alt=\"Pascual Moll\u00e0 Mart\u00ednez - Ambaixador Moro 2023\" srcset=\"https:\/\/i0.wp.com\/olivamorosicristians.es\/wp-content\/uploads\/2024\/01\/Ambaixador-Moro-2023-640px.jpg?w=640&amp;ssl=1 640w, https:\/\/i0.wp.com\/olivamorosicristians.es\/wp-content\/uploads\/2024\/01\/Ambaixador-Moro-2023-640px.jpg?resize=300%2C300&amp;ssl=1 300w, https:\/\/i0.wp.com\/olivamorosicristians.es\/wp-content\/uploads\/2024\/01\/Ambaixador-Moro-2023-640px.jpg?resize=150%2C150&amp;ssl=1 150w, https:\/\/i0.wp.com\/olivamorosicristians.es\/wp-content\/uploads\/2024\/01\/Ambaixador-Moro-2023-640px.jpg?resize=340%2C340&amp;ssl=1 340w\" sizes=\"auto, (max-width: 340px) 100vw, 340px\" data-attachment-id=\"11259\" data-permalink=\"https:\/\/olivamorosicristians.es\/es\/carrecs-festers\/ambaixador-moro-2023-640px\/\" data-orig-file=\"https:\/\/i0.wp.com\/olivamorosicristians.es\/wp-content\/uploads\/2024\/01\/Ambaixador-Moro-2023-640px.jpg?fit=640%2C640&amp;ssl=1\" data-orig-size=\"640,640\" data-comments-opened=\"0\" data-image-meta=\"{&quot;aperture&quot;:&quot;4&quot;,&quot;credit&quot;:&quot;ANTONI RIBERA OLTRA&quot;,&quot;camera&quot;:&quot;Canon EOS 5D Mark IV&quot;,&quot;caption&quot;:&quot;&quot;,&quot;created_timestamp&quot;:&quot;1690061528&quot;,&quot;copyright&quot;:&quot;ANTONI RIBERA OLTRA antoniribera@live.com +34645997713&quot;,&quot;focal_length&quot;:&quot;200&quot;,&quot;iso&quot;:&quot;4000&quot;,&quot;shutter_speed&quot;:&quot;0.005&quot;,&quot;title&quot;:&quot;&quot;,&quot;orientation&quot;:&quot;1&quot;}\" data-image-title=\"Ambaixador Moro 2023 640px\" data-image-description=\"\" data-image-caption=\"\" data-large-file=\"https:\/\/i0.wp.com\/olivamorosicristians.es\/wp-content\/uploads\/2024\/01\/Ambaixador-Moro-2023-640px.jpg?fit=640%2C640&amp;ssl=1\" \/>        <\/a>\r\n                <\/div>\r\n                    <div class=\"\">\r\n                                <a href=\"https:\/\/i0.wp.com\/olivamorosicristians.es\/wp-content\/uploads\/2018\/07\/Paco-Ferrer-Gilabert_capita%CC%80-moro-2015.jpg?fit=640%2C640&#038;ssl=1\" data-rel=\"lightcase:gallery-0\">\r\n        <img loading=\"lazy\" decoding=\"async\" width=\"340\" height=\"340\" src=\"https:\/\/i0.wp.com\/olivamorosicristians.es\/wp-content\/uploads\/2018\/07\/Paco-Ferrer-Gilabert_capita%CC%80-moro-2015.jpg?resize=340%2C340&amp;ssl=1\" class=\"cover-image\" alt=\"Paco Ferrer - Capit\u00e0 Moro 2015\" data-attachment-id=\"8671\" data-permalink=\"https:\/\/olivamorosicristians.es\/es\/carrecs-festers\/paco-ferrer-gilabert_capita-moro-2015\/\" data-orig-file=\"https:\/\/i0.wp.com\/olivamorosicristians.es\/wp-content\/uploads\/2018\/07\/Paco-Ferrer-Gilabert_capita%CC%80-moro-2015.jpg?fit=640%2C640&amp;ssl=1\" data-orig-size=\"640,640\" data-comments-opened=\"0\" data-image-meta=\"{&quot;aperture&quot;:&quot;0&quot;,&quot;credit&quot;:&quot;&quot;,&quot;camera&quot;:&quot;&quot;,&quot;caption&quot;:&quot;&quot;,&quot;created_timestamp&quot;:&quot;0&quot;,&quot;copyright&quot;:&quot;&quot;,&quot;focal_length&quot;:&quot;0&quot;,&quot;iso&quot;:&quot;0&quot;,&quot;shutter_speed&quot;:&quot;0&quot;,&quot;title&quot;:&quot;&quot;,&quot;orientation&quot;:&quot;1&quot;}\" data-image-title=\"Paco Ferrer Gilabert_capita\u0300 moro 2015\" data-image-description=\"\" data-image-caption=\"\" data-large-file=\"https:\/\/i0.wp.com\/olivamorosicristians.es\/wp-content\/uploads\/2018\/07\/Paco-Ferrer-Gilabert_capita%CC%80-moro-2015.jpg?fit=640%2C640&amp;ssl=1\" \/>        <\/a>\r\n                <\/div>\r\n                    <div class=\"\">\r\n                                <a href=\"https:\/\/i0.wp.com\/olivamorosicristians.es\/wp-content\/uploads\/2018\/07\/Maria-Roig-Calatayud_-embaixadora-mora-2015.jpg?fit=640%2C640&#038;ssl=1\" data-rel=\"lightcase:gallery-0\">\r\n        <img loading=\"lazy\" decoding=\"async\" width=\"340\" height=\"340\" src=\"https:\/\/i0.wp.com\/olivamorosicristians.es\/wp-content\/uploads\/2018\/07\/Maria-Roig-Calatayud_-embaixadora-mora-2015.jpg?resize=340%2C340&amp;ssl=1\" class=\"cover-image\" alt=\"Maria Roig - Ambaixadora Mora 2015\" srcset=\"https:\/\/i0.wp.com\/olivamorosicristians.es\/wp-content\/uploads\/2018\/07\/Maria-Roig-Calatayud_-embaixadora-mora-2015.jpg?w=640&amp;ssl=1 640w, https:\/\/i0.wp.com\/olivamorosicristians.es\/wp-content\/uploads\/2018\/07\/Maria-Roig-Calatayud_-embaixadora-mora-2015.jpg?resize=150%2C150&amp;ssl=1 150w, https:\/\/i0.wp.com\/olivamorosicristians.es\/wp-content\/uploads\/2018\/07\/Maria-Roig-Calatayud_-embaixadora-mora-2015.jpg?resize=300%2C300&amp;ssl=1 300w, https:\/\/i0.wp.com\/olivamorosicristians.es\/wp-content\/uploads\/2018\/07\/Maria-Roig-Calatayud_-embaixadora-mora-2015.jpg?resize=340%2C340&amp;ssl=1 340w\" sizes=\"auto, (max-width: 340px) 100vw, 340px\" data-attachment-id=\"8669\" data-permalink=\"https:\/\/olivamorosicristians.es\/es\/carrecs-festers\/maria-roig-calatayud_-embaixadora-mora-2015\/\" data-orig-file=\"https:\/\/i0.wp.com\/olivamorosicristians.es\/wp-content\/uploads\/2018\/07\/Maria-Roig-Calatayud_-embaixadora-mora-2015.jpg?fit=640%2C640&amp;ssl=1\" data-orig-size=\"640,640\" data-comments-opened=\"0\" data-image-meta=\"{&quot;aperture&quot;:&quot;0&quot;,&quot;credit&quot;:&quot;&quot;,&quot;camera&quot;:&quot;&quot;,&quot;caption&quot;:&quot;&quot;,&quot;created_timestamp&quot;:&quot;0&quot;,&quot;copyright&quot;:&quot;&quot;,&quot;focal_length&quot;:&quot;0&quot;,&quot;iso&quot;:&quot;0&quot;,&quot;shutter_speed&quot;:&quot;0&quot;,&quot;title&quot;:&quot;&quot;,&quot;orientation&quot;:&quot;1&quot;}\" data-image-title=\"Maria Roig Calatayud_ embaixadora mora 2015\" data-image-description=\"\" data-image-caption=\"\" data-large-file=\"https:\/\/i0.wp.com\/olivamorosicristians.es\/wp-content\/uploads\/2018\/07\/Maria-Roig-Calatayud_-embaixadora-mora-2015.jpg?fit=640%2C640&amp;ssl=1\" \/>        <\/a>\r\n                <\/div>\r\n                    <div class=\"\">\r\n                                <a href=\"https:\/\/i0.wp.com\/olivamorosicristians.es\/wp-content\/uploads\/2018\/07\/Salvador-Ferrer-Gilabert-capit%E2%80%A0-moro2009.jpg?fit=640%2C640&#038;ssl=1\" data-rel=\"lightcase:gallery-0\">\r\n        <img loading=\"lazy\" decoding=\"async\" width=\"340\" height=\"340\" src=\"https:\/\/i0.wp.com\/olivamorosicristians.es\/wp-content\/uploads\/2018\/07\/Salvador-Ferrer-Gilabert-capit%E2%80%A0-moro2009.jpg?resize=340%2C340&amp;ssl=1\" class=\"cover-image\" alt=\"Salvador Ferrer Gilabert - Capit\u00e0 Moro 2009\" data-attachment-id=\"8673\" data-permalink=\"https:\/\/olivamorosicristians.es\/es\/carrecs-festers\/salvador-ferrer-gilabert-capit%e2%80%a0-moro2009-2\/\" data-orig-file=\"https:\/\/i0.wp.com\/olivamorosicristians.es\/wp-content\/uploads\/2018\/07\/Salvador-Ferrer-Gilabert-capit%E2%80%A0-moro2009.jpg?fit=640%2C640&amp;ssl=1\" data-orig-size=\"640,640\" data-comments-opened=\"0\" data-image-meta=\"{&quot;aperture&quot;:&quot;0&quot;,&quot;credit&quot;:&quot;&quot;,&quot;camera&quot;:&quot;&quot;,&quot;caption&quot;:&quot;&quot;,&quot;created_timestamp&quot;:&quot;0&quot;,&quot;copyright&quot;:&quot;&quot;,&quot;focal_length&quot;:&quot;0&quot;,&quot;iso&quot;:&quot;0&quot;,&quot;shutter_speed&quot;:&quot;0&quot;,&quot;title&quot;:&quot;&quot;,&quot;orientation&quot;:&quot;1&quot;}\" data-image-title=\"Salvador Ferrer Gilabert capit\u00e0 moro 2009\" data-image-description=\"&lt;p&gt;Salvador Ferrer Gilabert &amp;#8211; Capit\u00e0 Moro 2009&lt;\/p&gt;\" data-image-caption=\"&lt;p&gt;Salvador Ferrer Gilabert &amp;#8211; Capit\u00e0 Moro 2009&lt;\/p&gt;\" data-large-file=\"https:\/\/i0.wp.com\/olivamorosicristians.es\/wp-content\/uploads\/2018\/07\/Salvador-Ferrer-Gilabert-capit%E2%80%A0-moro2009.jpg?fit=640%2C640&amp;ssl=1\" \/>        <\/a>\r\n                <\/div>\r\n                    <div class=\"\">\r\n                                <a href=\"https:\/\/i0.wp.com\/olivamorosicristians.es\/wp-content\/uploads\/2018\/09\/David-Veiguela.jpg?fit=640%2C640&#038;ssl=1\" data-rel=\"lightcase:gallery-0\">\r\n        <img loading=\"lazy\" decoding=\"async\" width=\"340\" height=\"340\" src=\"https:\/\/i0.wp.com\/olivamorosicristians.es\/wp-content\/uploads\/2018\/09\/David-Veiguela.jpg?resize=340%2C340&amp;ssl=1\" class=\"cover-image\" alt=\"David Veiguela - Ambaixador Moro 2009\" srcset=\"https:\/\/i0.wp.com\/olivamorosicristians.es\/wp-content\/uploads\/2018\/09\/David-Veiguela.jpg?w=640&amp;ssl=1 640w, https:\/\/i0.wp.com\/olivamorosicristians.es\/wp-content\/uploads\/2018\/09\/David-Veiguela.jpg?resize=150%2C150&amp;ssl=1 150w, https:\/\/i0.wp.com\/olivamorosicristians.es\/wp-content\/uploads\/2018\/09\/David-Veiguela.jpg?resize=300%2C300&amp;ssl=1 300w, https:\/\/i0.wp.com\/olivamorosicristians.es\/wp-content\/uploads\/2018\/09\/David-Veiguela.jpg?resize=340%2C340&amp;ssl=1 340w\" sizes=\"auto, (max-width: 340px) 100vw, 340px\" data-attachment-id=\"9002\" data-permalink=\"https:\/\/olivamorosicristians.es\/es\/carrecs-festers\/david-veiguela\/\" data-orig-file=\"https:\/\/i0.wp.com\/olivamorosicristians.es\/wp-content\/uploads\/2018\/09\/David-Veiguela.jpg?fit=640%2C640&amp;ssl=1\" data-orig-size=\"640,640\" data-comments-opened=\"0\" data-image-meta=\"{&quot;aperture&quot;:&quot;0&quot;,&quot;credit&quot;:&quot;&quot;,&quot;camera&quot;:&quot;&quot;,&quot;caption&quot;:&quot;&quot;,&quot;created_timestamp&quot;:&quot;0&quot;,&quot;copyright&quot;:&quot;&quot;,&quot;focal_length&quot;:&quot;0&quot;,&quot;iso&quot;:&quot;0&quot;,&quot;shutter_speed&quot;:&quot;0&quot;,&quot;title&quot;:&quot;&quot;,&quot;orientation&quot;:&quot;1&quot;}\" data-image-title=\"David Veiguela\" data-image-description=\"\" data-image-caption=\"\" data-large-file=\"https:\/\/i0.wp.com\/olivamorosicristians.es\/wp-content\/uploads\/2018\/09\/David-Veiguela.jpg?fit=640%2C640&amp;ssl=1\" \/>        <\/a>\r\n                <\/div>\r\n                    <div class=\"\">\r\n                                <a href=\"https:\/\/i0.wp.com\/olivamorosicristians.es\/wp-content\/uploads\/2018\/07\/ARTURO-TOMA%CC%81S-CAMPS-CAPITA%CC%80-ANY-1998.jpg?fit=640%2C640&#038;ssl=1\" data-rel=\"lightcase:gallery-0\">\r\n        <img loading=\"lazy\" decoding=\"async\" width=\"340\" height=\"340\" src=\"https:\/\/i0.wp.com\/olivamorosicristians.es\/wp-content\/uploads\/2018\/07\/ARTURO-TOMA%CC%81S-CAMPS-CAPITA%CC%80-ANY-1998.jpg?resize=340%2C340&amp;ssl=1\" class=\"cover-image\" alt=\"Arturo Tom\u00e1s - Capti\u00e0 Moro 1998\" data-attachment-id=\"8664\" data-permalink=\"https:\/\/olivamorosicristians.es\/es\/carrecs-festers\/arturo-tomas-camps-capita-any-1998\/\" data-orig-file=\"https:\/\/i0.wp.com\/olivamorosicristians.es\/wp-content\/uploads\/2018\/07\/ARTURO-TOMA%CC%81S-CAMPS-CAPITA%CC%80-ANY-1998.jpg?fit=640%2C640&amp;ssl=1\" data-orig-size=\"640,640\" data-comments-opened=\"0\" data-image-meta=\"{&quot;aperture&quot;:&quot;0&quot;,&quot;credit&quot;:&quot;&quot;,&quot;camera&quot;:&quot;&quot;,&quot;caption&quot;:&quot;&quot;,&quot;created_timestamp&quot;:&quot;0&quot;,&quot;copyright&quot;:&quot;&quot;,&quot;focal_length&quot;:&quot;0&quot;,&quot;iso&quot;:&quot;0&quot;,&quot;shutter_speed&quot;:&quot;0&quot;,&quot;title&quot;:&quot;&quot;,&quot;orientation&quot;:&quot;1&quot;}\" data-image-title=\"ARTURO TOMA\u0301S CAMPS &amp;#8211; CAPITA\u0300 ANY 1998\" data-image-description=\"\" data-image-caption=\"\" data-large-file=\"https:\/\/i0.wp.com\/olivamorosicristians.es\/wp-content\/uploads\/2018\/07\/ARTURO-TOMA%CC%81S-CAMPS-CAPITA%CC%80-ANY-1998.jpg?fit=640%2C640&amp;ssl=1\" \/>        <\/a>\r\n                <\/div>\r\n                    <div class=\"\">\r\n                                <a href=\"https:\/\/i0.wp.com\/olivamorosicristians.es\/wp-content\/uploads\/2018\/07\/PACO-U%CC%81BER-GARCI%CC%81A-ambaixador-1998.jpg?fit=640%2C640&#038;ssl=1\" data-rel=\"lightcase:gallery-0\">\r\n        <img loading=\"lazy\" decoding=\"async\" width=\"340\" height=\"340\" src=\"https:\/\/i0.wp.com\/olivamorosicristians.es\/wp-content\/uploads\/2018\/07\/PACO-U%CC%81BER-GARCI%CC%81A-ambaixador-1998.jpg?resize=340%2C340&amp;ssl=1\" class=\"cover-image\" alt=\"Paco Uber - Ambaixador Moro 1998\" data-attachment-id=\"8672\" data-permalink=\"https:\/\/olivamorosicristians.es\/es\/carrecs-festers\/paco-uber-garcia-ambaixador-1998\/\" data-orig-file=\"https:\/\/i0.wp.com\/olivamorosicristians.es\/wp-content\/uploads\/2018\/07\/PACO-U%CC%81BER-GARCI%CC%81A-ambaixador-1998.jpg?fit=640%2C640&amp;ssl=1\" data-orig-size=\"640,640\" data-comments-opened=\"0\" data-image-meta=\"{&quot;aperture&quot;:&quot;1.7&quot;,&quot;credit&quot;:&quot;&quot;,&quot;camera&quot;:&quot;SM-G930F&quot;,&quot;caption&quot;:&quot;&quot;,&quot;created_timestamp&quot;:&quot;1530213536&quot;,&quot;copyright&quot;:&quot;&quot;,&quot;focal_length&quot;:&quot;4.2&quot;,&quot;iso&quot;:&quot;80&quot;,&quot;shutter_speed&quot;:&quot;0.02&quot;,&quot;title&quot;:&quot;&quot;,&quot;orientation&quot;:&quot;1&quot;}\" data-image-title=\"PACO U\u0301BER GARCI\u0301A &amp;#8211; ambaixador 1998\" data-image-description=\"\" data-image-caption=\"\" data-large-file=\"https:\/\/i0.wp.com\/olivamorosicristians.es\/wp-content\/uploads\/2018\/07\/PACO-U%CC%81BER-GARCI%CC%81A-ambaixador-1998.jpg?fit=640%2C640&amp;ssl=1\" \/>        <\/a>\r\n                <\/div>\r\n                    <div class=\"\">\r\n                                <a href=\"https:\/\/i0.wp.com\/olivamorosicristians.es\/wp-content\/uploads\/2018\/07\/CARLOS-CANET-ALEMANY-CAPITA%CC%80-1993_01.jpg?fit=640%2C640&#038;ssl=1\" data-rel=\"lightcase:gallery-0\">\r\n        <img loading=\"lazy\" decoding=\"async\" width=\"340\" height=\"340\" src=\"https:\/\/i0.wp.com\/olivamorosicristians.es\/wp-content\/uploads\/2018\/07\/CARLOS-CANET-ALEMANY-CAPITA%CC%80-1993_01.jpg?resize=340%2C340&amp;ssl=1\" class=\"cover-image\" alt=\"Carlos Canet - Capit\u00e0 Moro 1993\" data-attachment-id=\"8665\" data-permalink=\"https:\/\/olivamorosicristians.es\/es\/carrecs-festers\/carlos-canet-alemany-capita-1993_01\/\" data-orig-file=\"https:\/\/i0.wp.com\/olivamorosicristians.es\/wp-content\/uploads\/2018\/07\/CARLOS-CANET-ALEMANY-CAPITA%CC%80-1993_01.jpg?fit=640%2C640&amp;ssl=1\" data-orig-size=\"640,640\" data-comments-opened=\"0\" data-image-meta=\"{&quot;aperture&quot;:&quot;0&quot;,&quot;credit&quot;:&quot;&quot;,&quot;camera&quot;:&quot;&quot;,&quot;caption&quot;:&quot;&quot;,&quot;created_timestamp&quot;:&quot;0&quot;,&quot;copyright&quot;:&quot;&quot;,&quot;focal_length&quot;:&quot;0&quot;,&quot;iso&quot;:&quot;0&quot;,&quot;shutter_speed&quot;:&quot;0&quot;,&quot;title&quot;:&quot;&quot;,&quot;orientation&quot;:&quot;1&quot;}\" data-image-title=\"CARLOS CANET ALEMANY &amp;#8211; CAPITA\u0300 1993_01\" data-image-description=\"\" data-image-caption=\"\" data-large-file=\"https:\/\/i0.wp.com\/olivamorosicristians.es\/wp-content\/uploads\/2018\/07\/CARLOS-CANET-ALEMANY-CAPITA%CC%80-1993_01.jpg?fit=640%2C640&amp;ssl=1\" \/>        <\/a>\r\n                <\/div>\r\n                    <div class=\"\">\r\n                                <a href=\"https:\/\/i0.wp.com\/olivamorosicristians.es\/wp-content\/uploads\/2018\/07\/Juan-Herraiz-Can%CC%83izares-any-1988.-capita%CC%80.jpg?fit=640%2C640&#038;ssl=1\" data-rel=\"lightcase:gallery-0\">\r\n        <img loading=\"lazy\" decoding=\"async\" width=\"340\" height=\"340\" src=\"https:\/\/i0.wp.com\/olivamorosicristians.es\/wp-content\/uploads\/2018\/07\/Juan-Herraiz-Can%CC%83izares-any-1988.-capita%CC%80.jpg?resize=340%2C340&amp;ssl=1\" class=\"cover-image\" alt=\"Juan Herraiz Can\u0303izares - Capita\u0300 Moro 1988.\" data-attachment-id=\"8667\" data-permalink=\"https:\/\/olivamorosicristians.es\/es\/carrecs-festers\/juan-herraiz-can%cc%83izares-any-1988-capita\/\" data-orig-file=\"https:\/\/i0.wp.com\/olivamorosicristians.es\/wp-content\/uploads\/2018\/07\/Juan-Herraiz-Can%CC%83izares-any-1988.-capita%CC%80.jpg?fit=640%2C640&amp;ssl=1\" data-orig-size=\"640,640\" data-comments-opened=\"0\" data-image-meta=\"{&quot;aperture&quot;:&quot;0&quot;,&quot;credit&quot;:&quot;&quot;,&quot;camera&quot;:&quot;&quot;,&quot;caption&quot;:&quot;&quot;,&quot;created_timestamp&quot;:&quot;0&quot;,&quot;copyright&quot;:&quot;&quot;,&quot;focal_length&quot;:&quot;0&quot;,&quot;iso&quot;:&quot;0&quot;,&quot;shutter_speed&quot;:&quot;0&quot;,&quot;title&quot;:&quot;&quot;,&quot;orientation&quot;:&quot;1&quot;}\" data-image-title=\"Juan Herraiz Can\u0303izares any 1988. capita\u0300\" data-image-description=\"\" data-image-caption=\"\" data-large-file=\"https:\/\/i0.wp.com\/olivamorosicristians.es\/wp-content\/uploads\/2018\/07\/Juan-Herraiz-Can%CC%83izares-any-1988.-capita%CC%80.jpg?fit=640%2C640&amp;ssl=1\" \/>        <\/a>\r\n                <\/div>\r\n                    <div class=\"\">\r\n                                <a href=\"https:\/\/i0.wp.com\/olivamorosicristians.es\/wp-content\/uploads\/2018\/07\/Vte.Uren%CC%83a-Llavori-any-1982..jpg?fit=640%2C640&#038;ssl=1\" data-rel=\"lightcase:gallery-0\">\r\n        <img loading=\"lazy\" decoding=\"async\" width=\"340\" height=\"340\" src=\"https:\/\/i0.wp.com\/olivamorosicristians.es\/wp-content\/uploads\/2018\/07\/Vte.Uren%CC%83a-Llavori-any-1982..jpg?resize=340%2C340&amp;ssl=1\" class=\"cover-image\" alt=\"Vicente Ure\u00f1a - Capit\u00e0 Moro 1982\" data-attachment-id=\"8674\" data-permalink=\"https:\/\/olivamorosicristians.es\/es\/carrecs-festers\/vte-uren%cc%83a-llavori-any-1982\/\" data-orig-file=\"https:\/\/i0.wp.com\/olivamorosicristians.es\/wp-content\/uploads\/2018\/07\/Vte.Uren%CC%83a-Llavori-any-1982..jpg?fit=640%2C640&amp;ssl=1\" data-orig-size=\"640,640\" data-comments-opened=\"0\" data-image-meta=\"{&quot;aperture&quot;:&quot;0&quot;,&quot;credit&quot;:&quot;&quot;,&quot;camera&quot;:&quot;&quot;,&quot;caption&quot;:&quot;&quot;,&quot;created_timestamp&quot;:&quot;0&quot;,&quot;copyright&quot;:&quot;&quot;,&quot;focal_length&quot;:&quot;0&quot;,&quot;iso&quot;:&quot;0&quot;,&quot;shutter_speed&quot;:&quot;0&quot;,&quot;title&quot;:&quot;&quot;,&quot;orientation&quot;:&quot;1&quot;}\" data-image-title=\"Vte.Uren\u0303a Llavori any 1982.\" data-image-description=\"\" data-image-caption=\"\" data-large-file=\"https:\/\/i0.wp.com\/olivamorosicristians.es\/wp-content\/uploads\/2018\/07\/Vte.Uren%CC%83a-Llavori-any-1982..jpg?fit=640%2C640&amp;ssl=1\" \/>        <\/a>\r\n                <\/div>\r\n                    <div class=\"\">\r\n                                <a href=\"https:\/\/i0.wp.com\/olivamorosicristians.es\/wp-content\/uploads\/2018\/07\/Fdo-Perez-Ortola-Primer-Capita-Mudejar-any-1978.jpg?fit=640%2C640&#038;ssl=1\" data-rel=\"lightcase:gallery-0\">\r\n        <img loading=\"lazy\" decoding=\"async\" width=\"340\" height=\"340\" src=\"https:\/\/i0.wp.com\/olivamorosicristians.es\/wp-content\/uploads\/2018\/07\/Fdo-Perez-Ortola-Primer-Capita-Mudejar-any-1978.jpg?resize=340%2C340&amp;ssl=1\" class=\"cover-image\" alt=\"Fernando P\u00e9rez - Capit\u00e0 Moro 1978\" srcset=\"https:\/\/i0.wp.com\/olivamorosicristians.es\/wp-content\/uploads\/2018\/07\/Fdo-Perez-Ortola-Primer-Capita-Mudejar-any-1978.jpg?w=640&amp;ssl=1 640w, https:\/\/i0.wp.com\/olivamorosicristians.es\/wp-content\/uploads\/2018\/07\/Fdo-Perez-Ortola-Primer-Capita-Mudejar-any-1978.jpg?resize=150%2C150&amp;ssl=1 150w, https:\/\/i0.wp.com\/olivamorosicristians.es\/wp-content\/uploads\/2018\/07\/Fdo-Perez-Ortola-Primer-Capita-Mudejar-any-1978.jpg?resize=300%2C300&amp;ssl=1 300w, https:\/\/i0.wp.com\/olivamorosicristians.es\/wp-content\/uploads\/2018\/07\/Fdo-Perez-Ortola-Primer-Capita-Mudejar-any-1978.jpg?resize=340%2C340&amp;ssl=1 340w\" sizes=\"auto, (max-width: 340px) 100vw, 340px\" data-attachment-id=\"8666\" data-permalink=\"https:\/\/olivamorosicristians.es\/es\/carrecs-festers\/fdo-perez-ortola-primer-capita-mudejar-any-1978\/\" data-orig-file=\"https:\/\/i0.wp.com\/olivamorosicristians.es\/wp-content\/uploads\/2018\/07\/Fdo-Perez-Ortola-Primer-Capita-Mudejar-any-1978.jpg?fit=640%2C640&amp;ssl=1\" data-orig-size=\"640,640\" data-comments-opened=\"0\" data-image-meta=\"{&quot;aperture&quot;:&quot;0&quot;,&quot;credit&quot;:&quot;&quot;,&quot;camera&quot;:&quot;&quot;,&quot;caption&quot;:&quot;&quot;,&quot;created_timestamp&quot;:&quot;0&quot;,&quot;copyright&quot;:&quot;&quot;,&quot;focal_length&quot;:&quot;0&quot;,&quot;iso&quot;:&quot;0&quot;,&quot;shutter_speed&quot;:&quot;0&quot;,&quot;title&quot;:&quot;&quot;,&quot;orientation&quot;:&quot;1&quot;}\" data-image-title=\"Fdo Perez Ortola Primer Capita Mudejar any 1978\" data-image-description=\"\" data-image-caption=\"\" data-large-file=\"https:\/\/i0.wp.com\/olivamorosicristians.es\/wp-content\/uploads\/2018\/07\/Fdo-Perez-Ortola-Primer-Capita-Mudejar-any-1978.jpg?fit=640%2C640&amp;ssl=1\" \/>        <\/a>\r\n                <\/div>\r\n        <\/div>\r\n<\/div><div class=\"w-space\" style=\"height:50px\"><\/div><div class=\"w-heading heading-7 text-center\">\r\n             \r\n    <h3 class=\"heading-title\">Filada Pirates<\/h3>            <\/div><div class=\"w-image-gallery w-slider\">\r\n    <div class=\"owl-carousel\" data-items=\"8\" data-navigation=\"true\" data-pagination=\"true\" data-loop=\"false\" data-auto-play=\"false\">\r\n                    <div class=\"\">\r\n                                <a href=\"https:\/\/i0.wp.com\/olivamorosicristians.es\/wp-content\/uploads\/2024\/01\/Capita-Cristia-2023-640px.jpg?fit=640%2C640&#038;ssl=1\" data-rel=\"lightcase:gallery-88\">\r\n        <img loading=\"lazy\" decoding=\"async\" width=\"340\" height=\"340\" src=\"https:\/\/i0.wp.com\/olivamorosicristians.es\/wp-content\/uploads\/2024\/01\/Capita-Cristia-2023-640px.jpg?resize=340%2C340&amp;ssl=1\" class=\"cover-image\" alt=\"Enrique Orqu\u00edn Morell - Capit\u00e0 Cristi\u00e0 2023\" srcset=\"https:\/\/i0.wp.com\/olivamorosicristians.es\/wp-content\/uploads\/2024\/01\/Capita-Cristia-2023-640px.jpg?w=640&amp;ssl=1 640w, https:\/\/i0.wp.com\/olivamorosicristians.es\/wp-content\/uploads\/2024\/01\/Capita-Cristia-2023-640px.jpg?resize=300%2C300&amp;ssl=1 300w, https:\/\/i0.wp.com\/olivamorosicristians.es\/wp-content\/uploads\/2024\/01\/Capita-Cristia-2023-640px.jpg?resize=150%2C150&amp;ssl=1 150w, https:\/\/i0.wp.com\/olivamorosicristians.es\/wp-content\/uploads\/2024\/01\/Capita-Cristia-2023-640px.jpg?resize=340%2C340&amp;ssl=1 340w\" sizes=\"auto, (max-width: 340px) 100vw, 340px\" data-attachment-id=\"11261\" data-permalink=\"https:\/\/olivamorosicristians.es\/es\/carrecs-festers\/capita-cristia-2023-640px\/\" data-orig-file=\"https:\/\/i0.wp.com\/olivamorosicristians.es\/wp-content\/uploads\/2024\/01\/Capita-Cristia-2023-640px.jpg?fit=640%2C640&amp;ssl=1\" data-orig-size=\"640,640\" data-comments-opened=\"0\" data-image-meta=\"{&quot;aperture&quot;:&quot;4&quot;,&quot;credit&quot;:&quot;ANTONI RIBERA OLTRA&quot;,&quot;camera&quot;:&quot;Canon EOS 5D Mark IV&quot;,&quot;caption&quot;:&quot;&quot;,&quot;created_timestamp&quot;:&quot;1689974588&quot;,&quot;copyright&quot;:&quot;ANTONI RIBERA OLTRA antoniribera@live.com +34645997713&quot;,&quot;focal_length&quot;:&quot;185&quot;,&quot;iso&quot;:&quot;4000&quot;,&quot;shutter_speed&quot;:&quot;0.005&quot;,&quot;title&quot;:&quot;&quot;,&quot;orientation&quot;:&quot;1&quot;}\" data-image-title=\"Capita Cristia 2023 640px\" data-image-description=\"\" data-image-caption=\"\" data-large-file=\"https:\/\/i0.wp.com\/olivamorosicristians.es\/wp-content\/uploads\/2024\/01\/Capita-Cristia-2023-640px.jpg?fit=640%2C640&amp;ssl=1\" \/>        <\/a>\r\n                <\/div>\r\n                    <div class=\"\">\r\n                                <a href=\"https:\/\/i0.wp.com\/olivamorosicristians.es\/wp-content\/uploads\/2024\/01\/Ambaixador-Cristia-2023-640px.jpg?fit=640%2C640&#038;ssl=1\" data-rel=\"lightcase:gallery-88\">\r\n        <img loading=\"lazy\" decoding=\"async\" width=\"340\" height=\"340\" src=\"https:\/\/i0.wp.com\/olivamorosicristians.es\/wp-content\/uploads\/2024\/01\/Ambaixador-Cristia-2023-640px.jpg?resize=340%2C340&amp;ssl=1\" class=\"cover-image\" alt=\"Pablo Orqu\u00edn Pons - Ambaixador Cristi\u00e0 2023\" srcset=\"https:\/\/i0.wp.com\/olivamorosicristians.es\/wp-content\/uploads\/2024\/01\/Ambaixador-Cristia-2023-640px.jpg?w=640&amp;ssl=1 640w, https:\/\/i0.wp.com\/olivamorosicristians.es\/wp-content\/uploads\/2024\/01\/Ambaixador-Cristia-2023-640px.jpg?resize=300%2C300&amp;ssl=1 300w, https:\/\/i0.wp.com\/olivamorosicristians.es\/wp-content\/uploads\/2024\/01\/Ambaixador-Cristia-2023-640px.jpg?resize=150%2C150&amp;ssl=1 150w, https:\/\/i0.wp.com\/olivamorosicristians.es\/wp-content\/uploads\/2024\/01\/Ambaixador-Cristia-2023-640px.jpg?resize=340%2C340&amp;ssl=1 340w\" sizes=\"auto, (max-width: 340px) 100vw, 340px\" data-attachment-id=\"11263\" data-permalink=\"https:\/\/olivamorosicristians.es\/es\/carrecs-festers\/ambaixador-cristia-2023-640px\/\" data-orig-file=\"https:\/\/i0.wp.com\/olivamorosicristians.es\/wp-content\/uploads\/2024\/01\/Ambaixador-Cristia-2023-640px.jpg?fit=640%2C640&amp;ssl=1\" data-orig-size=\"640,640\" data-comments-opened=\"0\" data-image-meta=\"{&quot;aperture&quot;:&quot;4&quot;,&quot;credit&quot;:&quot;ANTONI RIBERA OLTRA&quot;,&quot;camera&quot;:&quot;Canon EOS 5D Mark IV&quot;,&quot;caption&quot;:&quot;&quot;,&quot;created_timestamp&quot;:&quot;1689973126&quot;,&quot;copyright&quot;:&quot;ANTONI RIBERA OLTRA antoniribera@live.com +34645997713&quot;,&quot;focal_length&quot;:&quot;173&quot;,&quot;iso&quot;:&quot;5000&quot;,&quot;shutter_speed&quot;:&quot;0.005&quot;,&quot;title&quot;:&quot;&quot;,&quot;orientation&quot;:&quot;1&quot;}\" data-image-title=\"Ambaixador Cristia 2023 640px\" data-image-description=\"\" data-image-caption=\"\" data-large-file=\"https:\/\/i0.wp.com\/olivamorosicristians.es\/wp-content\/uploads\/2024\/01\/Ambaixador-Cristia-2023-640px.jpg?fit=640%2C640&amp;ssl=1\" \/>        <\/a>\r\n                <\/div>\r\n                    <div class=\"\">\r\n                                <a href=\"https:\/\/i0.wp.com\/olivamorosicristians.es\/wp-content\/uploads\/2018\/06\/Capitana-2015-Deborah-Markham.jpg?fit=640%2C640&#038;ssl=1\" data-rel=\"lightcase:gallery-88\">\r\n        <img loading=\"lazy\" decoding=\"async\" width=\"340\" height=\"340\" src=\"https:\/\/i0.wp.com\/olivamorosicristians.es\/wp-content\/uploads\/2018\/06\/Capitana-2015-Deborah-Markham.jpg?resize=340%2C340&amp;ssl=1\" class=\"cover-image\" alt=\"Deborah Markham - Capitana Cristiana 2015\" srcset=\"https:\/\/i0.wp.com\/olivamorosicristians.es\/wp-content\/uploads\/2018\/06\/Capitana-2015-Deborah-Markham.jpg?w=640&amp;ssl=1 640w, https:\/\/i0.wp.com\/olivamorosicristians.es\/wp-content\/uploads\/2018\/06\/Capitana-2015-Deborah-Markham.jpg?resize=150%2C150&amp;ssl=1 150w, https:\/\/i0.wp.com\/olivamorosicristians.es\/wp-content\/uploads\/2018\/06\/Capitana-2015-Deborah-Markham.jpg?resize=300%2C300&amp;ssl=1 300w, https:\/\/i0.wp.com\/olivamorosicristians.es\/wp-content\/uploads\/2018\/06\/Capitana-2015-Deborah-Markham.jpg?resize=340%2C340&amp;ssl=1 340w\" sizes=\"auto, (max-width: 340px) 100vw, 340px\" data-attachment-id=\"7615\" data-permalink=\"https:\/\/olivamorosicristians.es\/es\/carrecs-festers\/capitana-2015-deborah-markham\/\" data-orig-file=\"https:\/\/i0.wp.com\/olivamorosicristians.es\/wp-content\/uploads\/2018\/06\/Capitana-2015-Deborah-Markham.jpg?fit=640%2C640&amp;ssl=1\" data-orig-size=\"640,640\" data-comments-opened=\"0\" data-image-meta=\"{&quot;aperture&quot;:&quot;0&quot;,&quot;credit&quot;:&quot;&quot;,&quot;camera&quot;:&quot;&quot;,&quot;caption&quot;:&quot;&quot;,&quot;created_timestamp&quot;:&quot;0&quot;,&quot;copyright&quot;:&quot;&quot;,&quot;focal_length&quot;:&quot;0&quot;,&quot;iso&quot;:&quot;0&quot;,&quot;shutter_speed&quot;:&quot;0&quot;,&quot;title&quot;:&quot;&quot;,&quot;orientation&quot;:&quot;1&quot;}\" data-image-title=\"Capitana 2015 Deborah Markham\" data-image-description=\"\" data-image-caption=\"\" data-large-file=\"https:\/\/i0.wp.com\/olivamorosicristians.es\/wp-content\/uploads\/2018\/06\/Capitana-2015-Deborah-Markham.jpg?fit=640%2C640&amp;ssl=1\" \/>        <\/a>\r\n                <\/div>\r\n                    <div class=\"\">\r\n                                <a href=\"https:\/\/i0.wp.com\/olivamorosicristians.es\/wp-content\/uploads\/2018\/06\/Ambaixadora-2015-Maria-Colomina-FernO%CC%88ndez.jpg?fit=640%2C640&#038;ssl=1\" data-rel=\"lightcase:gallery-88\">\r\n        <img loading=\"lazy\" decoding=\"async\" width=\"340\" height=\"340\" src=\"https:\/\/i0.wp.com\/olivamorosicristians.es\/wp-content\/uploads\/2018\/06\/Ambaixadora-2015-Maria-Colomina-FernO%CC%88ndez.jpg?resize=340%2C340&amp;ssl=1\" class=\"cover-image\" alt=\"Maria Colomina Fern\u00e1ndez - Ambaixadora Cristiana 2015\" data-attachment-id=\"7611\" data-permalink=\"https:\/\/olivamorosicristians.es\/es\/carrecs-festers\/ambaixadora-2015-maria-colomina-ferno%cc%88ndez\/\" data-orig-file=\"https:\/\/i0.wp.com\/olivamorosicristians.es\/wp-content\/uploads\/2018\/06\/Ambaixadora-2015-Maria-Colomina-FernO%CC%88ndez.jpg?fit=640%2C640&amp;ssl=1\" data-orig-size=\"640,640\" data-comments-opened=\"0\" data-image-meta=\"{&quot;aperture&quot;:&quot;0&quot;,&quot;credit&quot;:&quot;&quot;,&quot;camera&quot;:&quot;&quot;,&quot;caption&quot;:&quot;&quot;,&quot;created_timestamp&quot;:&quot;0&quot;,&quot;copyright&quot;:&quot;&quot;,&quot;focal_length&quot;:&quot;0&quot;,&quot;iso&quot;:&quot;0&quot;,&quot;shutter_speed&quot;:&quot;0&quot;,&quot;title&quot;:&quot;&quot;,&quot;orientation&quot;:&quot;1&quot;}\" data-image-title=\"Ambaixadora 2015 Maria Colomina FernO\u0308ndez\" data-image-description=\"\" data-image-caption=\"\" data-large-file=\"https:\/\/i0.wp.com\/olivamorosicristians.es\/wp-content\/uploads\/2018\/06\/Ambaixadora-2015-Maria-Colomina-FernO%CC%88ndez.jpg?fit=640%2C640&amp;ssl=1\" \/>        <\/a>\r\n                <\/div>\r\n                    <div class=\"\">\r\n                                <a href=\"https:\/\/i0.wp.com\/olivamorosicristians.es\/wp-content\/uploads\/2018\/06\/CapitO%CC%88-2009-AndrC%CC%A7s-Fuster-Iglesias.jpg?fit=640%2C640&#038;ssl=1\" data-rel=\"lightcase:gallery-88\">\r\n        <img loading=\"lazy\" decoding=\"async\" width=\"340\" height=\"340\" src=\"https:\/\/i0.wp.com\/olivamorosicristians.es\/wp-content\/uploads\/2018\/06\/CapitO%CC%88-2009-AndrC%CC%A7s-Fuster-Iglesias.jpg?resize=340%2C340&amp;ssl=1\" class=\"cover-image\" alt=\"Andr\u00e9s Fuster Iglesias - Capit\u00e0 Cristi\u00e0 2009\" data-attachment-id=\"7607\" data-permalink=\"https:\/\/olivamorosicristians.es\/es\/carrecs-festers\/capito%cc%88-2009-andrc%cc%a7s-fuster-iglesias\/\" data-orig-file=\"https:\/\/i0.wp.com\/olivamorosicristians.es\/wp-content\/uploads\/2018\/06\/CapitO%CC%88-2009-AndrC%CC%A7s-Fuster-Iglesias.jpg?fit=640%2C640&amp;ssl=1\" data-orig-size=\"640,640\" data-comments-opened=\"0\" data-image-meta=\"{&quot;aperture&quot;:&quot;5.6&quot;,&quot;credit&quot;:&quot;&quot;,&quot;camera&quot;:&quot;NIKON D40&quot;,&quot;caption&quot;:&quot;????????????????????????????????????&quot;,&quot;created_timestamp&quot;:&quot;1247783215&quot;,&quot;copyright&quot;:&quot;&quot;,&quot;focal_length&quot;:&quot;55&quot;,&quot;iso&quot;:&quot;400&quot;,&quot;shutter_speed&quot;:&quot;0.016666666666667&quot;,&quot;title&quot;:&quot;&quot;,&quot;orientation&quot;:&quot;1&quot;}\" data-image-title=\"CapitO\u0308 2009 AndrC\u0327s Fuster Iglesias\" data-image-description=\"\" data-image-caption=\"\" data-large-file=\"https:\/\/i0.wp.com\/olivamorosicristians.es\/wp-content\/uploads\/2018\/06\/CapitO%CC%88-2009-AndrC%CC%A7s-Fuster-Iglesias.jpg?fit=640%2C640&amp;ssl=1\" \/>        <\/a>\r\n                <\/div>\r\n                    <div class=\"\">\r\n                                <a href=\"https:\/\/i0.wp.com\/olivamorosicristians.es\/wp-content\/uploads\/2018\/06\/Capita-2004-Pablo-Bolos-Morera.jpg?fit=640%2C640&#038;ssl=1\" data-rel=\"lightcase:gallery-88\">\r\n        <img loading=\"lazy\" decoding=\"async\" width=\"340\" height=\"340\" src=\"https:\/\/i0.wp.com\/olivamorosicristians.es\/wp-content\/uploads\/2018\/06\/Capita-2004-Pablo-Bolos-Morera.jpg?resize=340%2C340&amp;ssl=1\" class=\"cover-image\" alt=\"Pablo Bolos Morera - Capit\u00e0 Cristi\u00e0 2004\" srcset=\"https:\/\/i0.wp.com\/olivamorosicristians.es\/wp-content\/uploads\/2018\/06\/Capita-2004-Pablo-Bolos-Morera.jpg?w=640&amp;ssl=1 640w, https:\/\/i0.wp.com\/olivamorosicristians.es\/wp-content\/uploads\/2018\/06\/Capita-2004-Pablo-Bolos-Morera.jpg?resize=150%2C150&amp;ssl=1 150w, https:\/\/i0.wp.com\/olivamorosicristians.es\/wp-content\/uploads\/2018\/06\/Capita-2004-Pablo-Bolos-Morera.jpg?resize=300%2C300&amp;ssl=1 300w, https:\/\/i0.wp.com\/olivamorosicristians.es\/wp-content\/uploads\/2018\/06\/Capita-2004-Pablo-Bolos-Morera.jpg?resize=340%2C340&amp;ssl=1 340w\" sizes=\"auto, (max-width: 340px) 100vw, 340px\" data-attachment-id=\"7610\" data-permalink=\"https:\/\/olivamorosicristians.es\/es\/carrecs-festers\/capita-2004-pablo-bolos-morera\/\" data-orig-file=\"https:\/\/i0.wp.com\/olivamorosicristians.es\/wp-content\/uploads\/2018\/06\/Capita-2004-Pablo-Bolos-Morera.jpg?fit=640%2C640&amp;ssl=1\" data-orig-size=\"640,640\" data-comments-opened=\"0\" data-image-meta=\"{&quot;aperture&quot;:&quot;0&quot;,&quot;credit&quot;:&quot;&quot;,&quot;camera&quot;:&quot;CanoScan 9000F Mark II&quot;,&quot;caption&quot;:&quot;&quot;,&quot;created_timestamp&quot;:&quot;&quot;,&quot;copyright&quot;:&quot;&quot;,&quot;focal_length&quot;:&quot;0&quot;,&quot;iso&quot;:&quot;0&quot;,&quot;shutter_speed&quot;:&quot;0&quot;,&quot;title&quot;:&quot;&quot;,&quot;orientation&quot;:&quot;1&quot;}\" data-image-title=\"Capita 2004 Pablo Bolos Morera\" data-image-description=\"\" data-image-caption=\"\" data-large-file=\"https:\/\/i0.wp.com\/olivamorosicristians.es\/wp-content\/uploads\/2018\/06\/Capita-2004-Pablo-Bolos-Morera.jpg?fit=640%2C640&amp;ssl=1\" \/>        <\/a>\r\n                <\/div>\r\n                    <div class=\"\">\r\n                                <a href=\"https:\/\/i0.wp.com\/olivamorosicristians.es\/wp-content\/uploads\/2018\/06\/Ambaixador-2004-David-Martinez-Codina.jpg?fit=640%2C640&#038;ssl=1\" data-rel=\"lightcase:gallery-88\">\r\n        <img loading=\"lazy\" decoding=\"async\" width=\"340\" height=\"340\" src=\"https:\/\/i0.wp.com\/olivamorosicristians.es\/wp-content\/uploads\/2018\/06\/Ambaixador-2004-David-Martinez-Codina.jpg?resize=340%2C340&amp;ssl=1\" class=\"cover-image\" alt=\"David Martinez Codina - Ambaixador Cristi\u00e0 2004\" srcset=\"https:\/\/i0.wp.com\/olivamorosicristians.es\/wp-content\/uploads\/2018\/06\/Ambaixador-2004-David-Martinez-Codina.jpg?w=640&amp;ssl=1 640w, https:\/\/i0.wp.com\/olivamorosicristians.es\/wp-content\/uploads\/2018\/06\/Ambaixador-2004-David-Martinez-Codina.jpg?resize=150%2C150&amp;ssl=1 150w, https:\/\/i0.wp.com\/olivamorosicristians.es\/wp-content\/uploads\/2018\/06\/Ambaixador-2004-David-Martinez-Codina.jpg?resize=300%2C300&amp;ssl=1 300w, https:\/\/i0.wp.com\/olivamorosicristians.es\/wp-content\/uploads\/2018\/06\/Ambaixador-2004-David-Martinez-Codina.jpg?resize=340%2C340&amp;ssl=1 340w\" sizes=\"auto, (max-width: 340px) 100vw, 340px\" data-attachment-id=\"7613\" data-permalink=\"https:\/\/olivamorosicristians.es\/es\/carrecs-festers\/ambaixador-2004-david-martinez-codina\/\" data-orig-file=\"https:\/\/i0.wp.com\/olivamorosicristians.es\/wp-content\/uploads\/2018\/06\/Ambaixador-2004-David-Martinez-Codina.jpg?fit=640%2C640&amp;ssl=1\" data-orig-size=\"640,640\" data-comments-opened=\"0\" data-image-meta=\"{&quot;aperture&quot;:&quot;0&quot;,&quot;credit&quot;:&quot;&quot;,&quot;camera&quot;:&quot;&quot;,&quot;caption&quot;:&quot;&quot;,&quot;created_timestamp&quot;:&quot;0&quot;,&quot;copyright&quot;:&quot;&quot;,&quot;focal_length&quot;:&quot;0&quot;,&quot;iso&quot;:&quot;0&quot;,&quot;shutter_speed&quot;:&quot;0&quot;,&quot;title&quot;:&quot;&quot;,&quot;orientation&quot;:&quot;1&quot;}\" data-image-title=\"Ambaixador 2004 David Martinez Codina\" data-image-description=\"\" data-image-caption=\"\" data-large-file=\"https:\/\/i0.wp.com\/olivamorosicristians.es\/wp-content\/uploads\/2018\/06\/Ambaixador-2004-David-Martinez-Codina.jpg?fit=640%2C640&amp;ssl=1\" \/>        <\/a>\r\n                <\/div>\r\n                    <div class=\"\">\r\n                                <a href=\"https:\/\/i0.wp.com\/olivamorosicristians.es\/wp-content\/uploads\/2018\/06\/Capitana-1999-Isa-Bolinches-Fuster.jpg?fit=640%2C640&#038;ssl=1\" data-rel=\"lightcase:gallery-88\">\r\n        <img loading=\"lazy\" decoding=\"async\" width=\"340\" height=\"340\" src=\"https:\/\/i0.wp.com\/olivamorosicristians.es\/wp-content\/uploads\/2018\/06\/Capitana-1999-Isa-Bolinches-Fuster.jpg?resize=340%2C340&amp;ssl=1\" class=\"cover-image\" alt=\"Isa Bolinches Fuster - Capitana Cristiana 1999\" srcset=\"https:\/\/i0.wp.com\/olivamorosicristians.es\/wp-content\/uploads\/2018\/06\/Capitana-1999-Isa-Bolinches-Fuster.jpg?w=640&amp;ssl=1 640w, https:\/\/i0.wp.com\/olivamorosicristians.es\/wp-content\/uploads\/2018\/06\/Capitana-1999-Isa-Bolinches-Fuster.jpg?resize=150%2C150&amp;ssl=1 150w, https:\/\/i0.wp.com\/olivamorosicristians.es\/wp-content\/uploads\/2018\/06\/Capitana-1999-Isa-Bolinches-Fuster.jpg?resize=300%2C300&amp;ssl=1 300w, https:\/\/i0.wp.com\/olivamorosicristians.es\/wp-content\/uploads\/2018\/06\/Capitana-1999-Isa-Bolinches-Fuster.jpg?resize=340%2C340&amp;ssl=1 340w\" sizes=\"auto, (max-width: 340px) 100vw, 340px\" data-attachment-id=\"7609\" data-permalink=\"https:\/\/olivamorosicristians.es\/es\/carrecs-festers\/capitana-1999-isa-bolinches-fuster\/\" data-orig-file=\"https:\/\/i0.wp.com\/olivamorosicristians.es\/wp-content\/uploads\/2018\/06\/Capitana-1999-Isa-Bolinches-Fuster.jpg?fit=640%2C640&amp;ssl=1\" data-orig-size=\"640,640\" data-comments-opened=\"0\" data-image-meta=\"{&quot;aperture&quot;:&quot;2.2&quot;,&quot;credit&quot;:&quot;&quot;,&quot;camera&quot;:&quot;iPhone 6s&quot;,&quot;caption&quot;:&quot;&quot;,&quot;created_timestamp&quot;:&quot;1466773139&quot;,&quot;copyright&quot;:&quot;&quot;,&quot;focal_length&quot;:&quot;4.15&quot;,&quot;iso&quot;:&quot;200&quot;,&quot;shutter_speed&quot;:&quot;0.05&quot;,&quot;title&quot;:&quot;&quot;,&quot;orientation&quot;:&quot;1&quot;}\" data-image-title=\"Capitana 1999 Isa Bolinches Fuster\" data-image-description=\"\" data-image-caption=\"\" data-large-file=\"https:\/\/i0.wp.com\/olivamorosicristians.es\/wp-content\/uploads\/2018\/06\/Capitana-1999-Isa-Bolinches-Fuster.jpg?fit=640%2C640&amp;ssl=1\" \/>        <\/a>\r\n                <\/div>\r\n                    <div class=\"\">\r\n                                <a href=\"https:\/\/i0.wp.com\/olivamorosicristians.es\/wp-content\/uploads\/2018\/06\/Ambaixador-1999-Carlos-Roy-Alonso.jpg?fit=640%2C640&#038;ssl=1\" data-rel=\"lightcase:gallery-88\">\r\n        <img loading=\"lazy\" decoding=\"async\" width=\"340\" height=\"340\" src=\"https:\/\/i0.wp.com\/olivamorosicristians.es\/wp-content\/uploads\/2018\/06\/Ambaixador-1999-Carlos-Roy-Alonso.jpg?resize=340%2C340&amp;ssl=1\" class=\"cover-image\" alt=\"Carlos Roy Alonso - Ambaixador Cristi\u00e0 1999\" srcset=\"https:\/\/i0.wp.com\/olivamorosicristians.es\/wp-content\/uploads\/2018\/06\/Ambaixador-1999-Carlos-Roy-Alonso.jpg?w=640&amp;ssl=1 640w, https:\/\/i0.wp.com\/olivamorosicristians.es\/wp-content\/uploads\/2018\/06\/Ambaixador-1999-Carlos-Roy-Alonso.jpg?resize=150%2C150&amp;ssl=1 150w, https:\/\/i0.wp.com\/olivamorosicristians.es\/wp-content\/uploads\/2018\/06\/Ambaixador-1999-Carlos-Roy-Alonso.jpg?resize=300%2C300&amp;ssl=1 300w, https:\/\/i0.wp.com\/olivamorosicristians.es\/wp-content\/uploads\/2018\/06\/Ambaixador-1999-Carlos-Roy-Alonso.jpg?resize=340%2C340&amp;ssl=1 340w\" sizes=\"auto, (max-width: 340px) 100vw, 340px\" data-attachment-id=\"7614\" data-permalink=\"https:\/\/olivamorosicristians.es\/es\/carrecs-festers\/ambaixador-1999-carlos-roy-alonso\/\" data-orig-file=\"https:\/\/i0.wp.com\/olivamorosicristians.es\/wp-content\/uploads\/2018\/06\/Ambaixador-1999-Carlos-Roy-Alonso.jpg?fit=640%2C640&amp;ssl=1\" data-orig-size=\"640,640\" data-comments-opened=\"0\" data-image-meta=\"{&quot;aperture&quot;:&quot;2.2&quot;,&quot;credit&quot;:&quot;&quot;,&quot;camera&quot;:&quot;iPhone 6s&quot;,&quot;caption&quot;:&quot;&quot;,&quot;created_timestamp&quot;:&quot;1466772985&quot;,&quot;copyright&quot;:&quot;&quot;,&quot;focal_length&quot;:&quot;4.15&quot;,&quot;iso&quot;:&quot;160&quot;,&quot;shutter_speed&quot;:&quot;0.03030303030303&quot;,&quot;title&quot;:&quot;&quot;,&quot;orientation&quot;:&quot;1&quot;}\" data-image-title=\"Ambaixador 1999 Carlos Roy Alonso\" data-image-description=\"\" data-image-caption=\"\" data-large-file=\"https:\/\/i0.wp.com\/olivamorosicristians.es\/wp-content\/uploads\/2018\/06\/Ambaixador-1999-Carlos-Roy-Alonso.jpg?fit=640%2C640&amp;ssl=1\" \/>        <\/a>\r\n                <\/div>\r\n                    <div class=\"\">\r\n                                <a href=\"https:\/\/i0.wp.com\/olivamorosicristians.es\/wp-content\/uploads\/2018\/06\/CapitO%CC%88-1994-Toni-Navarro-Cabrera.jpg?fit=640%2C640&#038;ssl=1\" data-rel=\"lightcase:gallery-88\">\r\n        <img loading=\"lazy\" decoding=\"async\" width=\"340\" height=\"340\" src=\"https:\/\/i0.wp.com\/olivamorosicristians.es\/wp-content\/uploads\/2018\/06\/CapitO%CC%88-1994-Toni-Navarro-Cabrera.jpg?resize=340%2C340&amp;ssl=1\" class=\"cover-image\" alt=\"Toni Navarro Cardona - Capit\u00e0 Cristi\u00e0 1994\" data-attachment-id=\"7608\" data-permalink=\"https:\/\/olivamorosicristians.es\/es\/carrecs-festers\/capito%cc%88-1994-toni-navarro-cabrera\/\" data-orig-file=\"https:\/\/i0.wp.com\/olivamorosicristians.es\/wp-content\/uploads\/2018\/06\/CapitO%CC%88-1994-Toni-Navarro-Cabrera.jpg?fit=640%2C640&amp;ssl=1\" data-orig-size=\"640,640\" data-comments-opened=\"0\" data-image-meta=\"{&quot;aperture&quot;:&quot;0&quot;,&quot;credit&quot;:&quot;&quot;,&quot;camera&quot;:&quot;&quot;,&quot;caption&quot;:&quot;&quot;,&quot;created_timestamp&quot;:&quot;0&quot;,&quot;copyright&quot;:&quot;&quot;,&quot;focal_length&quot;:&quot;0&quot;,&quot;iso&quot;:&quot;0&quot;,&quot;shutter_speed&quot;:&quot;0&quot;,&quot;title&quot;:&quot;&quot;,&quot;orientation&quot;:&quot;1&quot;}\" data-image-title=\"Capit\u00e0 1994 Toni Navarro Cardona\" data-image-description=\"\" data-image-caption=\"\" data-large-file=\"https:\/\/i0.wp.com\/olivamorosicristians.es\/wp-content\/uploads\/2018\/06\/CapitO%CC%88-1994-Toni-Navarro-Cabrera.jpg?fit=640%2C640&amp;ssl=1\" \/>        <\/a>\r\n                <\/div>\r\n                    <div class=\"\">\r\n                                <a href=\"https:\/\/i0.wp.com\/olivamorosicristians.es\/wp-content\/uploads\/2018\/06\/Ambaixadora-1994-Carla-PC%CC%A7rez-Morell.jpg?fit=640%2C640&#038;ssl=1\" data-rel=\"lightcase:gallery-88\">\r\n        <img loading=\"lazy\" decoding=\"async\" width=\"340\" height=\"340\" src=\"https:\/\/i0.wp.com\/olivamorosicristians.es\/wp-content\/uploads\/2018\/06\/Ambaixadora-1994-Carla-PC%CC%A7rez-Morell.jpg?resize=340%2C340&amp;ssl=1\" class=\"cover-image\" alt=\"Carla P\u00e9rez Morell - Ambaixadora Cristiana 1994\" data-attachment-id=\"7612\" data-permalink=\"https:\/\/olivamorosicristians.es\/es\/carrecs-festers\/ambaixadora-1994-carla-pc%cc%a7rez-morell\/\" data-orig-file=\"https:\/\/i0.wp.com\/olivamorosicristians.es\/wp-content\/uploads\/2018\/06\/Ambaixadora-1994-Carla-PC%CC%A7rez-Morell.jpg?fit=640%2C640&amp;ssl=1\" data-orig-size=\"640,640\" data-comments-opened=\"0\" data-image-meta=\"{&quot;aperture&quot;:&quot;0&quot;,&quot;credit&quot;:&quot;&quot;,&quot;camera&quot;:&quot;&quot;,&quot;caption&quot;:&quot;&quot;,&quot;created_timestamp&quot;:&quot;0&quot;,&quot;copyright&quot;:&quot;&quot;,&quot;focal_length&quot;:&quot;0&quot;,&quot;iso&quot;:&quot;0&quot;,&quot;shutter_speed&quot;:&quot;0&quot;,&quot;title&quot;:&quot;&quot;,&quot;orientation&quot;:&quot;1&quot;}\" data-image-title=\"Ambaixadora 1994 Carla PC\u0327rez Morell\" data-image-description=\"\" data-image-caption=\"\" data-large-file=\"https:\/\/i0.wp.com\/olivamorosicristians.es\/wp-content\/uploads\/2018\/06\/Ambaixadora-1994-Carla-PC%CC%A7rez-Morell.jpg?fit=640%2C640&amp;ssl=1\" \/>        <\/a>\r\n                <\/div>\r\n        <\/div>\r\n<\/div><div class=\"w-space\" style=\"height:50px\"><\/div><div class=\"w-heading heading-7 text-center\">\r\n             \r\n    <h3 class=\"heading-title\">Filada Taifes<\/h3>            <\/div><div class=\"w-image-gallery w-slider\">\r\n    <div class=\"owl-carousel\" data-items=\"8\" data-navigation=\"true\" data-pagination=\"true\" data-loop=\"false\" data-auto-play=\"false\">\r\n                    <div class=\"\">\r\n                                <a href=\"https:\/\/i0.wp.com\/olivamorosicristians.es\/wp-content\/uploads\/2022\/09\/Cap_Mora22-01_640px.jpg?fit=640%2C640&#038;ssl=1\" data-rel=\"lightcase:gallery-20\">\r\n        <img loading=\"lazy\" decoding=\"async\" width=\"340\" height=\"340\" src=\"https:\/\/i0.wp.com\/olivamorosicristians.es\/wp-content\/uploads\/2022\/09\/Cap_Mora22-01_640px.jpg?resize=340%2C340&amp;ssl=1\" class=\"cover-image\" alt=\"Susana Ferrer Salort - Capitana Mora 2022\" srcset=\"https:\/\/i0.wp.com\/olivamorosicristians.es\/wp-content\/uploads\/2022\/09\/Cap_Mora22-01_640px.jpg?w=640&amp;ssl=1 640w, https:\/\/i0.wp.com\/olivamorosicristians.es\/wp-content\/uploads\/2022\/09\/Cap_Mora22-01_640px.jpg?resize=300%2C300&amp;ssl=1 300w, https:\/\/i0.wp.com\/olivamorosicristians.es\/wp-content\/uploads\/2022\/09\/Cap_Mora22-01_640px.jpg?resize=150%2C150&amp;ssl=1 150w, https:\/\/i0.wp.com\/olivamorosicristians.es\/wp-content\/uploads\/2022\/09\/Cap_Mora22-01_640px.jpg?resize=340%2C340&amp;ssl=1 340w\" sizes=\"auto, (max-width: 340px) 100vw, 340px\" data-attachment-id=\"10761\" data-permalink=\"https:\/\/olivamorosicristians.es\/es\/cap_mora22-01_640px\/\" data-orig-file=\"https:\/\/i0.wp.com\/olivamorosicristians.es\/wp-content\/uploads\/2022\/09\/Cap_Mora22-01_640px.jpg?fit=640%2C640&amp;ssl=1\" data-orig-size=\"640,640\" data-comments-opened=\"0\" data-image-meta=\"{&quot;aperture&quot;:&quot;0&quot;,&quot;credit&quot;:&quot;&quot;,&quot;camera&quot;:&quot;&quot;,&quot;caption&quot;:&quot;&quot;,&quot;created_timestamp&quot;:&quot;0&quot;,&quot;copyright&quot;:&quot;&quot;,&quot;focal_length&quot;:&quot;0&quot;,&quot;iso&quot;:&quot;0&quot;,&quot;shutter_speed&quot;:&quot;0&quot;,&quot;title&quot;:&quot;&quot;,&quot;orientation&quot;:&quot;1&quot;}\" data-image-title=\"Susana Ferrer Salort &amp;#8211; Capitana Mora 2022\" data-image-description=\"\" data-image-caption=\"\" data-large-file=\"https:\/\/i0.wp.com\/olivamorosicristians.es\/wp-content\/uploads\/2022\/09\/Cap_Mora22-01_640px.jpg?fit=640%2C640&amp;ssl=1\" \/>        <\/a>\r\n                <\/div>\r\n                    <div class=\"\">\r\n                                <a href=\"https:\/\/i0.wp.com\/olivamorosicristians.es\/wp-content\/uploads\/2022\/09\/Amb_Moro22-02_640px.jpg?fit=640%2C640&#038;ssl=1\" data-rel=\"lightcase:gallery-20\">\r\n        <img loading=\"lazy\" decoding=\"async\" width=\"340\" height=\"340\" src=\"https:\/\/i0.wp.com\/olivamorosicristians.es\/wp-content\/uploads\/2022\/09\/Amb_Moro22-02_640px.jpg?resize=340%2C340&amp;ssl=1\" class=\"cover-image\" alt=\"Manolo Aracil Portes - Ambaixador Moro 2022\" srcset=\"https:\/\/i0.wp.com\/olivamorosicristians.es\/wp-content\/uploads\/2022\/09\/Amb_Moro22-02_640px.jpg?w=640&amp;ssl=1 640w, https:\/\/i0.wp.com\/olivamorosicristians.es\/wp-content\/uploads\/2022\/09\/Amb_Moro22-02_640px.jpg?resize=300%2C300&amp;ssl=1 300w, https:\/\/i0.wp.com\/olivamorosicristians.es\/wp-content\/uploads\/2022\/09\/Amb_Moro22-02_640px.jpg?resize=150%2C150&amp;ssl=1 150w, https:\/\/i0.wp.com\/olivamorosicristians.es\/wp-content\/uploads\/2022\/09\/Amb_Moro22-02_640px.jpg?resize=340%2C340&amp;ssl=1 340w\" sizes=\"auto, (max-width: 340px) 100vw, 340px\" data-attachment-id=\"10762\" data-permalink=\"https:\/\/olivamorosicristians.es\/es\/amb_moro22-02_640px\/\" data-orig-file=\"https:\/\/i0.wp.com\/olivamorosicristians.es\/wp-content\/uploads\/2022\/09\/Amb_Moro22-02_640px.jpg?fit=640%2C640&amp;ssl=1\" data-orig-size=\"640,640\" data-comments-opened=\"0\" data-image-meta=\"{&quot;aperture&quot;:&quot;0&quot;,&quot;credit&quot;:&quot;&quot;,&quot;camera&quot;:&quot;&quot;,&quot;caption&quot;:&quot;&quot;,&quot;created_timestamp&quot;:&quot;0&quot;,&quot;copyright&quot;:&quot;&quot;,&quot;focal_length&quot;:&quot;0&quot;,&quot;iso&quot;:&quot;0&quot;,&quot;shutter_speed&quot;:&quot;0&quot;,&quot;title&quot;:&quot;&quot;,&quot;orientation&quot;:&quot;1&quot;}\" data-image-title=\"Manolo Aracil Portes &amp;#8211; Ambaixador Moro 2022\" data-image-description=\"\" data-image-caption=\"\" data-large-file=\"https:\/\/i0.wp.com\/olivamorosicristians.es\/wp-content\/uploads\/2022\/09\/Amb_Moro22-02_640px.jpg?fit=640%2C640&amp;ssl=1\" \/>        <\/a>\r\n                <\/div>\r\n                    <div class=\"\">\r\n                                <a href=\"https:\/\/i0.wp.com\/olivamorosicristians.es\/wp-content\/uploads\/2018\/06\/Carlos-Ca%C2%A7amas-Monzonis-CapitA-2014.jpg?fit=640%2C640&#038;ssl=1\" data-rel=\"lightcase:gallery-20\">\r\n        <img loading=\"lazy\" decoding=\"async\" width=\"340\" height=\"340\" src=\"https:\/\/i0.wp.com\/olivamorosicristians.es\/wp-content\/uploads\/2018\/06\/Carlos-Ca%C2%A7amas-Monzonis-CapitA-2014.jpg?resize=340%2C340&amp;ssl=1\" class=\"cover-image\" alt=\"Carlos Ca\u00f1amas Monzonis - Capit\u00e0 Moro 2014\" data-attachment-id=\"7572\" data-permalink=\"https:\/\/olivamorosicristians.es\/es\/carrecs-festers\/carlos-ca%c2%a7amas-monzonis-capita-2014\/\" data-orig-file=\"https:\/\/i0.wp.com\/olivamorosicristians.es\/wp-content\/uploads\/2018\/06\/Carlos-Ca%C2%A7amas-Monzonis-CapitA-2014.jpg?fit=640%2C640&amp;ssl=1\" data-orig-size=\"640,640\" data-comments-opened=\"0\" data-image-meta=\"{&quot;aperture&quot;:&quot;6.3&quot;,&quot;credit&quot;:&quot;&quot;,&quot;camera&quot;:&quot;Canon EOS 1100D&quot;,&quot;caption&quot;:&quot;&quot;,&quot;created_timestamp&quot;:&quot;1405807891&quot;,&quot;copyright&quot;:&quot;&quot;,&quot;focal_length&quot;:&quot;55&quot;,&quot;iso&quot;:&quot;1600&quot;,&quot;shutter_speed&quot;:&quot;0.008&quot;,&quot;title&quot;:&quot;&quot;,&quot;orientation&quot;:&quot;1&quot;}\" data-image-title=\"Carlos Ca\u00a7amas Monzonis CapitA 2014\" data-image-description=\"\" data-image-caption=\"\" data-large-file=\"https:\/\/i0.wp.com\/olivamorosicristians.es\/wp-content\/uploads\/2018\/06\/Carlos-Ca%C2%A7amas-Monzonis-CapitA-2014.jpg?fit=640%2C640&amp;ssl=1\" \/>        <\/a>\r\n                <\/div>\r\n                    <div class=\"\">\r\n                                <a href=\"https:\/\/i0.wp.com\/olivamorosicristians.es\/wp-content\/uploads\/2018\/06\/Mario-Aparicio-Morera-Ambaixador-2014.jpg?fit=640%2C640&#038;ssl=1\" data-rel=\"lightcase:gallery-20\">\r\n        <img loading=\"lazy\" decoding=\"async\" width=\"340\" height=\"340\" src=\"https:\/\/i0.wp.com\/olivamorosicristians.es\/wp-content\/uploads\/2018\/06\/Mario-Aparicio-Morera-Ambaixador-2014.jpg?resize=340%2C340&amp;ssl=1\" class=\"cover-image\" alt=\"Mario Aparicio Morera - Ambaixador Moro 2014\" srcset=\"https:\/\/i0.wp.com\/olivamorosicristians.es\/wp-content\/uploads\/2018\/06\/Mario-Aparicio-Morera-Ambaixador-2014.jpg?w=640&amp;ssl=1 640w, https:\/\/i0.wp.com\/olivamorosicristians.es\/wp-content\/uploads\/2018\/06\/Mario-Aparicio-Morera-Ambaixador-2014.jpg?resize=150%2C150&amp;ssl=1 150w, https:\/\/i0.wp.com\/olivamorosicristians.es\/wp-content\/uploads\/2018\/06\/Mario-Aparicio-Morera-Ambaixador-2014.jpg?resize=300%2C300&amp;ssl=1 300w, https:\/\/i0.wp.com\/olivamorosicristians.es\/wp-content\/uploads\/2018\/06\/Mario-Aparicio-Morera-Ambaixador-2014.jpg?resize=340%2C340&amp;ssl=1 340w\" sizes=\"auto, (max-width: 340px) 100vw, 340px\" data-attachment-id=\"7573\" data-permalink=\"https:\/\/olivamorosicristians.es\/es\/carrecs-festers\/mario-aparicio-morera-ambaixador-2014\/\" data-orig-file=\"https:\/\/i0.wp.com\/olivamorosicristians.es\/wp-content\/uploads\/2018\/06\/Mario-Aparicio-Morera-Ambaixador-2014.jpg?fit=640%2C640&amp;ssl=1\" data-orig-size=\"640,640\" data-comments-opened=\"0\" data-image-meta=\"{&quot;aperture&quot;:&quot;6.3&quot;,&quot;credit&quot;:&quot;&quot;,&quot;camera&quot;:&quot;Canon EOS 1100D&quot;,&quot;caption&quot;:&quot;&quot;,&quot;created_timestamp&quot;:&quot;1405806540&quot;,&quot;copyright&quot;:&quot;&quot;,&quot;focal_length&quot;:&quot;55&quot;,&quot;iso&quot;:&quot;1600&quot;,&quot;shutter_speed&quot;:&quot;0.008&quot;,&quot;title&quot;:&quot;&quot;,&quot;orientation&quot;:&quot;1&quot;}\" data-image-title=\"Mario Aparicio Morera Ambaixador 2014\" data-image-description=\"\" data-image-caption=\"\" data-large-file=\"https:\/\/i0.wp.com\/olivamorosicristians.es\/wp-content\/uploads\/2018\/06\/Mario-Aparicio-Morera-Ambaixador-2014.jpg?fit=640%2C640&amp;ssl=1\" \/>        <\/a>\r\n                <\/div>\r\n                    <div class=\"\">\r\n                                <a href=\"https:\/\/i0.wp.com\/olivamorosicristians.es\/wp-content\/uploads\/2018\/06\/Paco-Savall-CapitO%CC%88-2008.jpg?fit=640%2C640&#038;ssl=1\" data-rel=\"lightcase:gallery-20\">\r\n        <img loading=\"lazy\" decoding=\"async\" width=\"340\" height=\"340\" src=\"https:\/\/i0.wp.com\/olivamorosicristians.es\/wp-content\/uploads\/2018\/06\/Paco-Savall-CapitO%CC%88-2008.jpg?resize=340%2C340&amp;ssl=1\" class=\"cover-image\" alt=\"Paco Savall - Capit\u00e0 Moro 2008\" data-attachment-id=\"7575\" data-permalink=\"https:\/\/olivamorosicristians.es\/es\/carrecs-festers\/paco-savall-capito%cc%88-2008\/\" data-orig-file=\"https:\/\/i0.wp.com\/olivamorosicristians.es\/wp-content\/uploads\/2018\/06\/Paco-Savall-CapitO%CC%88-2008.jpg?fit=640%2C640&amp;ssl=1\" data-orig-size=\"640,640\" data-comments-opened=\"0\" data-image-meta=\"{&quot;aperture&quot;:&quot;7.1&quot;,&quot;credit&quot;:&quot;&quot;,&quot;camera&quot;:&quot;Canon EOS 5D&quot;,&quot;caption&quot;:&quot;&quot;,&quot;created_timestamp&quot;:&quot;1216507345&quot;,&quot;copyright&quot;:&quot;&quot;,&quot;focal_length&quot;:&quot;96&quot;,&quot;iso&quot;:&quot;1000&quot;,&quot;shutter_speed&quot;:&quot;0.01&quot;,&quot;title&quot;:&quot;&quot;,&quot;orientation&quot;:&quot;1&quot;}\" data-image-title=\"Paco Savall CapitO\u0308 2008\" data-image-description=\"\" data-image-caption=\"\" data-large-file=\"https:\/\/i0.wp.com\/olivamorosicristians.es\/wp-content\/uploads\/2018\/06\/Paco-Savall-CapitO%CC%88-2008.jpg?fit=640%2C640&amp;ssl=1\" \/>        <\/a>\r\n                <\/div>\r\n                    <div class=\"\">\r\n                                <a href=\"https:\/\/i0.wp.com\/olivamorosicristians.es\/wp-content\/uploads\/2018\/06\/Paco-Perea-Ambaixador-2008.jpg?fit=640%2C640&#038;ssl=1\" data-rel=\"lightcase:gallery-20\">\r\n        <img loading=\"lazy\" decoding=\"async\" width=\"340\" height=\"340\" src=\"https:\/\/i0.wp.com\/olivamorosicristians.es\/wp-content\/uploads\/2018\/06\/Paco-Perea-Ambaixador-2008.jpg?resize=340%2C340&amp;ssl=1\" class=\"cover-image\" alt=\"Paco Perea - Ambaixador Moro 2008\" srcset=\"https:\/\/i0.wp.com\/olivamorosicristians.es\/wp-content\/uploads\/2018\/06\/Paco-Perea-Ambaixador-2008.jpg?w=640&amp;ssl=1 640w, https:\/\/i0.wp.com\/olivamorosicristians.es\/wp-content\/uploads\/2018\/06\/Paco-Perea-Ambaixador-2008.jpg?resize=150%2C150&amp;ssl=1 150w, https:\/\/i0.wp.com\/olivamorosicristians.es\/wp-content\/uploads\/2018\/06\/Paco-Perea-Ambaixador-2008.jpg?resize=300%2C300&amp;ssl=1 300w, https:\/\/i0.wp.com\/olivamorosicristians.es\/wp-content\/uploads\/2018\/06\/Paco-Perea-Ambaixador-2008.jpg?resize=340%2C340&amp;ssl=1 340w\" sizes=\"auto, (max-width: 340px) 100vw, 340px\" data-attachment-id=\"7574\" data-permalink=\"https:\/\/olivamorosicristians.es\/es\/carrecs-festers\/paco-perea-ambaixador-2008\/\" data-orig-file=\"https:\/\/i0.wp.com\/olivamorosicristians.es\/wp-content\/uploads\/2018\/06\/Paco-Perea-Ambaixador-2008.jpg?fit=640%2C640&amp;ssl=1\" data-orig-size=\"640,640\" data-comments-opened=\"0\" data-image-meta=\"{&quot;aperture&quot;:&quot;4.5&quot;,&quot;credit&quot;:&quot;&quot;,&quot;camera&quot;:&quot;DSC-P10&quot;,&quot;caption&quot;:&quot;&quot;,&quot;created_timestamp&quot;:&quot;1216507157&quot;,&quot;copyright&quot;:&quot;&quot;,&quot;focal_length&quot;:&quot;17.8&quot;,&quot;iso&quot;:&quot;400&quot;,&quot;shutter_speed&quot;:&quot;0.02&quot;,&quot;title&quot;:&quot;&quot;,&quot;orientation&quot;:&quot;1&quot;}\" data-image-title=\"Paco Perea Ambaixador 2008\" data-image-description=\"\" data-image-caption=\"\" data-large-file=\"https:\/\/i0.wp.com\/olivamorosicristians.es\/wp-content\/uploads\/2018\/06\/Paco-Perea-Ambaixador-2008.jpg?fit=640%2C640&amp;ssl=1\" \/>        <\/a>\r\n                <\/div>\r\n        <\/div>\r\n<\/div><div class=\"w-space\" style=\"height:50px\"><\/div><div class=\"w-heading heading-7 text-center\">\r\n             \r\n    <h3 class=\"heading-title\">Filada Tuareg<\/h3>            <\/div><div class=\"w-image-gallery w-slider\">\r\n    <div class=\"owl-carousel\" data-items=\"8\" data-navigation=\"true\" data-pagination=\"true\" data-loop=\"false\" data-auto-play=\"false\">\r\n                    <div class=\"\">\r\n                                <a href=\"https:\/\/i0.wp.com\/olivamorosicristians.es\/wp-content\/uploads\/2018\/06\/LLUIS-GREGORI.jpg?fit=640%2C640&#038;ssl=1\" data-rel=\"lightcase:gallery-22\">\r\n        <img loading=\"lazy\" decoding=\"async\" width=\"340\" height=\"340\" src=\"https:\/\/i0.wp.com\/olivamorosicristians.es\/wp-content\/uploads\/2018\/06\/LLUIS-GREGORI.jpg?resize=340%2C340&amp;ssl=1\" class=\"cover-image\" alt=\"Llu\u00eds Gregori Garcia - Capit\u00e0 Moro 2017\" srcset=\"https:\/\/i0.wp.com\/olivamorosicristians.es\/wp-content\/uploads\/2018\/06\/LLUIS-GREGORI.jpg?w=640&amp;ssl=1 640w, https:\/\/i0.wp.com\/olivamorosicristians.es\/wp-content\/uploads\/2018\/06\/LLUIS-GREGORI.jpg?resize=150%2C150&amp;ssl=1 150w, https:\/\/i0.wp.com\/olivamorosicristians.es\/wp-content\/uploads\/2018\/06\/LLUIS-GREGORI.jpg?resize=300%2C300&amp;ssl=1 300w, https:\/\/i0.wp.com\/olivamorosicristians.es\/wp-content\/uploads\/2018\/06\/LLUIS-GREGORI.jpg?resize=340%2C340&amp;ssl=1 340w\" sizes=\"auto, (max-width: 340px) 100vw, 340px\" data-attachment-id=\"7583\" data-permalink=\"https:\/\/olivamorosicristians.es\/es\/carrecs-festers\/lluis-gregori\/\" data-orig-file=\"https:\/\/i0.wp.com\/olivamorosicristians.es\/wp-content\/uploads\/2018\/06\/LLUIS-GREGORI.jpg?fit=640%2C640&amp;ssl=1\" data-orig-size=\"640,640\" data-comments-opened=\"0\" data-image-meta=\"{&quot;aperture&quot;:&quot;7.1&quot;,&quot;credit&quot;:&quot;&quot;,&quot;camera&quot;:&quot;Canon EOS 6D&quot;,&quot;caption&quot;:&quot;&quot;,&quot;created_timestamp&quot;:&quot;1494614188&quot;,&quot;copyright&quot;:&quot;&quot;,&quot;focal_length&quot;:&quot;73&quot;,&quot;iso&quot;:&quot;160&quot;,&quot;shutter_speed&quot;:&quot;0.008&quot;,&quot;title&quot;:&quot;&quot;,&quot;orientation&quot;:&quot;1&quot;}\" data-image-title=\"Llu\u00eds Gregori Garcia &amp;#8211; Capit\u00e0 Moro 2017\" data-image-description=\"\" data-image-caption=\"\" data-large-file=\"https:\/\/i0.wp.com\/olivamorosicristians.es\/wp-content\/uploads\/2018\/06\/LLUIS-GREGORI.jpg?fit=640%2C640&amp;ssl=1\" \/>        <\/a>\r\n                <\/div>\r\n                    <div class=\"\">\r\n                                <a href=\"https:\/\/i0.wp.com\/olivamorosicristians.es\/wp-content\/uploads\/2018\/06\/Cristina-Alcaraz-De-la-Franca2017.jpg?fit=640%2C640&#038;ssl=1\" data-rel=\"lightcase:gallery-22\">\r\n        <img loading=\"lazy\" decoding=\"async\" width=\"340\" height=\"340\" src=\"https:\/\/i0.wp.com\/olivamorosicristians.es\/wp-content\/uploads\/2018\/06\/Cristina-Alcaraz-De-la-Franca2017.jpg?resize=340%2C340&amp;ssl=1\" class=\"cover-image\" alt=\"Cristina Alcaraz de la Franca - Ambaixadora Mora 2017\" srcset=\"https:\/\/i0.wp.com\/olivamorosicristians.es\/wp-content\/uploads\/2018\/06\/Cristina-Alcaraz-De-la-Franca2017.jpg?w=640&amp;ssl=1 640w, https:\/\/i0.wp.com\/olivamorosicristians.es\/wp-content\/uploads\/2018\/06\/Cristina-Alcaraz-De-la-Franca2017.jpg?resize=150%2C150&amp;ssl=1 150w, https:\/\/i0.wp.com\/olivamorosicristians.es\/wp-content\/uploads\/2018\/06\/Cristina-Alcaraz-De-la-Franca2017.jpg?resize=300%2C300&amp;ssl=1 300w, https:\/\/i0.wp.com\/olivamorosicristians.es\/wp-content\/uploads\/2018\/06\/Cristina-Alcaraz-De-la-Franca2017.jpg?resize=340%2C340&amp;ssl=1 340w\" sizes=\"auto, (max-width: 340px) 100vw, 340px\" data-attachment-id=\"7580\" data-permalink=\"https:\/\/olivamorosicristians.es\/es\/carrecs-festers\/cristina-alcaraz-de-la-franca2017\/\" data-orig-file=\"https:\/\/i0.wp.com\/olivamorosicristians.es\/wp-content\/uploads\/2018\/06\/Cristina-Alcaraz-De-la-Franca2017.jpg?fit=640%2C640&amp;ssl=1\" data-orig-size=\"640,640\" data-comments-opened=\"0\" data-image-meta=\"{&quot;aperture&quot;:&quot;7.1&quot;,&quot;credit&quot;:&quot;&quot;,&quot;camera&quot;:&quot;Canon EOS 6D&quot;,&quot;caption&quot;:&quot;&quot;,&quot;created_timestamp&quot;:&quot;1494612117&quot;,&quot;copyright&quot;:&quot;&quot;,&quot;focal_length&quot;:&quot;75&quot;,&quot;iso&quot;:&quot;100&quot;,&quot;shutter_speed&quot;:&quot;0.008&quot;,&quot;title&quot;:&quot;&quot;,&quot;orientation&quot;:&quot;1&quot;}\" data-image-title=\"Cristina Alcaraz de la Franca &amp;#8211; Ambaixadora Mora 2017\" data-image-description=\"\" data-image-caption=\"\" data-large-file=\"https:\/\/i0.wp.com\/olivamorosicristians.es\/wp-content\/uploads\/2018\/06\/Cristina-Alcaraz-De-la-Franca2017.jpg?fit=640%2C640&amp;ssl=1\" \/>        <\/a>\r\n                <\/div>\r\n                    <div class=\"\">\r\n                                <a href=\"https:\/\/i0.wp.com\/olivamorosicristians.es\/wp-content\/uploads\/2018\/06\/Rafael-Castello-Cogollos2017.jpg?fit=640%2C640&#038;ssl=1\" data-rel=\"lightcase:gallery-22\">\r\n        <img loading=\"lazy\" decoding=\"async\" width=\"340\" height=\"340\" src=\"https:\/\/i0.wp.com\/olivamorosicristians.es\/wp-content\/uploads\/2018\/06\/Rafael-Castello-Cogollos2017.jpg?resize=340%2C340&amp;ssl=1\" class=\"cover-image\" alt=\"Rafa Castell\u00f3 i Cogollos - Capit\u00e0 Moro 2011\" srcset=\"https:\/\/i0.wp.com\/olivamorosicristians.es\/wp-content\/uploads\/2018\/06\/Rafael-Castello-Cogollos2017.jpg?w=640&amp;ssl=1 640w, https:\/\/i0.wp.com\/olivamorosicristians.es\/wp-content\/uploads\/2018\/06\/Rafael-Castello-Cogollos2017.jpg?resize=150%2C150&amp;ssl=1 150w, https:\/\/i0.wp.com\/olivamorosicristians.es\/wp-content\/uploads\/2018\/06\/Rafael-Castello-Cogollos2017.jpg?resize=300%2C300&amp;ssl=1 300w, https:\/\/i0.wp.com\/olivamorosicristians.es\/wp-content\/uploads\/2018\/06\/Rafael-Castello-Cogollos2017.jpg?resize=340%2C340&amp;ssl=1 340w\" sizes=\"auto, (max-width: 340px) 100vw, 340px\" data-attachment-id=\"7584\" data-permalink=\"https:\/\/olivamorosicristians.es\/es\/carrecs-festers\/rafael-castello-cogollos2017\/\" data-orig-file=\"https:\/\/i0.wp.com\/olivamorosicristians.es\/wp-content\/uploads\/2018\/06\/Rafael-Castello-Cogollos2017.jpg?fit=640%2C640&amp;ssl=1\" data-orig-size=\"640,640\" data-comments-opened=\"0\" data-image-meta=\"{&quot;aperture&quot;:&quot;0&quot;,&quot;credit&quot;:&quot;&quot;,&quot;camera&quot;:&quot;&quot;,&quot;caption&quot;:&quot;&quot;,&quot;created_timestamp&quot;:&quot;0&quot;,&quot;copyright&quot;:&quot;&quot;,&quot;focal_length&quot;:&quot;0&quot;,&quot;iso&quot;:&quot;0&quot;,&quot;shutter_speed&quot;:&quot;0&quot;,&quot;title&quot;:&quot;&quot;,&quot;orientation&quot;:&quot;1&quot;}\" data-image-title=\"Rafa Castell\u00f3 i Cogollos &amp;#8211; Capit\u00e0 Moro 2011\" data-image-description=\"\" data-image-caption=\"\" data-large-file=\"https:\/\/i0.wp.com\/olivamorosicristians.es\/wp-content\/uploads\/2018\/06\/Rafael-Castello-Cogollos2017.jpg?fit=640%2C640&amp;ssl=1\" \/>        <\/a>\r\n                <\/div>\r\n                    <div class=\"\">\r\n                                <a href=\"https:\/\/i0.wp.com\/olivamorosicristians.es\/wp-content\/uploads\/2018\/06\/Laia-Martinez-Ambaixadora-2011_01.jpg?fit=640%2C640&#038;ssl=1\" data-rel=\"lightcase:gallery-22\">\r\n        <img loading=\"lazy\" decoding=\"async\" width=\"340\" height=\"340\" src=\"https:\/\/i0.wp.com\/olivamorosicristians.es\/wp-content\/uploads\/2018\/06\/Laia-Martinez-Ambaixadora-2011_01.jpg?resize=340%2C340&amp;ssl=1\" class=\"cover-image\" alt=\"Laia Mart\u00ednez Garcia - Ambaixadora Mora 2011\" srcset=\"https:\/\/i0.wp.com\/olivamorosicristians.es\/wp-content\/uploads\/2018\/06\/Laia-Martinez-Ambaixadora-2011_01.jpg?w=640&amp;ssl=1 640w, https:\/\/i0.wp.com\/olivamorosicristians.es\/wp-content\/uploads\/2018\/06\/Laia-Martinez-Ambaixadora-2011_01.jpg?resize=150%2C150&amp;ssl=1 150w, https:\/\/i0.wp.com\/olivamorosicristians.es\/wp-content\/uploads\/2018\/06\/Laia-Martinez-Ambaixadora-2011_01.jpg?resize=300%2C300&amp;ssl=1 300w, https:\/\/i0.wp.com\/olivamorosicristians.es\/wp-content\/uploads\/2018\/06\/Laia-Martinez-Ambaixadora-2011_01.jpg?resize=340%2C340&amp;ssl=1 340w\" sizes=\"auto, (max-width: 340px) 100vw, 340px\" data-attachment-id=\"7582\" data-permalink=\"https:\/\/olivamorosicristians.es\/es\/carrecs-festers\/laia-martinez-ambaixadora-2011_01-2\/\" data-orig-file=\"https:\/\/i0.wp.com\/olivamorosicristians.es\/wp-content\/uploads\/2018\/06\/Laia-Martinez-Ambaixadora-2011_01.jpg?fit=640%2C640&amp;ssl=1\" data-orig-size=\"640,640\" data-comments-opened=\"0\" data-image-meta=\"{&quot;aperture&quot;:&quot;0&quot;,&quot;credit&quot;:&quot;&quot;,&quot;camera&quot;:&quot;&quot;,&quot;caption&quot;:&quot;&quot;,&quot;created_timestamp&quot;:&quot;0&quot;,&quot;copyright&quot;:&quot;&quot;,&quot;focal_length&quot;:&quot;0&quot;,&quot;iso&quot;:&quot;0&quot;,&quot;shutter_speed&quot;:&quot;0&quot;,&quot;title&quot;:&quot;&quot;,&quot;orientation&quot;:&quot;1&quot;}\" data-image-title=\"Laia Mart\u00ednez Garcia &amp;#8211; Ambaixadora Mora 2011\" data-image-description=\"\" data-image-caption=\"\" data-large-file=\"https:\/\/i0.wp.com\/olivamorosicristians.es\/wp-content\/uploads\/2018\/06\/Laia-Martinez-Ambaixadora-2011_01.jpg?fit=640%2C640&amp;ssl=1\" \/>        <\/a>\r\n                <\/div>\r\n                    <div class=\"\">\r\n                                <a href=\"https:\/\/i0.wp.com\/olivamorosicristians.es\/wp-content\/uploads\/2018\/07\/Vicent-Bolo1991.jpg?fit=640%2C640&#038;ssl=1\" data-rel=\"lightcase:gallery-22\">\r\n        <img loading=\"lazy\" decoding=\"async\" width=\"340\" height=\"340\" src=\"https:\/\/i0.wp.com\/olivamorosicristians.es\/wp-content\/uploads\/2018\/07\/Vicent-Bolo1991.jpg?resize=340%2C340&amp;ssl=1\" class=\"cover-image\" alt=\"Vicent Bolo - Capit\u00e0 Moro 1991\" srcset=\"https:\/\/i0.wp.com\/olivamorosicristians.es\/wp-content\/uploads\/2018\/07\/Vicent-Bolo1991.jpg?w=640&amp;ssl=1 640w, https:\/\/i0.wp.com\/olivamorosicristians.es\/wp-content\/uploads\/2018\/07\/Vicent-Bolo1991.jpg?resize=150%2C150&amp;ssl=1 150w, https:\/\/i0.wp.com\/olivamorosicristians.es\/wp-content\/uploads\/2018\/07\/Vicent-Bolo1991.jpg?resize=300%2C300&amp;ssl=1 300w, https:\/\/i0.wp.com\/olivamorosicristians.es\/wp-content\/uploads\/2018\/07\/Vicent-Bolo1991.jpg?resize=340%2C340&amp;ssl=1 340w\" sizes=\"auto, (max-width: 340px) 100vw, 340px\" data-attachment-id=\"8492\" data-permalink=\"https:\/\/olivamorosicristians.es\/es\/carrecs-festers\/vicent-bolo1991\/\" data-orig-file=\"https:\/\/i0.wp.com\/olivamorosicristians.es\/wp-content\/uploads\/2018\/07\/Vicent-Bolo1991.jpg?fit=640%2C640&amp;ssl=1\" data-orig-size=\"640,640\" data-comments-opened=\"0\" data-image-meta=\"{&quot;aperture&quot;:&quot;0&quot;,&quot;credit&quot;:&quot;&quot;,&quot;camera&quot;:&quot;&quot;,&quot;caption&quot;:&quot;&quot;,&quot;created_timestamp&quot;:&quot;0&quot;,&quot;copyright&quot;:&quot;&quot;,&quot;focal_length&quot;:&quot;0&quot;,&quot;iso&quot;:&quot;0&quot;,&quot;shutter_speed&quot;:&quot;0&quot;,&quot;title&quot;:&quot;&quot;,&quot;orientation&quot;:&quot;1&quot;}\" data-image-title=\"Vicent Bolo1991\" data-image-description=\"\" data-image-caption=\"\" data-large-file=\"https:\/\/i0.wp.com\/olivamorosicristians.es\/wp-content\/uploads\/2018\/07\/Vicent-Bolo1991.jpg?fit=640%2C640&amp;ssl=1\" \/>        <\/a>\r\n                <\/div>\r\n        <\/div>\r\n<\/div><\/div><\/div><\/div><\/section>","protected":false},"excerpt":{"rendered":"Filada Almor\u00e0vits Filada Contrabandistes Filada Corsaris Filada Jaume I Filada Marr\u00e0queix Filada Masers Filada Moriscos Filada Mosqueters Filada Mudejars Filada Pirates Filada Taifes Filada Tuareg","protected":false},"author":1,"featured_media":0,"parent":0,"menu_order":0,"comment_status":"closed","ping_status":"closed","template":"","meta":{"jetpack_post_was_ever_published":false,"footnotes":""},"class_list":["post-819","page","type-page","status-publish","hentry"],"yoast_head":"<!-- This site is optimized with the Yoast SEO plugin v27.4 - https:\/\/yoast.com\/product\/yoast-seo-wordpress\/ -->\n<title>C\u00e0rrecs festers - Moros i Cristians Oliva<\/title>\n<meta name=\"robots\" content=\"index, follow, max-snippet:-1, max-image-preview:large, max-video-preview:-1\" \/>\n<link rel=\"canonical\" href=\"https:\/\/olivamorosicristians.es\/es\/carrecs-festers\/\" \/>\n<meta property=\"og:locale\" content=\"es_ES\" \/>\n<meta property=\"og:type\" content=\"article\" \/>\n<meta property=\"og:title\" content=\"C\u00e0rrecs festers - Moros i Cristians Oliva\" \/>\n<meta property=\"og:url\" content=\"https:\/\/olivamorosicristians.es\/es\/carrecs-festers\/\" \/>\n<meta property=\"og:site_name\" content=\"Moros i Cristians Oliva\" \/>\n<meta property=\"article:publisher\" content=\"https:\/\/www.facebook.com\/federaciodemorosicristiansdoliva\/\" \/>\n<meta property=\"article:modified_time\" content=\"2024-04-19T18:30:12+00:00\" \/>\n<meta name=\"twitter:card\" content=\"summary_large_image\" \/>\n<meta name=\"twitter:label1\" content=\"Tiempo de lectura\" \/>\n\t<meta name=\"twitter:data1\" content=\"1 minuto\" \/>\n<script type=\"application\/ld+json\" class=\"yoast-schema-graph\">{\"@context\":\"https:\\\/\\\/schema.org\",\"@graph\":[{\"@type\":\"WebPage\",\"@id\":\"https:\\\/\\\/olivamorosicristians.es\\\/carrecs-festers\\\/\",\"url\":\"https:\\\/\\\/olivamorosicristians.es\\\/carrecs-festers\\\/\",\"name\":\"C\u00e0rrecs festers - Moros i Cristians Oliva\",\"isPartOf\":{\"@id\":\"https:\\\/\\\/olivamorosicristians.es\\\/#website\"},\"datePublished\":\"2016-01-03T05:56:19+00:00\",\"dateModified\":\"2024-04-19T18:30:12+00:00\",\"breadcrumb\":{\"@id\":\"https:\\\/\\\/olivamorosicristians.es\\\/carrecs-festers\\\/#breadcrumb\"},\"inLanguage\":\"es\",\"potentialAction\":[{\"@type\":\"ReadAction\",\"target\":[\"https:\\\/\\\/olivamorosicristians.es\\\/carrecs-festers\\\/\"]}]},{\"@type\":\"BreadcrumbList\",\"@id\":\"https:\\\/\\\/olivamorosicristians.es\\\/carrecs-festers\\\/#breadcrumb\",\"itemListElement\":[{\"@type\":\"ListItem\",\"position\":1,\"name\":\"Portada\",\"item\":\"https:\\\/\\\/olivamorosicristians.es\\\/\"},{\"@type\":\"ListItem\",\"position\":2,\"name\":\"C\u00e0rrecs festers\"}]},{\"@type\":\"WebSite\",\"@id\":\"https:\\\/\\\/olivamorosicristians.es\\\/#website\",\"url\":\"https:\\\/\\\/olivamorosicristians.es\\\/\",\"name\":\"Moros i Cristians Oliva\",\"description\":\"FMCO\",\"publisher\":{\"@id\":\"https:\\\/\\\/olivamorosicristians.es\\\/#organization\"},\"potentialAction\":[{\"@type\":\"SearchAction\",\"target\":{\"@type\":\"EntryPoint\",\"urlTemplate\":\"https:\\\/\\\/olivamorosicristians.es\\\/?s={search_term_string}\"},\"query-input\":{\"@type\":\"PropertyValueSpecification\",\"valueRequired\":true,\"valueName\":\"search_term_string\"}}],\"inLanguage\":\"es\"},{\"@type\":\"Organization\",\"@id\":\"https:\\\/\\\/olivamorosicristians.es\\\/#organization\",\"name\":\"Federaci\u00f3 de Moros i Cristians - Oliva\",\"url\":\"https:\\\/\\\/olivamorosicristians.es\\\/\",\"logo\":{\"@type\":\"ImageObject\",\"inLanguage\":\"es\",\"@id\":\"https:\\\/\\\/olivamorosicristians.es\\\/#\\\/schema\\\/logo\\\/image\\\/\",\"url\":\"https:\\\/\\\/i2.wp.com\\\/olivamorosicristians.es\\\/wp-content\\\/uploads\\\/2018\\\/06\\\/Icon_FMiCO.png?fit=50%2C50&ssl=1\",\"contentUrl\":\"https:\\\/\\\/i2.wp.com\\\/olivamorosicristians.es\\\/wp-content\\\/uploads\\\/2018\\\/06\\\/Icon_FMiCO.png?fit=50%2C50&ssl=1\",\"width\":50,\"height\":50,\"caption\":\"Federaci\u00f3 de Moros i Cristians - Oliva\"},\"image\":{\"@id\":\"https:\\\/\\\/olivamorosicristians.es\\\/#\\\/schema\\\/logo\\\/image\\\/\"},\"sameAs\":[\"https:\\\/\\\/www.facebook.com\\\/federaciodemorosicristiansdoliva\\\/\",\"https:\\\/\\\/www.instagram.com\\\/morosicristiansoliva\\\/?hl=es\"]}]}<\/script>\n<!-- \/ Yoast SEO plugin. -->","yoast_head_json":{"title":"C\u00e0rrecs festers - Moros i Cristians Oliva","robots":{"index":"index","follow":"follow","max-snippet":"max-snippet:-1","max-image-preview":"max-image-preview:large","max-video-preview":"max-video-preview:-1"},"canonical":"https:\/\/olivamorosicristians.es\/es\/carrecs-festers\/","og_locale":"es_ES","og_type":"article","og_title":"C\u00e0rrecs festers - Moros i Cristians Oliva","og_url":"https:\/\/olivamorosicristians.es\/es\/carrecs-festers\/","og_site_name":"Moros i Cristians Oliva","article_publisher":"https:\/\/www.facebook.com\/federaciodemorosicristiansdoliva\/","article_modified_time":"2024-04-19T18:30:12+00:00","twitter_card":"summary_large_image","twitter_misc":{"Tiempo de lectura":"1 minuto"},"schema":{"@context":"https:\/\/schema.org","@graph":[{"@type":"WebPage","@id":"https:\/\/olivamorosicristians.es\/carrecs-festers\/","url":"https:\/\/olivamorosicristians.es\/carrecs-festers\/","name":"C\u00e0rrecs festers - Moros i Cristians Oliva","isPartOf":{"@id":"https:\/\/olivamorosicristians.es\/#website"},"datePublished":"2016-01-03T05:56:19+00:00","dateModified":"2024-04-19T18:30:12+00:00","breadcrumb":{"@id":"https:\/\/olivamorosicristians.es\/carrecs-festers\/#breadcrumb"},"inLanguage":"es","potentialAction":[{"@type":"ReadAction","target":["https:\/\/olivamorosicristians.es\/carrecs-festers\/"]}]},{"@type":"BreadcrumbList","@id":"https:\/\/olivamorosicristians.es\/carrecs-festers\/#breadcrumb","itemListElement":[{"@type":"ListItem","position":1,"name":"Portada","item":"https:\/\/olivamorosicristians.es\/"},{"@type":"ListItem","position":2,"name":"C\u00e0rrecs festers"}]},{"@type":"WebSite","@id":"https:\/\/olivamorosicristians.es\/#website","url":"https:\/\/olivamorosicristians.es\/","name":"Moros i Cristians Oliva","description":"FMCO","publisher":{"@id":"https:\/\/olivamorosicristians.es\/#organization"},"potentialAction":[{"@type":"SearchAction","target":{"@type":"EntryPoint","urlTemplate":"https:\/\/olivamorosicristians.es\/?s={search_term_string}"},"query-input":{"@type":"PropertyValueSpecification","valueRequired":true,"valueName":"search_term_string"}}],"inLanguage":"es"},{"@type":"Organization","@id":"https:\/\/olivamorosicristians.es\/#organization","name":"La Federaci\u00f3n de Moros y Cristianos de Oliva","url":"https:\/\/olivamorosicristians.es\/","logo":{"@type":"ImageObject","inLanguage":"es","@id":"https:\/\/olivamorosicristians.es\/#\/schema\/logo\/image\/","url":"https:\/\/i2.wp.com\/olivamorosicristians.es\/wp-content\/uploads\/2018\/06\/Icon_FMiCO.png?fit=50%2C50&ssl=1","contentUrl":"https:\/\/i2.wp.com\/olivamorosicristians.es\/wp-content\/uploads\/2018\/06\/Icon_FMiCO.png?fit=50%2C50&ssl=1","width":50,"height":50,"caption":"Federaci\u00f3 de Moros i Cristians - Oliva"},"image":{"@id":"https:\/\/olivamorosicristians.es\/#\/schema\/logo\/image\/"},"sameAs":["https:\/\/www.facebook.com\/federaciodemorosicristiansdoliva\/","https:\/\/www.instagram.com\/morosicristiansoliva\/?hl=es"]}]}},"jetpack_sharing_enabled":true,"jetpack_shortlink":"https:\/\/wp.me\/PagEx6-dd","jetpack-related-posts":[],"_links":{"self":[{"href":"https:\/\/olivamorosicristians.es\/es\/wp-json\/wp\/v2\/pages\/819","targetHints":{"allow":["GET"]}}],"collection":[{"href":"https:\/\/olivamorosicristians.es\/es\/wp-json\/wp\/v2\/pages"}],"about":[{"href":"https:\/\/olivamorosicristians.es\/es\/wp-json\/wp\/v2\/types\/page"}],"author":[{"embeddable":true,"href":"https:\/\/olivamorosicristians.es\/es\/wp-json\/wp\/v2\/users\/1"}],"replies":[{"embeddable":true,"href":"https:\/\/olivamorosicristians.es\/es\/wp-json\/wp\/v2\/comments?post=819"}],"version-history":[{"count":96,"href":"https:\/\/olivamorosicristians.es\/es\/wp-json\/wp\/v2\/pages\/819\/revisions"}],"predecessor-version":[{"id":10763,"href":"https:\/\/olivamorosicristians.es\/es\/wp-json\/wp\/v2\/pages\/819\/revisions\/10763"}],"wp:attachment":[{"href":"https:\/\/olivamorosicristians.es\/es\/wp-json\/wp\/v2\/media?parent=819"}],"curies":[{"name":"wp","href":"https:\/\/api.w.org\/{rel}","templated":true}]}}