{"id":7195,"date":"2018-06-04T22:08:53","date_gmt":"2018-06-04T22:08:53","guid":{"rendered":"http:\/\/olivamorosicristians.es\/gd-home\/"},"modified":"2022-11-17T20:08:17","modified_gmt":"2022-11-17T18:08:17","slug":"privacitat","status":"publish","type":"page","link":"https:\/\/olivamorosicristians.es\/es\/privacitat\/","title":{"rendered":"Pol\u00edtica de privacidad"},"content":{"rendered":"<h2 class=\"wp-block-heading\"><strong>Pol\u00edtica de privacidad<\/strong><\/h2>\r\n\r\n\r\n\r\n<p>La present Pol\u00edtica de Privacitat estableix els termes en qu\u00e8 Federaci\u00f3 de Moros i Cristians Oliva usa i protegeix la informaci\u00f3 que \u00e9s proporcionada pels seus usuaris a l&#8217;hora d&#8217;utilitzar el seu lloc web. Aquesta federaci\u00f2 est\u00e0 compromesa amb la seguretat de les dades dels seus usuaris. Quan li demanem omplir els camps d&#8217;informaci\u00f3 personal amb la qual vost\u00e8 puga ser identificat, ho fem assegurant que nom\u00e9s es far\u00e0 servir d&#8217;acord amb els termes d&#8217;aquest document. No obstant aix\u00f2 aquesta pol\u00edtica de privacitat pot canviar amb el temps o ser actualitzada pel que li recomanem i emfatitzem revisar cont\u00ednuament aquesta p\u00e0gina per assegurar-se que est\u00e0 d&#8217;acord amb aquests canvis.<\/p>\r\n\r\n\r\n\r\n<p><strong>Informaci\u00f3 que \u00e9s recollida<\/strong><\/p>\r\n\r\n\r\n\r\n<p>El nostre lloc web podr\u00e0 recollir informaci\u00f3 personal per exemple: Nom, informaci\u00f3 de contacte com la seva adre\u00e7a de correu electr\u00f2nica i informaci\u00f3 demogr\u00e0fica.<\/p>\r\n\r\n\r\n\r\n<p><strong>\u00das de la informaci\u00f3 recollida<\/strong><\/p>\r\n\r\n\r\n\r\n<p>El nostre lloc web empra la informaci\u00f3 per tal de proporcionar el millor servei possible.<\/p>\r\n\r\n\r\n\r\n<p>Federaci\u00f3 de Moros i Cristians Oliva est\u00e0 altament comprom\u00e8s per complir amb el comprom\u00eds de mantenir la seva informaci\u00f3 segura. Fem servir els sistemes m\u00e9s avan\u00e7ats i els actualitzem constantment per assegurar-nos que no hi hagi cap acc\u00e9s no autoritzat.<\/p>\r\n\r\n\r\n\r\n<p><strong>Cookies<\/strong><\/p>\r\n\r\n\r\n\r\n<p>Una cookie es refereix a un fitxer que \u00e9s enviat amb la finalitat de sol\u00b7licitar perm\u00eds per emmagatzemar al seu ordinador, a l&#8217;acceptar aquest fitxer es crea i la cookie serveix llavors per tenir informaci\u00f3 respecte a el tr\u00e0nsit web, i tamb\u00e9 facilita les futures visites a una web recurrent. Una altra funci\u00f3 que tenen les cookies \u00e9s que amb elles les web poden recon\u00e8ixer individualment i per tant brindar-te el millor servei personalitzat de la seva web.<\/p>\r\n\r\n\r\n\r\n<p>El nostre lloc web fa servir cookies per a poder identificar les p\u00e0gines que s\u00f3n visitades i la seva freq\u00fc\u00e8ncia. Aquesta informaci\u00f3 \u00e9s emprada \u00fanicament per a an\u00e0lisi estad\u00edstica i despr\u00e9s la informaci\u00f3 s&#8217;elimina de forma permanent. Vost\u00e8 pot eliminar les cookies en qualsevol moment des del seu ordinador. No obstant aix\u00f2 les cookies ajuden a proporcionar un millor servei dels llocs web, est\u00e0s no donen acc\u00e9s a informaci\u00f3 del seu ordinador ni de vost\u00e8, a menys que vost\u00e8 aix\u00ed ho vulgui i la proporcioni directament, visites a una web. Vost\u00e8 pot acceptar o negar l&#8217;\u00fas de cookies, per\u00f2 la majoria de navegadors accepten cookies autom\u00e0ticament ja que serveix per tenir un millor servei web. Tamb\u00e9 vost\u00e8 pot canviar la configuraci\u00f3 del seu ordinador per declinar les cookies. Si es declinen \u00e9s possible que no puga utilitzar alguns dels nostres serveis.<\/p>\r\n\r\n\r\n\r\n<p><strong>Enlla\u00e7os a Tercers<\/strong><\/p>\r\n\r\n\r\n\r\n<p>Aquest lloc web pogu\u00e9s contenir enlla\u00e7os a altres llocs que pugen ser del seu inter\u00e8s. Una vegada que vost\u00e8 de clic en aquests enlla\u00e7os i abandone la nostra p\u00e0gina, ja no tenim control sobre a el lloc a qu\u00e8 \u00e9s redirigit i per tant no som responsables dels termes o privacitat ni de la protecci\u00f3 de les seves dades en aquests altres llocs tercers. Aquests llocs estan subjectes a les seues pr\u00f2pies pol\u00edtiques de privacitat per la qual cosa \u00e9s recomanable que els consulte per confirmar que vost\u00e8 est\u00e0 d&#8217;acord amb aquestes.<\/p>\r\n\r\n\r\n\r\n<p><strong>Control de la seva informaci\u00f3 personal<\/strong><\/p>\r\n\r\n\r\n\r\n<p>En qualsevol moment vost\u00e8 pot restringir la recopilaci\u00f3 o l&#8217;\u00fas de la informaci\u00f3 personal que \u00e9s proporcionada al nostre lloc web. Cada vegada que se li demane omplir un formulari, com el d&#8217;alta d&#8217;usuari, pot canviar la selecci\u00f3 l&#8217;opci\u00f3 de rebre informaci\u00f3 per correu electr\u00f2nic. En cas que haga marcat l&#8217;opci\u00f3 de rebre el nostre butllet\u00ed o publicitat vost\u00e8 pot cancel\u00b7lar-la en qualsevol moment.<\/p>\r\n\r\n\r\n\r\n<p>Aquesta federaci\u00f3 no vendr\u00e0, cedir\u00e0 o distribuir\u00e0 la informaci\u00f3 personal que \u00e9s recopilada sense el seu consentiment, llevat que siga requerit per un jutge amb un ordre judicial.<\/p>\r\n\r\n\r\n\r\n<p>Federaci\u00f3 de Moros i Cristians Oliva es reserva el dret de canviar els termes de la present Pol\u00edtica de Privacitat en qualsevol moment.<\/p>","protected":false},"excerpt":{"rendered":"<p>Pol\u00edtica de privacitat La present Pol\u00edtica de Privacitat estableix els termes en qu\u00e8 Federaci\u00f3 de Moros i Cristians Oliva usa i protegeix la informaci\u00f3 que \u00e9s proporcionada pels seus usuaris a l&#8217;hora d&#8217;utilitzar el seu lloc web. Aquesta federaci\u00f2 est\u00e0 compromesa amb la seguretat de les dades dels seus usuaris. Quan li demanem omplir els [&hellip;]<\/p>\n","protected":false},"author":1,"featured_media":0,"parent":0,"menu_order":0,"comment_status":"closed","ping_status":"closed","template":"","meta":{"jetpack_post_was_ever_published":false,"footnotes":""},"class_list":["post-7195","page","type-page","status-publish","hentry"],"yoast_head":"<!-- This site is optimized with the Yoast SEO plugin v27.4 - https:\/\/yoast.com\/product\/yoast-seo-wordpress\/ -->\n<title>Pol\u00edtica de privacitat - Moros i Cristians Oliva<\/title>\n<meta name=\"robots\" content=\"index, follow, max-snippet:-1, max-image-preview:large, max-video-preview:-1\" \/>\n<link rel=\"canonical\" href=\"https:\/\/olivamorosicristians.es\/es\/privacitat\/\" \/>\n<meta property=\"og:locale\" content=\"es_ES\" \/>\n<meta property=\"og:type\" content=\"article\" \/>\n<meta property=\"og:title\" content=\"Pol\u00edtica de privacitat - Moros i Cristians Oliva\" \/>\n<meta property=\"og:description\" content=\"Pol\u00edtica de privacitat La present Pol\u00edtica de Privacitat estableix els termes en qu\u00e8 Federaci\u00f3 de Moros i Cristians Oliva usa i protegeix la informaci\u00f3 que \u00e9s proporcionada pels seus usuaris a l&#8217;hora d&#8217;utilitzar el seu lloc web. Aquesta federaci\u00f2 est\u00e0 compromesa amb la seguretat de les dades dels seus usuaris. Quan li demanem omplir els [&hellip;]\" \/>\n<meta property=\"og:url\" content=\"https:\/\/olivamorosicristians.es\/es\/privacitat\/\" \/>\n<meta property=\"og:site_name\" content=\"Moros i Cristians Oliva\" \/>\n<meta property=\"article:publisher\" content=\"https:\/\/www.facebook.com\/federaciodemorosicristiansdoliva\/\" \/>\n<meta property=\"article:modified_time\" content=\"2022-11-17T18:08:17+00:00\" \/>\n<meta name=\"twitter:card\" content=\"summary_large_image\" \/>\n<meta name=\"twitter:label1\" content=\"Tiempo de lectura\" \/>\n\t<meta name=\"twitter:data1\" content=\"3 minutos\" \/>\n<script type=\"application\/ld+json\" class=\"yoast-schema-graph\">{\"@context\":\"https:\\\/\\\/schema.org\",\"@graph\":[{\"@type\":\"WebPage\",\"@id\":\"https:\\\/\\\/olivamorosicristians.es\\\/privacitat\\\/\",\"url\":\"https:\\\/\\\/olivamorosicristians.es\\\/privacitat\\\/\",\"name\":\"Pol\u00edtica de privacitat - Moros i Cristians Oliva\",\"isPartOf\":{\"@id\":\"https:\\\/\\\/olivamorosicristians.es\\\/#website\"},\"datePublished\":\"2018-06-04T22:08:53+00:00\",\"dateModified\":\"2022-11-17T18:08:17+00:00\",\"breadcrumb\":{\"@id\":\"https:\\\/\\\/olivamorosicristians.es\\\/privacitat\\\/#breadcrumb\"},\"inLanguage\":\"es\",\"potentialAction\":[{\"@type\":\"ReadAction\",\"target\":[\"https:\\\/\\\/olivamorosicristians.es\\\/privacitat\\\/\"]}]},{\"@type\":\"BreadcrumbList\",\"@id\":\"https:\\\/\\\/olivamorosicristians.es\\\/privacitat\\\/#breadcrumb\",\"itemListElement\":[{\"@type\":\"ListItem\",\"position\":1,\"name\":\"Portada\",\"item\":\"https:\\\/\\\/olivamorosicristians.es\\\/\"},{\"@type\":\"ListItem\",\"position\":2,\"name\":\"Pol\u00edtica de privacitat\"}]},{\"@type\":\"WebSite\",\"@id\":\"https:\\\/\\\/olivamorosicristians.es\\\/#website\",\"url\":\"https:\\\/\\\/olivamorosicristians.es\\\/\",\"name\":\"Moros i Cristians Oliva\",\"description\":\"FMCO\",\"publisher\":{\"@id\":\"https:\\\/\\\/olivamorosicristians.es\\\/#organization\"},\"potentialAction\":[{\"@type\":\"SearchAction\",\"target\":{\"@type\":\"EntryPoint\",\"urlTemplate\":\"https:\\\/\\\/olivamorosicristians.es\\\/?s={search_term_string}\"},\"query-input\":{\"@type\":\"PropertyValueSpecification\",\"valueRequired\":true,\"valueName\":\"search_term_string\"}}],\"inLanguage\":\"es\"},{\"@type\":\"Organization\",\"@id\":\"https:\\\/\\\/olivamorosicristians.es\\\/#organization\",\"name\":\"Federaci\u00f3 de Moros i Cristians - Oliva\",\"url\":\"https:\\\/\\\/olivamorosicristians.es\\\/\",\"logo\":{\"@type\":\"ImageObject\",\"inLanguage\":\"es\",\"@id\":\"https:\\\/\\\/olivamorosicristians.es\\\/#\\\/schema\\\/logo\\\/image\\\/\",\"url\":\"https:\\\/\\\/i2.wp.com\\\/olivamorosicristians.es\\\/wp-content\\\/uploads\\\/2018\\\/06\\\/Icon_FMiCO.png?fit=50%2C50&ssl=1\",\"contentUrl\":\"https:\\\/\\\/i2.wp.com\\\/olivamorosicristians.es\\\/wp-content\\\/uploads\\\/2018\\\/06\\\/Icon_FMiCO.png?fit=50%2C50&ssl=1\",\"width\":50,\"height\":50,\"caption\":\"Federaci\u00f3 de Moros i Cristians - Oliva\"},\"image\":{\"@id\":\"https:\\\/\\\/olivamorosicristians.es\\\/#\\\/schema\\\/logo\\\/image\\\/\"},\"sameAs\":[\"https:\\\/\\\/www.facebook.com\\\/federaciodemorosicristiansdoliva\\\/\",\"https:\\\/\\\/www.instagram.com\\\/morosicristiansoliva\\\/?hl=es\"]}]}<\/script>\n<!-- \/ Yoast SEO plugin. -->","yoast_head_json":{"title":"Pol\u00edtica de privacitat - Moros i Cristians Oliva","robots":{"index":"index","follow":"follow","max-snippet":"max-snippet:-1","max-image-preview":"max-image-preview:large","max-video-preview":"max-video-preview:-1"},"canonical":"https:\/\/olivamorosicristians.es\/es\/privacitat\/","og_locale":"es_ES","og_type":"article","og_title":"Pol\u00edtica de privacitat - Moros i Cristians Oliva","og_description":"Pol\u00edtica de privacitat La present Pol\u00edtica de Privacitat estableix els termes en qu\u00e8 Federaci\u00f3 de Moros i Cristians Oliva usa i protegeix la informaci\u00f3 que \u00e9s proporcionada pels seus usuaris a l&#8217;hora d&#8217;utilitzar el seu lloc web. Aquesta federaci\u00f2 est\u00e0 compromesa amb la seguretat de les dades dels seus usuaris. Quan li demanem omplir els [&hellip;]","og_url":"https:\/\/olivamorosicristians.es\/es\/privacitat\/","og_site_name":"Moros i Cristians Oliva","article_publisher":"https:\/\/www.facebook.com\/federaciodemorosicristiansdoliva\/","article_modified_time":"2022-11-17T18:08:17+00:00","twitter_card":"summary_large_image","twitter_misc":{"Tiempo de lectura":"3 minutos"},"schema":{"@context":"https:\/\/schema.org","@graph":[{"@type":"WebPage","@id":"https:\/\/olivamorosicristians.es\/privacitat\/","url":"https:\/\/olivamorosicristians.es\/privacitat\/","name":"Pol\u00edtica de privacitat - Moros i Cristians Oliva","isPartOf":{"@id":"https:\/\/olivamorosicristians.es\/#website"},"datePublished":"2018-06-04T22:08:53+00:00","dateModified":"2022-11-17T18:08:17+00:00","breadcrumb":{"@id":"https:\/\/olivamorosicristians.es\/privacitat\/#breadcrumb"},"inLanguage":"es","potentialAction":[{"@type":"ReadAction","target":["https:\/\/olivamorosicristians.es\/privacitat\/"]}]},{"@type":"BreadcrumbList","@id":"https:\/\/olivamorosicristians.es\/privacitat\/#breadcrumb","itemListElement":[{"@type":"ListItem","position":1,"name":"Portada","item":"https:\/\/olivamorosicristians.es\/"},{"@type":"ListItem","position":2,"name":"Pol\u00edtica de privacitat"}]},{"@type":"WebSite","@id":"https:\/\/olivamorosicristians.es\/#website","url":"https:\/\/olivamorosicristians.es\/","name":"Moros i Cristians Oliva","description":"FMCO","publisher":{"@id":"https:\/\/olivamorosicristians.es\/#organization"},"potentialAction":[{"@type":"SearchAction","target":{"@type":"EntryPoint","urlTemplate":"https:\/\/olivamorosicristians.es\/?s={search_term_string}"},"query-input":{"@type":"PropertyValueSpecification","valueRequired":true,"valueName":"search_term_string"}}],"inLanguage":"es"},{"@type":"Organization","@id":"https:\/\/olivamorosicristians.es\/#organization","name":"La Federaci\u00f3n de Moros y Cristianos de Oliva","url":"https:\/\/olivamorosicristians.es\/","logo":{"@type":"ImageObject","inLanguage":"es","@id":"https:\/\/olivamorosicristians.es\/#\/schema\/logo\/image\/","url":"https:\/\/i2.wp.com\/olivamorosicristians.es\/wp-content\/uploads\/2018\/06\/Icon_FMiCO.png?fit=50%2C50&ssl=1","contentUrl":"https:\/\/i2.wp.com\/olivamorosicristians.es\/wp-content\/uploads\/2018\/06\/Icon_FMiCO.png?fit=50%2C50&ssl=1","width":50,"height":50,"caption":"Federaci\u00f3 de Moros i Cristians - Oliva"},"image":{"@id":"https:\/\/olivamorosicristians.es\/#\/schema\/logo\/image\/"},"sameAs":["https:\/\/www.facebook.com\/federaciodemorosicristiansdoliva\/","https:\/\/www.instagram.com\/morosicristiansoliva\/?hl=es"]}]}},"jetpack_sharing_enabled":true,"jetpack_shortlink":"https:\/\/wp.me\/PagEx6-1S3","jetpack-related-posts":[],"_links":{"self":[{"href":"https:\/\/olivamorosicristians.es\/es\/wp-json\/wp\/v2\/pages\/7195","targetHints":{"allow":["GET"]}}],"collection":[{"href":"https:\/\/olivamorosicristians.es\/es\/wp-json\/wp\/v2\/pages"}],"about":[{"href":"https:\/\/olivamorosicristians.es\/es\/wp-json\/wp\/v2\/types\/page"}],"author":[{"embeddable":true,"href":"https:\/\/olivamorosicristians.es\/es\/wp-json\/wp\/v2\/users\/1"}],"replies":[{"embeddable":true,"href":"https:\/\/olivamorosicristians.es\/es\/wp-json\/wp\/v2\/comments?post=7195"}],"version-history":[{"count":6,"href":"https:\/\/olivamorosicristians.es\/es\/wp-json\/wp\/v2\/pages\/7195\/revisions"}],"predecessor-version":[{"id":10769,"href":"https:\/\/olivamorosicristians.es\/es\/wp-json\/wp\/v2\/pages\/7195\/revisions\/10769"}],"wp:attachment":[{"href":"https:\/\/olivamorosicristians.es\/es\/wp-json\/wp\/v2\/media?parent=7195"}],"curies":[{"name":"wp","href":"https:\/\/api.w.org\/{rel}","templated":true}]}}