{"id":2516,"date":"2016-01-07T10:46:44","date_gmt":"2016-01-07T10:46:44","guid":{"rendered":"http:\/\/192.168.0.16\/overlap\/?page_id=2516"},"modified":"2020-06-16T16:14:47","modified_gmt":"2020-06-16T16:14:47","slug":"lafesta","status":"publish","type":"page","link":"https:\/\/olivamorosicristians.es\/es\/lafesta\/","title":{"rendered":"La fiesta"},"content":{"rendered":"<section class=\"w-section vc_custom_1528304260875\">\r\n<div class=\"row\"><div class=\"col col-12\">\r\n    <div class=\"col-inner\"><div class=\"w-custom-heading\">\n    <h2 style=\"font-size: 32px;color: #b78b00;text-align: left;font-family:Montserrat;font-weight:700;font-style:normal\">    ANTECEDENTES A LA FIESTA    <\/h2><\/div><div class=\"w-space\" style=\"height:30px\"><\/div><div class=\"w-custom-heading\">\n    <h1 style=\"font-size: 14px;line-height: 26px;text-align: justify;font-family:Montserrat;font-weight:400;font-style:normal\">    Oliva es una ciudad costera, que en la actualidad cuenta con una poblaci\u00f3n de 25.789 habitantes. La primera vez que se celebraron fiestas de moros y cristianos fue en 1921, y lo hicieron en honor al Sant\u00edsimo Cristo de San Roque. \u2028 Denominada Awriba durante la etapa musulmana de dominaci\u00f3n de C\u00f3rdoba y durante la etapa de la Taifa de Denia. Conquistada para el cristianismo en 1239 por Jaime I, concretada en estas tierras por parte de Guillermo de Aguil\u00f3 y el Se\u00f1or de En Carr\u00f2s (Almirante Carr\u00f2s). Posteriormente fue declarado el Condado de Oliva creado en 1449 por Alfonso el Magn\u00e1nimo en consideraci\u00f3n por el apoyo recibido por Francisco de Gilabert Centelles y Queralt, condado que continu\u00f3 en manos de la familia Centelles, posteriormente emparentada con los Borja, duques de Gandia. \u2028 El arrabal o morer\u00eda de Oliva, que se desarroll\u00f3 poco despu\u00e9s del levantamiento de Al-Azrak, en torno a la mezquita situada donde actualmente se encuentra la iglesia de San Roque. Se iniciaba as\u00ed la concentraci\u00f3n urbana de parte de la poblaci\u00f3n mud\u00e9jar del se\u00f1or\u00edo para tener un mayor control, con la que se aprovech\u00f3 para realizar los primeros intentos de conversi\u00f3n al cristianismo. Cruentes fueron las German\u00edas (1520) que produjeron bautizos masivos y forzados de poblaci\u00f3n musulmana por parte de cristianos viejos, incluso utilizando espont\u00e1neamente con escobas y ramilletes ba\u00f1ados en las aguas de r\u00edos y acequias. Pero si un hecho atemoriz\u00f3 a la poblaci\u00f3n olivo, fueron los enemigos que proven\u00edan del mar. Especialmente los berberiscos provenientes del norte de \u00c1frica. Kair ed-Din alias Barbarroja, o alguno de sus lugartenientes, como Dragut. Por \u00faltimo los moriscos de Oliva desde el puerto de Denia en 1609.    <\/h1><\/div><\/div><\/div><\/div><\/section><section class=\"w-section m-padding\">\r\n<div class=\"row w-align-middle w-row-flex\"><div class=\"col col-6\">\r\n    <div class=\"col-inner\"><div class=\"w-space\" style=\"height:90px\"><\/div><div class=\"w-image text-left\">\n            <img loading=\"lazy\" decoding=\"async\" width=\"895\" height=\"818\" src=\"https:\/\/i0.wp.com\/olivamorosicristians.es\/wp-content\/uploads\/2018\/06\/Angel-anunciador_01.jpg?fit=895%2C818&amp;ssl=1\" class=\"attachment-full size-full\" alt=\"\" srcset=\"https:\/\/i0.wp.com\/olivamorosicristians.es\/wp-content\/uploads\/2018\/06\/Angel-anunciador_01.jpg?w=895&amp;ssl=1 895w, https:\/\/i0.wp.com\/olivamorosicristians.es\/wp-content\/uploads\/2018\/06\/Angel-anunciador_01.jpg?resize=300%2C274&amp;ssl=1 300w, https:\/\/i0.wp.com\/olivamorosicristians.es\/wp-content\/uploads\/2018\/06\/Angel-anunciador_01.jpg?resize=768%2C702&amp;ssl=1 768w, https:\/\/i0.wp.com\/olivamorosicristians.es\/wp-content\/uploads\/2018\/06\/Angel-anunciador_01.jpg?resize=640%2C585&amp;ssl=1 640w\" sizes=\"auto, (max-width: 895px) 100vw, 895px\" data-attachment-id=\"7619\" data-permalink=\"https:\/\/olivamorosicristians.es\/es\/lafesta\/angel-anunciador_01\/\" data-orig-file=\"https:\/\/i0.wp.com\/olivamorosicristians.es\/wp-content\/uploads\/2018\/06\/Angel-anunciador_01.jpg?fit=895%2C818&amp;ssl=1\" data-orig-size=\"895,818\" data-comments-opened=\"0\" data-image-meta=\"{&quot;aperture&quot;:&quot;0&quot;,&quot;credit&quot;:&quot;&quot;,&quot;camera&quot;:&quot;&quot;,&quot;caption&quot;:&quot;&quot;,&quot;created_timestamp&quot;:&quot;0&quot;,&quot;copyright&quot;:&quot;&quot;,&quot;focal_length&quot;:&quot;0&quot;,&quot;iso&quot;:&quot;0&quot;,&quot;shutter_speed&quot;:&quot;0&quot;,&quot;title&quot;:&quot;&quot;,&quot;orientation&quot;:&quot;1&quot;}\" data-image-title=\"Angel anunciador_01\" data-image-description=\"\" data-image-caption=\"\" data-large-file=\"https:\/\/i0.wp.com\/olivamorosicristians.es\/wp-content\/uploads\/2018\/06\/Angel-anunciador_01.jpg?fit=895%2C818&amp;ssl=1\" \/>    <\/div>\n<\/div><\/div><div class=\"col col-6\">\r\n    <div class=\"col-inner\"><div class=\"row w-overlap-box\" style=\"left:-60px;z-index:50\">\r\n    <div class=\"col col-12 hidden-sm hidden-xs\">\r\n    <div class=\"col-inner\"><div class=\"w-custom-heading\">\n    <h2 style=\"font-size: 150px;color: rgba(185,160,111,0.5);line-height: 150px;text-align: center;font-family:Abril Fatface;font-weight:400;font-style:normal\">    P    <\/h2><\/div><\/div><\/div><\/div><div class=\"row w-overlap-box\" style=\"top:-50px;z-index:50\">\r\n    <div class=\"col col-12\">\r\n    <div class=\"col-inner\"><div class=\"w-custom-heading\">\n    <h2 style=\"font-size: 22px;text-align: left;font-family:Montserrat;font-weight:700;font-style:normal;text-transform:capitalize\">    PRIMERA ETAPA DE LA FESTA 1921-1925    <\/h2><\/div><div class=\"w-space\" style=\"height:20px\"><\/div><div class=\"w-custom-heading\">\n    <h1 style=\"font-size: 14px;line-height: 26px;text-align: left;font-family:Montserrat;font-weight:400;font-style:normal\">    En 1921 las fiestas mayores de la ciudad se desarrollaban a principios de mayo en torno a la adoraci\u00f3n al Sant\u00edsimo Cristo de San Roque, imagen religiosa muy arrelada a la parroquia de San Roque, con la iglesia del mismo nombre, y que como se ha indicado antes, est\u00e1 situada en el centro del antiguo arrabal morisco. Durante las celebraciones de ese mismo a\u00f1o se incluyen en la programaci\u00f3n por primera vez los actos propios de la fiesta morocristiana.<br \/>\nLa imatge del Crist va ser una donaci\u00f3 del patriarca Sant Joan de Ribera, probablement en la seua visita pastoral de 1571, per refermar la fe cristiana d\u2019un barri que llavors comptava amb una majoria de cristians nous amb un culte no massa evident.<br \/>\nTot i que actualment no existeixen un gran nombre de documents d\u2019aquelles festes, se sap per tradici\u00f3 oral que, existien dos b\u00e0ndols o comparses gen\u00e8riques, la de moros i la de cristians, i que estes acompanyaven la imatge del Crist durant la process\u00f3.<br \/>\nUna de les mostres existents \u00e9s la fotografia del personatge infantil que anunciava l\u2019inici de les festes, i que ja va apar\u00e9ixer el mateix 1921; \u201cl\u2019Angelet Anunciador\u201d. La figura que vestia una vestimenta b\u00edblica, mig eg\u00edpcia mig romana, amb una espasa i muntat a lloms d\u2019una haca anunciava i empla\u00e7ava a viure la festa als ve\u00efns mitjan\u00e7ant una proclama arengadora. Segons les informacions consultades, les representacions duraren fins al 1925 per no poder posteriorment atendre les despeses econ\u00f2miques associades.    <\/h1><\/div><\/div><\/div><\/div><\/div><\/div><\/div><\/section><section class=\"w-section m-padding\">\r\n<div class=\"row xs-column-reverse sm-column-reverse w-align-middle w-row-flex\"><div class=\"col col-6 w-overlap-box\" style=\"right:-0;z-index:50\">\r\n    <div class=\"col-inner\"><div class=\"row w-overlap-box\" style=\"right:-60px;z-index:50\">\r\n    <div class=\"col col-12 hidden-sm hidden-xs\">\r\n    <div class=\"col-inner\"><div class=\"w-custom-heading\">\n    <h2 style=\"font-size: 150px;color: rgba(185,160,111,0.5);line-height: 150px;text-align: right;font-family:Abril Fatface;font-weight:400;font-style:normal\">    S    <\/h2><\/div><\/div><\/div><\/div><div class=\"row w-overlap-box\" style=\"top:-50px;z-index:50\">\r\n    <div class=\"col col-12 text-right\">\r\n    <div class=\"col-inner\"><div class=\"w-custom-heading\">\n    <h2 style=\"font-size: 22px;text-align: right;font-family:Montserrat;font-weight:700;font-style:normal\">    SEGONA ETAPA 1950-1956    <\/h2><\/div><div class=\"w-space\" style=\"height:20px\"><\/div><div class=\"w-custom-heading\">\n    <h1 style=\"font-size: 14px;line-height: 26px;text-align: right;font-family:Montserrat;font-weight:400;font-style:normal\">    El 1950, amb l\u2019impuls de les autoritats de reincorporar els MMiCC, els actes de a Fira i Festes van retornar al mes de maig, probablement per coincidir amb l\u2019entrada de la nova imatge de Crist; es reprenen les festes de Moros i Cristians, amb gran acollida; de seguida es van configurar diferents comparses de festers. La programaci\u00f3 estava estructurada a la manera alcoiana, en 3 dies en els que configuraven els seg\u00fcents actes: Diana i Entrades dels dos b\u00e0ndols, Ambaixades i alardos, Dia del Crist i Process\u00f3 General.<br \/>\nEntre comparses\/filades destaquen Tuaregs, Pirates i Can\u00edbals. Estes associacions ja comptaven amb la seua pr\u00f2pia junta. Tamb\u00e9 destacar la pres\u00e8ncia d\u2019altres amb una menor instituci\u00f3, Cristians, Mosqueters, Contrabandistes\/Bandolers, Llauradors, Ca\u00e7adors, Garibaldins, etc. van ser alguns d\u2019estos.<br \/>\nLa festa es va celebrar per \u00faltima vegada el maig de 1957, per raons econ\u00f2miques segurament propiciades per la forta gelada que pat\u00ed el camp valenci\u00e0 en febrer de l\u2019any anterior.    <\/h1><\/div><\/div><\/div><\/div><\/div><\/div><div class=\"col col-6\">\r\n    <div class=\"col-inner\"><div class=\"w-space\" style=\"height:90px\"><\/div><div class=\"w-image text-left\">\n            <img loading=\"lazy\" decoding=\"async\" width=\"1100\" height=\"733\" src=\"https:\/\/i0.wp.com\/olivamorosicristians.es\/wp-content\/uploads\/2018\/06\/Piratesanys50_01.jpg?fit=1100%2C733&amp;ssl=1\" class=\"attachment-full size-full\" alt=\"\" srcset=\"https:\/\/i0.wp.com\/olivamorosicristians.es\/wp-content\/uploads\/2018\/06\/Piratesanys50_01.jpg?w=1100&amp;ssl=1 1100w, https:\/\/i0.wp.com\/olivamorosicristians.es\/wp-content\/uploads\/2018\/06\/Piratesanys50_01.jpg?resize=300%2C200&amp;ssl=1 300w, https:\/\/i0.wp.com\/olivamorosicristians.es\/wp-content\/uploads\/2018\/06\/Piratesanys50_01.jpg?resize=768%2C512&amp;ssl=1 768w, https:\/\/i0.wp.com\/olivamorosicristians.es\/wp-content\/uploads\/2018\/06\/Piratesanys50_01.jpg?resize=1024%2C682&amp;ssl=1 1024w, https:\/\/i0.wp.com\/olivamorosicristians.es\/wp-content\/uploads\/2018\/06\/Piratesanys50_01.jpg?resize=640%2C426&amp;ssl=1 640w\" sizes=\"auto, (max-width: 1100px) 100vw, 1100px\" data-attachment-id=\"7360\" data-permalink=\"https:\/\/olivamorosicristians.es\/es\/lafesta\/piratesanys50_01\/\" data-orig-file=\"https:\/\/i0.wp.com\/olivamorosicristians.es\/wp-content\/uploads\/2018\/06\/Piratesanys50_01.jpg?fit=1100%2C733&amp;ssl=1\" data-orig-size=\"1100,733\" data-comments-opened=\"0\" data-image-meta=\"{&quot;aperture&quot;:&quot;0&quot;,&quot;credit&quot;:&quot;&quot;,&quot;camera&quot;:&quot;&quot;,&quot;caption&quot;:&quot;&quot;,&quot;created_timestamp&quot;:&quot;0&quot;,&quot;copyright&quot;:&quot;&quot;,&quot;focal_length&quot;:&quot;0&quot;,&quot;iso&quot;:&quot;0&quot;,&quot;shutter_speed&quot;:&quot;0&quot;,&quot;title&quot;:&quot;&quot;,&quot;orientation&quot;:&quot;1&quot;}\" data-image-title=\"Piratesanys50_01\" data-image-description=\"\" data-image-caption=\"\" data-large-file=\"https:\/\/i0.wp.com\/olivamorosicristians.es\/wp-content\/uploads\/2018\/06\/Piratesanys50_01.jpg?fit=1024%2C682&amp;ssl=1\" \/>    <\/div>\n<\/div><\/div><\/div><\/section><section class=\"w-section m-padding\">\r\n<div class=\"row w-align-middle w-row-flex\"><div class=\"col col-6\">\r\n    <div class=\"col-inner\"><div class=\"w-space\" style=\"height:10px\"><\/div><div class=\"w-image text-left\">\n            <img loading=\"lazy\" decoding=\"async\" width=\"1100\" height=\"733\" src=\"https:\/\/i0.wp.com\/olivamorosicristians.es\/wp-content\/uploads\/2018\/06\/Moros-del-Metall.jpg?fit=1100%2C733&amp;ssl=1\" class=\"attachment-full size-full\" alt=\"\" srcset=\"https:\/\/i0.wp.com\/olivamorosicristians.es\/wp-content\/uploads\/2018\/06\/Moros-del-Metall.jpg?w=1100&amp;ssl=1 1100w, https:\/\/i0.wp.com\/olivamorosicristians.es\/wp-content\/uploads\/2018\/06\/Moros-del-Metall.jpg?resize=300%2C200&amp;ssl=1 300w, https:\/\/i0.wp.com\/olivamorosicristians.es\/wp-content\/uploads\/2018\/06\/Moros-del-Metall.jpg?resize=768%2C512&amp;ssl=1 768w, https:\/\/i0.wp.com\/olivamorosicristians.es\/wp-content\/uploads\/2018\/06\/Moros-del-Metall.jpg?resize=1024%2C682&amp;ssl=1 1024w, https:\/\/i0.wp.com\/olivamorosicristians.es\/wp-content\/uploads\/2018\/06\/Moros-del-Metall.jpg?resize=640%2C426&amp;ssl=1 640w\" sizes=\"auto, (max-width: 1100px) 100vw, 1100px\" data-attachment-id=\"7348\" data-permalink=\"https:\/\/olivamorosicristians.es\/es\/lafesta\/moros-del-metall\/\" data-orig-file=\"https:\/\/i0.wp.com\/olivamorosicristians.es\/wp-content\/uploads\/2018\/06\/Moros-del-Metall.jpg?fit=1100%2C733&amp;ssl=1\" data-orig-size=\"1100,733\" data-comments-opened=\"0\" data-image-meta=\"{&quot;aperture&quot;:&quot;0&quot;,&quot;credit&quot;:&quot;&quot;,&quot;camera&quot;:&quot;&quot;,&quot;caption&quot;:&quot;&quot;,&quot;created_timestamp&quot;:&quot;0&quot;,&quot;copyright&quot;:&quot;&quot;,&quot;focal_length&quot;:&quot;0&quot;,&quot;iso&quot;:&quot;0&quot;,&quot;shutter_speed&quot;:&quot;0&quot;,&quot;title&quot;:&quot;&quot;,&quot;orientation&quot;:&quot;1&quot;}\" data-image-title=\"Moros del Metall\" data-image-description=\"\" data-image-caption=\"\" data-large-file=\"https:\/\/i0.wp.com\/olivamorosicristians.es\/wp-content\/uploads\/2018\/06\/Moros-del-Metall.jpg?fit=1024%2C682&amp;ssl=1\" \/>    <\/div>\n<\/div><\/div><div class=\"col col-6\">\r\n    <div class=\"col-inner\"><div class=\"row w-overlap-box\" style=\"left:-60px;z-index:50\">\r\n    <div class=\"col col-12 hidden-sm hidden-xs\">\r\n    <div class=\"col-inner\"><div class=\"w-custom-heading\">\n    <h2 style=\"font-size: 150px;color: rgba(185,160,111,0.5);line-height: 150px;text-align: left;font-family:Abril Fatface;font-weight:400;font-style:normal\">    E    <\/h2><\/div><\/div><\/div><\/div><div class=\"row w-overlap-box\" style=\"top:-50px;z-index:50\">\r\n    <div class=\"col col-12\">\r\n    <div class=\"col-inner\"><div class=\"w-custom-heading\">\n    <h2 style=\"text-align: left;font-family:Montserrat;font-weight:700;font-style:normal\">    ETAPA ACTUAL 1975 - FINS AVUI    <\/h2><\/div><div class=\"w-space\" style=\"height:30px\"><\/div><div class=\"w-custom-heading\">\n    <h1 style=\"font-size: 14px;line-height: 26px;text-align: left;font-family:Montserrat;font-weight:400;font-style:normal\">    El 1975 l\u2019etapa franquista estava arribant a la fi amb la pressentida mort del dictador. El president del Gremi de la Metal\u00b7l\u00fargia, Rafael Boronat, d\u2019origen alcoi\u00e0 i clarament influenciat per les famoses festes del seu poble, proposa als seus companys formar esquadra vestits com ho feien els festers de MMiCC, en concret del b\u00e0ndol moro. Els companys acceptaren de bona gana i desfilaren el dia de l\u2019ofrena de flors, acompanyant la resta del seguici. Aquest any van n\u00e0ixer els Moros del Metall, la primera comparsa\/fil\u00e0 de la 3a i actual etapa MMiCC.<br \/>\nPer primera vegada estes festes no es celebren en honor al Sant\u00edssim Crist de Sant Roc, ni cap altra figura lligada a la religi\u00f3, i tampoc localitzen els seus actes oficials al barri del raval. S\u2019inclouen i es reincorporen dins la programaci\u00f3 de la Fira i Festes existent.<br \/>\nL\u2019any seg\u00fcent, el 1976 es refunden algunes de les filades de la segona etapa (Tuaregs, Pirates, Can\u00edbals), i se\u2019n van formant de noves, Mud\u00e8jars. A\u00e7\u00f2 provoca que el nombre de festers s\u2019incremente cada any, el que demanda un major nivell d\u2019organitzaci\u00f3 i de pressupost econ\u00f2mic, creant-se en primer lloc la Junta de Comparses, i posteriorment la Junta Central de Moros i Cristians d\u2019Oliva.<br \/>\nAmb la festa consolidada, l\u2019any 1996 el consistori decideix traslladar la Fira i Festes al setembre, i pretenia que els moros i cristians tamb\u00e9 es traslladaren, per\u00f2 la decisi\u00f3 dels festers va ser organitzar la Festa al voltant del tercer dijous de juliol. Aix\u00f2 va provocar que la fira quedara \u00f2rfena, perqu\u00e8 els antics gremis estaven quasi desapareguts i all\u00f2 que l\u2019acabava d\u2019omplir era la gran repercussi\u00f3 social i econ\u00f2mica que tenien els moros i cristians. Actualment s\u2019ha traslladat, a mode de conjunt de fires, a la segona quinzena de juny.<br \/>\nAix\u00ed les coses, la festa morocristiana realitza un gran esclat i augmenta el nombre de festers, especialment joves universitaris als quals es benefici\u00e0 el canvi de dates, perqu\u00e8 se situen fora del calendari d\u2019ex\u00e0mens, i d\u2019altra banda adquirixen una gran import\u00e0ncia tur\u00edstica per la seua celebraci\u00f3 en plena campanya d\u2019estiu.<br \/>\nA hores d\u2019ara la Junta Central, esdevinguda Federaci\u00f3 l\u2019any 2010 per q\u00fcestions legals i de funcionament, \u00e9s la que regix la festa, amb el suport econ\u00f2mic de l\u2019Ajuntament, i dels mateixos festers i festeres.<br \/>\nCal indicar que la festa va estar declarada com a Festa d\u2019Inter\u00e8s Tur\u00edstic Auton\u00f2mic el 2009.    <\/h1><\/div><\/div><\/div><\/div><\/div><\/div><\/div><\/section>","protected":false},"excerpt":{"rendered":"ANTECEDENTS A LA FESTA Oliva \u00e9s una ciutat costanera, que actualment compta amb una poblaci\u00f3 de 25.789 habitants. La primera vegada que es celebraren festes de moros i cristians fou en 1921, i ho feren en honor al Sant\u00edssim Crist de Sant Roc.\u2028 Anomenada Awriba durant l'etapa musulmana de dominaci\u00f3 de C\u00f2rdova i durant l'etapa [...]","protected":false},"author":1,"featured_media":0,"parent":0,"menu_order":0,"comment_status":"closed","ping_status":"closed","template":"","meta":{"jetpack_post_was_ever_published":false,"footnotes":""},"class_list":["post-2516","page","type-page","status-publish","hentry"],"yoast_head":"<!-- This site is optimized with the Yoast SEO plugin v27.4 - https:\/\/yoast.com\/product\/yoast-seo-wordpress\/ -->\n<title>La Festa - Moros i Cristians Oliva<\/title>\n<meta name=\"robots\" content=\"index, follow, max-snippet:-1, max-image-preview:large, max-video-preview:-1\" \/>\n<link rel=\"canonical\" href=\"https:\/\/olivamorosicristians.es\/es\/lafesta\/\" \/>\n<meta property=\"og:locale\" content=\"es_ES\" \/>\n<meta property=\"og:type\" content=\"article\" \/>\n<meta property=\"og:title\" content=\"La Festa - Moros i Cristians Oliva\" \/>\n<meta property=\"og:url\" content=\"https:\/\/olivamorosicristians.es\/es\/lafesta\/\" \/>\n<meta property=\"og:site_name\" content=\"Moros i Cristians Oliva\" \/>\n<meta property=\"article:publisher\" content=\"https:\/\/www.facebook.com\/federaciodemorosicristiansdoliva\/\" \/>\n<meta property=\"article:modified_time\" content=\"2020-06-16T16:14:47+00:00\" \/>\n<meta name=\"twitter:card\" content=\"summary_large_image\" \/>\n<meta name=\"twitter:label1\" content=\"Tiempo de lectura\" \/>\n\t<meta name=\"twitter:data1\" content=\"8 minutos\" \/>\n<script type=\"application\/ld+json\" class=\"yoast-schema-graph\">{\"@context\":\"https:\\\/\\\/schema.org\",\"@graph\":[{\"@type\":\"WebPage\",\"@id\":\"https:\\\/\\\/olivamorosicristians.es\\\/lafesta\\\/\",\"url\":\"https:\\\/\\\/olivamorosicristians.es\\\/lafesta\\\/\",\"name\":\"La Festa - Moros i Cristians Oliva\",\"isPartOf\":{\"@id\":\"https:\\\/\\\/olivamorosicristians.es\\\/#website\"},\"datePublished\":\"2016-01-07T10:46:44+00:00\",\"dateModified\":\"2020-06-16T16:14:47+00:00\",\"breadcrumb\":{\"@id\":\"https:\\\/\\\/olivamorosicristians.es\\\/lafesta\\\/#breadcrumb\"},\"inLanguage\":\"es\",\"potentialAction\":[{\"@type\":\"ReadAction\",\"target\":[\"https:\\\/\\\/olivamorosicristians.es\\\/lafesta\\\/\"]}]},{\"@type\":\"BreadcrumbList\",\"@id\":\"https:\\\/\\\/olivamorosicristians.es\\\/lafesta\\\/#breadcrumb\",\"itemListElement\":[{\"@type\":\"ListItem\",\"position\":1,\"name\":\"Portada\",\"item\":\"https:\\\/\\\/olivamorosicristians.es\\\/\"},{\"@type\":\"ListItem\",\"position\":2,\"name\":\"La Festa\"}]},{\"@type\":\"WebSite\",\"@id\":\"https:\\\/\\\/olivamorosicristians.es\\\/#website\",\"url\":\"https:\\\/\\\/olivamorosicristians.es\\\/\",\"name\":\"Moros i Cristians Oliva\",\"description\":\"FMCO\",\"publisher\":{\"@id\":\"https:\\\/\\\/olivamorosicristians.es\\\/#organization\"},\"potentialAction\":[{\"@type\":\"SearchAction\",\"target\":{\"@type\":\"EntryPoint\",\"urlTemplate\":\"https:\\\/\\\/olivamorosicristians.es\\\/?s={search_term_string}\"},\"query-input\":{\"@type\":\"PropertyValueSpecification\",\"valueRequired\":true,\"valueName\":\"search_term_string\"}}],\"inLanguage\":\"es\"},{\"@type\":\"Organization\",\"@id\":\"https:\\\/\\\/olivamorosicristians.es\\\/#organization\",\"name\":\"Federaci\u00f3 de Moros i Cristians - Oliva\",\"url\":\"https:\\\/\\\/olivamorosicristians.es\\\/\",\"logo\":{\"@type\":\"ImageObject\",\"inLanguage\":\"es\",\"@id\":\"https:\\\/\\\/olivamorosicristians.es\\\/#\\\/schema\\\/logo\\\/image\\\/\",\"url\":\"https:\\\/\\\/i2.wp.com\\\/olivamorosicristians.es\\\/wp-content\\\/uploads\\\/2018\\\/06\\\/Icon_FMiCO.png?fit=50%2C50&ssl=1\",\"contentUrl\":\"https:\\\/\\\/i2.wp.com\\\/olivamorosicristians.es\\\/wp-content\\\/uploads\\\/2018\\\/06\\\/Icon_FMiCO.png?fit=50%2C50&ssl=1\",\"width\":50,\"height\":50,\"caption\":\"Federaci\u00f3 de Moros i Cristians - Oliva\"},\"image\":{\"@id\":\"https:\\\/\\\/olivamorosicristians.es\\\/#\\\/schema\\\/logo\\\/image\\\/\"},\"sameAs\":[\"https:\\\/\\\/www.facebook.com\\\/federaciodemorosicristiansdoliva\\\/\",\"https:\\\/\\\/www.instagram.com\\\/morosicristiansoliva\\\/?hl=es\"]}]}<\/script>\n<!-- \/ Yoast SEO plugin. -->","yoast_head_json":{"title":"La Festa - Moros i Cristians Oliva","robots":{"index":"index","follow":"follow","max-snippet":"max-snippet:-1","max-image-preview":"max-image-preview:large","max-video-preview":"max-video-preview:-1"},"canonical":"https:\/\/olivamorosicristians.es\/es\/lafesta\/","og_locale":"es_ES","og_type":"article","og_title":"La Festa - Moros i Cristians Oliva","og_url":"https:\/\/olivamorosicristians.es\/es\/lafesta\/","og_site_name":"Moros i Cristians Oliva","article_publisher":"https:\/\/www.facebook.com\/federaciodemorosicristiansdoliva\/","article_modified_time":"2020-06-16T16:14:47+00:00","twitter_card":"summary_large_image","twitter_misc":{"Tiempo de lectura":"8 minutos"},"schema":{"@context":"https:\/\/schema.org","@graph":[{"@type":"WebPage","@id":"https:\/\/olivamorosicristians.es\/lafesta\/","url":"https:\/\/olivamorosicristians.es\/lafesta\/","name":"La Festa - Moros i Cristians Oliva","isPartOf":{"@id":"https:\/\/olivamorosicristians.es\/#website"},"datePublished":"2016-01-07T10:46:44+00:00","dateModified":"2020-06-16T16:14:47+00:00","breadcrumb":{"@id":"https:\/\/olivamorosicristians.es\/lafesta\/#breadcrumb"},"inLanguage":"es","potentialAction":[{"@type":"ReadAction","target":["https:\/\/olivamorosicristians.es\/lafesta\/"]}]},{"@type":"BreadcrumbList","@id":"https:\/\/olivamorosicristians.es\/lafesta\/#breadcrumb","itemListElement":[{"@type":"ListItem","position":1,"name":"Portada","item":"https:\/\/olivamorosicristians.es\/"},{"@type":"ListItem","position":2,"name":"La Festa"}]},{"@type":"WebSite","@id":"https:\/\/olivamorosicristians.es\/#website","url":"https:\/\/olivamorosicristians.es\/","name":"Moros i Cristians Oliva","description":"FMCO","publisher":{"@id":"https:\/\/olivamorosicristians.es\/#organization"},"potentialAction":[{"@type":"SearchAction","target":{"@type":"EntryPoint","urlTemplate":"https:\/\/olivamorosicristians.es\/?s={search_term_string}"},"query-input":{"@type":"PropertyValueSpecification","valueRequired":true,"valueName":"search_term_string"}}],"inLanguage":"es"},{"@type":"Organization","@id":"https:\/\/olivamorosicristians.es\/#organization","name":"La Federaci\u00f3n de Moros y Cristianos de Oliva","url":"https:\/\/olivamorosicristians.es\/","logo":{"@type":"ImageObject","inLanguage":"es","@id":"https:\/\/olivamorosicristians.es\/#\/schema\/logo\/image\/","url":"https:\/\/i2.wp.com\/olivamorosicristians.es\/wp-content\/uploads\/2018\/06\/Icon_FMiCO.png?fit=50%2C50&ssl=1","contentUrl":"https:\/\/i2.wp.com\/olivamorosicristians.es\/wp-content\/uploads\/2018\/06\/Icon_FMiCO.png?fit=50%2C50&ssl=1","width":50,"height":50,"caption":"Federaci\u00f3 de Moros i Cristians - Oliva"},"image":{"@id":"https:\/\/olivamorosicristians.es\/#\/schema\/logo\/image\/"},"sameAs":["https:\/\/www.facebook.com\/federaciodemorosicristiansdoliva\/","https:\/\/www.instagram.com\/morosicristiansoliva\/?hl=es"]}]}},"jetpack_sharing_enabled":true,"jetpack_shortlink":"https:\/\/wp.me\/PagEx6-EA","jetpack-related-posts":[],"_links":{"self":[{"href":"https:\/\/olivamorosicristians.es\/es\/wp-json\/wp\/v2\/pages\/2516","targetHints":{"allow":["GET"]}}],"collection":[{"href":"https:\/\/olivamorosicristians.es\/es\/wp-json\/wp\/v2\/pages"}],"about":[{"href":"https:\/\/olivamorosicristians.es\/es\/wp-json\/wp\/v2\/types\/page"}],"author":[{"embeddable":true,"href":"https:\/\/olivamorosicristians.es\/es\/wp-json\/wp\/v2\/users\/1"}],"replies":[{"embeddable":true,"href":"https:\/\/olivamorosicristians.es\/es\/wp-json\/wp\/v2\/comments?post=2516"}],"version-history":[{"count":54,"href":"https:\/\/olivamorosicristians.es\/es\/wp-json\/wp\/v2\/pages\/2516\/revisions"}],"predecessor-version":[{"id":9850,"href":"https:\/\/olivamorosicristians.es\/es\/wp-json\/wp\/v2\/pages\/2516\/revisions\/9850"}],"wp:attachment":[{"href":"https:\/\/olivamorosicristians.es\/es\/wp-json\/wp\/v2\/media?parent=2516"}],"curies":[{"name":"wp","href":"https:\/\/api.w.org\/{rel}","templated":true}]}}