{"id":2262,"date":"2016-01-22T06:40:01","date_gmt":"2016-01-22T06:40:01","guid":{"rendered":"http:\/\/192.168.0.16\/overlap\/?page_id=2262"},"modified":"2026-04-22T18:09:23","modified_gmt":"2026-04-22T16:09:23","slug":"la-festa-de-moros-i-cristians-una-festa-unica-el-la-nostra-comarca-de-la-safor","status":"publish","type":"page","link":"https:\/\/olivamorosicristians.es\/es\/","title":{"rendered":"Inicio"},"content":{"rendered":"<section class=\"w-section w-full m-padding w-overlap-box\" style=\"left:-150px;z-index:50;background-color:#ffffff\">\r\n<div class=\"row w-align-middle w-row-flex\"><div class=\"col col-8 no-padding\">\r\n    <div class=\"col-inner\"><div class=\"w-space\" style=\"height:95px\"><\/div><div class=\"w-image text-right\">\n            <img loading=\"lazy\" decoding=\"async\" width=\"818\" height=\"557\" src=\"https:\/\/i0.wp.com\/olivamorosicristians.es\/wp-content\/uploads\/2018\/06\/Angel-anunciador_02.jpg?fit=818%2C557&amp;ssl=1\" class=\"attachment-overlap-fullwidth size-overlap-fullwidth\" alt=\"oliva moros i cristians\" srcset=\"https:\/\/i0.wp.com\/olivamorosicristians.es\/wp-content\/uploads\/2018\/06\/Angel-anunciador_02.jpg?w=818&amp;ssl=1 818w, https:\/\/i0.wp.com\/olivamorosicristians.es\/wp-content\/uploads\/2018\/06\/Angel-anunciador_02.jpg?resize=300%2C204&amp;ssl=1 300w, https:\/\/i0.wp.com\/olivamorosicristians.es\/wp-content\/uploads\/2018\/06\/Angel-anunciador_02.jpg?resize=768%2C523&amp;ssl=1 768w, https:\/\/i0.wp.com\/olivamorosicristians.es\/wp-content\/uploads\/2018\/06\/Angel-anunciador_02.jpg?resize=640%2C436&amp;ssl=1 640w\" sizes=\"auto, (max-width: 818px) 100vw, 818px\" data-attachment-id=\"8189\" data-permalink=\"https:\/\/olivamorosicristians.es\/es\/la-festa-de-moros-i-cristians-una-festa-unica-el-la-nostra-comarca-de-la-safor\/angel-anunciador_02\/\" data-orig-file=\"https:\/\/i0.wp.com\/olivamorosicristians.es\/wp-content\/uploads\/2018\/06\/Angel-anunciador_02.jpg?fit=818%2C557&amp;ssl=1\" data-orig-size=\"818,557\" data-comments-opened=\"0\" data-image-meta=\"{&quot;aperture&quot;:&quot;0&quot;,&quot;credit&quot;:&quot;&quot;,&quot;camera&quot;:&quot;&quot;,&quot;caption&quot;:&quot;&quot;,&quot;created_timestamp&quot;:&quot;0&quot;,&quot;copyright&quot;:&quot;&quot;,&quot;focal_length&quot;:&quot;0&quot;,&quot;iso&quot;:&quot;0&quot;,&quot;shutter_speed&quot;:&quot;0&quot;,&quot;title&quot;:&quot;&quot;,&quot;orientation&quot;:&quot;1&quot;}\" data-image-title=\"Angel anunciador_02\" data-image-description=\"\" data-image-caption=\"\" data-large-file=\"https:\/\/i0.wp.com\/olivamorosicristians.es\/wp-content\/uploads\/2018\/06\/Angel-anunciador_02.jpg?fit=818%2C557&amp;ssl=1\" \/>    <\/div>\n<\/div><\/div><div class=\"col col-4 no-padding w-overlap-box\" style=\"left:-100px;z-index:50\">\r\n    <div class=\"col-inner\"><div class=\"w-heading heading-1 text-left\">\r\n         \r\n    <span class=\"subheading\">La historia<\/span>         \r\n    <h2 class=\"heading-title\" style=\"color:rgba(221,221,221,0.8)\">Antecedentes a la Fiesta<\/h2>            <\/div><div class=\"w-space\" style=\"height:20px\"><\/div><a class=\"w-button large vc_custom_1529867441678\" style=\"border-color:#000000;background-color:#000000;;color:#ffffff\" href=\"http:\/\/olivamorosicristians.es\/es\/lafesta\/\">\r\n    <span>LEER M\u00c1S<\/span>\r\n<\/a><div class=\"w-space\" style=\"height:20px\"><\/div><div class=\"row\" style=\"background-color:#ffffff\">\r\n    <div class=\"col col-12\">\r\n    <div class=\"col-inner\"><div class=\"w-text-block vc_custom_1530288981551\">\n    <p>Oliva es una ciudad costera, en la actualidad cuenta con una poblaci\u00f3n de 25.789 habitantes. La primera vez que se celebraron fiestas de los moros y cristianos fue en 1921, y lo hicieron en honor al Sant\u00edsimo Cristo de San Roque.<\/p>\n<p>Llamada Awriba durante la \u00e9poca de dominaci\u00f3n musulmana de C\u00f3rdoba y durante la etapa de la Taifa de Denia. La conquista para el cristianismo en 1239 por Jaime Y los campos de tierras por parte de Guillermo de Aguil\u00f3 y el Se\u00f1or de En Carr\u00f2s (Almirante Carr\u00f2s).<\/p>\n<\/div><\/div><\/div><\/div><\/div><\/div><\/div><\/section><section class=\"w-section\">\r\n<div class=\"row\"><div class=\"col col-12\">\r\n    <div class=\"col-inner\"><div class=\"w-space\" style=\"height:120px\"><\/div><div class=\"w-heading heading-4 text-center\">\r\n             \r\n    <h2 class=\"heading-title\" style=\"color:#000000\">Les Filades<\/h2>            <\/div><div class=\"w-space\" style=\"height:50px\"><\/div><\/div><\/div><\/div><\/section><section class=\"w-section w-overlap-box\" style=\"bottom:-50px\">\r\n<div class=\"row w-align-bottom w-row-flex\"><div class=\"col col-2\">\r\n    <div class=\"col-inner\"><div class=\"w-image text-left\">\n        <a href=\"http:\/\/olivamorosicristians.es\/es\/portfolio-item\/filada-almoravits\/\" target=\"_self\">\n            <img loading=\"lazy\" decoding=\"async\" width=\"1250\" height=\"1250\" src=\"https:\/\/i0.wp.com\/olivamorosicristians.es\/wp-content\/uploads\/2018\/06\/escuts-cercles-vectorial-01.png?fit=1250%2C1250&amp;ssl=1\" class=\"attachment-full size-full\" alt=\"oliva moros i cristians\" srcset=\"https:\/\/i0.wp.com\/olivamorosicristians.es\/wp-content\/uploads\/2018\/06\/escuts-cercles-vectorial-01.png?w=1250&amp;ssl=1 1250w, https:\/\/i0.wp.com\/olivamorosicristians.es\/wp-content\/uploads\/2018\/06\/escuts-cercles-vectorial-01.png?resize=150%2C150&amp;ssl=1 150w, https:\/\/i0.wp.com\/olivamorosicristians.es\/wp-content\/uploads\/2018\/06\/escuts-cercles-vectorial-01.png?resize=300%2C300&amp;ssl=1 300w, https:\/\/i0.wp.com\/olivamorosicristians.es\/wp-content\/uploads\/2018\/06\/escuts-cercles-vectorial-01.png?resize=768%2C768&amp;ssl=1 768w, https:\/\/i0.wp.com\/olivamorosicristians.es\/wp-content\/uploads\/2018\/06\/escuts-cercles-vectorial-01.png?resize=1024%2C1024&amp;ssl=1 1024w, https:\/\/i0.wp.com\/olivamorosicristians.es\/wp-content\/uploads\/2018\/06\/escuts-cercles-vectorial-01.png?resize=340%2C340&amp;ssl=1 340w, https:\/\/i0.wp.com\/olivamorosicristians.es\/wp-content\/uploads\/2018\/06\/escuts-cercles-vectorial-01.png?resize=640%2C640&amp;ssl=1 640w, https:\/\/i0.wp.com\/olivamorosicristians.es\/wp-content\/uploads\/2018\/06\/escuts-cercles-vectorial-01.png?resize=960%2C960&amp;ssl=1 960w\" sizes=\"auto, (max-width: 1170px) 100vw, 1170px\" data-attachment-id=\"8251\" data-permalink=\"https:\/\/olivamorosicristians.es\/es\/la-festa-de-moros-i-cristians-una-festa-unica-el-la-nostra-comarca-de-la-safor\/escuts-cercles-vectorial-01\/\" data-orig-file=\"https:\/\/i0.wp.com\/olivamorosicristians.es\/wp-content\/uploads\/2018\/06\/escuts-cercles-vectorial-01.png?fit=1250%2C1250&amp;ssl=1\" data-orig-size=\"1250,1250\" data-comments-opened=\"0\" data-image-meta=\"{&quot;aperture&quot;:&quot;0&quot;,&quot;credit&quot;:&quot;&quot;,&quot;camera&quot;:&quot;&quot;,&quot;caption&quot;:&quot;&quot;,&quot;created_timestamp&quot;:&quot;0&quot;,&quot;copyright&quot;:&quot;&quot;,&quot;focal_length&quot;:&quot;0&quot;,&quot;iso&quot;:&quot;0&quot;,&quot;shutter_speed&quot;:&quot;0&quot;,&quot;title&quot;:&quot;&quot;,&quot;orientation&quot;:&quot;0&quot;}\" data-image-title=\"escuts-cercles-vectorial-01\" data-image-description=\"\" data-image-caption=\"\" data-large-file=\"https:\/\/i0.wp.com\/olivamorosicristians.es\/wp-content\/uploads\/2018\/06\/escuts-cercles-vectorial-01.png?fit=1024%2C1024&amp;ssl=1\" \/>        <\/a>\n    <\/div>\n<\/div><\/div><div class=\"col col-2\">\r\n    <div class=\"col-inner\"><div class=\"w-image text-left\">\n        <a href=\"http:\/\/olivamorosicristians.es\/es\/portfolio-item\/filada-marraqueix\/\" target=\"_self\">\n            <img loading=\"lazy\" decoding=\"async\" width=\"1250\" height=\"1250\" src=\"https:\/\/i0.wp.com\/olivamorosicristians.es\/wp-content\/uploads\/2018\/06\/escuts-cercles-vectorial-02.png?fit=1250%2C1250&amp;ssl=1\" class=\"attachment-full size-full\" alt=\"oliva moros i cristians\" srcset=\"https:\/\/i0.wp.com\/olivamorosicristians.es\/wp-content\/uploads\/2018\/06\/escuts-cercles-vectorial-02.png?w=1250&amp;ssl=1 1250w, https:\/\/i0.wp.com\/olivamorosicristians.es\/wp-content\/uploads\/2018\/06\/escuts-cercles-vectorial-02.png?resize=150%2C150&amp;ssl=1 150w, https:\/\/i0.wp.com\/olivamorosicristians.es\/wp-content\/uploads\/2018\/06\/escuts-cercles-vectorial-02.png?resize=300%2C300&amp;ssl=1 300w, https:\/\/i0.wp.com\/olivamorosicristians.es\/wp-content\/uploads\/2018\/06\/escuts-cercles-vectorial-02.png?resize=768%2C768&amp;ssl=1 768w, https:\/\/i0.wp.com\/olivamorosicristians.es\/wp-content\/uploads\/2018\/06\/escuts-cercles-vectorial-02.png?resize=1024%2C1024&amp;ssl=1 1024w, https:\/\/i0.wp.com\/olivamorosicristians.es\/wp-content\/uploads\/2018\/06\/escuts-cercles-vectorial-02.png?resize=340%2C340&amp;ssl=1 340w, https:\/\/i0.wp.com\/olivamorosicristians.es\/wp-content\/uploads\/2018\/06\/escuts-cercles-vectorial-02.png?resize=640%2C640&amp;ssl=1 640w, https:\/\/i0.wp.com\/olivamorosicristians.es\/wp-content\/uploads\/2018\/06\/escuts-cercles-vectorial-02.png?resize=960%2C960&amp;ssl=1 960w\" sizes=\"auto, (max-width: 1170px) 100vw, 1170px\" data-attachment-id=\"8252\" data-permalink=\"https:\/\/olivamorosicristians.es\/es\/la-festa-de-moros-i-cristians-una-festa-unica-el-la-nostra-comarca-de-la-safor\/escuts-cercles-vectorial-02\/\" data-orig-file=\"https:\/\/i0.wp.com\/olivamorosicristians.es\/wp-content\/uploads\/2018\/06\/escuts-cercles-vectorial-02.png?fit=1250%2C1250&amp;ssl=1\" data-orig-size=\"1250,1250\" data-comments-opened=\"0\" data-image-meta=\"{&quot;aperture&quot;:&quot;0&quot;,&quot;credit&quot;:&quot;&quot;,&quot;camera&quot;:&quot;&quot;,&quot;caption&quot;:&quot;&quot;,&quot;created_timestamp&quot;:&quot;0&quot;,&quot;copyright&quot;:&quot;&quot;,&quot;focal_length&quot;:&quot;0&quot;,&quot;iso&quot;:&quot;0&quot;,&quot;shutter_speed&quot;:&quot;0&quot;,&quot;title&quot;:&quot;&quot;,&quot;orientation&quot;:&quot;0&quot;}\" data-image-title=\"escuts-cercles-vectorial-02\" data-image-description=\"\" data-image-caption=\"\" data-large-file=\"https:\/\/i0.wp.com\/olivamorosicristians.es\/wp-content\/uploads\/2018\/06\/escuts-cercles-vectorial-02.png?fit=1024%2C1024&amp;ssl=1\" \/>        <\/a>\n    <\/div>\n<\/div><\/div><div class=\"col col-2\">\r\n    <div class=\"col-inner\"><div class=\"w-image text-center\">\n        <a href=\"http:\/\/olivamorosicristians.es\/es\/portfolio-item\/filada-moriscos\/\" target=\"_self\">\n            <img loading=\"lazy\" decoding=\"async\" width=\"1024\" height=\"1024\" src=\"https:\/\/i0.wp.com\/olivamorosicristians.es\/wp-content\/uploads\/2023\/03\/Moriscos.png?fit=1024%2C1024&amp;ssl=1\" class=\"attachment-full size-full\" alt=\"\" srcset=\"https:\/\/i0.wp.com\/olivamorosicristians.es\/wp-content\/uploads\/2023\/03\/Moriscos.png?w=1024&amp;ssl=1 1024w, https:\/\/i0.wp.com\/olivamorosicristians.es\/wp-content\/uploads\/2023\/03\/Moriscos.png?resize=300%2C300&amp;ssl=1 300w, https:\/\/i0.wp.com\/olivamorosicristians.es\/wp-content\/uploads\/2023\/03\/Moriscos.png?resize=150%2C150&amp;ssl=1 150w, https:\/\/i0.wp.com\/olivamorosicristians.es\/wp-content\/uploads\/2023\/03\/Moriscos.png?resize=768%2C768&amp;ssl=1 768w, https:\/\/i0.wp.com\/olivamorosicristians.es\/wp-content\/uploads\/2023\/03\/Moriscos.png?resize=340%2C340&amp;ssl=1 340w, https:\/\/i0.wp.com\/olivamorosicristians.es\/wp-content\/uploads\/2023\/03\/Moriscos.png?resize=640%2C640&amp;ssl=1 640w, https:\/\/i0.wp.com\/olivamorosicristians.es\/wp-content\/uploads\/2023\/03\/Moriscos.png?resize=960%2C960&amp;ssl=1 960w\" sizes=\"auto, (max-width: 1024px) 100vw, 1024px\" data-attachment-id=\"10834\" data-permalink=\"https:\/\/olivamorosicristians.es\/es\/la-festa-de-moros-i-cristians-una-festa-unica-el-la-nostra-comarca-de-la-safor\/moriscos-2\/\" data-orig-file=\"https:\/\/i0.wp.com\/olivamorosicristians.es\/wp-content\/uploads\/2023\/03\/Moriscos.png?fit=1024%2C1024&amp;ssl=1\" data-orig-size=\"1024,1024\" data-comments-opened=\"0\" data-image-meta=\"{&quot;aperture&quot;:&quot;0&quot;,&quot;credit&quot;:&quot;&quot;,&quot;camera&quot;:&quot;&quot;,&quot;caption&quot;:&quot;&quot;,&quot;created_timestamp&quot;:&quot;0&quot;,&quot;copyright&quot;:&quot;&quot;,&quot;focal_length&quot;:&quot;0&quot;,&quot;iso&quot;:&quot;0&quot;,&quot;shutter_speed&quot;:&quot;0&quot;,&quot;title&quot;:&quot;&quot;,&quot;orientation&quot;:&quot;0&quot;}\" data-image-title=\"Moriscos\" data-image-description=\"\" data-image-caption=\"\" data-large-file=\"https:\/\/i0.wp.com\/olivamorosicristians.es\/wp-content\/uploads\/2023\/03\/Moriscos.png?fit=1024%2C1024&amp;ssl=1\" \/>        <\/a>\n    <\/div>\n<\/div><\/div><div class=\"col col-2\">\r\n    <div class=\"col-inner\"><div class=\"w-image text-center\">\n        <a href=\"http:\/\/olivamorosicristians.es\/es\/portfolio-item\/filada-mudejars\/\" target=\"_self\">\n            <img loading=\"lazy\" decoding=\"async\" width=\"1250\" height=\"1250\" src=\"https:\/\/i0.wp.com\/olivamorosicristians.es\/wp-content\/uploads\/2018\/06\/escuts-cercles-vectorial-06.png?fit=1250%2C1250&amp;ssl=1\" class=\"attachment-full size-full\" alt=\"oliva moros i cristians\" srcset=\"https:\/\/i0.wp.com\/olivamorosicristians.es\/wp-content\/uploads\/2018\/06\/escuts-cercles-vectorial-06.png?w=1250&amp;ssl=1 1250w, https:\/\/i0.wp.com\/olivamorosicristians.es\/wp-content\/uploads\/2018\/06\/escuts-cercles-vectorial-06.png?resize=150%2C150&amp;ssl=1 150w, https:\/\/i0.wp.com\/olivamorosicristians.es\/wp-content\/uploads\/2018\/06\/escuts-cercles-vectorial-06.png?resize=300%2C300&amp;ssl=1 300w, https:\/\/i0.wp.com\/olivamorosicristians.es\/wp-content\/uploads\/2018\/06\/escuts-cercles-vectorial-06.png?resize=768%2C768&amp;ssl=1 768w, https:\/\/i0.wp.com\/olivamorosicristians.es\/wp-content\/uploads\/2018\/06\/escuts-cercles-vectorial-06.png?resize=1024%2C1024&amp;ssl=1 1024w, https:\/\/i0.wp.com\/olivamorosicristians.es\/wp-content\/uploads\/2018\/06\/escuts-cercles-vectorial-06.png?resize=340%2C340&amp;ssl=1 340w, https:\/\/i0.wp.com\/olivamorosicristians.es\/wp-content\/uploads\/2018\/06\/escuts-cercles-vectorial-06.png?resize=640%2C640&amp;ssl=1 640w, https:\/\/i0.wp.com\/olivamorosicristians.es\/wp-content\/uploads\/2018\/06\/escuts-cercles-vectorial-06.png?resize=960%2C960&amp;ssl=1 960w\" sizes=\"auto, (max-width: 1170px) 100vw, 1170px\" data-attachment-id=\"8256\" data-permalink=\"https:\/\/olivamorosicristians.es\/es\/la-festa-de-moros-i-cristians-una-festa-unica-el-la-nostra-comarca-de-la-safor\/escuts-cercles-vectorial-06\/\" data-orig-file=\"https:\/\/i0.wp.com\/olivamorosicristians.es\/wp-content\/uploads\/2018\/06\/escuts-cercles-vectorial-06.png?fit=1250%2C1250&amp;ssl=1\" data-orig-size=\"1250,1250\" data-comments-opened=\"0\" data-image-meta=\"{&quot;aperture&quot;:&quot;0&quot;,&quot;credit&quot;:&quot;&quot;,&quot;camera&quot;:&quot;&quot;,&quot;caption&quot;:&quot;&quot;,&quot;created_timestamp&quot;:&quot;0&quot;,&quot;copyright&quot;:&quot;&quot;,&quot;focal_length&quot;:&quot;0&quot;,&quot;iso&quot;:&quot;0&quot;,&quot;shutter_speed&quot;:&quot;0&quot;,&quot;title&quot;:&quot;&quot;,&quot;orientation&quot;:&quot;0&quot;}\" data-image-title=\"escuts-cercles-vectorial-06\" data-image-description=\"\" data-image-caption=\"\" data-large-file=\"https:\/\/i0.wp.com\/olivamorosicristians.es\/wp-content\/uploads\/2018\/06\/escuts-cercles-vectorial-06.png?fit=1024%2C1024&amp;ssl=1\" \/>        <\/a>\n    <\/div>\n<\/div><\/div><div class=\"col col-2\">\r\n    <div class=\"col-inner\"><div class=\"w-image text-center\">\n        <a href=\"http:\/\/olivamorosicristians.es\/es\/portfolio-item\/filada-taifes\/\" target=\"_self\">\n            <img loading=\"lazy\" decoding=\"async\" width=\"1250\" height=\"1250\" src=\"https:\/\/i0.wp.com\/olivamorosicristians.es\/wp-content\/uploads\/2018\/06\/escuts-cercles-vectorial-04.png?fit=1250%2C1250&amp;ssl=1\" class=\"attachment-full size-full\" alt=\"oliva moros i cristians\" srcset=\"https:\/\/i0.wp.com\/olivamorosicristians.es\/wp-content\/uploads\/2018\/06\/escuts-cercles-vectorial-04.png?w=1250&amp;ssl=1 1250w, https:\/\/i0.wp.com\/olivamorosicristians.es\/wp-content\/uploads\/2018\/06\/escuts-cercles-vectorial-04.png?resize=150%2C150&amp;ssl=1 150w, https:\/\/i0.wp.com\/olivamorosicristians.es\/wp-content\/uploads\/2018\/06\/escuts-cercles-vectorial-04.png?resize=300%2C300&amp;ssl=1 300w, https:\/\/i0.wp.com\/olivamorosicristians.es\/wp-content\/uploads\/2018\/06\/escuts-cercles-vectorial-04.png?resize=768%2C768&amp;ssl=1 768w, https:\/\/i0.wp.com\/olivamorosicristians.es\/wp-content\/uploads\/2018\/06\/escuts-cercles-vectorial-04.png?resize=1024%2C1024&amp;ssl=1 1024w, https:\/\/i0.wp.com\/olivamorosicristians.es\/wp-content\/uploads\/2018\/06\/escuts-cercles-vectorial-04.png?resize=340%2C340&amp;ssl=1 340w, https:\/\/i0.wp.com\/olivamorosicristians.es\/wp-content\/uploads\/2018\/06\/escuts-cercles-vectorial-04.png?resize=640%2C640&amp;ssl=1 640w, https:\/\/i0.wp.com\/olivamorosicristians.es\/wp-content\/uploads\/2018\/06\/escuts-cercles-vectorial-04.png?resize=960%2C960&amp;ssl=1 960w\" sizes=\"auto, (max-width: 1170px) 100vw, 1170px\" data-attachment-id=\"8254\" data-permalink=\"https:\/\/olivamorosicristians.es\/es\/la-festa-de-moros-i-cristians-una-festa-unica-el-la-nostra-comarca-de-la-safor\/escuts-cercles-vectorial-04\/\" data-orig-file=\"https:\/\/i0.wp.com\/olivamorosicristians.es\/wp-content\/uploads\/2018\/06\/escuts-cercles-vectorial-04.png?fit=1250%2C1250&amp;ssl=1\" data-orig-size=\"1250,1250\" data-comments-opened=\"0\" data-image-meta=\"{&quot;aperture&quot;:&quot;0&quot;,&quot;credit&quot;:&quot;&quot;,&quot;camera&quot;:&quot;&quot;,&quot;caption&quot;:&quot;&quot;,&quot;created_timestamp&quot;:&quot;0&quot;,&quot;copyright&quot;:&quot;&quot;,&quot;focal_length&quot;:&quot;0&quot;,&quot;iso&quot;:&quot;0&quot;,&quot;shutter_speed&quot;:&quot;0&quot;,&quot;title&quot;:&quot;&quot;,&quot;orientation&quot;:&quot;0&quot;}\" data-image-title=\"escuts-cercles-vectorial-04\" data-image-description=\"\" data-image-caption=\"\" data-large-file=\"https:\/\/i0.wp.com\/olivamorosicristians.es\/wp-content\/uploads\/2018\/06\/escuts-cercles-vectorial-04.png?fit=1024%2C1024&amp;ssl=1\" \/>        <\/a>\n    <\/div>\n<\/div><\/div><div class=\"col col-2\">\r\n    <div class=\"col-inner\"><div class=\"w-image text-left\">\n        <a href=\"http:\/\/olivamorosicristians.es\/es\/portfolio-item\/filada-tuareg\/\" target=\"_self\">\n            <img loading=\"lazy\" decoding=\"async\" width=\"1250\" height=\"1250\" src=\"https:\/\/i0.wp.com\/olivamorosicristians.es\/wp-content\/uploads\/2018\/06\/escuts-cercles-vectorial-05.png?fit=1250%2C1250&amp;ssl=1\" class=\"attachment-full size-full\" alt=\"oliva moros i cristians\" srcset=\"https:\/\/i0.wp.com\/olivamorosicristians.es\/wp-content\/uploads\/2018\/06\/escuts-cercles-vectorial-05.png?w=1250&amp;ssl=1 1250w, https:\/\/i0.wp.com\/olivamorosicristians.es\/wp-content\/uploads\/2018\/06\/escuts-cercles-vectorial-05.png?resize=150%2C150&amp;ssl=1 150w, https:\/\/i0.wp.com\/olivamorosicristians.es\/wp-content\/uploads\/2018\/06\/escuts-cercles-vectorial-05.png?resize=300%2C300&amp;ssl=1 300w, https:\/\/i0.wp.com\/olivamorosicristians.es\/wp-content\/uploads\/2018\/06\/escuts-cercles-vectorial-05.png?resize=768%2C768&amp;ssl=1 768w, https:\/\/i0.wp.com\/olivamorosicristians.es\/wp-content\/uploads\/2018\/06\/escuts-cercles-vectorial-05.png?resize=1024%2C1024&amp;ssl=1 1024w, https:\/\/i0.wp.com\/olivamorosicristians.es\/wp-content\/uploads\/2018\/06\/escuts-cercles-vectorial-05.png?resize=340%2C340&amp;ssl=1 340w, https:\/\/i0.wp.com\/olivamorosicristians.es\/wp-content\/uploads\/2018\/06\/escuts-cercles-vectorial-05.png?resize=640%2C640&amp;ssl=1 640w, https:\/\/i0.wp.com\/olivamorosicristians.es\/wp-content\/uploads\/2018\/06\/escuts-cercles-vectorial-05.png?resize=960%2C960&amp;ssl=1 960w\" sizes=\"auto, (max-width: 1170px) 100vw, 1170px\" data-attachment-id=\"8255\" data-permalink=\"https:\/\/olivamorosicristians.es\/es\/la-festa-de-moros-i-cristians-una-festa-unica-el-la-nostra-comarca-de-la-safor\/escuts-cercles-vectorial-05\/\" data-orig-file=\"https:\/\/i0.wp.com\/olivamorosicristians.es\/wp-content\/uploads\/2018\/06\/escuts-cercles-vectorial-05.png?fit=1250%2C1250&amp;ssl=1\" data-orig-size=\"1250,1250\" data-comments-opened=\"0\" data-image-meta=\"{&quot;aperture&quot;:&quot;0&quot;,&quot;credit&quot;:&quot;&quot;,&quot;camera&quot;:&quot;&quot;,&quot;caption&quot;:&quot;&quot;,&quot;created_timestamp&quot;:&quot;0&quot;,&quot;copyright&quot;:&quot;&quot;,&quot;focal_length&quot;:&quot;0&quot;,&quot;iso&quot;:&quot;0&quot;,&quot;shutter_speed&quot;:&quot;0&quot;,&quot;title&quot;:&quot;&quot;,&quot;orientation&quot;:&quot;0&quot;}\" data-image-title=\"escuts-cercles-vectorial-05\" data-image-description=\"\" data-image-caption=\"\" data-large-file=\"https:\/\/i0.wp.com\/olivamorosicristians.es\/wp-content\/uploads\/2018\/06\/escuts-cercles-vectorial-05.png?fit=1024%2C1024&amp;ssl=1\" \/>        <\/a>\n    <\/div>\n<\/div><\/div><\/div><\/section><section class=\"w-section w-overlap-box\" style=\"bottom:-50px\">\r\n<div class=\"row w-align-middle w-row-flex\"><div class=\"col col-2\">\r\n    <div class=\"col-inner\"><div class=\"w-image text-center\">\n        <a href=\"http:\/\/olivamorosicristians.es\/es\/portfolio-item\/contrabandistes\/\" target=\"_self\">\n            <img loading=\"lazy\" decoding=\"async\" width=\"1250\" height=\"1250\" src=\"https:\/\/i0.wp.com\/olivamorosicristians.es\/wp-content\/uploads\/2018\/06\/escuts-cercles-vectorial-10.png?fit=1250%2C1250&amp;ssl=1\" class=\"attachment-full size-full\" alt=\"oliva moros i cristians\" srcset=\"https:\/\/i0.wp.com\/olivamorosicristians.es\/wp-content\/uploads\/2018\/06\/escuts-cercles-vectorial-10.png?w=1250&amp;ssl=1 1250w, https:\/\/i0.wp.com\/olivamorosicristians.es\/wp-content\/uploads\/2018\/06\/escuts-cercles-vectorial-10.png?resize=150%2C150&amp;ssl=1 150w, https:\/\/i0.wp.com\/olivamorosicristians.es\/wp-content\/uploads\/2018\/06\/escuts-cercles-vectorial-10.png?resize=300%2C300&amp;ssl=1 300w, https:\/\/i0.wp.com\/olivamorosicristians.es\/wp-content\/uploads\/2018\/06\/escuts-cercles-vectorial-10.png?resize=768%2C768&amp;ssl=1 768w, https:\/\/i0.wp.com\/olivamorosicristians.es\/wp-content\/uploads\/2018\/06\/escuts-cercles-vectorial-10.png?resize=1024%2C1024&amp;ssl=1 1024w, https:\/\/i0.wp.com\/olivamorosicristians.es\/wp-content\/uploads\/2018\/06\/escuts-cercles-vectorial-10.png?resize=340%2C340&amp;ssl=1 340w, https:\/\/i0.wp.com\/olivamorosicristians.es\/wp-content\/uploads\/2018\/06\/escuts-cercles-vectorial-10.png?resize=640%2C640&amp;ssl=1 640w, https:\/\/i0.wp.com\/olivamorosicristians.es\/wp-content\/uploads\/2018\/06\/escuts-cercles-vectorial-10.png?resize=960%2C960&amp;ssl=1 960w\" sizes=\"auto, (max-width: 1170px) 100vw, 1170px\" data-attachment-id=\"8260\" data-permalink=\"https:\/\/olivamorosicristians.es\/es\/la-festa-de-moros-i-cristians-una-festa-unica-el-la-nostra-comarca-de-la-safor\/escuts-cercles-vectorial-10\/\" data-orig-file=\"https:\/\/i0.wp.com\/olivamorosicristians.es\/wp-content\/uploads\/2018\/06\/escuts-cercles-vectorial-10.png?fit=1250%2C1250&amp;ssl=1\" data-orig-size=\"1250,1250\" data-comments-opened=\"0\" data-image-meta=\"{&quot;aperture&quot;:&quot;0&quot;,&quot;credit&quot;:&quot;&quot;,&quot;camera&quot;:&quot;&quot;,&quot;caption&quot;:&quot;&quot;,&quot;created_timestamp&quot;:&quot;0&quot;,&quot;copyright&quot;:&quot;&quot;,&quot;focal_length&quot;:&quot;0&quot;,&quot;iso&quot;:&quot;0&quot;,&quot;shutter_speed&quot;:&quot;0&quot;,&quot;title&quot;:&quot;&quot;,&quot;orientation&quot;:&quot;0&quot;}\" data-image-title=\"escuts-cercles-vectorial-10\" data-image-description=\"\" data-image-caption=\"\" data-large-file=\"https:\/\/i0.wp.com\/olivamorosicristians.es\/wp-content\/uploads\/2018\/06\/escuts-cercles-vectorial-10.png?fit=1024%2C1024&amp;ssl=1\" \/>        <\/a>\n    <\/div>\n<\/div><\/div><div class=\"col col-2 text-center\">\r\n    <div class=\"col-inner\"><div class=\"w-image text-center\">\n        <a href=\"http:\/\/olivamorosicristians.es\/es\/portfolio-item\/filada-jaume-i\/\" target=\"_self\">\n            <img loading=\"lazy\" decoding=\"async\" width=\"1250\" height=\"1250\" src=\"https:\/\/i0.wp.com\/olivamorosicristians.es\/wp-content\/uploads\/2018\/06\/escuts-cercles-vectorial-11.png?fit=1250%2C1250&amp;ssl=1\" class=\"attachment-full size-full\" alt=\"oliva moros i cristians\" srcset=\"https:\/\/i0.wp.com\/olivamorosicristians.es\/wp-content\/uploads\/2018\/06\/escuts-cercles-vectorial-11.png?w=1250&amp;ssl=1 1250w, https:\/\/i0.wp.com\/olivamorosicristians.es\/wp-content\/uploads\/2018\/06\/escuts-cercles-vectorial-11.png?resize=150%2C150&amp;ssl=1 150w, https:\/\/i0.wp.com\/olivamorosicristians.es\/wp-content\/uploads\/2018\/06\/escuts-cercles-vectorial-11.png?resize=300%2C300&amp;ssl=1 300w, https:\/\/i0.wp.com\/olivamorosicristians.es\/wp-content\/uploads\/2018\/06\/escuts-cercles-vectorial-11.png?resize=768%2C768&amp;ssl=1 768w, https:\/\/i0.wp.com\/olivamorosicristians.es\/wp-content\/uploads\/2018\/06\/escuts-cercles-vectorial-11.png?resize=1024%2C1024&amp;ssl=1 1024w, https:\/\/i0.wp.com\/olivamorosicristians.es\/wp-content\/uploads\/2018\/06\/escuts-cercles-vectorial-11.png?resize=340%2C340&amp;ssl=1 340w, https:\/\/i0.wp.com\/olivamorosicristians.es\/wp-content\/uploads\/2018\/06\/escuts-cercles-vectorial-11.png?resize=640%2C640&amp;ssl=1 640w, https:\/\/i0.wp.com\/olivamorosicristians.es\/wp-content\/uploads\/2018\/06\/escuts-cercles-vectorial-11.png?resize=960%2C960&amp;ssl=1 960w\" sizes=\"auto, (max-width: 1170px) 100vw, 1170px\" data-attachment-id=\"8261\" data-permalink=\"https:\/\/olivamorosicristians.es\/es\/la-festa-de-moros-i-cristians-una-festa-unica-el-la-nostra-comarca-de-la-safor\/escuts-cercles-vectorial-11\/\" data-orig-file=\"https:\/\/i0.wp.com\/olivamorosicristians.es\/wp-content\/uploads\/2018\/06\/escuts-cercles-vectorial-11.png?fit=1250%2C1250&amp;ssl=1\" data-orig-size=\"1250,1250\" data-comments-opened=\"0\" data-image-meta=\"{&quot;aperture&quot;:&quot;0&quot;,&quot;credit&quot;:&quot;&quot;,&quot;camera&quot;:&quot;&quot;,&quot;caption&quot;:&quot;&quot;,&quot;created_timestamp&quot;:&quot;0&quot;,&quot;copyright&quot;:&quot;&quot;,&quot;focal_length&quot;:&quot;0&quot;,&quot;iso&quot;:&quot;0&quot;,&quot;shutter_speed&quot;:&quot;0&quot;,&quot;title&quot;:&quot;&quot;,&quot;orientation&quot;:&quot;0&quot;}\" data-image-title=\"escuts-cercles-vectorial-11\" data-image-description=\"\" data-image-caption=\"\" data-large-file=\"https:\/\/i0.wp.com\/olivamorosicristians.es\/wp-content\/uploads\/2018\/06\/escuts-cercles-vectorial-11.png?fit=1024%2C1024&amp;ssl=1\" \/>        <\/a>\n    <\/div>\n<\/div><\/div><div class=\"col col-2 text-center\">\r\n    <div class=\"col-inner\"><div class=\"w-image text-center\">\n        <a href=\"http:\/\/olivamorosicristians.es\/es\/portfolio-item\/filada-masers\/\" target=\"_self\">\n            <img loading=\"lazy\" decoding=\"async\" width=\"1250\" height=\"1250\" src=\"https:\/\/i0.wp.com\/olivamorosicristians.es\/wp-content\/uploads\/2018\/06\/escuts-cercles-vectorial-07.png?fit=1250%2C1250&amp;ssl=1\" class=\"attachment-full size-full\" alt=\"oliva moros i cristians\" srcset=\"https:\/\/i0.wp.com\/olivamorosicristians.es\/wp-content\/uploads\/2018\/06\/escuts-cercles-vectorial-07.png?w=1250&amp;ssl=1 1250w, https:\/\/i0.wp.com\/olivamorosicristians.es\/wp-content\/uploads\/2018\/06\/escuts-cercles-vectorial-07.png?resize=150%2C150&amp;ssl=1 150w, https:\/\/i0.wp.com\/olivamorosicristians.es\/wp-content\/uploads\/2018\/06\/escuts-cercles-vectorial-07.png?resize=300%2C300&amp;ssl=1 300w, https:\/\/i0.wp.com\/olivamorosicristians.es\/wp-content\/uploads\/2018\/06\/escuts-cercles-vectorial-07.png?resize=768%2C768&amp;ssl=1 768w, https:\/\/i0.wp.com\/olivamorosicristians.es\/wp-content\/uploads\/2018\/06\/escuts-cercles-vectorial-07.png?resize=1024%2C1024&amp;ssl=1 1024w, https:\/\/i0.wp.com\/olivamorosicristians.es\/wp-content\/uploads\/2018\/06\/escuts-cercles-vectorial-07.png?resize=340%2C340&amp;ssl=1 340w, https:\/\/i0.wp.com\/olivamorosicristians.es\/wp-content\/uploads\/2018\/06\/escuts-cercles-vectorial-07.png?resize=640%2C640&amp;ssl=1 640w, https:\/\/i0.wp.com\/olivamorosicristians.es\/wp-content\/uploads\/2018\/06\/escuts-cercles-vectorial-07.png?resize=960%2C960&amp;ssl=1 960w\" sizes=\"auto, (max-width: 1170px) 100vw, 1170px\" data-attachment-id=\"8257\" data-permalink=\"https:\/\/olivamorosicristians.es\/es\/la-festa-de-moros-i-cristians-una-festa-unica-el-la-nostra-comarca-de-la-safor\/escuts-cercles-vectorial-07\/\" data-orig-file=\"https:\/\/i0.wp.com\/olivamorosicristians.es\/wp-content\/uploads\/2018\/06\/escuts-cercles-vectorial-07.png?fit=1250%2C1250&amp;ssl=1\" data-orig-size=\"1250,1250\" data-comments-opened=\"0\" data-image-meta=\"{&quot;aperture&quot;:&quot;0&quot;,&quot;credit&quot;:&quot;&quot;,&quot;camera&quot;:&quot;&quot;,&quot;caption&quot;:&quot;&quot;,&quot;created_timestamp&quot;:&quot;0&quot;,&quot;copyright&quot;:&quot;&quot;,&quot;focal_length&quot;:&quot;0&quot;,&quot;iso&quot;:&quot;0&quot;,&quot;shutter_speed&quot;:&quot;0&quot;,&quot;title&quot;:&quot;&quot;,&quot;orientation&quot;:&quot;0&quot;}\" data-image-title=\"escuts-cercles-vectorial-07\" data-image-description=\"\" data-image-caption=\"\" data-large-file=\"https:\/\/i0.wp.com\/olivamorosicristians.es\/wp-content\/uploads\/2018\/06\/escuts-cercles-vectorial-07.png?fit=1024%2C1024&amp;ssl=1\" \/>        <\/a>\n    <\/div>\n<\/div><\/div><div class=\"col col-2 text-center\">\r\n    <div class=\"col-inner\"><div class=\"w-image text-center\">\n        <a href=\"http:\/\/olivamorosicristians.es\/es\/portfolio-item\/filada-mosqueters\/\" target=\"_self\">\n            <img loading=\"lazy\" decoding=\"async\" width=\"1251\" height=\"1251\" src=\"https:\/\/i0.wp.com\/olivamorosicristians.es\/wp-content\/uploads\/2020\/06\/escuts-cercles-vectorial-12.png?fit=1251%2C1251&amp;ssl=1\" class=\"attachment-full size-full\" alt=\"\" srcset=\"https:\/\/i0.wp.com\/olivamorosicristians.es\/wp-content\/uploads\/2020\/06\/escuts-cercles-vectorial-12.png?w=1251&amp;ssl=1 1251w, https:\/\/i0.wp.com\/olivamorosicristians.es\/wp-content\/uploads\/2020\/06\/escuts-cercles-vectorial-12.png?resize=300%2C300&amp;ssl=1 300w, https:\/\/i0.wp.com\/olivamorosicristians.es\/wp-content\/uploads\/2020\/06\/escuts-cercles-vectorial-12.png?resize=1024%2C1024&amp;ssl=1 1024w, https:\/\/i0.wp.com\/olivamorosicristians.es\/wp-content\/uploads\/2020\/06\/escuts-cercles-vectorial-12.png?resize=150%2C150&amp;ssl=1 150w, https:\/\/i0.wp.com\/olivamorosicristians.es\/wp-content\/uploads\/2020\/06\/escuts-cercles-vectorial-12.png?resize=768%2C768&amp;ssl=1 768w, https:\/\/i0.wp.com\/olivamorosicristians.es\/wp-content\/uploads\/2020\/06\/escuts-cercles-vectorial-12.png?resize=340%2C340&amp;ssl=1 340w, https:\/\/i0.wp.com\/olivamorosicristians.es\/wp-content\/uploads\/2020\/06\/escuts-cercles-vectorial-12.png?resize=640%2C640&amp;ssl=1 640w, https:\/\/i0.wp.com\/olivamorosicristians.es\/wp-content\/uploads\/2020\/06\/escuts-cercles-vectorial-12.png?resize=960%2C960&amp;ssl=1 960w\" sizes=\"auto, (max-width: 1170px) 100vw, 1170px\" data-attachment-id=\"9835\" data-permalink=\"https:\/\/olivamorosicristians.es\/es\/escuts-cercles-vectorial-12-2\/\" data-orig-file=\"https:\/\/i0.wp.com\/olivamorosicristians.es\/wp-content\/uploads\/2020\/06\/escuts-cercles-vectorial-12.png?fit=1251%2C1251&amp;ssl=1\" data-orig-size=\"1251,1251\" data-comments-opened=\"0\" data-image-meta=\"{&quot;aperture&quot;:&quot;0&quot;,&quot;credit&quot;:&quot;&quot;,&quot;camera&quot;:&quot;&quot;,&quot;caption&quot;:&quot;&quot;,&quot;created_timestamp&quot;:&quot;0&quot;,&quot;copyright&quot;:&quot;&quot;,&quot;focal_length&quot;:&quot;0&quot;,&quot;iso&quot;:&quot;0&quot;,&quot;shutter_speed&quot;:&quot;0&quot;,&quot;title&quot;:&quot;&quot;,&quot;orientation&quot;:&quot;0&quot;}\" data-image-title=\"escuts-cercles-vectorial-12\" data-image-description=\"\" data-image-caption=\"\" data-large-file=\"https:\/\/i0.wp.com\/olivamorosicristians.es\/wp-content\/uploads\/2020\/06\/escuts-cercles-vectorial-12.png?fit=1024%2C1024&amp;ssl=1\" \/>        <\/a>\n    <\/div>\n<\/div><\/div><div class=\"col col-2 text-center\">\r\n    <div class=\"col-inner\"><div class=\"w-image text-center\">\n        <a href=\"http:\/\/olivamorosicristians.es\/es\/portfolio-item\/fila-pirates\/\" target=\"_self\">\n            <img loading=\"lazy\" decoding=\"async\" width=\"1024\" height=\"1024\" src=\"https:\/\/i0.wp.com\/olivamorosicristians.es\/wp-content\/uploads\/2023\/03\/Pirates.png?fit=1024%2C1024&amp;ssl=1\" class=\"attachment-full size-full\" alt=\"\" srcset=\"https:\/\/i0.wp.com\/olivamorosicristians.es\/wp-content\/uploads\/2023\/03\/Pirates.png?w=1024&amp;ssl=1 1024w, https:\/\/i0.wp.com\/olivamorosicristians.es\/wp-content\/uploads\/2023\/03\/Pirates.png?resize=300%2C300&amp;ssl=1 300w, https:\/\/i0.wp.com\/olivamorosicristians.es\/wp-content\/uploads\/2023\/03\/Pirates.png?resize=150%2C150&amp;ssl=1 150w, https:\/\/i0.wp.com\/olivamorosicristians.es\/wp-content\/uploads\/2023\/03\/Pirates.png?resize=768%2C768&amp;ssl=1 768w, https:\/\/i0.wp.com\/olivamorosicristians.es\/wp-content\/uploads\/2023\/03\/Pirates.png?resize=340%2C340&amp;ssl=1 340w, https:\/\/i0.wp.com\/olivamorosicristians.es\/wp-content\/uploads\/2023\/03\/Pirates.png?resize=640%2C640&amp;ssl=1 640w, https:\/\/i0.wp.com\/olivamorosicristians.es\/wp-content\/uploads\/2023\/03\/Pirates.png?resize=960%2C960&amp;ssl=1 960w\" sizes=\"auto, (max-width: 1024px) 100vw, 1024px\" data-attachment-id=\"10835\" data-permalink=\"https:\/\/olivamorosicristians.es\/es\/la-festa-de-moros-i-cristians-una-festa-unica-el-la-nostra-comarca-de-la-safor\/pirates-3\/\" data-orig-file=\"https:\/\/i0.wp.com\/olivamorosicristians.es\/wp-content\/uploads\/2023\/03\/Pirates.png?fit=1024%2C1024&amp;ssl=1\" data-orig-size=\"1024,1024\" data-comments-opened=\"0\" data-image-meta=\"{&quot;aperture&quot;:&quot;0&quot;,&quot;credit&quot;:&quot;&quot;,&quot;camera&quot;:&quot;&quot;,&quot;caption&quot;:&quot;&quot;,&quot;created_timestamp&quot;:&quot;0&quot;,&quot;copyright&quot;:&quot;&quot;,&quot;focal_length&quot;:&quot;0&quot;,&quot;iso&quot;:&quot;0&quot;,&quot;shutter_speed&quot;:&quot;0&quot;,&quot;title&quot;:&quot;&quot;,&quot;orientation&quot;:&quot;0&quot;}\" data-image-title=\"Pirates\" data-image-description=\"\" data-image-caption=\"\" data-large-file=\"https:\/\/i0.wp.com\/olivamorosicristians.es\/wp-content\/uploads\/2023\/03\/Pirates.png?fit=1024%2C1024&amp;ssl=1\" \/>        <\/a>\n    <\/div>\n<\/div><\/div><div class=\"col col-2\">\r\n    <div class=\"col-inner\"><div class=\"w-image text-center\">\n        <a href=\"https:\/\/olivamorosicristians.es\/es\/filades\/\" target=\"_self\">\n            <img loading=\"lazy\" decoding=\"async\" width=\"1942\" height=\"1941\" src=\"https:\/\/i0.wp.com\/olivamorosicristians.es\/wp-content\/uploads\/2024\/01\/Templaris-web_01.png?fit=1942%2C1941&amp;ssl=1\" class=\"attachment-full size-full\" alt=\"\" srcset=\"https:\/\/i0.wp.com\/olivamorosicristians.es\/wp-content\/uploads\/2024\/01\/Templaris-web_01.png?w=1942&amp;ssl=1 1942w, https:\/\/i0.wp.com\/olivamorosicristians.es\/wp-content\/uploads\/2024\/01\/Templaris-web_01.png?resize=300%2C300&amp;ssl=1 300w, https:\/\/i0.wp.com\/olivamorosicristians.es\/wp-content\/uploads\/2024\/01\/Templaris-web_01.png?resize=1024%2C1024&amp;ssl=1 1024w, https:\/\/i0.wp.com\/olivamorosicristians.es\/wp-content\/uploads\/2024\/01\/Templaris-web_01.png?resize=150%2C150&amp;ssl=1 150w, https:\/\/i0.wp.com\/olivamorosicristians.es\/wp-content\/uploads\/2024\/01\/Templaris-web_01.png?resize=768%2C768&amp;ssl=1 768w, https:\/\/i0.wp.com\/olivamorosicristians.es\/wp-content\/uploads\/2024\/01\/Templaris-web_01.png?resize=1536%2C1536&amp;ssl=1 1536w, https:\/\/i0.wp.com\/olivamorosicristians.es\/wp-content\/uploads\/2024\/01\/Templaris-web_01.png?resize=340%2C340&amp;ssl=1 340w, https:\/\/i0.wp.com\/olivamorosicristians.es\/wp-content\/uploads\/2024\/01\/Templaris-web_01.png?resize=640%2C640&amp;ssl=1 640w, https:\/\/i0.wp.com\/olivamorosicristians.es\/wp-content\/uploads\/2024\/01\/Templaris-web_01.png?resize=960%2C960&amp;ssl=1 960w, https:\/\/i0.wp.com\/olivamorosicristians.es\/wp-content\/uploads\/2024\/01\/Templaris-web_01.png?resize=1280%2C1279&amp;ssl=1 1280w, https:\/\/i0.wp.com\/olivamorosicristians.es\/wp-content\/uploads\/2024\/01\/Templaris-web_01.png?resize=1320%2C1319&amp;ssl=1 1320w\" sizes=\"auto, (max-width: 1170px) 100vw, 1170px\" data-attachment-id=\"11224\" data-permalink=\"https:\/\/olivamorosicristians.es\/es\/templaris-web_01\/\" data-orig-file=\"https:\/\/i0.wp.com\/olivamorosicristians.es\/wp-content\/uploads\/2024\/01\/Templaris-web_01.png?fit=1942%2C1941&amp;ssl=1\" data-orig-size=\"1942,1941\" data-comments-opened=\"0\" data-image-meta=\"{&quot;aperture&quot;:&quot;0&quot;,&quot;credit&quot;:&quot;&quot;,&quot;camera&quot;:&quot;&quot;,&quot;caption&quot;:&quot;&quot;,&quot;created_timestamp&quot;:&quot;0&quot;,&quot;copyright&quot;:&quot;&quot;,&quot;focal_length&quot;:&quot;0&quot;,&quot;iso&quot;:&quot;0&quot;,&quot;shutter_speed&quot;:&quot;0&quot;,&quot;title&quot;:&quot;&quot;,&quot;orientation&quot;:&quot;0&quot;}\" data-image-title=\"Templaris web_01\" data-image-description=\"\" data-image-caption=\"\" data-large-file=\"https:\/\/i0.wp.com\/olivamorosicristians.es\/wp-content\/uploads\/2024\/01\/Templaris-web_01.png?fit=1024%2C1024&amp;ssl=1\" \/>        <\/a>\n    <\/div>\n<\/div><\/div><\/div><\/section><section class=\"w-section\">\r\n<div class=\"row\"><div class=\"col col-3\">\r\n    <div class=\"col-inner\"><div class=\"w-space\" style=\"height:150px\"><\/div><div class=\"w-heading heading-4 text-center\">\r\n             \r\n    <h2 class=\"heading-title\" style=\"color:#b7a074\">C\u00e0rrecs 2026<\/h2>            <\/div><\/div><\/div><div class=\"col col-9\">\r\n    <div class=\"col-inner\"><div class=\"w-space\" style=\"height:150px\"><\/div><div class=\"w-slider\" data-auto-play=\"true\" data-speed=\"5\" data-transition=\"fade\">\r\n    <div class=\"w-slides\">\r\n        <div class=\"w-slide\">\r\n\t    <img decoding=\"async\" src=\"https:\/\/i0.wp.com\/olivamorosicristians.es\/wp-content\/uploads\/2026\/04\/Joan-Abanderat-Federacio-scaled.jpg?fit=1707%2C2560&amp;ssl=1\" alt=\"Abanderat Federaci\u00f3\" \/>\r\n    \t<div class=\"w-heading heading-3 text-left\">\r\n        <div class=\"w-wrapper\">\r\n             \r\n    <h2 class=\"heading-title\">Abanderat Federaci\u00f3<\/h2>         \r\n    <span class=\"subheading\">JOAN BENITO RAMOS - Filada Marr\u00e0queix<\/span>            <\/div>\r\n    <\/div>\t<div class=\"w-slider-content\">\r\n    \t\t<\/div>\r\n<\/div><div class=\"w-slide vc_custom_1776873255567\">\r\n\t    <img decoding=\"async\" src=\"https:\/\/i0.wp.com\/olivamorosicristians.es\/wp-content\/uploads\/2026\/04\/HU2A2954-scaled.jpg?fit=1280%2C1921&amp;ssl=1\" alt=\"Capitana Cristiana\" \/>\r\n    \t<div class=\"w-heading heading-3 text-left\">\r\n        <div class=\"w-wrapper\">\r\n             \r\n    <h2 class=\"heading-title\">Capitana Cristiana<\/h2>         \r\n    <span class=\"subheading\">ROSANA LLOPIS POUS \u2013 Filada Mosqueters<\/span>            <\/div>\r\n    <\/div>\t<div class=\"w-slider-content\">\r\n    \t\t<\/div>\r\n<\/div><div class=\"w-slide vc_custom_1776874158722\">\r\n\t    <img decoding=\"async\" src=\"https:\/\/i0.wp.com\/olivamorosicristians.es\/wp-content\/uploads\/2026\/04\/Jose-Capita-moro_retoc-scaled.jpg?fit=1280%2C1925&amp;ssl=1\" alt=\"Capit\u00e0 Moro\" \/>\r\n    \t<div class=\"w-heading heading-3 text-left\">\r\n        <div class=\"w-wrapper\">\r\n             \r\n    <h2 class=\"heading-title\">Capit\u00e1n Moro<\/h2>         \r\n    <span class=\"subheading\">JOS\u00c9 MA\u00d1\u00d3 MASCARELL \u2013 Filada Marr\u00e0queix<\/span>            <\/div>\r\n    <\/div>\t<div class=\"w-slider-content\">\r\n    \t\t<\/div>\r\n<\/div><div class=\"w-slide vc_custom_1776873432063\">\r\n\t    <img decoding=\"async\" src=\"https:\/\/i0.wp.com\/olivamorosicristians.es\/wp-content\/uploads\/2026\/04\/Andrea-Ambaixadora-cristiana.jpg?fit=1024%2C1536&amp;ssl=1\" alt=\"Ambaixadora Cristiana\" \/>\r\n    \t<div class=\"w-heading heading-3 text-left\">\r\n        <div class=\"w-wrapper\">\r\n             \r\n    <h2 class=\"heading-title\">Ambaixadora Cristiana<\/h2>         \r\n    <span class=\"subheading\">ANDREA GARC\u00cdA CATAL\u00c0 \u2013 Filada Mosqueters<\/span>            <\/div>\r\n    <\/div>\t<div class=\"w-slider-content\">\r\n    \t\t<\/div>\r\n<\/div><div class=\"w-slide vc_custom_1776873466353\">\r\n\t    <img decoding=\"async\" src=\"https:\/\/i0.wp.com\/olivamorosicristians.es\/wp-content\/uploads\/2026\/04\/Miquel-ambaixador-moro-scaled.jpg?fit=1280%2C1919&amp;ssl=1\" alt=\"Ambaixador Moro\" \/>\r\n    \t<div class=\"w-heading heading-3 text-left\">\r\n        <div class=\"w-wrapper\">\r\n             \r\n    <h2 class=\"heading-title\">Embajador Moro<\/h2>         \r\n    <span class=\"subheading\">MIQUEL MENGUAL PASCUAL \u2013 Filada Marr\u00e0queix<\/span>            <\/div>\r\n    <\/div>\t<div class=\"w-slider-content\">\r\n    \t\t<\/div>\r\n<\/div> \r\n    <\/div>\r\n    <div class=\"w-slider-nav\">\r\n        <a href=\"#\">\r\n        <span style=\"background-image:url(https:\/\/i0.wp.com\/olivamorosicristians.es\/wp-content\/uploads\/2026\/04\/Joan-Abanderat-Federacio-scaled.jpg?resize=640%2C640&amp;ssl=1);\"><\/span><span style=\"background-image:url(https:\/\/i0.wp.com\/olivamorosicristians.es\/wp-content\/uploads\/2026\/04\/HU2A2954-scaled.jpg?resize=640%2C640&amp;ssl=1);\"><\/span><span style=\"background-image:url(https:\/\/i0.wp.com\/olivamorosicristians.es\/wp-content\/uploads\/2026\/04\/Jose-Capita-moro_retoc-scaled.jpg?resize=640%2C640&amp;ssl=1);\"><\/span><span style=\"background-image:url(https:\/\/i0.wp.com\/olivamorosicristians.es\/wp-content\/uploads\/2026\/04\/Andrea-Ambaixadora-cristiana.jpg?resize=640%2C640&amp;ssl=1);\"><\/span><span style=\"background-image:url(https:\/\/i0.wp.com\/olivamorosicristians.es\/wp-content\/uploads\/2026\/04\/Miquel-ambaixador-moro-scaled.jpg?resize=640%2C640&amp;ssl=1);\"><\/span>        <\/a>\r\n    <\/div>\r\n    <div class=\"w-slider-dots\">\r\n                    <button role=\"button\" class=\"owl-dot\"><span><\/span><\/button>\r\n                    <button role=\"button\" class=\"owl-dot\"><span><\/span><\/button>\r\n                    <button role=\"button\" class=\"owl-dot\"><span><\/span><\/button>\r\n                    <button role=\"button\" class=\"owl-dot\"><span><\/span><\/button>\r\n                    <button role=\"button\" class=\"owl-dot\"><span><\/span><\/button>\r\n            <\/div>\r\n<\/div><\/div><\/div><\/div><\/section><section class=\"w-section\">\r\n<div class=\"row\"><div class=\"col col-12 text-center\">\r\n    <div class=\"col-inner\"><div class=\"w-space\" style=\"height:200px\"><\/div><\/div><\/div><\/div><\/section><section class=\"w-section\">\r\n<div class=\"row\"><div class=\"col col-4 m-padding text-center\" style=\"z-index:50;background-color:rgba(0,0,0,0.1)\">\r\n    <div class=\"col-inner\"><div class=\"w-info-box w-medium w-top w-none\">\r\n        <span class=\"w-icon\" style=\"color:#b7a074\">\r\n        <i class=\"sl-calendar\"><\/i>\r\n        <span class=\"w-border\" style=\"box-shadow: 3px 3px #b7a074\"><\/span>\r\n    <\/span>\r\n        <div class=\"w-content\">\r\n                <h4>Agenda 2026<\/h4>\r\n                <p><a href=\"https:\/\/olivamorosicristians.es\/wp-content\/uploads\/2026\/01\/PROGRAMA-FESTES-26-VAL.pdf\" target=\"_blank\" rel=\"noopener\">Tota la programaci\u00f3 de festes<\/a><\/p>\n<p><a href=\"https:\/\/olivamorosicristians.es\/wp-content\/uploads\/2026\/01\/PROGRAMA-FESTES-26-CAST.pdf\" target=\"_blank\" rel=\"noopener\">Toda la programaci\u00f3n de fiestas<\/a><\/p>\n<p><a href=\"https:\/\/olivamorosicristians.es\/wp-content\/uploads\/2026\/01\/PROGRAMA-FESTES-26-FRA.pdf\" target=\"_blank\" rel=\"noopener\">Toute la programmation de f\u00eate<\/a><\/p>\n<p><a href=\"https:\/\/olivamorosicristians.es\/wp-content\/uploads\/2026\/01\/PROGRAMA-FESTES-26-ENG.pdf\" target=\"_blank\" rel=\"noopener\">All party programming<\/a><\/p>\n<p><a href=\"https:\/\/olivamorosicristians.es\/wp-content\/uploads\/2025\/07\/PROGRAMA-GER.pdf\" target=\"_blank\" rel=\"noopener\">Alle Party-Programmierung<\/a><\/p>\n                <p class=\"w-read-more\">\r\n            <a href=\"http:\/\/olivamorosicristians.es\/es\/programa\/\">Llegir m\u00e9s<\/a>\r\n        <\/p>\r\n            <\/div>\r\n<\/div><\/div><\/div><div class=\"col col-4 m-padding text-center\" style=\"z-index:50;background-color:rgba(0,0,0,0.15)\">\r\n    <div class=\"col-inner\"><div class=\"w-info-box w-medium w-top w-none\">\r\n        <span class=\"w-icon\" style=\"color:#b7a074\">\r\n        <i class=\"sl-book-open\"><\/i>\r\n        <span class=\"w-border\" style=\"box-shadow: 3px 3px #b7a074\"><\/span>\r\n    <\/span>\r\n        <div class=\"w-content\">\r\n                <h4>Noticias<\/h4>\r\n                <p style=\"text-align: center;\">Los \u00faltimos acontecimientos<\/p>\n<p>&nbsp;<\/p>\n<p>&nbsp;<\/p>\n<p>&nbsp;<\/p>\n<p>&nbsp;<\/p>\n                <p class=\"w-read-more\">\r\n            <a href=\"http:\/\/olivamorosicristians.es\/es\/noticies\/\">Llegir m\u00e9s<\/a>\r\n        <\/p>\r\n            <\/div>\r\n<\/div><\/div><\/div><div class=\"col col-4 m-padding text-center\" style=\"z-index:50;background-color:rgba(0,0,0,0.1)\">\r\n    <div class=\"col-inner\"><div class=\"w-info-box w-medium w-top w-none\">\r\n        <span class=\"w-icon\" style=\"color:#b7a074\">\r\n        <i class=\"sl-camcorder\"><\/i>\r\n        <span class=\"w-border\" style=\"box-shadow: 3px 3px #b7a074\"><\/span>\r\n    <\/span>\r\n        <div class=\"w-content\">\r\n                <h4>Biblioteca de medios<\/h4>\r\n                <p>Registros<\/p>\n<p>&nbsp;<\/p>\n<p>&nbsp;<\/p>\n<p>&nbsp;<\/p>\n<p>&nbsp;<\/p>\n                <p class=\"w-read-more\">\r\n            <a href=\"http:\/\/olivamorosicristians.es\/es\/elements\/video-festa\/\">Llegir m\u00e9s<\/a>\r\n        <\/p>\r\n            <\/div>\r\n<\/div><\/div><\/div><\/div><\/section><section class=\"w-section w-full m-padding w-overlap-box\" style=\"left:-100px;z-index:50;background-color:#ffffff\">\r\n<div class=\"row w-align-middle w-row-flex\"><div class=\"col col-8 no-padding\">\r\n    <div class=\"col-inner\"><div class=\"w-space\" style=\"height:200px\"><\/div><div class=\"w-image text-left\">\n            <img loading=\"lazy\" decoding=\"async\" width=\"1680\" height=\"945\" src=\"https:\/\/i0.wp.com\/olivamorosicristians.es\/wp-content\/uploads\/2018\/06\/Carrecs.jpg?fit=1680%2C945&amp;ssl=1\" class=\"attachment-full size-full\" alt=\"\" srcset=\"https:\/\/i0.wp.com\/olivamorosicristians.es\/wp-content\/uploads\/2018\/06\/Carrecs.jpg?w=1680&amp;ssl=1 1680w, https:\/\/i0.wp.com\/olivamorosicristians.es\/wp-content\/uploads\/2018\/06\/Carrecs.jpg?resize=300%2C169&amp;ssl=1 300w, https:\/\/i0.wp.com\/olivamorosicristians.es\/wp-content\/uploads\/2018\/06\/Carrecs.jpg?resize=768%2C432&amp;ssl=1 768w, https:\/\/i0.wp.com\/olivamorosicristians.es\/wp-content\/uploads\/2018\/06\/Carrecs.jpg?resize=1024%2C576&amp;ssl=1 1024w, https:\/\/i0.wp.com\/olivamorosicristians.es\/wp-content\/uploads\/2018\/06\/Carrecs.jpg?resize=960%2C540&amp;ssl=1 960w, https:\/\/i0.wp.com\/olivamorosicristians.es\/wp-content\/uploads\/2018\/06\/Carrecs.jpg?resize=640%2C360&amp;ssl=1 640w, https:\/\/i0.wp.com\/olivamorosicristians.es\/wp-content\/uploads\/2018\/06\/Carrecs.jpg?resize=1280%2C720&amp;ssl=1 1280w\" sizes=\"auto, (max-width: 1170px) 100vw, 1170px\" data-attachment-id=\"7462\" data-permalink=\"https:\/\/olivamorosicristians.es\/es\/carrecs-festers\/carrecs\/\" data-orig-file=\"https:\/\/i0.wp.com\/olivamorosicristians.es\/wp-content\/uploads\/2018\/06\/Carrecs.jpg?fit=1680%2C945&amp;ssl=1\" data-orig-size=\"1680,945\" data-comments-opened=\"0\" data-image-meta=\"{&quot;aperture&quot;:&quot;5.6&quot;,&quot;credit&quot;:&quot;&quot;,&quot;camera&quot;:&quot;Canon EOS 300D DIGITAL&quot;,&quot;caption&quot;:&quot;&quot;,&quot;created_timestamp&quot;:&quot;1216447330&quot;,&quot;copyright&quot;:&quot;&quot;,&quot;focal_length&quot;:&quot;55&quot;,&quot;iso&quot;:&quot;100&quot;,&quot;shutter_speed&quot;:&quot;0.02&quot;,&quot;title&quot;:&quot;&quot;,&quot;orientation&quot;:&quot;1&quot;}\" data-image-title=\"Carrecs\" data-image-description=\"\" data-image-caption=\"\" data-large-file=\"https:\/\/i0.wp.com\/olivamorosicristians.es\/wp-content\/uploads\/2018\/06\/Carrecs.jpg?fit=1024%2C576&amp;ssl=1\" \/>    <\/div>\n<\/div><\/div><div class=\"col col-4 no-padding w-overlap-box\" style=\"left:-100px;z-index:50\">\r\n    <div class=\"col-inner\"><div class=\"w-space\" style=\"height:40px\"><\/div><div class=\"w-heading heading-1 text-left\">\r\n         \r\n    <span class=\"subheading\">Capitanes y Embajadores<\/span>         \r\n    <h2 class=\"heading-title\" style=\"color:rgba(221,221,221,0.8)\">Los Cargos<\/h2>            <\/div><div class=\"w-space\" style=\"height:20px\"><\/div><a class=\"w-button large vc_custom_1562613747070\" style=\"border-color:#000000;background-color:#000000;;color:#ffffff\" href=\"http:\/\/olivamorosicristians.es\/es\/carrecs-festers\/\" title=\"Cargos festeros\">\r\n    <span>VER M\u00c1S<\/span>\r\n<\/a><div class=\"w-space\" style=\"height:20px\"><\/div><\/div><\/div><\/div><\/section><section class=\"w-section\">\r\n<div class=\"row\"><div class=\"col col-12 text-center\">\r\n    <div class=\"col-inner\"><div class=\"w-space\" style=\"height:150px\"><\/div><div class=\"w-separator no-text text-center\" style=\"color:#b7a074;width:80%\">\r\n    <span class=\"w-border-left\" style=\"border-top-width:5px;border-color:#b7a074\"><\/span>\r\n    <span class=\"w-text\">\r\n                            <\/span>\r\n    <span class=\"w-border-right\" style=\"border-top-width:5px;border-color:#b7a074\"><\/span>\r\n<\/div><div class=\"w-space\" style=\"height:150px\"><\/div><div class=\"w-heading heading-1 text-center\">\r\n         \r\n    <p class=\"subheading\" style=\"color:#000000\">Disfrute de<\/p>         \r\n    <h1 class=\"heading-title\" style=\"color:#b7a074\">La Fiesta<\/h1>            <\/div><div class=\"w-space\" style=\"height:30px\"><\/div><div class=\"w-heading heading-4 text-center\">\r\n             \r\n    <h2 class=\"heading-title\" style=\"color:#000000\">La federaci\u00f3n<\/h2>         \r\n    <span class=\"subheading\" style=\"color:#b7a074\">Siempre contigo<\/span>        <\/div><div class=\"w-space\" style=\"height:30px\"><\/div><a class=\"w-button vc_custom_1530721856005\" style=\"border-color:#000000;background-color:#000000;\" href=\"http:\/\/olivamorosicristians.es\/es\/contacte\/\">\r\n    <span>Contactanos<\/span>\r\n<\/a><\/div><\/div><\/div><\/section><section class=\"w-section\">\r\n<div class=\"row\"><div class=\"col col-12\">\r\n    <div class=\"col-inner\"><div  class=\"wpb_widgetised_column wpb_content_element\">\n\t\t<div class=\"wpb_wrapper\">\n\t\t\t\n\t\t\t<div class=\"widget widget_eu_cookie_law_widget\">\n<div\n\tclass=\"hide-on-button negative\"\n\tdata-hide-timeout=\"30\"\n\tdata-consent-expiration=\"180\"\n\tid=\"eu-cookie-law\"\n>\n\t<form method=\"post\" id=\"jetpack-eu-cookie-law-form\" action=\"\">\n\t\t<input type=\"submit\" value=\"Tancar i aceptar\" class=\"accept\" \/>\n\t<input type=\"hidden\" name=\"trp-form-language\" value=\"es\"\/><\/form>\n\n\tUtilitzem cookies pr\u00f2pies i de tercers per millorar els nostres serveis i mostrar publicitat relacionada amb les seves prefer\u00e8ncies mitjan\u00e7ant l&#039;an\u00e0lisi dels seus h\u00e0bits de navegaci\u00f3. Si continua navegant, considerem que accepta el seu \u00fas. Podeu obtenir m\u00e9s informaci\u00f3, o b\u00e9 con\u00e8ixer com canviar la configuraci\u00f3 del seu navegador en la nostra Pol\u00edtica de Cookies.\n\t\t<a href=\"http:\/\/olivamorosicristians.es\/es\/privacitat\/\" rel=\"\">\n\t\tCookies i Pivacitat\t<\/a>\n<\/div>\n<\/div>\n\t\t<\/div>\n\t<\/div>\n<\/div><\/div><\/div><\/section>","protected":false},"excerpt":{"rendered":"Hist\u00f2ria Antecedents a la Festa LLEGIR M\u00c9S Oliva \u00e9s una ciutat costanera, que actualment compta amb una poblaci\u00f3 de 25.789 habitants. La primera vegada que es celebraren festes de moros i cristians fou en 1921, i ho feren en honor al Sant\u00edssim Crist de Sant Roc. Anomenada Awriba durant l'etapa musulmana de dominaci\u00f3 de C\u00f2rdova [...]","protected":false},"author":1,"featured_media":0,"parent":0,"menu_order":1,"comment_status":"closed","ping_status":"closed","template":"","meta":{"jetpack_post_was_ever_published":false,"footnotes":""},"class_list":["post-2262","page","type-page","status-publish","hentry"],"yoast_head":"<!-- This site is optimized with the Yoast SEO plugin v27.4 - https:\/\/yoast.com\/product\/yoast-seo-wordpress\/ -->\n<title>Inici - Moros i Cristians Oliva<\/title>\n<meta name=\"description\" content=\"A Oliva la Festa de Moros i Cristians ja t\u00e9 una trajectoria dins de la nostra comarca i \u00e9s sense dubte la de m\u00e9s solera i una festa divertida i consolidada\" \/>\n<meta name=\"robots\" content=\"index, follow, max-snippet:-1, max-image-preview:large, max-video-preview:-1\" \/>\n<link rel=\"canonical\" href=\"https:\/\/olivamorosicristians.es\/es\/\" \/>\n<meta property=\"og:locale\" content=\"es_ES\" \/>\n<meta property=\"og:type\" content=\"article\" \/>\n<meta property=\"og:title\" content=\"Inici - Moros i Cristians Oliva\" \/>\n<meta property=\"og:description\" content=\"A Oliva la Festa de Moros i Cristians ja t\u00e9 una trajectoria dins de la nostra comarca i \u00e9s sense dubte la de m\u00e9s solera i una festa divertida i consolidada\" \/>\n<meta property=\"og:url\" content=\"https:\/\/olivamorosicristians.es\/es\/\" \/>\n<meta property=\"og:site_name\" content=\"Moros i Cristians Oliva\" \/>\n<meta property=\"article:publisher\" content=\"https:\/\/www.facebook.com\/federaciodemorosicristiansdoliva\/\" \/>\n<meta property=\"article:modified_time\" content=\"2026-04-22T16:09:23+00:00\" \/>\n<meta name=\"twitter:card\" content=\"summary_large_image\" \/>\n<meta name=\"twitter:label1\" content=\"Tiempo de lectura\" \/>\n\t<meta name=\"twitter:data1\" content=\"6 minutos\" \/>\n<script type=\"application\/ld+json\" class=\"yoast-schema-graph\">{\"@context\":\"https:\\\/\\\/schema.org\",\"@graph\":[{\"@type\":\"WebPage\",\"@id\":\"https:\\\/\\\/olivamorosicristians.es\\\/\",\"url\":\"https:\\\/\\\/olivamorosicristians.es\\\/\",\"name\":\"Inici - Moros i Cristians Oliva\",\"isPartOf\":{\"@id\":\"https:\\\/\\\/olivamorosicristians.es\\\/#website\"},\"datePublished\":\"2016-01-22T06:40:01+00:00\",\"dateModified\":\"2026-04-22T16:09:23+00:00\",\"description\":\"A Oliva la Festa de Moros i Cristians ja t\u00e9 una trajectoria dins de la nostra comarca i \u00e9s sense dubte la de m\u00e9s solera i una festa divertida i consolidada\",\"breadcrumb\":{\"@id\":\"https:\\\/\\\/olivamorosicristians.es\\\/#breadcrumb\"},\"inLanguage\":\"es\",\"potentialAction\":[{\"@type\":\"ReadAction\",\"target\":[\"https:\\\/\\\/olivamorosicristians.es\\\/\"]}]},{\"@type\":\"BreadcrumbList\",\"@id\":\"https:\\\/\\\/olivamorosicristians.es\\\/#breadcrumb\",\"itemListElement\":[{\"@type\":\"ListItem\",\"position\":1,\"name\":\"Portada\",\"item\":\"https:\\\/\\\/olivamorosicristians.es\\\/\"},{\"@type\":\"ListItem\",\"position\":2,\"name\":\"Inici\"}]},{\"@type\":\"WebSite\",\"@id\":\"https:\\\/\\\/olivamorosicristians.es\\\/#website\",\"url\":\"https:\\\/\\\/olivamorosicristians.es\\\/\",\"name\":\"Moros i Cristians Oliva\",\"description\":\"FMCO\",\"publisher\":{\"@id\":\"https:\\\/\\\/olivamorosicristians.es\\\/#organization\"},\"potentialAction\":[{\"@type\":\"SearchAction\",\"target\":{\"@type\":\"EntryPoint\",\"urlTemplate\":\"https:\\\/\\\/olivamorosicristians.es\\\/?s={search_term_string}\"},\"query-input\":{\"@type\":\"PropertyValueSpecification\",\"valueRequired\":true,\"valueName\":\"search_term_string\"}}],\"inLanguage\":\"es\"},{\"@type\":\"Organization\",\"@id\":\"https:\\\/\\\/olivamorosicristians.es\\\/#organization\",\"name\":\"Federaci\u00f3 de Moros i Cristians - Oliva\",\"url\":\"https:\\\/\\\/olivamorosicristians.es\\\/\",\"logo\":{\"@type\":\"ImageObject\",\"inLanguage\":\"es\",\"@id\":\"https:\\\/\\\/olivamorosicristians.es\\\/#\\\/schema\\\/logo\\\/image\\\/\",\"url\":\"https:\\\/\\\/i2.wp.com\\\/olivamorosicristians.es\\\/wp-content\\\/uploads\\\/2018\\\/06\\\/Icon_FMiCO.png?fit=50%2C50&ssl=1\",\"contentUrl\":\"https:\\\/\\\/i2.wp.com\\\/olivamorosicristians.es\\\/wp-content\\\/uploads\\\/2018\\\/06\\\/Icon_FMiCO.png?fit=50%2C50&ssl=1\",\"width\":50,\"height\":50,\"caption\":\"Federaci\u00f3 de Moros i Cristians - Oliva\"},\"image\":{\"@id\":\"https:\\\/\\\/olivamorosicristians.es\\\/#\\\/schema\\\/logo\\\/image\\\/\"},\"sameAs\":[\"https:\\\/\\\/www.facebook.com\\\/federaciodemorosicristiansdoliva\\\/\",\"https:\\\/\\\/www.instagram.com\\\/morosicristiansoliva\\\/?hl=es\"]}]}<\/script>\n<!-- \/ Yoast SEO plugin. -->","yoast_head_json":{"title":"Inici - Moros i Cristians Oliva","description":"A Oliva la Festa de Moros i Cristians ja t\u00e9 una trajectoria dins de la nostra comarca i \u00e9s sense dubte la de m\u00e9s solera i una festa divertida i consolidada","robots":{"index":"index","follow":"follow","max-snippet":"max-snippet:-1","max-image-preview":"max-image-preview:large","max-video-preview":"max-video-preview:-1"},"canonical":"https:\/\/olivamorosicristians.es\/es\/","og_locale":"es_ES","og_type":"article","og_title":"Inici - Moros i Cristians Oliva","og_description":"A Oliva la Festa de Moros i Cristians ja t\u00e9 una trajectoria dins de la nostra comarca i \u00e9s sense dubte la de m\u00e9s solera i una festa divertida i consolidada","og_url":"https:\/\/olivamorosicristians.es\/es\/","og_site_name":"Moros i Cristians Oliva","article_publisher":"https:\/\/www.facebook.com\/federaciodemorosicristiansdoliva\/","article_modified_time":"2026-04-22T16:09:23+00:00","twitter_card":"summary_large_image","twitter_misc":{"Tiempo de lectura":"6 minutos"},"schema":{"@context":"https:\/\/schema.org","@graph":[{"@type":"WebPage","@id":"https:\/\/olivamorosicristians.es\/","url":"https:\/\/olivamorosicristians.es\/","name":"Inici - Moros i Cristians Oliva","isPartOf":{"@id":"https:\/\/olivamorosicristians.es\/#website"},"datePublished":"2016-01-22T06:40:01+00:00","dateModified":"2026-04-22T16:09:23+00:00","description":"A Oliva la Festa de Moros i Cristians ja t\u00e9 una trajectoria dins de la nostra comarca i \u00e9s sense dubte la de m\u00e9s solera i una festa divertida i consolidada","breadcrumb":{"@id":"https:\/\/olivamorosicristians.es\/#breadcrumb"},"inLanguage":"es","potentialAction":[{"@type":"ReadAction","target":["https:\/\/olivamorosicristians.es\/"]}]},{"@type":"BreadcrumbList","@id":"https:\/\/olivamorosicristians.es\/#breadcrumb","itemListElement":[{"@type":"ListItem","position":1,"name":"Portada","item":"https:\/\/olivamorosicristians.es\/"},{"@type":"ListItem","position":2,"name":"Inici"}]},{"@type":"WebSite","@id":"https:\/\/olivamorosicristians.es\/#website","url":"https:\/\/olivamorosicristians.es\/","name":"Moros i Cristians Oliva","description":"FMCO","publisher":{"@id":"https:\/\/olivamorosicristians.es\/#organization"},"potentialAction":[{"@type":"SearchAction","target":{"@type":"EntryPoint","urlTemplate":"https:\/\/olivamorosicristians.es\/?s={search_term_string}"},"query-input":{"@type":"PropertyValueSpecification","valueRequired":true,"valueName":"search_term_string"}}],"inLanguage":"es"},{"@type":"Organization","@id":"https:\/\/olivamorosicristians.es\/#organization","name":"La Federaci\u00f3n de Moros y Cristianos de Oliva","url":"https:\/\/olivamorosicristians.es\/","logo":{"@type":"ImageObject","inLanguage":"es","@id":"https:\/\/olivamorosicristians.es\/#\/schema\/logo\/image\/","url":"https:\/\/i2.wp.com\/olivamorosicristians.es\/wp-content\/uploads\/2018\/06\/Icon_FMiCO.png?fit=50%2C50&ssl=1","contentUrl":"https:\/\/i2.wp.com\/olivamorosicristians.es\/wp-content\/uploads\/2018\/06\/Icon_FMiCO.png?fit=50%2C50&ssl=1","width":50,"height":50,"caption":"Federaci\u00f3 de Moros i Cristians - Oliva"},"image":{"@id":"https:\/\/olivamorosicristians.es\/#\/schema\/logo\/image\/"},"sameAs":["https:\/\/www.facebook.com\/federaciodemorosicristiansdoliva\/","https:\/\/www.instagram.com\/morosicristiansoliva\/?hl=es"]}]}},"jetpack_sharing_enabled":true,"jetpack_shortlink":"https:\/\/wp.me\/PagEx6-Au","jetpack-related-posts":[],"_links":{"self":[{"href":"https:\/\/olivamorosicristians.es\/es\/wp-json\/wp\/v2\/pages\/2262","targetHints":{"allow":["GET"]}}],"collection":[{"href":"https:\/\/olivamorosicristians.es\/es\/wp-json\/wp\/v2\/pages"}],"about":[{"href":"https:\/\/olivamorosicristians.es\/es\/wp-json\/wp\/v2\/types\/page"}],"author":[{"embeddable":true,"href":"https:\/\/olivamorosicristians.es\/es\/wp-json\/wp\/v2\/users\/1"}],"replies":[{"embeddable":true,"href":"https:\/\/olivamorosicristians.es\/es\/wp-json\/wp\/v2\/comments?post=2262"}],"version-history":[{"count":448,"href":"https:\/\/olivamorosicristians.es\/es\/wp-json\/wp\/v2\/pages\/2262\/revisions"}],"predecessor-version":[{"id":11935,"href":"https:\/\/olivamorosicristians.es\/es\/wp-json\/wp\/v2\/pages\/2262\/revisions\/11935"}],"wp:attachment":[{"href":"https:\/\/olivamorosicristians.es\/es\/wp-json\/wp\/v2\/media?parent=2262"}],"curies":[{"name":"wp","href":"https:\/\/api.w.org\/{rel}","templated":true}]}}