{"id":2232,"date":"2016-01-21T10:05:12","date_gmt":"2016-01-21T10:05:12","guid":{"rendered":"http:\/\/192.168.0.16\/overlap\/?page_id=2232"},"modified":"2024-01-15T20:41:30","modified_gmt":"2024-01-15T18:41:30","slug":"juntadegovern","status":"publish","type":"page","link":"https:\/\/olivamorosicristians.es\/es\/juntadegovern\/","title":{"rendered":"Junta de gobierno"},"content":{"rendered":"<section class=\"w-section\">\r\n<div class=\"row\"><div class=\"col col-12\">\r\n    <div class=\"col-inner\"><div class=\"w-space\" style=\"height:50px\"><\/div><div class=\"w-team-slider\">\r\n    <div  class=\"w-grid-layout grid-4-cols clear\">\r\n                <div class=\"team-member col-3\">\r\n            <a href=\"#team-member-20-7651\"><\/a><div class=\"cover-image\"><img loading=\"lazy\" decoding=\"async\" width=\"600\" height=\"800\" src=\"https:\/\/i0.wp.com\/olivamorosicristians.es\/wp-content\/uploads\/2020\/01\/Luis-Gregori.jpg?resize=600%2C800&amp;ssl=1\" class=\"attachment-overlap-portrait-medium size-overlap-portrait-medium\" alt=\"\" srcset=\"https:\/\/i0.wp.com\/olivamorosicristians.es\/wp-content\/uploads\/2020\/01\/Luis-Gregori.jpg?w=768&amp;ssl=1 768w, https:\/\/i0.wp.com\/olivamorosicristians.es\/wp-content\/uploads\/2020\/01\/Luis-Gregori.jpg?resize=225%2C300&amp;ssl=1 225w, https:\/\/i0.wp.com\/olivamorosicristians.es\/wp-content\/uploads\/2020\/01\/Luis-Gregori.jpg?resize=9%2C12&amp;ssl=1 9w, https:\/\/i0.wp.com\/olivamorosicristians.es\/wp-content\/uploads\/2020\/01\/Luis-Gregori.jpg?resize=600%2C800&amp;ssl=1 600w, https:\/\/i0.wp.com\/olivamorosicristians.es\/wp-content\/uploads\/2020\/01\/Luis-Gregori.jpg?resize=640%2C853&amp;ssl=1 640w\" sizes=\"auto, (max-width: 600px) 100vw, 600px\" data-attachment-id=\"11481\" data-permalink=\"https:\/\/olivamorosicristians.es\/es\/team-member\/oscar-prieto-2\/luis-gregori\/\" data-orig-file=\"https:\/\/i0.wp.com\/olivamorosicristians.es\/wp-content\/uploads\/2020\/01\/Luis-Gregori.jpg?fit=768%2C1024&amp;ssl=1\" data-orig-size=\"768,1024\" data-comments-opened=\"0\" data-image-meta=\"{&quot;aperture&quot;:&quot;0&quot;,&quot;credit&quot;:&quot;&quot;,&quot;camera&quot;:&quot;&quot;,&quot;caption&quot;:&quot;&quot;,&quot;created_timestamp&quot;:&quot;0&quot;,&quot;copyright&quot;:&quot;&quot;,&quot;focal_length&quot;:&quot;0&quot;,&quot;iso&quot;:&quot;0&quot;,&quot;shutter_speed&quot;:&quot;0&quot;,&quot;title&quot;:&quot;&quot;,&quot;orientation&quot;:&quot;0&quot;}\" data-image-title=\"Luis Gregori\" data-image-description=\"\" data-image-caption=\"\" data-large-file=\"https:\/\/i0.wp.com\/olivamorosicristians.es\/wp-content\/uploads\/2020\/01\/Luis-Gregori.jpg?fit=768%2C1024&amp;ssl=1\" \/><\/div>                        <div class=\"member-name\">\r\n                <h3>\r\n                    <span>L<\/span>             \r\n                    Luis Gregori                <\/h3>\r\n                <h4>El presidente<\/h4>\r\n                <p class=\"social-link\"><\/p>            <\/div>\r\n                        <div id=\"team-member-20-7651\" class=\"popup-content\">\r\n                <div class=\"member-content clear\">\r\n                    <div class=\"member-detail\">\r\n                        <div class=\"row\">\r\n                                                        <div class=\"col col-4\">\r\n                                <div class=\"member-image\"><img loading=\"lazy\" decoding=\"async\" width=\"600\" height=\"800\" src=\"https:\/\/i0.wp.com\/olivamorosicristians.es\/wp-content\/uploads\/2020\/01\/Luis-Gregori.jpg?resize=600%2C800&amp;ssl=1\" class=\"attachment-overlap-portrait-medium size-overlap-portrait-medium\" alt=\"\" srcset=\"https:\/\/i0.wp.com\/olivamorosicristians.es\/wp-content\/uploads\/2020\/01\/Luis-Gregori.jpg?w=768&amp;ssl=1 768w, https:\/\/i0.wp.com\/olivamorosicristians.es\/wp-content\/uploads\/2020\/01\/Luis-Gregori.jpg?resize=225%2C300&amp;ssl=1 225w, https:\/\/i0.wp.com\/olivamorosicristians.es\/wp-content\/uploads\/2020\/01\/Luis-Gregori.jpg?resize=9%2C12&amp;ssl=1 9w, https:\/\/i0.wp.com\/olivamorosicristians.es\/wp-content\/uploads\/2020\/01\/Luis-Gregori.jpg?resize=600%2C800&amp;ssl=1 600w, https:\/\/i0.wp.com\/olivamorosicristians.es\/wp-content\/uploads\/2020\/01\/Luis-Gregori.jpg?resize=640%2C853&amp;ssl=1 640w\" sizes=\"auto, (max-width: 600px) 100vw, 600px\" data-attachment-id=\"11481\" data-permalink=\"https:\/\/olivamorosicristians.es\/es\/team-member\/oscar-prieto-2\/luis-gregori\/\" data-orig-file=\"https:\/\/i0.wp.com\/olivamorosicristians.es\/wp-content\/uploads\/2020\/01\/Luis-Gregori.jpg?fit=768%2C1024&amp;ssl=1\" data-orig-size=\"768,1024\" data-comments-opened=\"0\" data-image-meta=\"{&quot;aperture&quot;:&quot;0&quot;,&quot;credit&quot;:&quot;&quot;,&quot;camera&quot;:&quot;&quot;,&quot;caption&quot;:&quot;&quot;,&quot;created_timestamp&quot;:&quot;0&quot;,&quot;copyright&quot;:&quot;&quot;,&quot;focal_length&quot;:&quot;0&quot;,&quot;iso&quot;:&quot;0&quot;,&quot;shutter_speed&quot;:&quot;0&quot;,&quot;title&quot;:&quot;&quot;,&quot;orientation&quot;:&quot;0&quot;}\" data-image-title=\"Luis Gregori\" data-image-description=\"\" data-image-caption=\"\" data-large-file=\"https:\/\/i0.wp.com\/olivamorosicristians.es\/wp-content\/uploads\/2020\/01\/Luis-Gregori.jpg?fit=768%2C1024&amp;ssl=1\" \/><\/div>   \r\n                            <\/div>                             \r\n                                                        \r\n                            <div class=\"col col-8\">\r\n                                <h3>Luis Gregori<\/h3>\r\n                                <h4 class=\"member-meta\">El presidente<\/h4>\r\n                                <p class=\"social-link\"><\/p>                                <div class=\"member-desc\"><p class=\"p2\">Luis Gregori Garcia (nascut en 1977) representa l'ess\u00e8ncia de les festes de Moros i Cristians d'Oliva: passi\u00f3, diversi\u00f3, comprom\u00eds i una dedicaci\u00f3 incansable. Membre de la Fil\u00e0 Tuareg des de 1996, la seua connexi\u00f3 formal amb la Festa va comen\u00e7ar fins i tot abans, en 1995, al costat de la Fil\u00e0 Corsaris, i des de llavors no ha deixat de viure cada moment amb intensitat i entrega.<\/p>\r\n<p class=\"p2\">La seua traject\u00f2ria festera parla per si mateixa. En 2006, va assumir la presid\u00e8ncia de la Fil\u00e0 Tuareg i, al llarg dels anys, ha sigut un actiu col\u00b7laborador de la Junta de Moros i Cristians d\u2019Oliva, de la qual ha estat membre en quatre ocasions, exercint diverses responsabilitats. El seu comprom\u00eds, no obstant aix\u00f2, va molt m\u00e9s enll\u00e0 dels c\u00e0rrecs oficials, perqu\u00e8 sempre est\u00e0 disponible per a qualsevol tasca que la seua fil\u00e0 o la Federaci\u00f3 necessiten.<\/p>\r\n<p class=\"p2\">Cap de l\u2019Esquadra de les \u201cAnques Engolides\u201d, en 2017 va aconseguir un dels seus majors anhels: ser Capit\u00e0 del B\u00e0ndol Moro, un honor que va compartir amb el poble d'Oliva, la seua fam\u00edlia i la seua fil\u00e0, amb orgull i emoci\u00f3. Una de les seues vocacions \u00e9s transmetre el seu amor per cada aspecte de la Festa, des de la m\u00fasica i les entrades fins al valor de la germanor entre tots els festers i festeres.<\/p>\r\n<p class=\"p2\">Com a president de la Federaci\u00f3 de Moros i Cristians d'Oliva, ha assumit el repte de formar un equip comprom\u00e9s amb el present i el futur de la Festa. Amb gran il\u00b7lusi\u00f3 i esperit de servici, treballar\u00e0 per a millorar-la, enfortir la tradici\u00f3 festera i portar-la a noves generacions, assegurant que la seua ess\u00e8ncia perdure i continue sent motiu d'orgull per a totes les persones d\u2019Oliva, i tamb\u00e9 per al conjunt de valencianes i valencians.<\/p>\r\n<span style=\"font-family: Montserrat, serif\"><span style=\"font-size: small\">\u00a0<\/span><\/span><\/div>\r\n                            <\/div>\r\n                        <\/div>\r\n                    <\/div>                    \r\n                <\/div>\r\n            <\/div>\r\n        <\/div>\r\n                <div class=\"team-member col-3\">\r\n            <a href=\"#team-member-20-7427\"><\/a><div class=\"cover-image\"><img loading=\"lazy\" decoding=\"async\" width=\"600\" height=\"800\" src=\"https:\/\/i0.wp.com\/olivamorosicristians.es\/wp-content\/uploads\/2020\/01\/Roman-Alemany.jpg?resize=600%2C800&amp;ssl=1\" class=\"attachment-overlap-portrait-medium size-overlap-portrait-medium\" alt=\"\" srcset=\"https:\/\/i0.wp.com\/olivamorosicristians.es\/wp-content\/uploads\/2020\/01\/Roman-Alemany.jpg?w=768&amp;ssl=1 768w, https:\/\/i0.wp.com\/olivamorosicristians.es\/wp-content\/uploads\/2020\/01\/Roman-Alemany.jpg?resize=225%2C300&amp;ssl=1 225w, https:\/\/i0.wp.com\/olivamorosicristians.es\/wp-content\/uploads\/2020\/01\/Roman-Alemany.jpg?resize=9%2C12&amp;ssl=1 9w, https:\/\/i0.wp.com\/olivamorosicristians.es\/wp-content\/uploads\/2020\/01\/Roman-Alemany.jpg?resize=600%2C800&amp;ssl=1 600w, https:\/\/i0.wp.com\/olivamorosicristians.es\/wp-content\/uploads\/2020\/01\/Roman-Alemany.jpg?resize=640%2C853&amp;ssl=1 640w\" sizes=\"auto, (max-width: 600px) 100vw, 600px\" data-attachment-id=\"11483\" data-permalink=\"https:\/\/olivamorosicristians.es\/es\/team-member\/vicent-llorca\/roman-alemany\/\" data-orig-file=\"https:\/\/i0.wp.com\/olivamorosicristians.es\/wp-content\/uploads\/2020\/01\/Roman-Alemany.jpg?fit=768%2C1024&amp;ssl=1\" data-orig-size=\"768,1024\" data-comments-opened=\"0\" data-image-meta=\"{&quot;aperture&quot;:&quot;0&quot;,&quot;credit&quot;:&quot;&quot;,&quot;camera&quot;:&quot;&quot;,&quot;caption&quot;:&quot;&quot;,&quot;created_timestamp&quot;:&quot;0&quot;,&quot;copyright&quot;:&quot;&quot;,&quot;focal_length&quot;:&quot;0&quot;,&quot;iso&quot;:&quot;0&quot;,&quot;shutter_speed&quot;:&quot;0&quot;,&quot;title&quot;:&quot;&quot;,&quot;orientation&quot;:&quot;0&quot;}\" data-image-title=\"Roman Alemany\" data-image-description=\"\" data-image-caption=\"\" data-large-file=\"https:\/\/i0.wp.com\/olivamorosicristians.es\/wp-content\/uploads\/2020\/01\/Roman-Alemany.jpg?fit=768%2C1024&amp;ssl=1\" \/><\/div>                        <div class=\"member-name\">\r\n                <h3>\r\n                    <span>R<\/span>             \r\n                    Roman Alemany                <\/h3>\r\n                <h4>El vicepresidente<\/h4>\r\n                <p class=\"social-link\"><\/p>            <\/div>\r\n                        <div id=\"team-member-20-7427\" class=\"popup-content\">\r\n                <div class=\"member-content clear\">\r\n                    <div class=\"member-detail\">\r\n                        <div class=\"row\">\r\n                                                        <div class=\"col col-4\">\r\n                                <div class=\"member-image\"><img loading=\"lazy\" decoding=\"async\" width=\"600\" height=\"800\" src=\"https:\/\/i0.wp.com\/olivamorosicristians.es\/wp-content\/uploads\/2020\/01\/Roman-Alemany.jpg?resize=600%2C800&amp;ssl=1\" class=\"attachment-overlap-portrait-medium size-overlap-portrait-medium\" alt=\"\" srcset=\"https:\/\/i0.wp.com\/olivamorosicristians.es\/wp-content\/uploads\/2020\/01\/Roman-Alemany.jpg?w=768&amp;ssl=1 768w, https:\/\/i0.wp.com\/olivamorosicristians.es\/wp-content\/uploads\/2020\/01\/Roman-Alemany.jpg?resize=225%2C300&amp;ssl=1 225w, https:\/\/i0.wp.com\/olivamorosicristians.es\/wp-content\/uploads\/2020\/01\/Roman-Alemany.jpg?resize=9%2C12&amp;ssl=1 9w, https:\/\/i0.wp.com\/olivamorosicristians.es\/wp-content\/uploads\/2020\/01\/Roman-Alemany.jpg?resize=600%2C800&amp;ssl=1 600w, https:\/\/i0.wp.com\/olivamorosicristians.es\/wp-content\/uploads\/2020\/01\/Roman-Alemany.jpg?resize=640%2C853&amp;ssl=1 640w\" sizes=\"auto, (max-width: 600px) 100vw, 600px\" data-attachment-id=\"11483\" data-permalink=\"https:\/\/olivamorosicristians.es\/es\/team-member\/vicent-llorca\/roman-alemany\/\" data-orig-file=\"https:\/\/i0.wp.com\/olivamorosicristians.es\/wp-content\/uploads\/2020\/01\/Roman-Alemany.jpg?fit=768%2C1024&amp;ssl=1\" data-orig-size=\"768,1024\" data-comments-opened=\"0\" data-image-meta=\"{&quot;aperture&quot;:&quot;0&quot;,&quot;credit&quot;:&quot;&quot;,&quot;camera&quot;:&quot;&quot;,&quot;caption&quot;:&quot;&quot;,&quot;created_timestamp&quot;:&quot;0&quot;,&quot;copyright&quot;:&quot;&quot;,&quot;focal_length&quot;:&quot;0&quot;,&quot;iso&quot;:&quot;0&quot;,&quot;shutter_speed&quot;:&quot;0&quot;,&quot;title&quot;:&quot;&quot;,&quot;orientation&quot;:&quot;0&quot;}\" data-image-title=\"Roman Alemany\" data-image-description=\"\" data-image-caption=\"\" data-large-file=\"https:\/\/i0.wp.com\/olivamorosicristians.es\/wp-content\/uploads\/2020\/01\/Roman-Alemany.jpg?fit=768%2C1024&amp;ssl=1\" \/><\/div>   \r\n                            <\/div>                             \r\n                                                        \r\n                            <div class=\"col col-8\">\r\n                                <h3>Roman Alemany<\/h3>\r\n                                <h4 class=\"member-meta\">El vicepresidente<\/h4>\r\n                                <p class=\"social-link\"><\/p>                                <div class=\"member-desc\"><p class=\"p1\">Forma part de les festes de Moros i Cristians d\u00b4Oliva des de l\u00b4any 2006, quan es va incorporar a la Fil\u00e0 Moriscos. Des del primer moment, ha segut un membre actiu dins de la fil\u00e0, participant en totes les activitats festives i desfilant amb l\u00b4esquadra Calam\u00f3 en la tradicional baixada de Loygorri.<\/p>\r\n<p class=\"p1\">A m\u00e9s, ha desenvolupat els papers de compromissari, vocal, encarregat de les filades i encarregat de la m\u00fasica de bandes dins de la fil\u00e0 Moriscos, aportant la seua dedicaci\u00f3 i contribuint en l\u00b4organitzaci\u00f3 i la cohesi\u00f3 de la fil\u00e0.<\/p>\r\n<p class=\"p1\">Ha ocupat diversos c\u00e0rrecs de responsabilitat al llarg de la seua traject\u00f2ria. Va ser vicepresident de la fil\u00e0 Moriscos l\u00b4any 2015 i recentment, amb la capitan\u00eda Moriscos 2024, ha finalitzat el seu c\u00e0rrec com a president Morisco 2023 i 2024, liderant i treballant per mantindre l\u00b4espirit d\u00b4unitat i tradici\u00f3 de la fil\u00e0.<\/p>\r\n<p class=\"p1\">Amb m\u00e9s de 18 anys d\u00b4experi\u00e8ncia festera, combina experi\u00e8ncia, passi\u00f3 i voluntat per continuar treballant pel futur i la projecci\u00f3 de les nostres festes de Moros i Cristians.<\/p><\/div>\r\n                            <\/div>\r\n                        <\/div>\r\n                    <\/div>                    \r\n                <\/div>\r\n            <\/div>\r\n        <\/div>\r\n                <div class=\"team-member col-3\">\r\n            <a href=\"#team-member-20-7468\"><\/a><div class=\"cover-image\"><img loading=\"lazy\" decoding=\"async\" width=\"450\" height=\"600\" src=\"https:\/\/i0.wp.com\/olivamorosicristians.es\/wp-content\/uploads\/2025\/03\/Raychel-Llopis-web.jpg?resize=450%2C600&amp;ssl=1\" class=\"attachment-overlap-portrait-medium size-overlap-portrait-medium\" alt=\"\" srcset=\"https:\/\/i0.wp.com\/olivamorosicristians.es\/wp-content\/uploads\/2025\/03\/Raychel-Llopis-web.jpg?w=450&amp;ssl=1 450w, https:\/\/i0.wp.com\/olivamorosicristians.es\/wp-content\/uploads\/2025\/03\/Raychel-Llopis-web.jpg?resize=225%2C300&amp;ssl=1 225w, https:\/\/i0.wp.com\/olivamorosicristians.es\/wp-content\/uploads\/2025\/03\/Raychel-Llopis-web.jpg?resize=9%2C12&amp;ssl=1 9w\" sizes=\"auto, (max-width: 450px) 100vw, 450px\" data-attachment-id=\"11623\" data-permalink=\"https:\/\/olivamorosicristians.es\/es\/raychel-llopis-web\/\" data-orig-file=\"https:\/\/i0.wp.com\/olivamorosicristians.es\/wp-content\/uploads\/2025\/03\/Raychel-Llopis-web.jpg?fit=450%2C600&amp;ssl=1\" data-orig-size=\"450,600\" data-comments-opened=\"0\" data-image-meta=\"{&quot;aperture&quot;:&quot;0&quot;,&quot;credit&quot;:&quot;&quot;,&quot;camera&quot;:&quot;&quot;,&quot;caption&quot;:&quot;&quot;,&quot;created_timestamp&quot;:&quot;0&quot;,&quot;copyright&quot;:&quot;&quot;,&quot;focal_length&quot;:&quot;0&quot;,&quot;iso&quot;:&quot;0&quot;,&quot;shutter_speed&quot;:&quot;0&quot;,&quot;title&quot;:&quot;&quot;,&quot;orientation&quot;:&quot;1&quot;}\" data-image-title=\"Raychel Llopis web\" data-image-description=\"\" data-image-caption=\"\" data-large-file=\"https:\/\/i0.wp.com\/olivamorosicristians.es\/wp-content\/uploads\/2025\/03\/Raychel-Llopis-web.jpg?fit=450%2C600&amp;ssl=1\" \/><\/div>                        <div class=\"member-name\">\r\n                <h3>\r\n                    <span>R<\/span>             \r\n                    Raychel Llopis                <\/h3>\r\n                <h4>La secretaria<\/h4>\r\n                <p class=\"social-link\"><\/p>            <\/div>\r\n                        <div id=\"team-member-20-7468\" class=\"popup-content\">\r\n                <div class=\"member-content clear\">\r\n                    <div class=\"member-detail\">\r\n                        <div class=\"row\">\r\n                                                        <div class=\"col col-4\">\r\n                                <div class=\"member-image\"><img loading=\"lazy\" decoding=\"async\" width=\"450\" height=\"600\" src=\"https:\/\/i0.wp.com\/olivamorosicristians.es\/wp-content\/uploads\/2025\/03\/Raychel-Llopis-web.jpg?resize=450%2C600&amp;ssl=1\" class=\"attachment-overlap-portrait-medium size-overlap-portrait-medium\" alt=\"\" srcset=\"https:\/\/i0.wp.com\/olivamorosicristians.es\/wp-content\/uploads\/2025\/03\/Raychel-Llopis-web.jpg?w=450&amp;ssl=1 450w, https:\/\/i0.wp.com\/olivamorosicristians.es\/wp-content\/uploads\/2025\/03\/Raychel-Llopis-web.jpg?resize=225%2C300&amp;ssl=1 225w, https:\/\/i0.wp.com\/olivamorosicristians.es\/wp-content\/uploads\/2025\/03\/Raychel-Llopis-web.jpg?resize=9%2C12&amp;ssl=1 9w\" sizes=\"auto, (max-width: 450px) 100vw, 450px\" data-attachment-id=\"11623\" data-permalink=\"https:\/\/olivamorosicristians.es\/es\/raychel-llopis-web\/\" data-orig-file=\"https:\/\/i0.wp.com\/olivamorosicristians.es\/wp-content\/uploads\/2025\/03\/Raychel-Llopis-web.jpg?fit=450%2C600&amp;ssl=1\" data-orig-size=\"450,600\" data-comments-opened=\"0\" data-image-meta=\"{&quot;aperture&quot;:&quot;0&quot;,&quot;credit&quot;:&quot;&quot;,&quot;camera&quot;:&quot;&quot;,&quot;caption&quot;:&quot;&quot;,&quot;created_timestamp&quot;:&quot;0&quot;,&quot;copyright&quot;:&quot;&quot;,&quot;focal_length&quot;:&quot;0&quot;,&quot;iso&quot;:&quot;0&quot;,&quot;shutter_speed&quot;:&quot;0&quot;,&quot;title&quot;:&quot;&quot;,&quot;orientation&quot;:&quot;1&quot;}\" data-image-title=\"Raychel Llopis web\" data-image-description=\"\" data-image-caption=\"\" data-large-file=\"https:\/\/i0.wp.com\/olivamorosicristians.es\/wp-content\/uploads\/2025\/03\/Raychel-Llopis-web.jpg?fit=450%2C600&amp;ssl=1\" \/><\/div>   \r\n                            <\/div>                             \r\n                                                        \r\n                            <div class=\"col col-8\">\r\n                                <h3>Raychel Llopis<\/h3>\r\n                                <h4 class=\"member-meta\">La secretaria<\/h4>\r\n                                <p class=\"social-link\"><\/p>                                <div class=\"member-desc\"><p class=\"p1\">Nascuda en 1982, alegre i comboianta com ning\u00fa.<\/p>\r\n<p class=\"p1\">En complir els 13 anys i admirant sempre els vestits de moros i cristians, decideix fer-se membre de la Fila Mud\u00e8jars on pertany fins a 2006, any en qu\u00e8 un bon amic ix d'ambaixador i decideix acompanyar-li fent-se membre de la Fil\u00e0 Marraquesh fins a dia de hui, on ha participat activament com a vicepresidenta en 2016-2017, presidenta en 2018-2020 i tresorera en 2023-2024, aprenent el funcionament de les festes.<\/p>\r\n<p class=\"p1\">Ara s'embarca en un viatge m\u00e9s emocionant i passa a ser secret\u00e0ria de la Federaci\u00f3 de Moros i Cristians d'Oliva<\/p><\/div>\r\n                            <\/div>\r\n                        <\/div>\r\n                    <\/div>                    \r\n                <\/div>\r\n            <\/div>\r\n        <\/div>\r\n                <div class=\"team-member col-3\">\r\n            <a href=\"#team-member-20-11435\"><\/a><div class=\"cover-image\"><img loading=\"lazy\" decoding=\"async\" width=\"600\" height=\"800\" src=\"https:\/\/i0.wp.com\/olivamorosicristians.es\/wp-content\/uploads\/2018\/01\/Monica-Mauri.jpg?resize=600%2C800&amp;ssl=1\" class=\"attachment-overlap-portrait-medium size-overlap-portrait-medium\" alt=\"\" srcset=\"https:\/\/i0.wp.com\/olivamorosicristians.es\/wp-content\/uploads\/2018\/01\/Monica-Mauri.jpg?w=768&amp;ssl=1 768w, https:\/\/i0.wp.com\/olivamorosicristians.es\/wp-content\/uploads\/2018\/01\/Monica-Mauri.jpg?resize=225%2C300&amp;ssl=1 225w, https:\/\/i0.wp.com\/olivamorosicristians.es\/wp-content\/uploads\/2018\/01\/Monica-Mauri.jpg?resize=9%2C12&amp;ssl=1 9w, https:\/\/i0.wp.com\/olivamorosicristians.es\/wp-content\/uploads\/2018\/01\/Monica-Mauri.jpg?resize=600%2C800&amp;ssl=1 600w, https:\/\/i0.wp.com\/olivamorosicristians.es\/wp-content\/uploads\/2018\/01\/Monica-Mauri.jpg?resize=640%2C853&amp;ssl=1 640w\" sizes=\"auto, (max-width: 600px) 100vw, 600px\" data-attachment-id=\"11487\" data-permalink=\"https:\/\/olivamorosicristians.es\/es\/team-member\/ignacio-pastor-mauri\/monica-mauri\/\" data-orig-file=\"https:\/\/i0.wp.com\/olivamorosicristians.es\/wp-content\/uploads\/2018\/01\/Monica-Mauri.jpg?fit=768%2C1024&amp;ssl=1\" data-orig-size=\"768,1024\" data-comments-opened=\"0\" data-image-meta=\"{&quot;aperture&quot;:&quot;0&quot;,&quot;credit&quot;:&quot;&quot;,&quot;camera&quot;:&quot;&quot;,&quot;caption&quot;:&quot;&quot;,&quot;created_timestamp&quot;:&quot;0&quot;,&quot;copyright&quot;:&quot;&quot;,&quot;focal_length&quot;:&quot;0&quot;,&quot;iso&quot;:&quot;0&quot;,&quot;shutter_speed&quot;:&quot;0&quot;,&quot;title&quot;:&quot;&quot;,&quot;orientation&quot;:&quot;0&quot;}\" data-image-title=\"Monica Mauri\" data-image-description=\"\" data-image-caption=\"\" data-large-file=\"https:\/\/i0.wp.com\/olivamorosicristians.es\/wp-content\/uploads\/2018\/01\/Monica-Mauri.jpg?fit=768%2C1024&amp;ssl=1\" \/><\/div>                        <div class=\"member-name\">\r\n                <h3>\r\n                    <span>M<\/span>             \r\n                    M\u00f2nica Maur\u00ed                <\/h3>\r\n                <h4>Vicesecretaria i arxivera<\/h4>\r\n                <p class=\"social-link\"><\/p>            <\/div>\r\n                        <div id=\"team-member-20-11435\" class=\"popup-content\">\r\n                <div class=\"member-content clear\">\r\n                    <div class=\"member-detail\">\r\n                        <div class=\"row\">\r\n                                                        <div class=\"col col-4\">\r\n                                <div class=\"member-image\"><img loading=\"lazy\" decoding=\"async\" width=\"600\" height=\"800\" src=\"https:\/\/i0.wp.com\/olivamorosicristians.es\/wp-content\/uploads\/2018\/01\/Monica-Mauri.jpg?resize=600%2C800&amp;ssl=1\" class=\"attachment-overlap-portrait-medium size-overlap-portrait-medium\" alt=\"\" srcset=\"https:\/\/i0.wp.com\/olivamorosicristians.es\/wp-content\/uploads\/2018\/01\/Monica-Mauri.jpg?w=768&amp;ssl=1 768w, https:\/\/i0.wp.com\/olivamorosicristians.es\/wp-content\/uploads\/2018\/01\/Monica-Mauri.jpg?resize=225%2C300&amp;ssl=1 225w, https:\/\/i0.wp.com\/olivamorosicristians.es\/wp-content\/uploads\/2018\/01\/Monica-Mauri.jpg?resize=9%2C12&amp;ssl=1 9w, https:\/\/i0.wp.com\/olivamorosicristians.es\/wp-content\/uploads\/2018\/01\/Monica-Mauri.jpg?resize=600%2C800&amp;ssl=1 600w, https:\/\/i0.wp.com\/olivamorosicristians.es\/wp-content\/uploads\/2018\/01\/Monica-Mauri.jpg?resize=640%2C853&amp;ssl=1 640w\" sizes=\"auto, (max-width: 600px) 100vw, 600px\" data-attachment-id=\"11487\" data-permalink=\"https:\/\/olivamorosicristians.es\/es\/team-member\/ignacio-pastor-mauri\/monica-mauri\/\" data-orig-file=\"https:\/\/i0.wp.com\/olivamorosicristians.es\/wp-content\/uploads\/2018\/01\/Monica-Mauri.jpg?fit=768%2C1024&amp;ssl=1\" data-orig-size=\"768,1024\" data-comments-opened=\"0\" data-image-meta=\"{&quot;aperture&quot;:&quot;0&quot;,&quot;credit&quot;:&quot;&quot;,&quot;camera&quot;:&quot;&quot;,&quot;caption&quot;:&quot;&quot;,&quot;created_timestamp&quot;:&quot;0&quot;,&quot;copyright&quot;:&quot;&quot;,&quot;focal_length&quot;:&quot;0&quot;,&quot;iso&quot;:&quot;0&quot;,&quot;shutter_speed&quot;:&quot;0&quot;,&quot;title&quot;:&quot;&quot;,&quot;orientation&quot;:&quot;0&quot;}\" data-image-title=\"Monica Mauri\" data-image-description=\"\" data-image-caption=\"\" data-large-file=\"https:\/\/i0.wp.com\/olivamorosicristians.es\/wp-content\/uploads\/2018\/01\/Monica-Mauri.jpg?fit=768%2C1024&amp;ssl=1\" \/><\/div>   \r\n                            <\/div>                             \r\n                                                        \r\n                            <div class=\"col col-8\">\r\n                                <h3>M\u00f2nica Maur\u00ed<\/h3>\r\n                                <h4 class=\"member-meta\">Vicesecretaria i arxivera<\/h4>\r\n                                <p class=\"social-link\"><\/p>                                <div class=\"member-desc\"><p class=\"p1\">M\u00f2nica Maur\u00ed Castell\u00f3, des de menuda va pert\u00e0nyer a la Fil\u00e0 Can\u00edbals , a on els seus pares eren components. Des d'aquell moment sent el sentiment de la festa,<span class=\"Apple-converted-space\">\u00a0 <\/span>cultura, patrimoni i hist\u00f2ria de la nostra festa.<\/p>\r\n<p class=\"p1\">En passar els anys,<span class=\"Apple-converted-space\">\u00a0 <\/span>es membre de la Fil\u00e0 Masers , en els seus inicis. I des de 1999 festera de la Fil\u00e0 Pirates oliva.<\/p>\r\n<p class=\"p1\">Sent membre de la junta gestora de federaci\u00f3 en 2016 . Presidenta de la Fil\u00e0 Pirates del 2015 fins el 2023.<\/p>\r\n<p class=\"p1\">Col.labora amb la federaci\u00f3 de Moros i Cristians i amb<span class=\"Apple-converted-space\">\u00a0 <\/span>diferents capitanies del b\u00e0ndol Moro ( t\u00e9 el seu cor dividit) .<\/p>\r\n<p class=\"p1\">Es d\u00f3na, filla i mare de grans festers . Amb el seu cor sempre estan la seva filada ( Fil\u00e0 pirates ) i la filada del seu pare ( Fil\u00e0 Marraqueix ) .<\/p>\r\n<p class=\"p1\">I com un gran fester li va dir : Festa que et parla al cor , cuida-la i abra\u00e7a-la.<\/p><\/div>\r\n                            <\/div>\r\n                        <\/div>\r\n                    <\/div>                    \r\n                <\/div>\r\n            <\/div>\r\n        <\/div>\r\n                <div class=\"team-member col-3\">\r\n            <a href=\"#team-member-20-7399\"><\/a><div class=\"cover-image\"><img loading=\"lazy\" decoding=\"async\" width=\"600\" height=\"800\" src=\"https:\/\/i0.wp.com\/olivamorosicristians.es\/wp-content\/uploads\/2016\/06\/David-Victoria.jpg?resize=600%2C800&amp;ssl=1\" class=\"attachment-overlap-portrait-medium size-overlap-portrait-medium\" alt=\"\" srcset=\"https:\/\/i0.wp.com\/olivamorosicristians.es\/wp-content\/uploads\/2016\/06\/David-Victoria.jpg?w=768&amp;ssl=1 768w, https:\/\/i0.wp.com\/olivamorosicristians.es\/wp-content\/uploads\/2016\/06\/David-Victoria.jpg?resize=225%2C300&amp;ssl=1 225w, https:\/\/i0.wp.com\/olivamorosicristians.es\/wp-content\/uploads\/2016\/06\/David-Victoria.jpg?resize=9%2C12&amp;ssl=1 9w, https:\/\/i0.wp.com\/olivamorosicristians.es\/wp-content\/uploads\/2016\/06\/David-Victoria.jpg?resize=600%2C800&amp;ssl=1 600w, https:\/\/i0.wp.com\/olivamorosicristians.es\/wp-content\/uploads\/2016\/06\/David-Victoria.jpg?resize=640%2C853&amp;ssl=1 640w\" sizes=\"auto, (max-width: 600px) 100vw, 600px\" data-attachment-id=\"11495\" data-permalink=\"https:\/\/olivamorosicristians.es\/es\/team-member\/lorena-ciscar-ramirez\/david-victoria\/\" data-orig-file=\"https:\/\/i0.wp.com\/olivamorosicristians.es\/wp-content\/uploads\/2016\/06\/David-Victoria.jpg?fit=768%2C1024&amp;ssl=1\" data-orig-size=\"768,1024\" data-comments-opened=\"0\" data-image-meta=\"{&quot;aperture&quot;:&quot;0&quot;,&quot;credit&quot;:&quot;&quot;,&quot;camera&quot;:&quot;&quot;,&quot;caption&quot;:&quot;&quot;,&quot;created_timestamp&quot;:&quot;0&quot;,&quot;copyright&quot;:&quot;&quot;,&quot;focal_length&quot;:&quot;0&quot;,&quot;iso&quot;:&quot;0&quot;,&quot;shutter_speed&quot;:&quot;0&quot;,&quot;title&quot;:&quot;&quot;,&quot;orientation&quot;:&quot;0&quot;}\" data-image-title=\"David Victoria\" data-image-description=\"\" data-image-caption=\"\" data-large-file=\"https:\/\/i0.wp.com\/olivamorosicristians.es\/wp-content\/uploads\/2016\/06\/David-Victoria.jpg?fit=768%2C1024&amp;ssl=1\" \/><\/div>                        <div class=\"member-name\">\r\n                <h3>\r\n                    <span>D<\/span>             \r\n                    David Victoria                <\/h3>\r\n                <h4>Tresorer<\/h4>\r\n                <p class=\"social-link\"><\/p>            <\/div>\r\n                        <div id=\"team-member-20-7399\" class=\"popup-content\">\r\n                <div class=\"member-content clear\">\r\n                    <div class=\"member-detail\">\r\n                        <div class=\"row\">\r\n                                                        <div class=\"col col-4\">\r\n                                <div class=\"member-image\"><img loading=\"lazy\" decoding=\"async\" width=\"600\" height=\"800\" src=\"https:\/\/i0.wp.com\/olivamorosicristians.es\/wp-content\/uploads\/2016\/06\/David-Victoria.jpg?resize=600%2C800&amp;ssl=1\" class=\"attachment-overlap-portrait-medium size-overlap-portrait-medium\" alt=\"\" srcset=\"https:\/\/i0.wp.com\/olivamorosicristians.es\/wp-content\/uploads\/2016\/06\/David-Victoria.jpg?w=768&amp;ssl=1 768w, https:\/\/i0.wp.com\/olivamorosicristians.es\/wp-content\/uploads\/2016\/06\/David-Victoria.jpg?resize=225%2C300&amp;ssl=1 225w, https:\/\/i0.wp.com\/olivamorosicristians.es\/wp-content\/uploads\/2016\/06\/David-Victoria.jpg?resize=9%2C12&amp;ssl=1 9w, https:\/\/i0.wp.com\/olivamorosicristians.es\/wp-content\/uploads\/2016\/06\/David-Victoria.jpg?resize=600%2C800&amp;ssl=1 600w, https:\/\/i0.wp.com\/olivamorosicristians.es\/wp-content\/uploads\/2016\/06\/David-Victoria.jpg?resize=640%2C853&amp;ssl=1 640w\" sizes=\"auto, (max-width: 600px) 100vw, 600px\" data-attachment-id=\"11495\" data-permalink=\"https:\/\/olivamorosicristians.es\/es\/team-member\/lorena-ciscar-ramirez\/david-victoria\/\" data-orig-file=\"https:\/\/i0.wp.com\/olivamorosicristians.es\/wp-content\/uploads\/2016\/06\/David-Victoria.jpg?fit=768%2C1024&amp;ssl=1\" data-orig-size=\"768,1024\" data-comments-opened=\"0\" data-image-meta=\"{&quot;aperture&quot;:&quot;0&quot;,&quot;credit&quot;:&quot;&quot;,&quot;camera&quot;:&quot;&quot;,&quot;caption&quot;:&quot;&quot;,&quot;created_timestamp&quot;:&quot;0&quot;,&quot;copyright&quot;:&quot;&quot;,&quot;focal_length&quot;:&quot;0&quot;,&quot;iso&quot;:&quot;0&quot;,&quot;shutter_speed&quot;:&quot;0&quot;,&quot;title&quot;:&quot;&quot;,&quot;orientation&quot;:&quot;0&quot;}\" data-image-title=\"David Victoria\" data-image-description=\"\" data-image-caption=\"\" data-large-file=\"https:\/\/i0.wp.com\/olivamorosicristians.es\/wp-content\/uploads\/2016\/06\/David-Victoria.jpg?fit=768%2C1024&amp;ssl=1\" \/><\/div>   \r\n                            <\/div>                             \r\n                                                        \r\n                            <div class=\"col col-8\">\r\n                                <h3>David Victoria<\/h3>\r\n                                <h4 class=\"member-meta\">Tresorer<\/h4>\r\n                                <p class=\"social-link\"><\/p>                                <div class=\"member-desc\"><p class=\"p1\">Nascut l'any 1981, va entrar a formar part de la festa al 2002 a la Fil\u00e0 Jaume I, formant part al poc de temps de la Junta i diverses comissions.<\/p>\r\n<p class=\"p1\">Des de 2019 que pertany a la fil\u00e0 Masers on \u00e9s Compromisari, Tresorer i persona molt activa dins de la seua Comparsa.<\/p>\r\n<p class=\"p1\">Actualment ostenta el c\u00e0rrec de Tresorer a la Junta FMICO.<\/p>\r\n&nbsp;<\/div>\r\n                            <\/div>\r\n                        <\/div>\r\n                    <\/div>                    \r\n                <\/div>\r\n            <\/div>\r\n        <\/div>\r\n                <div class=\"team-member col-3\">\r\n            <a href=\"#team-member-20-11433\"><\/a><div class=\"cover-image\"><img loading=\"lazy\" decoding=\"async\" width=\"600\" height=\"800\" src=\"https:\/\/i0.wp.com\/olivamorosicristians.es\/wp-content\/uploads\/2011\/01\/Gloria-Escriva-768x1024px.jpg?resize=600%2C800&amp;ssl=1\" class=\"attachment-overlap-portrait-medium size-overlap-portrait-medium\" alt=\"\" srcset=\"https:\/\/i0.wp.com\/olivamorosicristians.es\/wp-content\/uploads\/2011\/01\/Gloria-Escriva-768x1024px.jpg?w=768&amp;ssl=1 768w, https:\/\/i0.wp.com\/olivamorosicristians.es\/wp-content\/uploads\/2011\/01\/Gloria-Escriva-768x1024px.jpg?resize=225%2C300&amp;ssl=1 225w, https:\/\/i0.wp.com\/olivamorosicristians.es\/wp-content\/uploads\/2011\/01\/Gloria-Escriva-768x1024px.jpg?resize=600%2C800&amp;ssl=1 600w, https:\/\/i0.wp.com\/olivamorosicristians.es\/wp-content\/uploads\/2011\/01\/Gloria-Escriva-768x1024px.jpg?resize=640%2C853&amp;ssl=1 640w\" sizes=\"auto, (max-width: 600px) 100vw, 600px\" data-attachment-id=\"11430\" data-permalink=\"https:\/\/olivamorosicristians.es\/es\/gloria-escriva-768x1024px\/\" data-orig-file=\"https:\/\/i0.wp.com\/olivamorosicristians.es\/wp-content\/uploads\/2011\/01\/Gloria-Escriva-768x1024px.jpg?fit=768%2C1024&amp;ssl=1\" data-orig-size=\"768,1024\" data-comments-opened=\"0\" data-image-meta=\"{&quot;aperture&quot;:&quot;0&quot;,&quot;credit&quot;:&quot;&quot;,&quot;camera&quot;:&quot;&quot;,&quot;caption&quot;:&quot;&quot;,&quot;created_timestamp&quot;:&quot;0&quot;,&quot;copyright&quot;:&quot;&quot;,&quot;focal_length&quot;:&quot;0&quot;,&quot;iso&quot;:&quot;0&quot;,&quot;shutter_speed&quot;:&quot;0&quot;,&quot;title&quot;:&quot;&quot;,&quot;orientation&quot;:&quot;1&quot;}\" data-image-title=\"Gloria Escriva 768x1024px\" data-image-description=\"\" data-image-caption=\"\" data-large-file=\"https:\/\/i0.wp.com\/olivamorosicristians.es\/wp-content\/uploads\/2011\/01\/Gloria-Escriva-768x1024px.jpg?fit=768%2C1024&amp;ssl=1\" \/><\/div>                        <div class=\"member-name\">\r\n                <h3>\r\n                    <span>G<\/span>             \r\n                    Gloria Escriv\u00e0                <\/h3>\r\n                <h4>Protocol i premsa<\/h4>\r\n                <p class=\"social-link\"><\/p>            <\/div>\r\n                        <div id=\"team-member-20-11433\" class=\"popup-content\">\r\n                <div class=\"member-content clear\">\r\n                    <div class=\"member-detail\">\r\n                        <div class=\"row\">\r\n                                                        <div class=\"col col-4\">\r\n                                <div class=\"member-image\"><img loading=\"lazy\" decoding=\"async\" width=\"600\" height=\"800\" src=\"https:\/\/i0.wp.com\/olivamorosicristians.es\/wp-content\/uploads\/2011\/01\/Gloria-Escriva-768x1024px.jpg?resize=600%2C800&amp;ssl=1\" class=\"attachment-overlap-portrait-medium size-overlap-portrait-medium\" alt=\"\" srcset=\"https:\/\/i0.wp.com\/olivamorosicristians.es\/wp-content\/uploads\/2011\/01\/Gloria-Escriva-768x1024px.jpg?w=768&amp;ssl=1 768w, https:\/\/i0.wp.com\/olivamorosicristians.es\/wp-content\/uploads\/2011\/01\/Gloria-Escriva-768x1024px.jpg?resize=225%2C300&amp;ssl=1 225w, https:\/\/i0.wp.com\/olivamorosicristians.es\/wp-content\/uploads\/2011\/01\/Gloria-Escriva-768x1024px.jpg?resize=600%2C800&amp;ssl=1 600w, https:\/\/i0.wp.com\/olivamorosicristians.es\/wp-content\/uploads\/2011\/01\/Gloria-Escriva-768x1024px.jpg?resize=640%2C853&amp;ssl=1 640w\" sizes=\"auto, (max-width: 600px) 100vw, 600px\" data-attachment-id=\"11430\" data-permalink=\"https:\/\/olivamorosicristians.es\/es\/gloria-escriva-768x1024px\/\" data-orig-file=\"https:\/\/i0.wp.com\/olivamorosicristians.es\/wp-content\/uploads\/2011\/01\/Gloria-Escriva-768x1024px.jpg?fit=768%2C1024&amp;ssl=1\" data-orig-size=\"768,1024\" data-comments-opened=\"0\" data-image-meta=\"{&quot;aperture&quot;:&quot;0&quot;,&quot;credit&quot;:&quot;&quot;,&quot;camera&quot;:&quot;&quot;,&quot;caption&quot;:&quot;&quot;,&quot;created_timestamp&quot;:&quot;0&quot;,&quot;copyright&quot;:&quot;&quot;,&quot;focal_length&quot;:&quot;0&quot;,&quot;iso&quot;:&quot;0&quot;,&quot;shutter_speed&quot;:&quot;0&quot;,&quot;title&quot;:&quot;&quot;,&quot;orientation&quot;:&quot;1&quot;}\" data-image-title=\"Gloria Escriva 768x1024px\" data-image-description=\"\" data-image-caption=\"\" data-large-file=\"https:\/\/i0.wp.com\/olivamorosicristians.es\/wp-content\/uploads\/2011\/01\/Gloria-Escriva-768x1024px.jpg?fit=768%2C1024&amp;ssl=1\" \/><\/div>   \r\n                            <\/div>                             \r\n                                                        \r\n                            <div class=\"col col-8\">\r\n                                <h3>Gloria Escriv\u00e0<\/h3>\r\n                                <h4 class=\"member-meta\">Protocol i premsa<\/h4>\r\n                                <p class=\"social-link\"><\/p>                                <div class=\"member-desc\"><p style=\"text-align: left\">Naci\u00f3 en el a\u00f1o 1993, es parte de la filada tuareg a partir del a\u00f1o 2013.<\/p>\r\n<p style=\"text-align: left\">Siempre ha estado involucrado en la filada, participando en las diferentes tareas. En el a\u00f1o 2022 fue elegido presidente para las fiestas de 2023.<\/p>\r\n<p style=\"text-align: left\">Parte de la flota En Amirat desde 2017 y fue lanzado en el a\u00f1o 2022 como el jefe de polic\u00eda de la misma.<\/p>\r\n<p style=\"text-align: left\">Desde el a\u00f1o 2024 es parte de la Federaci\u00f3n de Moros y Cristianos, en el \u00e1rea de protocolo.<\/p><\/div>\r\n                            <\/div>\r\n                        <\/div>\r\n                    <\/div>                    \r\n                <\/div>\r\n            <\/div>\r\n        <\/div>\r\n                <div class=\"team-member col-3\">\r\n            <a href=\"#team-member-20-9564\"><\/a><div class=\"cover-image\"><img loading=\"lazy\" decoding=\"async\" width=\"600\" height=\"800\" src=\"https:\/\/i0.wp.com\/olivamorosicristians.es\/wp-content\/uploads\/2016\/01\/Montilla_web-junta.jpg?resize=600%2C800&amp;ssl=1\" class=\"attachment-overlap-portrait-medium size-overlap-portrait-medium\" alt=\"\" srcset=\"https:\/\/i0.wp.com\/olivamorosicristians.es\/wp-content\/uploads\/2016\/01\/Montilla_web-junta.jpg?w=768&amp;ssl=1 768w, https:\/\/i0.wp.com\/olivamorosicristians.es\/wp-content\/uploads\/2016\/01\/Montilla_web-junta.jpg?resize=225%2C300&amp;ssl=1 225w, https:\/\/i0.wp.com\/olivamorosicristians.es\/wp-content\/uploads\/2016\/01\/Montilla_web-junta.jpg?resize=9%2C12&amp;ssl=1 9w, https:\/\/i0.wp.com\/olivamorosicristians.es\/wp-content\/uploads\/2016\/01\/Montilla_web-junta.jpg?resize=600%2C800&amp;ssl=1 600w, https:\/\/i0.wp.com\/olivamorosicristians.es\/wp-content\/uploads\/2016\/01\/Montilla_web-junta.jpg?resize=640%2C853&amp;ssl=1 640w\" sizes=\"auto, (max-width: 600px) 100vw, 600px\" data-attachment-id=\"11836\" data-permalink=\"https:\/\/olivamorosicristians.es\/es\/team-member\/lorena-ciscar\/montilla_web-junta\/\" data-orig-file=\"https:\/\/i0.wp.com\/olivamorosicristians.es\/wp-content\/uploads\/2016\/01\/Montilla_web-junta.jpg?fit=768%2C1024&amp;ssl=1\" data-orig-size=\"768,1024\" data-comments-opened=\"0\" data-image-meta=\"{&quot;aperture&quot;:&quot;0&quot;,&quot;credit&quot;:&quot;&quot;,&quot;camera&quot;:&quot;&quot;,&quot;caption&quot;:&quot;&quot;,&quot;created_timestamp&quot;:&quot;0&quot;,&quot;copyright&quot;:&quot;&quot;,&quot;focal_length&quot;:&quot;0&quot;,&quot;iso&quot;:&quot;0&quot;,&quot;shutter_speed&quot;:&quot;0&quot;,&quot;title&quot;:&quot;&quot;,&quot;orientation&quot;:&quot;0&quot;}\" data-image-title=\"Montilla_web junta\" data-image-description=\"\" data-image-caption=\"\" data-large-file=\"https:\/\/i0.wp.com\/olivamorosicristians.es\/wp-content\/uploads\/2016\/01\/Montilla_web-junta.jpg?fit=768%2C1024&amp;ssl=1\" \/><\/div>                        <div class=\"member-name\">\r\n                <h3>\r\n                    <span>A<\/span>             \r\n                    Alejandro Montilla                <\/h3>\r\n                <h4>Contractaci\u00f3<\/h4>\r\n                <p class=\"social-link\"><\/p>            <\/div>\r\n                        <div id=\"team-member-20-9564\" class=\"popup-content\">\r\n                <div class=\"member-content clear\">\r\n                    <div class=\"member-detail\">\r\n                        <div class=\"row\">\r\n                                                        <div class=\"col col-4\">\r\n                                <div class=\"member-image\"><img loading=\"lazy\" decoding=\"async\" width=\"600\" height=\"800\" src=\"https:\/\/i0.wp.com\/olivamorosicristians.es\/wp-content\/uploads\/2016\/01\/Montilla_web-junta.jpg?resize=600%2C800&amp;ssl=1\" class=\"attachment-overlap-portrait-medium size-overlap-portrait-medium\" alt=\"\" srcset=\"https:\/\/i0.wp.com\/olivamorosicristians.es\/wp-content\/uploads\/2016\/01\/Montilla_web-junta.jpg?w=768&amp;ssl=1 768w, https:\/\/i0.wp.com\/olivamorosicristians.es\/wp-content\/uploads\/2016\/01\/Montilla_web-junta.jpg?resize=225%2C300&amp;ssl=1 225w, https:\/\/i0.wp.com\/olivamorosicristians.es\/wp-content\/uploads\/2016\/01\/Montilla_web-junta.jpg?resize=9%2C12&amp;ssl=1 9w, https:\/\/i0.wp.com\/olivamorosicristians.es\/wp-content\/uploads\/2016\/01\/Montilla_web-junta.jpg?resize=600%2C800&amp;ssl=1 600w, https:\/\/i0.wp.com\/olivamorosicristians.es\/wp-content\/uploads\/2016\/01\/Montilla_web-junta.jpg?resize=640%2C853&amp;ssl=1 640w\" sizes=\"auto, (max-width: 600px) 100vw, 600px\" data-attachment-id=\"11836\" data-permalink=\"https:\/\/olivamorosicristians.es\/es\/team-member\/lorena-ciscar\/montilla_web-junta\/\" data-orig-file=\"https:\/\/i0.wp.com\/olivamorosicristians.es\/wp-content\/uploads\/2016\/01\/Montilla_web-junta.jpg?fit=768%2C1024&amp;ssl=1\" data-orig-size=\"768,1024\" data-comments-opened=\"0\" data-image-meta=\"{&quot;aperture&quot;:&quot;0&quot;,&quot;credit&quot;:&quot;&quot;,&quot;camera&quot;:&quot;&quot;,&quot;caption&quot;:&quot;&quot;,&quot;created_timestamp&quot;:&quot;0&quot;,&quot;copyright&quot;:&quot;&quot;,&quot;focal_length&quot;:&quot;0&quot;,&quot;iso&quot;:&quot;0&quot;,&quot;shutter_speed&quot;:&quot;0&quot;,&quot;title&quot;:&quot;&quot;,&quot;orientation&quot;:&quot;0&quot;}\" data-image-title=\"Montilla_web junta\" data-image-description=\"\" data-image-caption=\"\" data-large-file=\"https:\/\/i0.wp.com\/olivamorosicristians.es\/wp-content\/uploads\/2016\/01\/Montilla_web-junta.jpg?fit=768%2C1024&amp;ssl=1\" \/><\/div>   \r\n                            <\/div>                             \r\n                                                        \r\n                            <div class=\"col col-8\">\r\n                                <h3>Alejandro Montilla<\/h3>\r\n                                <h4 class=\"member-meta\">Contractaci\u00f3<\/h4>\r\n                                <p class=\"social-link\"><\/p>                                <div class=\"member-desc\"><p class=\"p1\">Nascut l'any 1995, no \u00e9s fins a 2012 que decideix apuntar-se a les festes de moros i cristians en el b\u00e0ndol moro. Despr\u00e9s de tres anys gaudint de les festes, va haver de fer una aturada d'aquestes.<\/p>\r\n<p class=\"p1\">No \u00e9s fins a l'any 2019 que torna a les festes com a component de la comparsa Contrabandistes, on des del seu inici va ser un membre molt actiu d'aquesta, tenint c\u00e0rrecs dins de les juntes directives des del principi.<\/p>\r\n<p class=\"p1\">En 2024 va ser un dels representants de la festa com a ambaixador cristi\u00e0.<\/p>\r\n<p class=\"p1\">A la fi d'enguany, inicia una nova etapa en la comparsa Moriscos i continuar gaudint de la festa com ha fet sempre.<\/p>\r\n<p class=\"p1\">Tamb\u00e9 aquest mateix any comen\u00e7a a formar part de la federaci\u00f3 de moros i cristians en l'\u00e0rea de contractacions.<\/p><\/div>\r\n                            <\/div>\r\n                        <\/div>\r\n                    <\/div>                    \r\n                <\/div>\r\n            <\/div>\r\n        <\/div>\r\n                <div class=\"team-member col-3\">\r\n            <a href=\"#team-member-20-6869\"><\/a><div class=\"cover-image\"><img loading=\"lazy\" decoding=\"async\" width=\"600\" height=\"800\" src=\"https:\/\/i0.wp.com\/olivamorosicristians.es\/wp-content\/uploads\/2016\/01\/Duende-Destrait.jpg?resize=600%2C800&amp;ssl=1\" class=\"attachment-overlap-portrait-medium size-overlap-portrait-medium\" alt=\"\" srcset=\"https:\/\/i0.wp.com\/olivamorosicristians.es\/wp-content\/uploads\/2016\/01\/Duende-Destrait.jpg?w=768&amp;ssl=1 768w, https:\/\/i0.wp.com\/olivamorosicristians.es\/wp-content\/uploads\/2016\/01\/Duende-Destrait.jpg?resize=225%2C300&amp;ssl=1 225w, https:\/\/i0.wp.com\/olivamorosicristians.es\/wp-content\/uploads\/2016\/01\/Duende-Destrait.jpg?resize=9%2C12&amp;ssl=1 9w, https:\/\/i0.wp.com\/olivamorosicristians.es\/wp-content\/uploads\/2016\/01\/Duende-Destrait.jpg?resize=600%2C800&amp;ssl=1 600w, https:\/\/i0.wp.com\/olivamorosicristians.es\/wp-content\/uploads\/2016\/01\/Duende-Destrait.jpg?resize=640%2C853&amp;ssl=1 640w\" sizes=\"auto, (max-width: 600px) 100vw, 600px\" data-attachment-id=\"11491\" data-permalink=\"https:\/\/olivamorosicristians.es\/es\/team-member\/10-joan-mata\/duende-destrait\/\" data-orig-file=\"https:\/\/i0.wp.com\/olivamorosicristians.es\/wp-content\/uploads\/2016\/01\/Duende-Destrait.jpg?fit=768%2C1024&amp;ssl=1\" data-orig-size=\"768,1024\" data-comments-opened=\"0\" data-image-meta=\"{&quot;aperture&quot;:&quot;0&quot;,&quot;credit&quot;:&quot;&quot;,&quot;camera&quot;:&quot;&quot;,&quot;caption&quot;:&quot;&quot;,&quot;created_timestamp&quot;:&quot;0&quot;,&quot;copyright&quot;:&quot;&quot;,&quot;focal_length&quot;:&quot;0&quot;,&quot;iso&quot;:&quot;0&quot;,&quot;shutter_speed&quot;:&quot;0&quot;,&quot;title&quot;:&quot;&quot;,&quot;orientation&quot;:&quot;0&quot;}\" data-image-title=\"Duende Destrait\" data-image-description=\"\" data-image-caption=\"\" data-large-file=\"https:\/\/i0.wp.com\/olivamorosicristians.es\/wp-content\/uploads\/2016\/01\/Duende-Destrait.jpg?fit=768%2C1024&amp;ssl=1\" \/><\/div>                        <div class=\"member-name\">\r\n                <h3>\r\n                    <span>D<\/span>             \r\n                    Duende Destrait                <\/h3>\r\n                <h4>Protocol i web<\/h4>\r\n                <p class=\"social-link\"><\/p>            <\/div>\r\n                        <div id=\"team-member-20-6869\" class=\"popup-content\">\r\n                <div class=\"member-content clear\">\r\n                    <div class=\"member-detail\">\r\n                        <div class=\"row\">\r\n                                                        <div class=\"col col-4\">\r\n                                <div class=\"member-image\"><img loading=\"lazy\" decoding=\"async\" width=\"600\" height=\"800\" src=\"https:\/\/i0.wp.com\/olivamorosicristians.es\/wp-content\/uploads\/2016\/01\/Duende-Destrait.jpg?resize=600%2C800&amp;ssl=1\" class=\"attachment-overlap-portrait-medium size-overlap-portrait-medium\" alt=\"\" srcset=\"https:\/\/i0.wp.com\/olivamorosicristians.es\/wp-content\/uploads\/2016\/01\/Duende-Destrait.jpg?w=768&amp;ssl=1 768w, https:\/\/i0.wp.com\/olivamorosicristians.es\/wp-content\/uploads\/2016\/01\/Duende-Destrait.jpg?resize=225%2C300&amp;ssl=1 225w, https:\/\/i0.wp.com\/olivamorosicristians.es\/wp-content\/uploads\/2016\/01\/Duende-Destrait.jpg?resize=9%2C12&amp;ssl=1 9w, https:\/\/i0.wp.com\/olivamorosicristians.es\/wp-content\/uploads\/2016\/01\/Duende-Destrait.jpg?resize=600%2C800&amp;ssl=1 600w, https:\/\/i0.wp.com\/olivamorosicristians.es\/wp-content\/uploads\/2016\/01\/Duende-Destrait.jpg?resize=640%2C853&amp;ssl=1 640w\" sizes=\"auto, (max-width: 600px) 100vw, 600px\" data-attachment-id=\"11491\" data-permalink=\"https:\/\/olivamorosicristians.es\/es\/team-member\/10-joan-mata\/duende-destrait\/\" data-orig-file=\"https:\/\/i0.wp.com\/olivamorosicristians.es\/wp-content\/uploads\/2016\/01\/Duende-Destrait.jpg?fit=768%2C1024&amp;ssl=1\" data-orig-size=\"768,1024\" data-comments-opened=\"0\" data-image-meta=\"{&quot;aperture&quot;:&quot;0&quot;,&quot;credit&quot;:&quot;&quot;,&quot;camera&quot;:&quot;&quot;,&quot;caption&quot;:&quot;&quot;,&quot;created_timestamp&quot;:&quot;0&quot;,&quot;copyright&quot;:&quot;&quot;,&quot;focal_length&quot;:&quot;0&quot;,&quot;iso&quot;:&quot;0&quot;,&quot;shutter_speed&quot;:&quot;0&quot;,&quot;title&quot;:&quot;&quot;,&quot;orientation&quot;:&quot;0&quot;}\" data-image-title=\"Duende Destrait\" data-image-description=\"\" data-image-caption=\"\" data-large-file=\"https:\/\/i0.wp.com\/olivamorosicristians.es\/wp-content\/uploads\/2016\/01\/Duende-Destrait.jpg?fit=768%2C1024&amp;ssl=1\" \/><\/div>   \r\n                            <\/div>                             \r\n                                                        \r\n                            <div class=\"col col-8\">\r\n                                <h3>Duende Destrait<\/h3>\r\n                                <h4 class=\"member-meta\">Protocol i web<\/h4>\r\n                                <p class=\"social-link\"><\/p>                                <div class=\"member-desc\"><p class=\"p1\">Nascuda a Fran\u00e7a en 1978, es va traslladar definitivament a Oliva en 1998, captivada per l'encant del poble i la seua cultura festiva. Des de jove, va mostrar un gran inter\u00e9s per les festes de Moros i Cristians, somiant amb formar part algun dia d'una comparsa. Aquest somni es va materialitzar en 1999 quan es va unir als Mud\u00e8jars, als qui considera la seua segona fam\u00edlia.<\/p>\r\n<p class=\"p1\">Al llarg de la seua traject\u00f2ria en la comparsa, ha demostrat un comprom\u00eds constant, col\u00b7laborant activament en diverses tasques i activitats. \u00c9s reconeguda pel seu car\u00e0cter alegre i la seua admiraci\u00f3 per la festa, sent una figura molt apreciada dins de la seua comparsa. A l'octubre de 2021, va assumir la presid\u00e8ncia dels Mud\u00e8jars, un c\u00e0rrec que exerceix amb dedicaci\u00f3, esfor\u00e7 i un fort sentit de responsabilitat.<\/p>\r\n<p class=\"p1\">Sempre ha mostrat una disposici\u00f3 exemplar per a recolzar en les activitats relacionades amb la comparsa i la festa en general. La seua incorporaci\u00f3 a la nova junta de govern de la Federaci\u00f3 de Moros i Cristians d'Oliva marca un nou cap\u00edtol en la seua traject\u00f2ria festera, on desitja aportar el seu entusiasme i experi\u00e8ncia al servei d'aquesta tradici\u00f3 tan especial.<\/p><\/div>\r\n                            <\/div>\r\n                        <\/div>\r\n                    <\/div>                    \r\n                <\/div>\r\n            <\/div>\r\n        <\/div>\r\n                <div class=\"team-member col-3\">\r\n            <a href=\"#team-member-20-7433\"><\/a><div class=\"cover-image\"><img loading=\"lazy\" decoding=\"async\" width=\"600\" height=\"800\" src=\"https:\/\/i0.wp.com\/olivamorosicristians.es\/wp-content\/uploads\/2013\/01\/Jaume-Garcia.jpg?resize=600%2C800&amp;ssl=1\" class=\"attachment-overlap-portrait-medium size-overlap-portrait-medium\" alt=\"\" srcset=\"https:\/\/i0.wp.com\/olivamorosicristians.es\/wp-content\/uploads\/2013\/01\/Jaume-Garcia.jpg?w=768&amp;ssl=1 768w, https:\/\/i0.wp.com\/olivamorosicristians.es\/wp-content\/uploads\/2013\/01\/Jaume-Garcia.jpg?resize=225%2C300&amp;ssl=1 225w, https:\/\/i0.wp.com\/olivamorosicristians.es\/wp-content\/uploads\/2013\/01\/Jaume-Garcia.jpg?resize=9%2C12&amp;ssl=1 9w, https:\/\/i0.wp.com\/olivamorosicristians.es\/wp-content\/uploads\/2013\/01\/Jaume-Garcia.jpg?resize=600%2C800&amp;ssl=1 600w, https:\/\/i0.wp.com\/olivamorosicristians.es\/wp-content\/uploads\/2013\/01\/Jaume-Garcia.jpg?resize=640%2C853&amp;ssl=1 640w\" sizes=\"auto, (max-width: 600px) 100vw, 600px\" data-attachment-id=\"11493\" data-permalink=\"https:\/\/olivamorosicristians.es\/es\/team-member\/juan-manuel-garcia\/jaume-garcia\/\" data-orig-file=\"https:\/\/i0.wp.com\/olivamorosicristians.es\/wp-content\/uploads\/2013\/01\/Jaume-Garcia.jpg?fit=768%2C1024&amp;ssl=1\" data-orig-size=\"768,1024\" data-comments-opened=\"0\" data-image-meta=\"{&quot;aperture&quot;:&quot;0&quot;,&quot;credit&quot;:&quot;&quot;,&quot;camera&quot;:&quot;&quot;,&quot;caption&quot;:&quot;&quot;,&quot;created_timestamp&quot;:&quot;0&quot;,&quot;copyright&quot;:&quot;&quot;,&quot;focal_length&quot;:&quot;0&quot;,&quot;iso&quot;:&quot;0&quot;,&quot;shutter_speed&quot;:&quot;0&quot;,&quot;title&quot;:&quot;&quot;,&quot;orientation&quot;:&quot;0&quot;}\" data-image-title=\"Jaume Garcia\" data-image-description=\"\" data-image-caption=\"\" data-large-file=\"https:\/\/i0.wp.com\/olivamorosicristians.es\/wp-content\/uploads\/2013\/01\/Jaume-Garcia.jpg?fit=768%2C1024&amp;ssl=1\" \/><\/div>                        <div class=\"member-name\">\r\n                <h3>\r\n                    <span>J<\/span>             \r\n                    Jaume Garcia                <\/h3>\r\n                <h4>Eventos y m\u00fasica<\/h4>\r\n                <p class=\"social-link\"><\/p>            <\/div>\r\n                        <div id=\"team-member-20-7433\" class=\"popup-content\">\r\n                <div class=\"member-content clear\">\r\n                    <div class=\"member-detail\">\r\n                        <div class=\"row\">\r\n                                                        <div class=\"col col-4\">\r\n                                <div class=\"member-image\"><img loading=\"lazy\" decoding=\"async\" width=\"600\" height=\"800\" src=\"https:\/\/i0.wp.com\/olivamorosicristians.es\/wp-content\/uploads\/2013\/01\/Jaume-Garcia.jpg?resize=600%2C800&amp;ssl=1\" class=\"attachment-overlap-portrait-medium size-overlap-portrait-medium\" alt=\"\" srcset=\"https:\/\/i0.wp.com\/olivamorosicristians.es\/wp-content\/uploads\/2013\/01\/Jaume-Garcia.jpg?w=768&amp;ssl=1 768w, https:\/\/i0.wp.com\/olivamorosicristians.es\/wp-content\/uploads\/2013\/01\/Jaume-Garcia.jpg?resize=225%2C300&amp;ssl=1 225w, https:\/\/i0.wp.com\/olivamorosicristians.es\/wp-content\/uploads\/2013\/01\/Jaume-Garcia.jpg?resize=9%2C12&amp;ssl=1 9w, https:\/\/i0.wp.com\/olivamorosicristians.es\/wp-content\/uploads\/2013\/01\/Jaume-Garcia.jpg?resize=600%2C800&amp;ssl=1 600w, https:\/\/i0.wp.com\/olivamorosicristians.es\/wp-content\/uploads\/2013\/01\/Jaume-Garcia.jpg?resize=640%2C853&amp;ssl=1 640w\" sizes=\"auto, (max-width: 600px) 100vw, 600px\" data-attachment-id=\"11493\" data-permalink=\"https:\/\/olivamorosicristians.es\/es\/team-member\/juan-manuel-garcia\/jaume-garcia\/\" data-orig-file=\"https:\/\/i0.wp.com\/olivamorosicristians.es\/wp-content\/uploads\/2013\/01\/Jaume-Garcia.jpg?fit=768%2C1024&amp;ssl=1\" data-orig-size=\"768,1024\" data-comments-opened=\"0\" data-image-meta=\"{&quot;aperture&quot;:&quot;0&quot;,&quot;credit&quot;:&quot;&quot;,&quot;camera&quot;:&quot;&quot;,&quot;caption&quot;:&quot;&quot;,&quot;created_timestamp&quot;:&quot;0&quot;,&quot;copyright&quot;:&quot;&quot;,&quot;focal_length&quot;:&quot;0&quot;,&quot;iso&quot;:&quot;0&quot;,&quot;shutter_speed&quot;:&quot;0&quot;,&quot;title&quot;:&quot;&quot;,&quot;orientation&quot;:&quot;0&quot;}\" data-image-title=\"Jaume Garcia\" data-image-description=\"\" data-image-caption=\"\" data-large-file=\"https:\/\/i0.wp.com\/olivamorosicristians.es\/wp-content\/uploads\/2013\/01\/Jaume-Garcia.jpg?fit=768%2C1024&amp;ssl=1\" \/><\/div>   \r\n                            <\/div>                             \r\n                                                        \r\n                            <div class=\"col col-8\">\r\n                                <h3>Jaume Garcia<\/h3>\r\n                                <h4 class=\"member-meta\">Eventos y m\u00fasica<\/h4>\r\n                                <p class=\"social-link\"><\/p>                                <div class=\"member-desc\"><p class=\"p1\">Nascut l'any 2004, a partir d'aqueix moment \u00e9s component de la Fil\u00e0 Mosqueters. M\u00fasic i amant de la m\u00fasica festera.<\/p>\r\n<p class=\"p1\">Va ser abanderat de la seua fil\u00e0 en 2016 coincidint amb la presid\u00e8ncia del seu pare.<\/p>\r\n<p class=\"p1\">Forma part de l'esquadra Tacai-gut com a cap d'esquadra des del 2017.<\/p>\r\n<p class=\"p1\">En el 2019, any en qu\u00e8 va ser el seu pare capit\u00e0, ho va acompanyar en la carrossa. En el 2021 va formar part de la junta directiva de la seua fil\u00e0, a partir d'aqueix moment \u00e9s membre actiu d'ella. En 2023 va passar a formar part del grup de arcabussers.<\/p><\/div>\r\n                            <\/div>\r\n                        <\/div>\r\n                    <\/div>                    \r\n                <\/div>\r\n            <\/div>\r\n        <\/div>\r\n                <div class=\"team-member col-3\">\r\n            <a href=\"#team-member-20-7654\"><\/a><div class=\"cover-image\"><img loading=\"lazy\" decoding=\"async\" width=\"600\" height=\"800\" src=\"https:\/\/i0.wp.com\/olivamorosicristians.es\/wp-content\/uploads\/2013\/06\/Mario.jpg?resize=600%2C800&amp;ssl=1\" class=\"attachment-overlap-portrait-medium size-overlap-portrait-medium\" alt=\"\" srcset=\"https:\/\/i0.wp.com\/olivamorosicristians.es\/wp-content\/uploads\/2013\/06\/Mario.jpg?w=768&amp;ssl=1 768w, https:\/\/i0.wp.com\/olivamorosicristians.es\/wp-content\/uploads\/2013\/06\/Mario.jpg?resize=225%2C300&amp;ssl=1 225w, https:\/\/i0.wp.com\/olivamorosicristians.es\/wp-content\/uploads\/2013\/06\/Mario.jpg?resize=600%2C800&amp;ssl=1 600w, https:\/\/i0.wp.com\/olivamorosicristians.es\/wp-content\/uploads\/2013\/06\/Mario.jpg?resize=640%2C853&amp;ssl=1 640w\" sizes=\"auto, (max-width: 600px) 100vw, 600px\" data-attachment-id=\"7665\" data-permalink=\"https:\/\/olivamorosicristians.es\/es\/team-member\/mario-aparicio\/mario\/\" data-orig-file=\"https:\/\/i0.wp.com\/olivamorosicristians.es\/wp-content\/uploads\/2013\/06\/Mario.jpg?fit=768%2C1024&amp;ssl=1\" data-orig-size=\"768,1024\" data-comments-opened=\"0\" data-image-meta=\"{&quot;aperture&quot;:&quot;5&quot;,&quot;credit&quot;:&quot;ANTONI RIBERA OLTRA&quot;,&quot;camera&quot;:&quot;Canon EOS 6D&quot;,&quot;caption&quot;:&quot;&quot;,&quot;created_timestamp&quot;:&quot;1500754479&quot;,&quot;copyright&quot;:&quot;ANTONI RIBERA OLTRA&quot;,&quot;focal_length&quot;:&quot;70&quot;,&quot;iso&quot;:&quot;400&quot;,&quot;shutter_speed&quot;:&quot;0.00625&quot;,&quot;title&quot;:&quot;&quot;,&quot;orientation&quot;:&quot;1&quot;}\" data-image-title=\"Mario\" data-image-description=\"\" data-image-caption=\"\" data-large-file=\"https:\/\/i0.wp.com\/olivamorosicristians.es\/wp-content\/uploads\/2013\/06\/Mario.jpg?fit=768%2C1024&amp;ssl=1\" \/><\/div>                        <div class=\"member-name\">\r\n                <h3>\r\n                    <span>M<\/span>             \r\n                    Mario Aparicio                <\/h3>\r\n                <h4>Polvo<\/h4>\r\n                <p class=\"social-link\"><\/p>            <\/div>\r\n                        <div id=\"team-member-20-7654\" class=\"popup-content\">\r\n                <div class=\"member-content clear\">\r\n                    <div class=\"member-detail\">\r\n                        <div class=\"row\">\r\n                                                        <div class=\"col col-4\">\r\n                                <div class=\"member-image\"><img loading=\"lazy\" decoding=\"async\" width=\"600\" height=\"800\" src=\"https:\/\/i0.wp.com\/olivamorosicristians.es\/wp-content\/uploads\/2013\/06\/Mario.jpg?resize=600%2C800&amp;ssl=1\" class=\"attachment-overlap-portrait-medium size-overlap-portrait-medium\" alt=\"\" srcset=\"https:\/\/i0.wp.com\/olivamorosicristians.es\/wp-content\/uploads\/2013\/06\/Mario.jpg?w=768&amp;ssl=1 768w, https:\/\/i0.wp.com\/olivamorosicristians.es\/wp-content\/uploads\/2013\/06\/Mario.jpg?resize=225%2C300&amp;ssl=1 225w, https:\/\/i0.wp.com\/olivamorosicristians.es\/wp-content\/uploads\/2013\/06\/Mario.jpg?resize=600%2C800&amp;ssl=1 600w, https:\/\/i0.wp.com\/olivamorosicristians.es\/wp-content\/uploads\/2013\/06\/Mario.jpg?resize=640%2C853&amp;ssl=1 640w\" sizes=\"auto, (max-width: 600px) 100vw, 600px\" data-attachment-id=\"7665\" data-permalink=\"https:\/\/olivamorosicristians.es\/es\/team-member\/mario-aparicio\/mario\/\" data-orig-file=\"https:\/\/i0.wp.com\/olivamorosicristians.es\/wp-content\/uploads\/2013\/06\/Mario.jpg?fit=768%2C1024&amp;ssl=1\" data-orig-size=\"768,1024\" data-comments-opened=\"0\" data-image-meta=\"{&quot;aperture&quot;:&quot;5&quot;,&quot;credit&quot;:&quot;ANTONI RIBERA OLTRA&quot;,&quot;camera&quot;:&quot;Canon EOS 6D&quot;,&quot;caption&quot;:&quot;&quot;,&quot;created_timestamp&quot;:&quot;1500754479&quot;,&quot;copyright&quot;:&quot;ANTONI RIBERA OLTRA&quot;,&quot;focal_length&quot;:&quot;70&quot;,&quot;iso&quot;:&quot;400&quot;,&quot;shutter_speed&quot;:&quot;0.00625&quot;,&quot;title&quot;:&quot;&quot;,&quot;orientation&quot;:&quot;1&quot;}\" data-image-title=\"Mario\" data-image-description=\"\" data-image-caption=\"\" data-large-file=\"https:\/\/i0.wp.com\/olivamorosicristians.es\/wp-content\/uploads\/2013\/06\/Mario.jpg?fit=768%2C1024&amp;ssl=1\" \/><\/div>   \r\n                            <\/div>                             \r\n                                                        \r\n                            <div class=\"col col-8\">\r\n                                <h3>Mario Aparicio<\/h3>\r\n                                <h4 class=\"member-meta\">Polvo<\/h4>\r\n                                <p class=\"social-link\"><\/p>                                <div class=\"member-desc\"><p style=\"text-align: left\">Se trata de tres desde 1994, donde fue miembro de la Fil\u00e0 de Moros. Particip\u00f3 muy activamente en esta Fil\u00e0 donde lleg\u00f3 a ser Presidente en el a\u00f1o 2004 y el Primer Tr\u00f2.<\/p>\r\n<p style=\"text-align: left\">A partir de 2004 fue parte de la antigua Junta Central de Moros y Cristianos y es elegido Presidente de la misma en 2007.<\/p>\r\n<p style=\"text-align: left\">En el a\u00f1o 2008 se integr\u00f3 a las filas de la Fil\u00e0 Taifes, donde tambi\u00e9n participa activamente, lo que representa el Primer Tr\u00f2 este. Mario fue el embajador moro, en el a\u00f1o 2014 para la Fil\u00e0 Taifes.<\/p>\r\n<p style=\"text-align: left\">Muy conectado siempre con el polvo, hoy en d\u00eda es uno de los responsables de la misma en la actual Federaci\u00f3n de Moros y Cristianos de aceite de Oliva.<\/p><\/div>\r\n                            <\/div>\r\n                        <\/div>\r\n                    <\/div>                    \r\n                <\/div>\r\n            <\/div>\r\n        <\/div>\r\n                <div class=\"team-member col-3\">\r\n            <a href=\"#team-member-20-7636\"><\/a><div class=\"cover-image\"><img loading=\"lazy\" decoding=\"async\" width=\"600\" height=\"800\" src=\"https:\/\/i0.wp.com\/olivamorosicristians.es\/wp-content\/uploads\/2013\/06\/Paco-Savall01.jpg?resize=600%2C800&amp;ssl=1\" class=\"attachment-overlap-portrait-medium size-overlap-portrait-medium\" alt=\"\" srcset=\"https:\/\/i0.wp.com\/olivamorosicristians.es\/wp-content\/uploads\/2013\/06\/Paco-Savall01.jpg?w=768&amp;ssl=1 768w, https:\/\/i0.wp.com\/olivamorosicristians.es\/wp-content\/uploads\/2013\/06\/Paco-Savall01.jpg?resize=225%2C300&amp;ssl=1 225w, https:\/\/i0.wp.com\/olivamorosicristians.es\/wp-content\/uploads\/2013\/06\/Paco-Savall01.jpg?resize=600%2C800&amp;ssl=1 600w, https:\/\/i0.wp.com\/olivamorosicristians.es\/wp-content\/uploads\/2013\/06\/Paco-Savall01.jpg?resize=640%2C853&amp;ssl=1 640w\" sizes=\"auto, (max-width: 600px) 100vw, 600px\" data-attachment-id=\"7638\" data-permalink=\"https:\/\/olivamorosicristians.es\/es\/team-member\/paco-savall\/paco-savall01\/\" data-orig-file=\"https:\/\/i0.wp.com\/olivamorosicristians.es\/wp-content\/uploads\/2013\/06\/Paco-Savall01.jpg?fit=768%2C1024&amp;ssl=1\" data-orig-size=\"768,1024\" data-comments-opened=\"0\" data-image-meta=\"{&quot;aperture&quot;:&quot;5&quot;,&quot;credit&quot;:&quot;ANTONI RIBERA OLTRA&quot;,&quot;camera&quot;:&quot;Canon EOS 6D&quot;,&quot;caption&quot;:&quot;&quot;,&quot;created_timestamp&quot;:&quot;1500754479&quot;,&quot;copyright&quot;:&quot;ANTONI RIBERA OLTRA&quot;,&quot;focal_length&quot;:&quot;70&quot;,&quot;iso&quot;:&quot;400&quot;,&quot;shutter_speed&quot;:&quot;0.00625&quot;,&quot;title&quot;:&quot;&quot;,&quot;orientation&quot;:&quot;1&quot;}\" data-image-title=\"Paco Savall01\" data-image-description=\"\" data-image-caption=\"\" data-large-file=\"https:\/\/i0.wp.com\/olivamorosicristians.es\/wp-content\/uploads\/2013\/06\/Paco-Savall01.jpg?fit=768%2C1024&amp;ssl=1\" \/><\/div>                        <div class=\"member-name\">\r\n                <h3>\r\n                    <span>P<\/span>             \r\n                    Paco Savall                <\/h3>\r\n                <h4>Polvo<\/h4>\r\n                <p class=\"social-link\"><\/p>            <\/div>\r\n                        <div id=\"team-member-20-7636\" class=\"popup-content\">\r\n                <div class=\"member-content clear\">\r\n                    <div class=\"member-detail\">\r\n                        <div class=\"row\">\r\n                                                        <div class=\"col col-4\">\r\n                                <div class=\"member-image\"><img loading=\"lazy\" decoding=\"async\" width=\"600\" height=\"800\" src=\"https:\/\/i0.wp.com\/olivamorosicristians.es\/wp-content\/uploads\/2013\/06\/Paco-Savall01.jpg?resize=600%2C800&amp;ssl=1\" class=\"attachment-overlap-portrait-medium size-overlap-portrait-medium\" alt=\"\" srcset=\"https:\/\/i0.wp.com\/olivamorosicristians.es\/wp-content\/uploads\/2013\/06\/Paco-Savall01.jpg?w=768&amp;ssl=1 768w, https:\/\/i0.wp.com\/olivamorosicristians.es\/wp-content\/uploads\/2013\/06\/Paco-Savall01.jpg?resize=225%2C300&amp;ssl=1 225w, https:\/\/i0.wp.com\/olivamorosicristians.es\/wp-content\/uploads\/2013\/06\/Paco-Savall01.jpg?resize=600%2C800&amp;ssl=1 600w, https:\/\/i0.wp.com\/olivamorosicristians.es\/wp-content\/uploads\/2013\/06\/Paco-Savall01.jpg?resize=640%2C853&amp;ssl=1 640w\" sizes=\"auto, (max-width: 600px) 100vw, 600px\" data-attachment-id=\"7638\" data-permalink=\"https:\/\/olivamorosicristians.es\/es\/team-member\/paco-savall\/paco-savall01\/\" data-orig-file=\"https:\/\/i0.wp.com\/olivamorosicristians.es\/wp-content\/uploads\/2013\/06\/Paco-Savall01.jpg?fit=768%2C1024&amp;ssl=1\" data-orig-size=\"768,1024\" data-comments-opened=\"0\" data-image-meta=\"{&quot;aperture&quot;:&quot;5&quot;,&quot;credit&quot;:&quot;ANTONI RIBERA OLTRA&quot;,&quot;camera&quot;:&quot;Canon EOS 6D&quot;,&quot;caption&quot;:&quot;&quot;,&quot;created_timestamp&quot;:&quot;1500754479&quot;,&quot;copyright&quot;:&quot;ANTONI RIBERA OLTRA&quot;,&quot;focal_length&quot;:&quot;70&quot;,&quot;iso&quot;:&quot;400&quot;,&quot;shutter_speed&quot;:&quot;0.00625&quot;,&quot;title&quot;:&quot;&quot;,&quot;orientation&quot;:&quot;1&quot;}\" data-image-title=\"Paco Savall01\" data-image-description=\"\" data-image-caption=\"\" data-large-file=\"https:\/\/i0.wp.com\/olivamorosicristians.es\/wp-content\/uploads\/2013\/06\/Paco-Savall01.jpg?fit=768%2C1024&amp;ssl=1\" \/><\/div>   \r\n                            <\/div>                             \r\n                                                        \r\n                            <div class=\"col col-8\">\r\n                                <h3>Paco Savall<\/h3>\r\n                                <h4 class=\"member-meta\">Polvo<\/h4>\r\n                                <p class=\"social-link\"><\/p>                                <div class=\"member-desc\"><p style=\"text-align: left\">Nacido en 1978. Se trata de tres y un componente de la Filada James Y desde el a\u00f1o 2001. Estrechamente vinculada a la zona del polvo, en el a\u00f1o 2003 comenz\u00f3 como un trabuquer colaborando con la Junta de Moros y Cristianos en las tareas de la p\u00f3lvora con Mart\u00edn Robles (Piratas) y, a continuaci\u00f3n, con Javier Riera (Marrakech).<\/p>\r\n<p style=\"text-align: left\">En 2007 y 2008, representa junto con Jos\u00e9 Mar\u00eda, en la Filada James Y la Junta de Moros y Cristianos de aceite de Oliva. El a\u00f1o 2010 fue elegido como el 1er tr\u00f2, hasta el a\u00f1o 2013 en lo que fue nombrado Presidente de su Filada.<\/p>\r\n<p style=\"text-align: left\">En 2010 tambi\u00e9n empieza a participar oficialmente en la Reuni\u00f3n, la actual Federaci\u00f3n de Moros y Cristianos de aceite de Oliva en la zona de la p\u00f3lvora, junto con Mario (Ta\u00edfes), hasta el d\u00eda de hoy. Donde ahora es un componente de la Filada Ta\u00edfes desde el primer Semestre de 2018.<\/p><\/div>\r\n                            <\/div>\r\n                        <\/div>\r\n                    <\/div>                    \r\n                <\/div>\r\n            <\/div>\r\n        <\/div>\r\n                <div class=\"team-member col-3\">\r\n            <a href=\"#team-member-20-9568\"><\/a><div class=\"cover-image\"><img loading=\"lazy\" decoding=\"async\" width=\"600\" height=\"800\" src=\"https:\/\/i0.wp.com\/olivamorosicristians.es\/wp-content\/uploads\/2020\/01\/Salva-Frasquet.jpg?resize=600%2C800&amp;ssl=1\" class=\"attachment-overlap-portrait-medium size-overlap-portrait-medium\" alt=\"\" srcset=\"https:\/\/i0.wp.com\/olivamorosicristians.es\/wp-content\/uploads\/2020\/01\/Salva-Frasquet.jpg?w=768&amp;ssl=1 768w, https:\/\/i0.wp.com\/olivamorosicristians.es\/wp-content\/uploads\/2020\/01\/Salva-Frasquet.jpg?resize=225%2C300&amp;ssl=1 225w, https:\/\/i0.wp.com\/olivamorosicristians.es\/wp-content\/uploads\/2020\/01\/Salva-Frasquet.jpg?resize=600%2C800&amp;ssl=1 600w, https:\/\/i0.wp.com\/olivamorosicristians.es\/wp-content\/uploads\/2020\/01\/Salva-Frasquet.jpg?resize=640%2C853&amp;ssl=1 640w\" sizes=\"auto, (max-width: 600px) 100vw, 600px\" data-attachment-id=\"9569\" data-permalink=\"https:\/\/olivamorosicristians.es\/es\/salva-frasquet\/\" data-orig-file=\"https:\/\/i0.wp.com\/olivamorosicristians.es\/wp-content\/uploads\/2020\/01\/Salva-Frasquet.jpg?fit=768%2C1024&amp;ssl=1\" data-orig-size=\"768,1024\" data-comments-opened=\"0\" data-image-meta=\"{&quot;aperture&quot;:&quot;5&quot;,&quot;credit&quot;:&quot;ANTONI RIBERA OLTRA&quot;,&quot;camera&quot;:&quot;Canon EOS 6D&quot;,&quot;caption&quot;:&quot;&quot;,&quot;created_timestamp&quot;:&quot;1500754479&quot;,&quot;copyright&quot;:&quot;ANTONI RIBERA OLTRA&quot;,&quot;focal_length&quot;:&quot;70&quot;,&quot;iso&quot;:&quot;400&quot;,&quot;shutter_speed&quot;:&quot;0.00625&quot;,&quot;title&quot;:&quot;&quot;,&quot;orientation&quot;:&quot;1&quot;}\" data-image-title=\"Salva Frasquet\" data-image-description=\"\" data-image-caption=\"\" data-large-file=\"https:\/\/i0.wp.com\/olivamorosicristians.es\/wp-content\/uploads\/2020\/01\/Salva-Frasquet.jpg?fit=768%2C1024&amp;ssl=1\" \/><\/div>                        <div class=\"member-name\">\r\n                <h3>\r\n                    <span>S<\/span>             \r\n                    Salvador Frasquet                <\/h3>\r\n                <h4>Polvo<\/h4>\r\n                <p class=\"social-link\"><\/p>            <\/div>\r\n                        <div id=\"team-member-20-9568\" class=\"popup-content\">\r\n                <div class=\"member-content clear\">\r\n                    <div class=\"member-detail\">\r\n                        <div class=\"row\">\r\n                                                        <div class=\"col col-4\">\r\n                                <div class=\"member-image\"><img loading=\"lazy\" decoding=\"async\" width=\"600\" height=\"800\" src=\"https:\/\/i0.wp.com\/olivamorosicristians.es\/wp-content\/uploads\/2020\/01\/Salva-Frasquet.jpg?resize=600%2C800&amp;ssl=1\" class=\"attachment-overlap-portrait-medium size-overlap-portrait-medium\" alt=\"\" srcset=\"https:\/\/i0.wp.com\/olivamorosicristians.es\/wp-content\/uploads\/2020\/01\/Salva-Frasquet.jpg?w=768&amp;ssl=1 768w, https:\/\/i0.wp.com\/olivamorosicristians.es\/wp-content\/uploads\/2020\/01\/Salva-Frasquet.jpg?resize=225%2C300&amp;ssl=1 225w, https:\/\/i0.wp.com\/olivamorosicristians.es\/wp-content\/uploads\/2020\/01\/Salva-Frasquet.jpg?resize=600%2C800&amp;ssl=1 600w, https:\/\/i0.wp.com\/olivamorosicristians.es\/wp-content\/uploads\/2020\/01\/Salva-Frasquet.jpg?resize=640%2C853&amp;ssl=1 640w\" sizes=\"auto, (max-width: 600px) 100vw, 600px\" data-attachment-id=\"9569\" data-permalink=\"https:\/\/olivamorosicristians.es\/es\/salva-frasquet\/\" data-orig-file=\"https:\/\/i0.wp.com\/olivamorosicristians.es\/wp-content\/uploads\/2020\/01\/Salva-Frasquet.jpg?fit=768%2C1024&amp;ssl=1\" data-orig-size=\"768,1024\" data-comments-opened=\"0\" data-image-meta=\"{&quot;aperture&quot;:&quot;5&quot;,&quot;credit&quot;:&quot;ANTONI RIBERA OLTRA&quot;,&quot;camera&quot;:&quot;Canon EOS 6D&quot;,&quot;caption&quot;:&quot;&quot;,&quot;created_timestamp&quot;:&quot;1500754479&quot;,&quot;copyright&quot;:&quot;ANTONI RIBERA OLTRA&quot;,&quot;focal_length&quot;:&quot;70&quot;,&quot;iso&quot;:&quot;400&quot;,&quot;shutter_speed&quot;:&quot;0.00625&quot;,&quot;title&quot;:&quot;&quot;,&quot;orientation&quot;:&quot;1&quot;}\" data-image-title=\"Salva Frasquet\" data-image-description=\"\" data-image-caption=\"\" data-large-file=\"https:\/\/i0.wp.com\/olivamorosicristians.es\/wp-content\/uploads\/2020\/01\/Salva-Frasquet.jpg?fit=768%2C1024&amp;ssl=1\" \/><\/div>   \r\n                            <\/div>                             \r\n                                                        \r\n                            <div class=\"col col-8\">\r\n                                <h3>Salvador Frasquet<\/h3>\r\n                                <h4 class=\"member-meta\">Polvo<\/h4>\r\n                                <p class=\"social-link\"><\/p>                                <div class=\"member-desc\"><p style=\"text-align: left\">Nacido en 1997, fue un componente de un joven de la edad de la Fil\u00e0 los Piratas, donde lleg\u00f3 a participar como abanderat de la fil\u00e0. Despu\u00e9s de un par de a\u00f1os, la secci\u00f3n del festival, en 2012, se uni\u00f3 a la fila de los Almor\u00e1vides, participando activamente en todos los eventos, festivos, siendo el jefe de la generalitat de catalunya y miembro del grupo de trabuquers de la Fil\u00e0.<\/p>\r\n<p style=\"text-align: left\">Ocup\u00f3 cargos de responsabilidad en el Partido desde el 2015 accedira como la primera tr\u00f2 de la Fil\u00e0 los Almor\u00e1vides, un post que \u00e9l representa.<\/p>\r\n<p style=\"text-align: left\">Actualmente es uno de los creadores de el polvo de la Federaci\u00f3n de Moros y Cristianos de aceite de Oliva.<\/p><\/div>\r\n                            <\/div>\r\n                        <\/div>\r\n                    <\/div>                    \r\n                <\/div>\r\n            <\/div>\r\n        <\/div>\r\n                <div class=\"team-member col-3\">\r\n            <a href=\"#team-member-20-6768\"><\/a><div class=\"cover-image\"><img loading=\"lazy\" decoding=\"async\" width=\"600\" height=\"800\" src=\"https:\/\/i0.wp.com\/olivamorosicristians.es\/wp-content\/uploads\/2015\/01\/Vicente-J.-Sanchis.jpg?resize=600%2C800&amp;ssl=1\" class=\"attachment-overlap-portrait-medium size-overlap-portrait-medium\" alt=\"\" srcset=\"https:\/\/i0.wp.com\/olivamorosicristians.es\/wp-content\/uploads\/2015\/01\/Vicente-J.-Sanchis.jpg?w=768&amp;ssl=1 768w, https:\/\/i0.wp.com\/olivamorosicristians.es\/wp-content\/uploads\/2015\/01\/Vicente-J.-Sanchis.jpg?resize=225%2C300&amp;ssl=1 225w, https:\/\/i0.wp.com\/olivamorosicristians.es\/wp-content\/uploads\/2015\/01\/Vicente-J.-Sanchis.jpg?resize=9%2C12&amp;ssl=1 9w, https:\/\/i0.wp.com\/olivamorosicristians.es\/wp-content\/uploads\/2015\/01\/Vicente-J.-Sanchis.jpg?resize=600%2C800&amp;ssl=1 600w, https:\/\/i0.wp.com\/olivamorosicristians.es\/wp-content\/uploads\/2015\/01\/Vicente-J.-Sanchis.jpg?resize=640%2C853&amp;ssl=1 640w\" sizes=\"auto, (max-width: 600px) 100vw, 600px\" data-attachment-id=\"11494\" data-permalink=\"https:\/\/olivamorosicristians.es\/es\/team-member\/01-paco-perez\/vicente-j-sanchis\/\" data-orig-file=\"https:\/\/i0.wp.com\/olivamorosicristians.es\/wp-content\/uploads\/2015\/01\/Vicente-J.-Sanchis.jpg?fit=768%2C1024&amp;ssl=1\" data-orig-size=\"768,1024\" data-comments-opened=\"0\" data-image-meta=\"{&quot;aperture&quot;:&quot;0&quot;,&quot;credit&quot;:&quot;&quot;,&quot;camera&quot;:&quot;&quot;,&quot;caption&quot;:&quot;&quot;,&quot;created_timestamp&quot;:&quot;0&quot;,&quot;copyright&quot;:&quot;&quot;,&quot;focal_length&quot;:&quot;0&quot;,&quot;iso&quot;:&quot;0&quot;,&quot;shutter_speed&quot;:&quot;0&quot;,&quot;title&quot;:&quot;&quot;,&quot;orientation&quot;:&quot;0&quot;}\" data-image-title=\"Vicente J. Sanchis\" data-image-description=\"\" data-image-caption=\"\" data-large-file=\"https:\/\/i0.wp.com\/olivamorosicristians.es\/wp-content\/uploads\/2015\/01\/Vicente-J.-Sanchis.jpg?fit=768%2C1024&amp;ssl=1\" \/><\/div>                        <div class=\"member-name\">\r\n                <h3>\r\n                    <span>V<\/span>             \r\n                    Vicente Jos\u00e9 Sanchis                <\/h3>\r\n                <h4>Polvo<\/h4>\r\n                <p class=\"social-link\"><\/p>            <\/div>\r\n                        <div id=\"team-member-20-6768\" class=\"popup-content\">\r\n                <div class=\"member-content clear\">\r\n                    <div class=\"member-detail\">\r\n                        <div class=\"row\">\r\n                                                        <div class=\"col col-4\">\r\n                                <div class=\"member-image\"><img loading=\"lazy\" decoding=\"async\" width=\"600\" height=\"800\" src=\"https:\/\/i0.wp.com\/olivamorosicristians.es\/wp-content\/uploads\/2015\/01\/Vicente-J.-Sanchis.jpg?resize=600%2C800&amp;ssl=1\" class=\"attachment-overlap-portrait-medium size-overlap-portrait-medium\" alt=\"\" srcset=\"https:\/\/i0.wp.com\/olivamorosicristians.es\/wp-content\/uploads\/2015\/01\/Vicente-J.-Sanchis.jpg?w=768&amp;ssl=1 768w, https:\/\/i0.wp.com\/olivamorosicristians.es\/wp-content\/uploads\/2015\/01\/Vicente-J.-Sanchis.jpg?resize=225%2C300&amp;ssl=1 225w, https:\/\/i0.wp.com\/olivamorosicristians.es\/wp-content\/uploads\/2015\/01\/Vicente-J.-Sanchis.jpg?resize=9%2C12&amp;ssl=1 9w, https:\/\/i0.wp.com\/olivamorosicristians.es\/wp-content\/uploads\/2015\/01\/Vicente-J.-Sanchis.jpg?resize=600%2C800&amp;ssl=1 600w, https:\/\/i0.wp.com\/olivamorosicristians.es\/wp-content\/uploads\/2015\/01\/Vicente-J.-Sanchis.jpg?resize=640%2C853&amp;ssl=1 640w\" sizes=\"auto, (max-width: 600px) 100vw, 600px\" data-attachment-id=\"11494\" data-permalink=\"https:\/\/olivamorosicristians.es\/es\/team-member\/01-paco-perez\/vicente-j-sanchis\/\" data-orig-file=\"https:\/\/i0.wp.com\/olivamorosicristians.es\/wp-content\/uploads\/2015\/01\/Vicente-J.-Sanchis.jpg?fit=768%2C1024&amp;ssl=1\" data-orig-size=\"768,1024\" data-comments-opened=\"0\" data-image-meta=\"{&quot;aperture&quot;:&quot;0&quot;,&quot;credit&quot;:&quot;&quot;,&quot;camera&quot;:&quot;&quot;,&quot;caption&quot;:&quot;&quot;,&quot;created_timestamp&quot;:&quot;0&quot;,&quot;copyright&quot;:&quot;&quot;,&quot;focal_length&quot;:&quot;0&quot;,&quot;iso&quot;:&quot;0&quot;,&quot;shutter_speed&quot;:&quot;0&quot;,&quot;title&quot;:&quot;&quot;,&quot;orientation&quot;:&quot;0&quot;}\" data-image-title=\"Vicente J. Sanchis\" data-image-description=\"\" data-image-caption=\"\" data-large-file=\"https:\/\/i0.wp.com\/olivamorosicristians.es\/wp-content\/uploads\/2015\/01\/Vicente-J.-Sanchis.jpg?fit=768%2C1024&amp;ssl=1\" \/><\/div>   \r\n                            <\/div>                             \r\n                                                        \r\n                            <div class=\"col col-8\">\r\n                                <h3>Vicente Jos\u00e9 Sanchis<\/h3>\r\n                                <h4 class=\"member-meta\">Polvo<\/h4>\r\n                                <p class=\"social-link\"><\/p>                                <div class=\"member-desc\"><p class=\"p1\">Nascut a Oliva en 1979, sempre ha sentit una gran fascinaci\u00f3 per les festes de Moros i Cristians, atret per la passi\u00f3 i la tradici\u00f3 que les emboliquen.<\/p>\r\n<p class=\"p1\">Envoltat d'amics festers, en 2022 va decidir fer el pas i unir-se als Moriscos, complint aix\u00ed un desig que portava temps latent.<\/p>\r\n<p class=\"p1\">Des de la seua incorporaci\u00f3, ha destacat pel seu car\u00e0cter pr\u00f2xim i la seua disposici\u00f3 incondicional per a col\u00b7laborar en tot el necessari.<\/p>\r\n<p class=\"p1\">Si b\u00e9 encara no ha assumit c\u00e0rrecs directius, la seua implicaci\u00f3 \u00e9s evident, i ara ho ser\u00e0 en la gesti\u00f3 de la p\u00f3lvora, una responsabilitat que desitja exercir amb serietat i comprom\u00eds.<\/p><\/div>\r\n                            <\/div>\r\n                        <\/div>\r\n                    <\/div>                    \r\n                <\/div>\r\n            <\/div>\r\n        <\/div>\r\n                <div class=\"team-member col-3\">\r\n            <a href=\"#team-member-20-11828\"><\/a><div class=\"cover-image\"><img loading=\"lazy\" decoding=\"async\" width=\"600\" height=\"800\" src=\"https:\/\/i0.wp.com\/olivamorosicristians.es\/wp-content\/uploads\/2026\/01\/Alex-Riera_web-junta.jpg?resize=600%2C800&amp;ssl=1\" class=\"attachment-overlap-portrait-medium size-overlap-portrait-medium\" alt=\"\" srcset=\"https:\/\/i0.wp.com\/olivamorosicristians.es\/wp-content\/uploads\/2026\/01\/Alex-Riera_web-junta.jpg?w=768&amp;ssl=1 768w, https:\/\/i0.wp.com\/olivamorosicristians.es\/wp-content\/uploads\/2026\/01\/Alex-Riera_web-junta.jpg?resize=225%2C300&amp;ssl=1 225w, https:\/\/i0.wp.com\/olivamorosicristians.es\/wp-content\/uploads\/2026\/01\/Alex-Riera_web-junta.jpg?resize=9%2C12&amp;ssl=1 9w, https:\/\/i0.wp.com\/olivamorosicristians.es\/wp-content\/uploads\/2026\/01\/Alex-Riera_web-junta.jpg?resize=600%2C800&amp;ssl=1 600w, https:\/\/i0.wp.com\/olivamorosicristians.es\/wp-content\/uploads\/2026\/01\/Alex-Riera_web-junta.jpg?resize=640%2C853&amp;ssl=1 640w\" sizes=\"auto, (max-width: 600px) 100vw, 600px\" data-attachment-id=\"11829\" data-permalink=\"https:\/\/olivamorosicristians.es\/es\/team-member\/alex-riera\/alex-riera_web-junta\/\" data-orig-file=\"https:\/\/i0.wp.com\/olivamorosicristians.es\/wp-content\/uploads\/2026\/01\/Alex-Riera_web-junta.jpg?fit=768%2C1024&amp;ssl=1\" data-orig-size=\"768,1024\" data-comments-opened=\"0\" data-image-meta=\"{&quot;aperture&quot;:&quot;0&quot;,&quot;credit&quot;:&quot;&quot;,&quot;camera&quot;:&quot;&quot;,&quot;caption&quot;:&quot;&quot;,&quot;created_timestamp&quot;:&quot;0&quot;,&quot;copyright&quot;:&quot;&quot;,&quot;focal_length&quot;:&quot;0&quot;,&quot;iso&quot;:&quot;0&quot;,&quot;shutter_speed&quot;:&quot;0&quot;,&quot;title&quot;:&quot;&quot;,&quot;orientation&quot;:&quot;0&quot;}\" data-image-title=\"Alex Riera_web junta\" data-image-description=\"\" data-image-caption=\"\" data-large-file=\"https:\/\/i0.wp.com\/olivamorosicristians.es\/wp-content\/uploads\/2026\/01\/Alex-Riera_web-junta.jpg?fit=768%2C1024&amp;ssl=1\" \/><\/div>                        <div class=\"member-name\">\r\n                <h3>\r\n                    <span>A<\/span>             \r\n                    Alex Riera                <\/h3>\r\n                <h4>Xarxes Socials i Comunicaci\u00f3 Digital<\/h4>\r\n                <p class=\"social-link\"><\/p>            <\/div>\r\n                        <div id=\"team-member-20-11828\" class=\"popup-content\">\r\n                <div class=\"member-content clear\">\r\n                    <div class=\"member-detail\">\r\n                        <div class=\"row\">\r\n                                                        <div class=\"col col-4\">\r\n                                <div class=\"member-image\"><img loading=\"lazy\" decoding=\"async\" width=\"600\" height=\"800\" src=\"https:\/\/i0.wp.com\/olivamorosicristians.es\/wp-content\/uploads\/2026\/01\/Alex-Riera_web-junta.jpg?resize=600%2C800&amp;ssl=1\" class=\"attachment-overlap-portrait-medium size-overlap-portrait-medium\" alt=\"\" srcset=\"https:\/\/i0.wp.com\/olivamorosicristians.es\/wp-content\/uploads\/2026\/01\/Alex-Riera_web-junta.jpg?w=768&amp;ssl=1 768w, https:\/\/i0.wp.com\/olivamorosicristians.es\/wp-content\/uploads\/2026\/01\/Alex-Riera_web-junta.jpg?resize=225%2C300&amp;ssl=1 225w, https:\/\/i0.wp.com\/olivamorosicristians.es\/wp-content\/uploads\/2026\/01\/Alex-Riera_web-junta.jpg?resize=9%2C12&amp;ssl=1 9w, https:\/\/i0.wp.com\/olivamorosicristians.es\/wp-content\/uploads\/2026\/01\/Alex-Riera_web-junta.jpg?resize=600%2C800&amp;ssl=1 600w, https:\/\/i0.wp.com\/olivamorosicristians.es\/wp-content\/uploads\/2026\/01\/Alex-Riera_web-junta.jpg?resize=640%2C853&amp;ssl=1 640w\" sizes=\"auto, (max-width: 600px) 100vw, 600px\" data-attachment-id=\"11829\" data-permalink=\"https:\/\/olivamorosicristians.es\/es\/team-member\/alex-riera\/alex-riera_web-junta\/\" data-orig-file=\"https:\/\/i0.wp.com\/olivamorosicristians.es\/wp-content\/uploads\/2026\/01\/Alex-Riera_web-junta.jpg?fit=768%2C1024&amp;ssl=1\" data-orig-size=\"768,1024\" data-comments-opened=\"0\" data-image-meta=\"{&quot;aperture&quot;:&quot;0&quot;,&quot;credit&quot;:&quot;&quot;,&quot;camera&quot;:&quot;&quot;,&quot;caption&quot;:&quot;&quot;,&quot;created_timestamp&quot;:&quot;0&quot;,&quot;copyright&quot;:&quot;&quot;,&quot;focal_length&quot;:&quot;0&quot;,&quot;iso&quot;:&quot;0&quot;,&quot;shutter_speed&quot;:&quot;0&quot;,&quot;title&quot;:&quot;&quot;,&quot;orientation&quot;:&quot;0&quot;}\" data-image-title=\"Alex Riera_web junta\" data-image-description=\"\" data-image-caption=\"\" data-large-file=\"https:\/\/i0.wp.com\/olivamorosicristians.es\/wp-content\/uploads\/2026\/01\/Alex-Riera_web-junta.jpg?fit=768%2C1024&amp;ssl=1\" \/><\/div>   \r\n                            <\/div>                             \r\n                                                        \r\n                            <div class=\"col col-8\">\r\n                                <h3>Alex Riera<\/h3>\r\n                                <h4 class=\"member-meta\">Xarxes Socials i Comunicaci\u00f3 Digital<\/h4>\r\n                                <p class=\"social-link\"><\/p>                                <div class=\"member-desc\"><p class=\"p1\">Nascuda l\u2019any 2000, es component de la Filada Marr\u00e0queix des que va n\u00e0ixer. A\u00e7\u00f3 es deu a que son uelo, Rafael Boronat va ser el fundador d\u2019aquesta filada i li va inculcar la passi\u00f2 i l\u2019amor per la festa de Moros i Cristians.<\/p>\r\nVa ostentar el c\u00e0rrec d\u2019abanderada de la seua filada l\u2019any 2013 i al 2025 va comen\u00e7ar a formar part de la junta com a Primer Tr\u00f2, c\u00e0rrec que encara ostenta.\r\n\r\nActualment forma part de la Federaci\u00f3 com a encarregada de les Xarxes Socials.<\/div>\r\n                            <\/div>\r\n                        <\/div>\r\n                    <\/div>                    \r\n                <\/div>\r\n            <\/div>\r\n        <\/div>\r\n                <div class=\"team-member col-3\">\r\n            <a href=\"#team-member-20-11834\"><\/a><div class=\"cover-image\"><img loading=\"lazy\" decoding=\"async\" width=\"600\" height=\"800\" src=\"https:\/\/i0.wp.com\/olivamorosicristians.es\/wp-content\/uploads\/2026\/01\/Jaume-Palmer_web-junta.jpg?resize=600%2C800&amp;ssl=1\" class=\"attachment-overlap-portrait-medium size-overlap-portrait-medium\" alt=\"\" srcset=\"https:\/\/i0.wp.com\/olivamorosicristians.es\/wp-content\/uploads\/2026\/01\/Jaume-Palmer_web-junta.jpg?w=768&amp;ssl=1 768w, https:\/\/i0.wp.com\/olivamorosicristians.es\/wp-content\/uploads\/2026\/01\/Jaume-Palmer_web-junta.jpg?resize=225%2C300&amp;ssl=1 225w, https:\/\/i0.wp.com\/olivamorosicristians.es\/wp-content\/uploads\/2026\/01\/Jaume-Palmer_web-junta.jpg?resize=9%2C12&amp;ssl=1 9w, https:\/\/i0.wp.com\/olivamorosicristians.es\/wp-content\/uploads\/2026\/01\/Jaume-Palmer_web-junta.jpg?resize=600%2C800&amp;ssl=1 600w, https:\/\/i0.wp.com\/olivamorosicristians.es\/wp-content\/uploads\/2026\/01\/Jaume-Palmer_web-junta.jpg?resize=640%2C853&amp;ssl=1 640w\" sizes=\"auto, (max-width: 600px) 100vw, 600px\" data-attachment-id=\"11835\" data-permalink=\"https:\/\/olivamorosicristians.es\/es\/team-member\/jaume-palmer\/jaume-palmer_web-junta\/\" data-orig-file=\"https:\/\/i0.wp.com\/olivamorosicristians.es\/wp-content\/uploads\/2026\/01\/Jaume-Palmer_web-junta.jpg?fit=768%2C1024&amp;ssl=1\" data-orig-size=\"768,1024\" data-comments-opened=\"0\" data-image-meta=\"{&quot;aperture&quot;:&quot;0&quot;,&quot;credit&quot;:&quot;&quot;,&quot;camera&quot;:&quot;&quot;,&quot;caption&quot;:&quot;&quot;,&quot;created_timestamp&quot;:&quot;0&quot;,&quot;copyright&quot;:&quot;&quot;,&quot;focal_length&quot;:&quot;0&quot;,&quot;iso&quot;:&quot;0&quot;,&quot;shutter_speed&quot;:&quot;0&quot;,&quot;title&quot;:&quot;&quot;,&quot;orientation&quot;:&quot;0&quot;}\" data-image-title=\"Jaume Palmer_web junta\" data-image-description=\"\" data-image-caption=\"\" data-large-file=\"https:\/\/i0.wp.com\/olivamorosicristians.es\/wp-content\/uploads\/2026\/01\/Jaume-Palmer_web-junta.jpg?fit=768%2C1024&amp;ssl=1\" \/><\/div>                        <div class=\"member-name\">\r\n                <h3>\r\n                    <span>J<\/span>             \r\n                    Jaume Palmer                <\/h3>\r\n                <h4>Continguts Hist\u00f2rics i Culturals<\/h4>\r\n                <p class=\"social-link\"><\/p>            <\/div>\r\n                        <div id=\"team-member-20-11834\" class=\"popup-content\">\r\n                <div class=\"member-content clear\">\r\n                    <div class=\"member-detail\">\r\n                        <div class=\"row\">\r\n                                                        <div class=\"col col-4\">\r\n                                <div class=\"member-image\"><img loading=\"lazy\" decoding=\"async\" width=\"600\" height=\"800\" src=\"https:\/\/i0.wp.com\/olivamorosicristians.es\/wp-content\/uploads\/2026\/01\/Jaume-Palmer_web-junta.jpg?resize=600%2C800&amp;ssl=1\" class=\"attachment-overlap-portrait-medium size-overlap-portrait-medium\" alt=\"\" srcset=\"https:\/\/i0.wp.com\/olivamorosicristians.es\/wp-content\/uploads\/2026\/01\/Jaume-Palmer_web-junta.jpg?w=768&amp;ssl=1 768w, https:\/\/i0.wp.com\/olivamorosicristians.es\/wp-content\/uploads\/2026\/01\/Jaume-Palmer_web-junta.jpg?resize=225%2C300&amp;ssl=1 225w, https:\/\/i0.wp.com\/olivamorosicristians.es\/wp-content\/uploads\/2026\/01\/Jaume-Palmer_web-junta.jpg?resize=9%2C12&amp;ssl=1 9w, https:\/\/i0.wp.com\/olivamorosicristians.es\/wp-content\/uploads\/2026\/01\/Jaume-Palmer_web-junta.jpg?resize=600%2C800&amp;ssl=1 600w, https:\/\/i0.wp.com\/olivamorosicristians.es\/wp-content\/uploads\/2026\/01\/Jaume-Palmer_web-junta.jpg?resize=640%2C853&amp;ssl=1 640w\" sizes=\"auto, (max-width: 600px) 100vw, 600px\" data-attachment-id=\"11835\" data-permalink=\"https:\/\/olivamorosicristians.es\/es\/team-member\/jaume-palmer\/jaume-palmer_web-junta\/\" data-orig-file=\"https:\/\/i0.wp.com\/olivamorosicristians.es\/wp-content\/uploads\/2026\/01\/Jaume-Palmer_web-junta.jpg?fit=768%2C1024&amp;ssl=1\" data-orig-size=\"768,1024\" data-comments-opened=\"0\" data-image-meta=\"{&quot;aperture&quot;:&quot;0&quot;,&quot;credit&quot;:&quot;&quot;,&quot;camera&quot;:&quot;&quot;,&quot;caption&quot;:&quot;&quot;,&quot;created_timestamp&quot;:&quot;0&quot;,&quot;copyright&quot;:&quot;&quot;,&quot;focal_length&quot;:&quot;0&quot;,&quot;iso&quot;:&quot;0&quot;,&quot;shutter_speed&quot;:&quot;0&quot;,&quot;title&quot;:&quot;&quot;,&quot;orientation&quot;:&quot;0&quot;}\" data-image-title=\"Jaume Palmer_web junta\" data-image-description=\"\" data-image-caption=\"\" data-large-file=\"https:\/\/i0.wp.com\/olivamorosicristians.es\/wp-content\/uploads\/2026\/01\/Jaume-Palmer_web-junta.jpg?fit=768%2C1024&amp;ssl=1\" \/><\/div>   \r\n                            <\/div>                             \r\n                                                        \r\n                            <div class=\"col col-8\">\r\n                                <h3>Jaume Palmer<\/h3>\r\n                                <h4 class=\"member-meta\">Continguts Hist\u00f2rics i Culturals<\/h4>\r\n                                <p class=\"social-link\"><\/p>                                <div class=\"member-desc\"><p lang=\"ca-ES\">Forma part de la Fil\u00e0 Templaris d\u2019Olivades de la seua fundaci\u00f3 l\u2019any 2023. \u00c9s membre del Conclau Templari, compromissari i trabuquer des del primer dia.<\/p>\r\n<p lang=\"ca-ES\">Coautor del text del \u00ab75 aniversari dels Creuats del Crist de St Roc\u00bb publicat al llibre de festes de 2025. Amb aquesta voluntat divulgadora s\u2019incorpora a la federaci\u00f3 per ajudar a dur endavant els actes del Cinquantenari de la tercera etapa de la festa com a cloenda del centenari dels moros i cristians d\u2019Oliva.<\/p><\/div>\r\n                            <\/div>\r\n                        <\/div>\r\n                    <\/div>                    \r\n                <\/div>\r\n            <\/div>\r\n        <\/div>\r\n                <div class=\"team-member col-3\">\r\n            <a href=\"#team-member-20-11830\"><\/a><div class=\"cover-image\"><img loading=\"lazy\" decoding=\"async\" width=\"600\" height=\"800\" src=\"https:\/\/i0.wp.com\/olivamorosicristians.es\/wp-content\/uploads\/2026\/01\/Rosa-Soler_web-junta.jpg?resize=600%2C800&amp;ssl=1\" class=\"attachment-overlap-portrait-medium size-overlap-portrait-medium\" alt=\"\" srcset=\"https:\/\/i0.wp.com\/olivamorosicristians.es\/wp-content\/uploads\/2026\/01\/Rosa-Soler_web-junta.jpg?w=768&amp;ssl=1 768w, https:\/\/i0.wp.com\/olivamorosicristians.es\/wp-content\/uploads\/2026\/01\/Rosa-Soler_web-junta.jpg?resize=225%2C300&amp;ssl=1 225w, https:\/\/i0.wp.com\/olivamorosicristians.es\/wp-content\/uploads\/2026\/01\/Rosa-Soler_web-junta.jpg?resize=9%2C12&amp;ssl=1 9w, https:\/\/i0.wp.com\/olivamorosicristians.es\/wp-content\/uploads\/2026\/01\/Rosa-Soler_web-junta.jpg?resize=600%2C800&amp;ssl=1 600w, https:\/\/i0.wp.com\/olivamorosicristians.es\/wp-content\/uploads\/2026\/01\/Rosa-Soler_web-junta.jpg?resize=640%2C853&amp;ssl=1 640w\" sizes=\"auto, (max-width: 600px) 100vw, 600px\" data-attachment-id=\"11831\" data-permalink=\"https:\/\/olivamorosicristians.es\/es\/team-member\/rosa-soler\/rosa-soler_web-junta\/\" data-orig-file=\"https:\/\/i0.wp.com\/olivamorosicristians.es\/wp-content\/uploads\/2026\/01\/Rosa-Soler_web-junta.jpg?fit=768%2C1024&amp;ssl=1\" data-orig-size=\"768,1024\" data-comments-opened=\"0\" data-image-meta=\"{&quot;aperture&quot;:&quot;0&quot;,&quot;credit&quot;:&quot;&quot;,&quot;camera&quot;:&quot;&quot;,&quot;caption&quot;:&quot;&quot;,&quot;created_timestamp&quot;:&quot;0&quot;,&quot;copyright&quot;:&quot;&quot;,&quot;focal_length&quot;:&quot;0&quot;,&quot;iso&quot;:&quot;0&quot;,&quot;shutter_speed&quot;:&quot;0&quot;,&quot;title&quot;:&quot;&quot;,&quot;orientation&quot;:&quot;0&quot;}\" data-image-title=\"Rosa Soler_web junta\" data-image-description=\"\" data-image-caption=\"\" data-large-file=\"https:\/\/i0.wp.com\/olivamorosicristians.es\/wp-content\/uploads\/2026\/01\/Rosa-Soler_web-junta.jpg?fit=768%2C1024&amp;ssl=1\" \/><\/div>                        <div class=\"member-name\">\r\n                <h3>\r\n                    <span>R<\/span>             \r\n                    Rosa Soler                <\/h3>\r\n                <h4>Coordinaci\u00f3 Festera<\/h4>\r\n                <p class=\"social-link\"><\/p>            <\/div>\r\n                        <div id=\"team-member-20-11830\" class=\"popup-content\">\r\n                <div class=\"member-content clear\">\r\n                    <div class=\"member-detail\">\r\n                        <div class=\"row\">\r\n                                                        <div class=\"col col-4\">\r\n                                <div class=\"member-image\"><img loading=\"lazy\" decoding=\"async\" width=\"600\" height=\"800\" src=\"https:\/\/i0.wp.com\/olivamorosicristians.es\/wp-content\/uploads\/2026\/01\/Rosa-Soler_web-junta.jpg?resize=600%2C800&amp;ssl=1\" class=\"attachment-overlap-portrait-medium size-overlap-portrait-medium\" alt=\"\" srcset=\"https:\/\/i0.wp.com\/olivamorosicristians.es\/wp-content\/uploads\/2026\/01\/Rosa-Soler_web-junta.jpg?w=768&amp;ssl=1 768w, https:\/\/i0.wp.com\/olivamorosicristians.es\/wp-content\/uploads\/2026\/01\/Rosa-Soler_web-junta.jpg?resize=225%2C300&amp;ssl=1 225w, https:\/\/i0.wp.com\/olivamorosicristians.es\/wp-content\/uploads\/2026\/01\/Rosa-Soler_web-junta.jpg?resize=9%2C12&amp;ssl=1 9w, https:\/\/i0.wp.com\/olivamorosicristians.es\/wp-content\/uploads\/2026\/01\/Rosa-Soler_web-junta.jpg?resize=600%2C800&amp;ssl=1 600w, https:\/\/i0.wp.com\/olivamorosicristians.es\/wp-content\/uploads\/2026\/01\/Rosa-Soler_web-junta.jpg?resize=640%2C853&amp;ssl=1 640w\" sizes=\"auto, (max-width: 600px) 100vw, 600px\" data-attachment-id=\"11831\" data-permalink=\"https:\/\/olivamorosicristians.es\/es\/team-member\/rosa-soler\/rosa-soler_web-junta\/\" data-orig-file=\"https:\/\/i0.wp.com\/olivamorosicristians.es\/wp-content\/uploads\/2026\/01\/Rosa-Soler_web-junta.jpg?fit=768%2C1024&amp;ssl=1\" data-orig-size=\"768,1024\" data-comments-opened=\"0\" data-image-meta=\"{&quot;aperture&quot;:&quot;0&quot;,&quot;credit&quot;:&quot;&quot;,&quot;camera&quot;:&quot;&quot;,&quot;caption&quot;:&quot;&quot;,&quot;created_timestamp&quot;:&quot;0&quot;,&quot;copyright&quot;:&quot;&quot;,&quot;focal_length&quot;:&quot;0&quot;,&quot;iso&quot;:&quot;0&quot;,&quot;shutter_speed&quot;:&quot;0&quot;,&quot;title&quot;:&quot;&quot;,&quot;orientation&quot;:&quot;0&quot;}\" data-image-title=\"Rosa Soler_web junta\" data-image-description=\"\" data-image-caption=\"\" data-large-file=\"https:\/\/i0.wp.com\/olivamorosicristians.es\/wp-content\/uploads\/2026\/01\/Rosa-Soler_web-junta.jpg?fit=768%2C1024&amp;ssl=1\" \/><\/div>   \r\n                            <\/div>                             \r\n                                                        \r\n                            <div class=\"col col-8\">\r\n                                <h3>Rosa Soler<\/h3>\r\n                                <h4 class=\"member-meta\">Coordinaci\u00f3 Festera<\/h4>\r\n                                <p class=\"social-link\"><\/p>                                <div class=\"member-desc\"><p class=\"p1\">Nascuda a Oliva, el diumenge de Fira i Festes de 1972, ja apuntava el fort nexe d\u2019uni\u00f3 que la vincularia a la cultura festera del seu poble.<\/p>\r\n<p class=\"p1\">Des de molt jove es va sentir atreta per la festa de Moros i Cristians i, finalment, l\u2019any 2017 entr\u00e0 a formar part de la fam\u00edlia dels Contrabandistes.<\/p>\r\n<p class=\"p1\">Pr\u00e0cticament des del principi va decidir involucrar-se en la gesti\u00f3 de la seua <i>fil\u00e0<\/i> formant part de la seua Junta des del 2018, aix\u00ed com tamb\u00e9 va ser membre de la Junta de la Capitania de 2024.<\/p>\r\n<p class=\"p1\">Amb la seua incorporaci\u00f3 a la Junta de Govern de Federaci\u00f3 veu complit el somni de treballar per la festa des d\u2019una altra perspectiva per\u00f2 sempre amb la mateixa il\u00b7lusi\u00f3.<\/p><\/div>\r\n                            <\/div>\r\n                        <\/div>\r\n                    <\/div>                    \r\n                <\/div>\r\n            <\/div>\r\n        <\/div>\r\n                    <\/div>\r\n<\/div><\/div><\/div><\/div><\/section>","protected":false},"excerpt":{"rendered":"","protected":false},"author":1,"featured_media":0,"parent":0,"menu_order":0,"comment_status":"closed","ping_status":"closed","template":"","meta":{"jetpack_post_was_ever_published":false,"footnotes":""},"class_list":["post-2232","page","type-page","status-publish","hentry"],"yoast_head":"<!-- This site is optimized with the Yoast SEO plugin v27.4 - https:\/\/yoast.com\/product\/yoast-seo-wordpress\/ -->\n<title>Junta de govern - Moros i Cristians Oliva<\/title>\n<meta name=\"robots\" content=\"index, follow, max-snippet:-1, max-image-preview:large, max-video-preview:-1\" \/>\n<link rel=\"canonical\" href=\"https:\/\/olivamorosicristians.es\/es\/juntadegovern\/\" \/>\n<meta property=\"og:locale\" content=\"es_ES\" \/>\n<meta property=\"og:type\" content=\"article\" \/>\n<meta property=\"og:title\" content=\"Junta de govern - Moros i Cristians Oliva\" \/>\n<meta property=\"og:url\" content=\"https:\/\/olivamorosicristians.es\/es\/juntadegovern\/\" \/>\n<meta property=\"og:site_name\" content=\"Moros i Cristians Oliva\" \/>\n<meta property=\"article:publisher\" content=\"https:\/\/www.facebook.com\/federaciodemorosicristiansdoliva\/\" \/>\n<meta property=\"article:modified_time\" content=\"2024-01-15T18:41:30+00:00\" \/>\n<meta name=\"twitter:card\" content=\"summary_large_image\" \/>\n<meta name=\"twitter:label1\" content=\"Tiempo de lectura\" \/>\n\t<meta name=\"twitter:data1\" content=\"1 minuto\" \/>\n<script type=\"application\/ld+json\" class=\"yoast-schema-graph\">{\"@context\":\"https:\\\/\\\/schema.org\",\"@graph\":[{\"@type\":\"WebPage\",\"@id\":\"https:\\\/\\\/olivamorosicristians.es\\\/juntadegovern\\\/\",\"url\":\"https:\\\/\\\/olivamorosicristians.es\\\/juntadegovern\\\/\",\"name\":\"Junta de govern - Moros i Cristians Oliva\",\"isPartOf\":{\"@id\":\"https:\\\/\\\/olivamorosicristians.es\\\/#website\"},\"datePublished\":\"2016-01-21T10:05:12+00:00\",\"dateModified\":\"2024-01-15T18:41:30+00:00\",\"breadcrumb\":{\"@id\":\"https:\\\/\\\/olivamorosicristians.es\\\/juntadegovern\\\/#breadcrumb\"},\"inLanguage\":\"es\",\"potentialAction\":[{\"@type\":\"ReadAction\",\"target\":[\"https:\\\/\\\/olivamorosicristians.es\\\/juntadegovern\\\/\"]}]},{\"@type\":\"BreadcrumbList\",\"@id\":\"https:\\\/\\\/olivamorosicristians.es\\\/juntadegovern\\\/#breadcrumb\",\"itemListElement\":[{\"@type\":\"ListItem\",\"position\":1,\"name\":\"Portada\",\"item\":\"https:\\\/\\\/olivamorosicristians.es\\\/\"},{\"@type\":\"ListItem\",\"position\":2,\"name\":\"Junta de govern\"}]},{\"@type\":\"WebSite\",\"@id\":\"https:\\\/\\\/olivamorosicristians.es\\\/#website\",\"url\":\"https:\\\/\\\/olivamorosicristians.es\\\/\",\"name\":\"Moros i Cristians Oliva\",\"description\":\"FMCO\",\"publisher\":{\"@id\":\"https:\\\/\\\/olivamorosicristians.es\\\/#organization\"},\"potentialAction\":[{\"@type\":\"SearchAction\",\"target\":{\"@type\":\"EntryPoint\",\"urlTemplate\":\"https:\\\/\\\/olivamorosicristians.es\\\/?s={search_term_string}\"},\"query-input\":{\"@type\":\"PropertyValueSpecification\",\"valueRequired\":true,\"valueName\":\"search_term_string\"}}],\"inLanguage\":\"es\"},{\"@type\":\"Organization\",\"@id\":\"https:\\\/\\\/olivamorosicristians.es\\\/#organization\",\"name\":\"Federaci\u00f3 de Moros i Cristians - Oliva\",\"url\":\"https:\\\/\\\/olivamorosicristians.es\\\/\",\"logo\":{\"@type\":\"ImageObject\",\"inLanguage\":\"es\",\"@id\":\"https:\\\/\\\/olivamorosicristians.es\\\/#\\\/schema\\\/logo\\\/image\\\/\",\"url\":\"https:\\\/\\\/i2.wp.com\\\/olivamorosicristians.es\\\/wp-content\\\/uploads\\\/2018\\\/06\\\/Icon_FMiCO.png?fit=50%2C50&ssl=1\",\"contentUrl\":\"https:\\\/\\\/i2.wp.com\\\/olivamorosicristians.es\\\/wp-content\\\/uploads\\\/2018\\\/06\\\/Icon_FMiCO.png?fit=50%2C50&ssl=1\",\"width\":50,\"height\":50,\"caption\":\"Federaci\u00f3 de Moros i Cristians - Oliva\"},\"image\":{\"@id\":\"https:\\\/\\\/olivamorosicristians.es\\\/#\\\/schema\\\/logo\\\/image\\\/\"},\"sameAs\":[\"https:\\\/\\\/www.facebook.com\\\/federaciodemorosicristiansdoliva\\\/\",\"https:\\\/\\\/www.instagram.com\\\/morosicristiansoliva\\\/?hl=es\"]}]}<\/script>\n<!-- \/ Yoast SEO plugin. -->","yoast_head_json":{"title":"Junta de govern - Moros i Cristians Oliva","robots":{"index":"index","follow":"follow","max-snippet":"max-snippet:-1","max-image-preview":"max-image-preview:large","max-video-preview":"max-video-preview:-1"},"canonical":"https:\/\/olivamorosicristians.es\/es\/juntadegovern\/","og_locale":"es_ES","og_type":"article","og_title":"Junta de govern - Moros i Cristians Oliva","og_url":"https:\/\/olivamorosicristians.es\/es\/juntadegovern\/","og_site_name":"Moros i Cristians Oliva","article_publisher":"https:\/\/www.facebook.com\/federaciodemorosicristiansdoliva\/","article_modified_time":"2024-01-15T18:41:30+00:00","twitter_card":"summary_large_image","twitter_misc":{"Tiempo de lectura":"1 minuto"},"schema":{"@context":"https:\/\/schema.org","@graph":[{"@type":"WebPage","@id":"https:\/\/olivamorosicristians.es\/juntadegovern\/","url":"https:\/\/olivamorosicristians.es\/juntadegovern\/","name":"Junta de govern - Moros i Cristians Oliva","isPartOf":{"@id":"https:\/\/olivamorosicristians.es\/#website"},"datePublished":"2016-01-21T10:05:12+00:00","dateModified":"2024-01-15T18:41:30+00:00","breadcrumb":{"@id":"https:\/\/olivamorosicristians.es\/juntadegovern\/#breadcrumb"},"inLanguage":"es","potentialAction":[{"@type":"ReadAction","target":["https:\/\/olivamorosicristians.es\/juntadegovern\/"]}]},{"@type":"BreadcrumbList","@id":"https:\/\/olivamorosicristians.es\/juntadegovern\/#breadcrumb","itemListElement":[{"@type":"ListItem","position":1,"name":"Portada","item":"https:\/\/olivamorosicristians.es\/"},{"@type":"ListItem","position":2,"name":"Junta de govern"}]},{"@type":"WebSite","@id":"https:\/\/olivamorosicristians.es\/#website","url":"https:\/\/olivamorosicristians.es\/","name":"Moros i Cristians Oliva","description":"FMCO","publisher":{"@id":"https:\/\/olivamorosicristians.es\/#organization"},"potentialAction":[{"@type":"SearchAction","target":{"@type":"EntryPoint","urlTemplate":"https:\/\/olivamorosicristians.es\/?s={search_term_string}"},"query-input":{"@type":"PropertyValueSpecification","valueRequired":true,"valueName":"search_term_string"}}],"inLanguage":"es"},{"@type":"Organization","@id":"https:\/\/olivamorosicristians.es\/#organization","name":"La Federaci\u00f3n de Moros y Cristianos de Oliva","url":"https:\/\/olivamorosicristians.es\/","logo":{"@type":"ImageObject","inLanguage":"es","@id":"https:\/\/olivamorosicristians.es\/#\/schema\/logo\/image\/","url":"https:\/\/i2.wp.com\/olivamorosicristians.es\/wp-content\/uploads\/2018\/06\/Icon_FMiCO.png?fit=50%2C50&ssl=1","contentUrl":"https:\/\/i2.wp.com\/olivamorosicristians.es\/wp-content\/uploads\/2018\/06\/Icon_FMiCO.png?fit=50%2C50&ssl=1","width":50,"height":50,"caption":"Federaci\u00f3 de Moros i Cristians - Oliva"},"image":{"@id":"https:\/\/olivamorosicristians.es\/#\/schema\/logo\/image\/"},"sameAs":["https:\/\/www.facebook.com\/federaciodemorosicristiansdoliva\/","https:\/\/www.instagram.com\/morosicristiansoliva\/?hl=es"]}]}},"jetpack_sharing_enabled":true,"jetpack_shortlink":"https:\/\/wp.me\/PagEx6-A0","jetpack-related-posts":[],"_links":{"self":[{"href":"https:\/\/olivamorosicristians.es\/es\/wp-json\/wp\/v2\/pages\/2232","targetHints":{"allow":["GET"]}}],"collection":[{"href":"https:\/\/olivamorosicristians.es\/es\/wp-json\/wp\/v2\/pages"}],"about":[{"href":"https:\/\/olivamorosicristians.es\/es\/wp-json\/wp\/v2\/types\/page"}],"author":[{"embeddable":true,"href":"https:\/\/olivamorosicristians.es\/es\/wp-json\/wp\/v2\/users\/1"}],"replies":[{"embeddable":true,"href":"https:\/\/olivamorosicristians.es\/es\/wp-json\/wp\/v2\/comments?post=2232"}],"version-history":[{"count":31,"href":"https:\/\/olivamorosicristians.es\/es\/wp-json\/wp\/v2\/pages\/2232\/revisions"}],"predecessor-version":[{"id":9563,"href":"https:\/\/olivamorosicristians.es\/es\/wp-json\/wp\/v2\/pages\/2232\/revisions\/9563"}],"wp:attachment":[{"href":"https:\/\/olivamorosicristians.es\/es\/wp-json\/wp\/v2\/media?parent=2232"}],"curies":[{"name":"wp","href":"https:\/\/api.w.org\/{rel}","templated":true}]}}